{"id":24825,"date":"2020-11-20T15:10:20","date_gmt":"2020-11-20T14:10:20","guid":{"rendered":"https:\/\/www.akademie-solitude.de\/?post_type=event&#038;p=24825"},"modified":"2020-12-15T18:52:54","modified_gmt":"2020-12-15T17:52:54","slug":"liminoid-encounters-a-three-day-live-program","status":"publish","type":"event","link":"https:\/\/www.akademie-solitude.de\/de\/event\/liminoid-encounters-a-three-day-live-program\/","title":{"rendered":"Liminoid Encounters: Ein dreit\u00e4giges Live-Online-Programm"},"content":{"rendered":"","protected":false},"author":4,"featured_media":0,"template":"","categories":[17,29,30,31,27,37],"class_list":["post-24825","event","type-event","status-publish","hentry","category-diskurs","category-lesung","category-performance","category-praesentation","category-screening","category-workshop"],"acf":{"bgcolor":"","bgcolor_custom":"","custom_color_css_variable":"","content_type":[{"acf_fc_layout":"content_txt","acfe_flexible_layout_title":"Text","bgcolor":"","bgcolor_custom":"","layout_col_size":8,"txt_cols":"is-1-txtcol","txt":"<strong><em>Liminoid Encounters<\/em><\/strong> erkundet \u00d6ffnungen f\u00fcr Metauntersuchungen, f\u00fcr das Dar\u00fcber und das Darunter, f\u00fcr die Schnittstelle zwischen dem Festen und dem Fertigen, f\u00fcr mehrdeutige Zust\u00e4nde des Werdens. Als digitale Live-Veranstaltung reagiert <strong><em>Liminoid Encounters<\/em><\/strong> nicht nur durch sein Format auf die Notwendigkeit des Agierens w\u00e4hrend der aktuellen Pandemie, sondern will auch die M\u00f6glichkeiten und Grenzen des Mediums, in dem es agiert, untersuchen. K\u00f6nnen wir die Technologie, die wir verwenden, \u00bbvermenschlichen\u00ab; k\u00f6nnen ihre algorithmischen Bin\u00e4rcodes der multisensorischen und mehrdimensionalen Komplexit\u00e4t der menschlichen Existenz gerecht werden? Wie k\u00f6nnen wir in dem Raum zwischen dem Pers\u00f6nlichem und dem Kollektivem agieren, um sowohl die menschliche als auch die mehr-als-menschliche Ebene zu bewahren? Die aktuelle Covid-19-Zoonose ist ein Musterbeispiel f\u00fcr ein Ereignis, das die empfindlichen Schwachstellen und die eng miteinander verwobenen Abh\u00e4ngigkeiten der menschlichen Existenz und der Koexistenz mit nicht menschlichen Agenten unterstreicht."},{"acf_fc_layout":"content_spacer","acfe_flexible_layout_title":"Leerraum-Container","bgcolor":"","bgcolor_custom":"","layout_col_size":12,"space_height":""},{"acf_fc_layout":"content_spacer","acfe_flexible_layout_title":"Leerraum-Container","bgcolor":"has-bg-lila","bgcolor_custom":"","layout_col_size":2,"space_height":""},{"acf_fc_layout":"content_txt","acfe_flexible_layout_title":"Text","bgcolor":"has-bg-lila","bgcolor_custom":"","layout_col_size":8,"txt_cols":"is-1-txtcol","txt":"Der Begriff \u00bbliminoid\u00ab geht auf den Kulturanthropologen Victor Turner (1974) zur\u00fcck. Kritisch eingebettet in die Tradition des strukturellen Funktionalismus als anthropologisches Werkzeug, das zur Analyse von Stammesgemeinschaften eingesetzt wird, wollte Turner insbesondere die vorherrschenden strukturellen Positionen seiner Zeit hinterfragen und sich in Richtung der Vorstellung einer Anti-Struktur und des Informellen im gesellschaftlichen Leben einer modernen, industrialisierten Gesellschaft bewegen. Sein Konzept \u00fcberdauert seine modernen, anthropologischen Urspr\u00fcnge als philosophische Vorstellung der Erfassung von Entstehungszust\u00e4nden, heterotopische und vorl\u00e4ufige Arten des Flusses, das \u00bbbetwixt and between\u00ab (Turner).\r\n\r\n<strong><em>Liminoid Encounters<\/em><\/strong> bietet ein vielf\u00e4ltiges Spektrum an transdisziplin\u00e4ren Ans\u00e4tzen und Live-Experimenten \u2013 von poetischen Lesungen \u00fcber Tanz- und Video-Performances bis hin zu Schreib-, Gespr\u00e4chs- und Telepathiezusammenk\u00fcnften \u2013 die \u00fcber Turners moderne anthropologische Vorstellung hinausgehen und sich einer zeitgen\u00f6ssischen Situiertheit n\u00e4hern. Die prek\u00e4re planetarische und gesellschaftliche Existenz von heute, die vor allem vom nach Macht strebenden, ausbeuterischen neoliberalen, kognitiven Kapitalismus beherrscht wird, kann als tiefer liminoider \u00dcbergangszustand angesehen werden, der dringend eine Betrachtung der \u00bbZeit danach\u00ab verlangt. Eine hoffnungsvolle \u00d6ffnung, um alternative Zukunftsvorstellungen zu entwerfen, ein \u00dcbergang zu einem authentischen, gerechteren und achtsamen gesellschaftlichen Zusammenleben und dem verantwortungsvollen Schutz des Planeten.\r\n\r\nIm Vorfeld der Veranstaltung fand zudem das dreiw\u00f6chige <em><a href=\"https:\/\/www.akademie-solitude.de\/en\/themencluster\/ecosystems-of-knowledge\/\">Ecosystems of Knowledge<\/a><\/em>\u00a0(\u00d6kosysteme des Wissens) zum Begriff \u00bbliminoid\u00ab statt. <em>Ecosystems of Knowledge<\/em> ist eine Plattform, die von der Akademie Schloss Solitude f\u00fcr Stipendiat*innen geschaffen wurde, um kollektiv bestimmte Themen zu bearbeiten und zu reflektieren und offen Verfahren und Prozesse des Wissens auszutauschen. In den dialogischen, diskursiven Sitzungen wurden weitere Aspekte des Begriffs \u00bbliminoid\u00ab untersucht und er\u00f6rtert. Die Konzeption der drei Sitzungen erfolgte durch das Atelier Ad Hoc Architecture (<a href=\"https:\/\/www.akademie-solitude.de\/en\/person\/maria-daria-oancea\/\">Maria Daria Oancea<\/a> &amp; <a href=\"https:\/\/www.akademie-solitude.de\/en\/person\/george-marinescu\/\">George Marinescu<\/a>), <a href=\"https:\/\/www.akademie-solitude.de\/en\/person\/olivia-berkowicz\/\">Olivia Berkowicz<\/a> &amp; Carla Garlaschi und <a href=\"https:\/\/www.akademie-solitude.de\/en\/person\/valentina-sciarra\/\">Valentina Sciarra<\/a>."},{"acf_fc_layout":"content_spacer","acfe_flexible_layout_title":"Leerraum-Container","bgcolor":"has-bg-lila","bgcolor_custom":"","layout_col_size":2,"space_height":""},{"acf_fc_layout":"content_spacer","acfe_flexible_layout_title":"Leerraum-Container","bgcolor":"has-bg-blue","bgcolor_custom":"","layout_col_size":2,"space_height":""},{"acf_fc_layout":"content_txt","acfe_flexible_layout_title":"Text","bgcolor":"has-bg-blue","bgcolor_custom":"","layout_col_size":8,"txt_cols":"is-1-txtcol","txt":"<h2 style=\"text-align: center;\"><span style=\"text-decoration: underline;\"><span class=\"has-font-maison-neue-extended\" style=\"font-family: 'Maison Neue Extended';\"><a href=\"https:\/\/zoom.us\/j\/94208027949\">zum Zoom-Warteraum<\/a><\/span><\/span><\/h2>\r\nKurz vor Beginn eines Veranstaltungtags (Do 18 Uhr\/ Fr 19 Uhr\/ Sa 18 Uhr) k\u00f6nnen Sie den Zoom-Warteraum mit einem Zoom-Account betreten.\r\nWir werden Sie einlassen, sobald wir beginnen.\r\n\r\nBitte stellen Sie sicher, dass Sie die neueste Zoom-Version verwenden, um Probleme beim Streamen zu vermeiden.\r\n\r\n&nbsp;\r\n<h2 style=\"text-align: center;\"><span style=\"text-decoration: underline;\"><a href=\"https:\/\/vimeo.com\/event\/542490\"><span class=\"has-font-maison-neue-extended\" style=\"font-family: 'Maison Neue Extended';\">Zum Live Stream auf Vimeo<\/span><\/a><\/span><\/h2>\r\nHier k\u00f6nnen Sie die Veranstaltung ohne Anmeldung live mitverfolgen: <a href=\"https:\/\/vimeo.com\/event\/542490\">https:\/\/vimeo.com\/event\/542490<\/a>\r\n\r\n&nbsp;\r\n\r\nFalls Sie Probleme mit dem Zugang auf Zoom oder Vimeo haben, schreiben Sie uns an\r\n<a href=\"mailto:host@akademie-solitude.de\">host@akademie-solitude.de<\/a>"},{"acf_fc_layout":"content_spacer","acfe_flexible_layout_title":"Leerraum-Container","bgcolor":"has-bg-blue","bgcolor_custom":"","layout_col_size":2,"space_height":""},{"acf_fc_layout":"content_txt","acfe_flexible_layout_title":"Text","bgcolor":"","bgcolor_custom":"","layout_col_size":8,"txt_cols":"is-1-txtcol","txt":"<h2 style=\"text-align: center;\"><span class=\"has-font-maison-neue-extended\" style=\"font-family: 'Maison Neue Extended';\">Programm Liminoid Encounters<\/span><\/h2>"},{"acf_fc_layout":"content_rows","acfe_flexible_layout_title":"Auflistung","bgcolor":"","rows_el":[{"row_el_content_collapsible":false,"row_el_content_collapsible_init_state":true,"row_el_content_headline":"","row_el_content_left":"","row_el_content_right":"<h5><\/h5>\r\n<h3>Tag 1: Donnerstag, 10. Dezember<\/h3>"},{"row_el_content_collapsible":false,"row_el_content_collapsible_init_state":true,"row_el_content_headline":"","row_el_content_left":"18.00 bis 19.30 Uhr (CET)","row_el_content_right":"Begr\u00fc\u00dfung durch Elke aus dem Moore (Direktorin der Akademie Schloss Solitude)\r\n\r\nKurze Einf\u00fchrung von Kuratorin Berit Fischer und Vorstellungsrunde mit allen Beteiligten, um die verschiedenen Ans\u00e4tze zu erl\u00e4utern."},{"row_el_content_collapsible":false,"row_el_content_collapsible_init_state":true,"row_el_content_headline":"","row_el_content_left":"19.30 bis 19.45 Uhr (CET)","row_el_content_right":"<pre><span class=\"has-font-maison-neue\" style=\"font-family: 'Maison Neue';\">Sol\u00e6lune (Nardeen Galuaa &amp; Alieldin Ayman)<\/span>\r\n<span class=\"has-font-maison-neue\" style=\"font-family: 'Maison Neue';\"><em>I, In Empathy<\/em>&lt;, 2020<\/span>\r\n<span class=\"has-font-maison-neue\" style=\"font-family: 'Maison Neue';\">Live screening<\/span><\/pre>\r\n\u00bbFl\u00fcchten\u00ab ist die \u00dcberquerung einer Grenze, der Akt der Zerst\u00f6rung der Vergangenheit, um einer m\u00f6glichen neuen Zukunft Platz zu machen. Ein Gefl\u00fcchteter steht f\u00fcr einen Zustand der dualen Existenz, zwei verschiedene Personen: Retter und Geretteter. Das selbstlose Bewusstsein wird zerst\u00f6rt, um den Weg f\u00fcr das ruhende, sehnsuchtsvolle Selbst im vollen Bewusstsein zu ebnen. Das Opus magnum der Alchemie ist die Umwandlung von Grundelementen in den Stein des Philosophen, die Transzendenz der menschlichen Seele in ihre g\u00f6ttliche Form. Der Gefl\u00fcchtete gleicht der Doppelnatur des Uroboros.\r\n\r\n<em>I, In Empathy<\/em> ist ein meditatives, interaktives, virtuelles Erlebnis, das basierend auf den Banden der Empathie und durch das gleichzeitige Erz\u00e4hlen verschiedener Geschichten auf kontinuierlich fragmentierte und doch verbundene Weise \u00fcber Verunsicherung und den Schwellenzustand der Existenz reflektiert. <em>I, In Empathy <\/em>untersucht den unbest\u00e4ndigen Raum zwischen den zwei \u00bbSeiten\u00ab eines Gefl\u00fcchteten, visualisiert die unregelm\u00e4\u00dfige Zeitspanne des \u00dcbergangs und interpretiert durch Symbole der spirituellen Alchemie."},{"row_el_content_collapsible":false,"row_el_content_collapsible_init_state":true,"row_el_content_headline":"","row_el_content_left":"19.45 bis 20.00 Uhr (CET)","row_el_content_right":"<pre><span class=\"has-font-maison-neue\" style=\"font-family: 'Maison Neue';\">Lisa Biscaro Balle<\/span>\r\n<span class=\"has-font-maison-neue\" style=\"font-family: 'Maison Neue';\"><em>Live au Zenith<\/em>, 2020<\/span>\r\n<span class=\"has-font-maison-neue\" style=\"font-family: 'Maison Neue';\">Eine aufeinanderfolgende, dreit\u00e4gige Live-Tanz-Performance <\/span><\/pre>\r\nDas Projekt wurde inspiriert von Biscaro Balles pers\u00f6nlichem Bewusstsein f\u00fcr die Inkompatibilit\u00e4t ihrer beiden vererbten Kulturen. Ihre Ausbildung in zeitgen\u00f6ssischem Tanz in Frankreich und das gleichzeitige Aufsaugen brasilianischer T\u00e4nze durch ihre Familiengeschichte verschafften ihr nach eigener Auffassung eine privilegierte Position, die nicht nur ihre Tanzpraxis beeinflusste, sondern ihr auch bestimmte Normen, Zw\u00e4nge und Stereotype offenbarte, die in diesen Kulturen verwurzelt sind. Mit <em>Live au Zenith<\/em> will Biscaro Balle einen Dialog mit der Musik des brasilianischen Komponisten Chico Buarque herstellen, einem einstigen politischen Dissidenten w\u00e4hrend der Milit\u00e4rdiktatur in Brasilien (1964\u20131985). Viele seiner Lieder wurden zu ber\u00fchmten brasilianischen Hymnen.\u00a0In <em>Live au Zenith<\/em> untersucht Biscaro Balle die zentrale Frage, wie sie ihr kulturelles Erbe au\u00dferhalb ihres urspr\u00fcnglichen Kontexts leben kann.\u00a0Das ist ein Thema, das in mehreren Beziehungen vorkommt, die st\u00e4ndig in Bewegung sind. Im Verlauf der drei Tage schafft sie durch ihre Performances ein t\u00e4gliches Abbild dieser Fragen."},{"row_el_content_collapsible":false,"row_el_content_collapsible_init_state":true,"row_el_content_headline":"","row_el_content_left":"","row_el_content_right":"<h4><\/h4>\r\n<h3>Tag 2: Freitag, 11. Dezember<\/h3>"},{"row_el_content_collapsible":false,"row_el_content_collapsible_init_state":true,"row_el_content_headline":"","row_el_content_left":"15.00 bis 16.30 Uhr (CET)","row_el_content_right":"<pre><span class=\"has-font-maison-neue\" style=\"font-family: 'Maison Neue';\">Giuliana Kiersz\r\n<\/span><span class=\"has-font-maison-neue\" style=\"font-family: 'Maison Neue';\"><em>Collecting Language<\/em>, 2020\r\n<\/span><span class=\"has-font-maison-neue\" style=\"font-family: 'Maison Neue';\">Ein zweiteiliger Schreibtreff \u2013 Teil 1 \r\n(ANMELDUNG ERFORDERLICH<\/span>,<span class=\"has-font-maison-neue\" style=\"font-family: 'Maison Neue';\"> max. 12 Teilnehmer*innen)<\/span><\/pre>\r\nWie \u00bberfasst\u00ab Sprache sich selbst und in welcher Beziehung stehen wir zu dieser Sprache? Der Schreibtreff ist als ein sensibler politischer Raum konzipiert, um \u00fcber die Informations\u00fcberflutung durch digitale Plattformen nachzudenken und zu \u00fcberlegen, wie wir uns an diese Strukturen anpassen k\u00f6nnen\/wie wir uns mit diesen Strukturen auseinandersetzen k\u00f6nnen. Wie hallen diese Informationen in unserem K\u00f6rper nach? Welche Geschichten kreieren wir? Welche Welten?\r\n\r\n*Jede\/r Teilnehmer*in ist eingeladen in der Sprache zu analysieren und zu schreiben, in der sie\/er sich am wohlsten f\u00fchlt.\u00a0Bitte geben Sie bei der Anmeldung Ihre bevorzugte Arbeitssprache an. Die angemeldeten Teilnehmer*innen erhalten per E-Mail ein Vorbereitungskit.\r\n\r\n** Bitte melden Sie sich bis zum 3. Dezember an. Senden Sie dazu eine E-Mail an: <a href=\"mailto:register@akademie-solitude.de\">register@akademie-solitude.de<\/a>\r\n\r\nDer Schreibtreff wird nicht aufgezeichnet."},{"row_el_content_collapsible":false,"row_el_content_collapsible_init_state":true,"row_el_content_headline":"","row_el_content_left":"17.00 bis 18.30 Uhr (CET)","row_el_content_right":"<pre><span class=\"has-font-maison-neue\" style=\"font-family: 'Maison Neue';\">Aouefa Amoussouvi\r\n<em>Waiting to Be Born<\/em>, 2020<\/span>\r\n<span class=\"has-font-maison-neue\" style=\"font-family: 'Maison Neue';\">Ein experimentelles Gespr\u00e4ch \r\n(ANMELDUNG ERFORDERLICH, max. 16 Teilnehmer*innen)<\/span><\/pre>\r\nMit dem experimentellen Format <em>Waiting to Be Born<\/em> untersucht Amoussouvi das liminoide Konzept des \u00bbin-between\u00ab (dazwischen), indem sie einige ihrer unvollendeten Arbeiten vorstellt und ein Gespr\u00e4ch \u00fcber die Mehrdeutigkeit des kreativen Fortschritts initiiert.\r\n\r\nSie wird ihre aktuellen Inspirationen und Interessen in einer absichtlich losen Struktur vorstellen, um den chaotischen und passiven Fluss der Gedanken durch den Geist abzubilden. Die Teilnehmer*innen werden das Nichtmenschliche, James Baldwin, Epigenetik, \u00bbWomen who run with the Wolves\u00ab (Die Wolfsfrau: Die Kraft der weiblichen Urinstinkte) von Clarissa Pinkola Estes und die Notwendigkeit der Entkolonialisierung digitaler Technologien diskutieren \u2026\r\n\r\nWie wird die Gruppe diese urspr\u00fcnglichen Themen bearbeiten? Wie zeigen sich Verbindungen zwischen scheinbar isolierten Gedanken?\r\n\r\nWie viel Kontrolle haben wir tats\u00e4chlich \u00fcber die Reifung von Ideen zu einem koh\u00e4renten Projekt? Allein? Als Gruppe? Es sind keine Vorkenntnisse zu diesen Themen erforderlich.\r\n\r\nInspiriert durch die Methodik der Psychohistoriographie von Frederick W. Hickling, wird der Inhalt der Diskussion und die Gruppendynamik als Rohmaterial zur Weiterverarbeitung in ein Gedicht von Amoussouvi nach der Sitzung dienen.\r\n\r\nDie angemeldeten Teilnehmer*innen erhalten per E-Mail ein Vorbereitungskit und nach der Sitzung das entstandene Gedicht.\r\n\r\n** Bitte melden Sie sich bis zum 3. Dezember an. Senden Sie dazu eine E-Mail an: <a href=\"mailto:s.sadzakov@akademie-solitude.de\">register@akademie-solitude.de<\/a>\r\n\r\nDer Ton des Gespr\u00e4chs wird mitgeschnitten."},{"row_el_content_collapsible":false,"row_el_content_collapsible_init_state":true,"row_el_content_headline":"","row_el_content_left":"","row_el_content_right":"<h5><\/h5>\r\n<h3>\u00d6ffentliches Programm:<\/h3>"},{"row_el_content_collapsible":false,"row_el_content_collapsible_init_state":true,"row_el_content_headline":"","row_el_content_left":"19.00 bis 19.15 Uhr (CET)","row_el_content_right":"<pre><span class=\"has-font-maison-neue\" style=\"font-family: 'Maison Neue';\">Sofie Verraest \r\n<em>What You Have Heard of Brussels<\/em>, 2020\r\nLive-Lesung<\/span><\/pre>\r\nSofie Verraest liest einen Auszug aus ihrem entstehenden Roman, einer Geschichte des Leidens und der Erneuerung und dem Moment des \u00dcbergangs, wenn das ganze Leben zitternd nach Gleichgewicht strebt. Nach dem Verlust ihres Partners versucht E., die ihr fr\u00fcheres Ich abgestreift hat, im Chaos des heutigen Br\u00fcssel herauszufinden, wer sie noch sein k\u00f6nnte. Sie ist an den richtigen Ort gekommen: \u00bbWas man \u00fcber Br\u00fcssel sagt, stimmt. Von allen St\u00e4dten auf der Welt, ist es die Stadt, die dem Himmel am n\u00e4chsten ist.\u00ab"},{"row_el_content_collapsible":false,"row_el_content_collapsible_init_state":true,"row_el_content_headline":"","row_el_content_left":"19.15 bis 19.30 Uhr (CET)","row_el_content_right":"<pre><span class=\"has-font-maison-neue\" style=\"font-family: 'Maison Neue';\">Valentina Sciarra\r\n<em>The Stone King<\/em>, 2018\r\nVideo-Vorf\u00fchrung<\/span><\/pre>\r\nDas Video f\u00fchrt uns zu der Naturlandschaft \u00bbStrupanitsa\u00ab (Bulgarisch: Haufen), ein Felsph\u00e4nomen und der gr\u00f6\u00dfte altert\u00fcmliche Bergsturz in Bulgarien. Der Bergsturz besteht aus Felsbl\u00f6cken, die meisten davon in Form von W\u00fcrfeln oder Quadern mit einer Gr\u00f6\u00dfe von \u00fcber 15 Kubikmetern.\r\n\r\nDas Video ist mit einem Auszug aus dem letzten und unvollendeten Buch <em>Under the Jaguar Sun<\/em> von Italo Calvino unterlegt, das er den f\u00fcnf menschlichen Sinnen widmete. Der Text hat einen \u00e4hnlichen Erz\u00e4hlrhythmus wie das Gehen und schafft ein Gef\u00fchl der Bewegung und der inneren Reise.\r\n\r\nIn Calvinos Geschichte ist die Hauptfigur ein namenloser K\u00f6nig. Der K\u00f6nig hat sich in seinem Schlossgef\u00e4ngnis verschanzt und kann sich aus Angst vor dem Verlust des Throns nicht bewegen. Die einzige Sinneswahrnehmung, die ihm bleibt und ihm eine Verbindung mit der Au\u00dfenwelt erm\u00f6glicht, ist das Zuh\u00f6ren. Der K\u00f6nig, bewegungslos auf seinem Thron und gefangen von seiner Machtleidenschaft, lernt, alle m\u00f6glichen Ger\u00e4usche zu erkennen, die im Falle der Wiederholung sein Fortbestehen sichern. Das Ger\u00e4usch der Stadt erreicht ihn fast unmerklich, bis er eines Tages die Stimme einer singenden jungen Frau vernimmt. Er f\u00fchlt sich von dieser Stimme angezogen, er m\u00f6chte darauf antworten, aber er kann nicht. Die Stimme ist verstummt.\r\n\r\nDas Video wurde dank der Unterst\u00fctzung durch den Gaudenz B. Ruf Award 2018 m\u00f6glich."},{"row_el_content_collapsible":false,"row_el_content_collapsible_init_state":true,"row_el_content_headline":"","row_el_content_left":"","row_el_content_right":"<pre><span class=\"has-font-maison-neue\" style=\"font-family: 'Maison Neue';\">Lisa Biscaro Balle\r\n<em>Live au Zenith<\/em>, 2020\r\nEine dreit\u00e4gige Live-Tanz-Performance<\/span><\/pre>\r\nDas Projekt wurde inspiriert von Biscaro Balles pers\u00f6nlichem Bewusstsein f\u00fcr die Inkompatibilit\u00e4t ihrer beiden geerbten Kulturen. Ihre Ausbildung in zeitgen\u00f6ssischem Tanz in Frankreich und das gleichzeitige Aufsaugen brasilianischer T\u00e4nze durch ihre Familiengeschichte verschafften ihr nach eigener Auffassung eine privilegierte Position, die nicht nur ihre Tanzpraxis beeinflusste, sondern ihr auch bestimmte Normen, Zw\u00e4nge und Stereotype offenbarte, die in diesen Kulturen verwurzelt sind. Mit <em>Live au Zenith<\/em> will Biscaro Balle einen Dialog mit der Musik des brasilianischen Komponisten Chico Buarque herstellen, einem einstigen politischen Dissidenten w\u00e4hrend der Milit\u00e4rdiktatur in Brasilien (1964\u22121985). Viele seiner Lieder wurden zu ber\u00fchmten brasilianischen Hymnen.\u00a0In <em>Live au Zenith<\/em> untersucht Biscaro Balle die zentrale Frage, wie sie ihr kulturelles Erbe au\u00dferhalb ihres urspr\u00fcnglichen Kontexts leben kann.\u00a0Das ist ein Thema, das in mehreren Beziehungen existiert, die st\u00e4ndig in Bewegung sind. Im Verlauf der drei Tage schafft sie durch ihre Darbietungen ein t\u00e4gliches Abbild dieser Fragen."},{"row_el_content_collapsible":false,"row_el_content_collapsible_init_state":true,"row_el_content_headline":"","row_el_content_left":"","row_el_content_right":"<h5><\/h5>\r\n<h3>Tag 3: Samstag, 12. Dezember<\/h3>"},{"row_el_content_collapsible":false,"row_el_content_collapsible_init_state":true,"row_el_content_headline":"","row_el_content_left":"12.30 bis 14.00 Uhr (CET)","row_el_content_right":"<pre><span class=\"has-font-maison-neue\" style=\"font-family: 'Maison Neue';\">Giuliana Kiersz\r\n<em>Collecting Language<\/em>, 2020\r\nSchreibtreff \u2013 Teil 2\r\n(ANMELDUNG ERFORDERLICH, max. 12 Teilnehmer*innen)<\/span><\/pre>\r\nWie \u00bberfasst\u00ab Sprache sich selbst und in welcher Beziehung stehen wir zu dieser Sprache? Der Schreibtreff ist als ein sensibler politischer Raum konzipiert, um \u00fcber die Informations\u00fcberflutung durch digitale Plattformen nachzudenken und zu \u00fcberlegen, wie wir uns an diese Strukturen anpassen k\u00f6nnen\/wie wir uns mit diesen Strukturen auseinandersetzen k\u00f6nnen. Wie hallen diese Informationen in unserem K\u00f6rper nach? Welche Geschichten kreieren wir? Welche Welten?\r\n\r\n*Jede\/r Teilnehmer*in ist eingeladen in der Sprache zu analysieren und zu schreiben, in der sie\/er sich am wohlsten f\u00fchlt.\u00a0Bitte geben Sie bei der Anmeldung Ihre bevorzugte Arbeitssprache an. Die angemeldeten Teilnehmer*innen erhalten per E-Mail ein Vorbereitungskit.\r\n\r\n** Bitte melden Sie sich bis zum 3. Dezember an. Senden Sie dazu eine E-Mail an: <a href=\"mailto:register@akademie-solitude.de\">register@akademie-solitude.de<\/a>\r\n\r\nDer Schreibtreff wird nicht aufgezeichnet."},{"row_el_content_collapsible":false,"row_el_content_collapsible_init_state":true,"row_el_content_headline":"","row_el_content_left":"14.30 bis 17.30 Uhr (CET)","row_el_content_right":"<pre><span class=\"has-font-maison-neue\" style=\"font-family: 'Maison Neue';\">Maayan Danoch\r\n<em>Telepathy Works<\/em>, 2020\r\nEin Workshop zu kollektivem Bewusstsein und kollektiver Bewegung\r\n(ANMELDUNG ERFORDERLICH, max. 16 Teilnehmer*innen)<\/span><\/pre>\r\n<em>Telepathy Works<\/em> ist eine k\u00f6rperlich-geistige \u00dcbung, bei der es um das kollektive Bewusstsein und die kollektive Bewegung geht. Sie soll die Gleichzeitigkeit von Denken und Handeln bei zwei (oder mehr) Personen anregen und telepathische Momente herbeif\u00fchren. Die \u00dcbung\u00a0f\u00f6rdert das Denken \u00fcber Telepathie als eine menschliche F\u00e4higkeit, die entwickelt werden kann, und nicht als ein \u00fcbernat\u00fcrliches Ph\u00e4nomen.\r\n\r\nSie sieht den menschlichen K\u00f6rper als zentralen gemeinsamen Nenner f\u00fcr alle menschlichen Wesen und setzt auf die Empfindsamkeit des K\u00f6rpers als wichtigste Ressource f\u00fcr die Verbindung und Kommunikation mit anderen Menschen und f\u00f6rdert diese. In verschiedenen \u00dcbungen werden wir unsere F\u00e4higkeit zum Zuh\u00f6ren verbessern und aufmerksam f\u00fcr uns selbst und andere werden. Wir werden mit verschiedenen Arten der mentalen Bildgebung arbeiten und unsere Kraft, das was wir wahrnehmen, f\u00fchlen und tun, zu \u00e4ndern, untersuchen. Abschlie\u00dfend werden wir l\u00e4ngere Prozesse ausl\u00f6sen, \u00fcber die wir eine (imagin\u00e4re) Beziehung zu einer anderen Person herstellen werden. In diesem Kontext werden wir die erworbenen Werkzeuge einsetzen, um unabh\u00e4ngig vom verbalen Dialog oder Protokollen der kollektiven Entscheidungsfindung einen sofortigen gemeinsamen Prozess mit unserem Partner zu initiieren.\u00a0Der Workshop findet erstmals als Online-Format statt. Damit l\u00e4dt er dazu ein, zu untersuchen und kritisch zu reflektieren, wie k\u00f6rperliches und zwischenmenschliches Wissen durch digitale Medien ausgetauscht werden kann.\r\n\r\n* Keine Vorerfahrung erforderlich; Menschen mit verschiedenen Bewegungsf\u00e4higkeiten sind willkommen.\r\n\r\n** Bitte melden Sie sich bis zum 3. Dezember an. Senden Sie dazu eine E-Mail an: <a href=\"mailto:register@akademie-solitude.de\">register@akademie-solitude.de<\/a>\r\n\r\n<u>\u00a0<\/u>"},{"row_el_content_collapsible":false,"row_el_content_collapsible_init_state":true,"row_el_content_headline":"","row_el_content_left":"","row_el_content_right":"<h5><\/h5>\r\n<h3>\u00d6ffentliches Programm:<\/h3>"},{"row_el_content_collapsible":false,"row_el_content_collapsible_init_state":true,"row_el_content_headline":"","row_el_content_left":"18.00 bis 18.15 Uhr (CET)","row_el_content_right":"<pre><span class=\"has-font-maison-neue\" style=\"font-family: 'Maison Neue';\">Genevieve Costello\r\nHouse Rules <em>(Lower Body Protest<\/em> (LBP)), 2020\r\nLive screen performance<\/span><\/pre>\r\nAuf dem Briefkopf des Patientenfragebogens des Krankenhauses steht in kleinen, fett gedruckten Buchstaben:\r\nDiagnose\r\n<em>Lower Body Protest<\/em> (LBP).\r\n\r\nSie sind Profischwimmer*in und brechen sich ein Bein. Niemand wei\u00df warum. Obwohl jeder andere in diesem Universum zum Gehen auf seine Beine angewiesen ist, entspricht es nicht den gesellschaftlichen Normen, auf den Bereich unterhalb der Taille zu blicken.\r\n\r\n&nbsp;\r\n\r\nSie versuchen mit dem gebrochenen Bein zu schwimmen. Es geht Ihnen schlechter. Sie geraten in eine Spirale, deren Auswirkungen zu endlos sind, um sie aufzuz\u00e4hlen. Sie breiten sich aus, vermischen sich. Das Leben, das Sie kennen, ist unm\u00f6glich. Sie geben weiterhin Ihr Bestes, denn Ihnen bleibt nichts anderes \u00fcbrig. Sie suchen alle m\u00f6glichen \u00c4rzte auf; sie wissen nicht, was sie Ihnen sagen sollen. \u00dcber die Behandlung von Beinen ist nicht viel bekannt. Medizinische Standardbehandlungen f\u00fcr LBP? leisesAchselzucken, Schmerzmittel, Muskelrelaxanzien, gleichg\u00fcltigeundendlose\u00dcberweisungen zu SpezialistenundinKLINIKEN. Die meisten Menschen haben Beine und k\u00f6nnen sie benutzen. Beine sind in der Regel einfach DA.\r\n\r\nSie kleben den Briefkopf des Krankenhauses an Ihre T\u00fcr, um daran erinnert zu werden, dass es nicht alles nur Einbildung ist. Sie versuchen, sich nicht darum zu k\u00fcmmern, dass es auch so sein k\u00f6nnte, w\u00e4hrend Sie in dieser beinlosen Welt bleiben.\r\n\r\nDiagnose\r\nNachbeobachtung\r\n\r\na) Sie werden zum Qualgestalter.\r\n\r\nb) Sie werden zum Freak.\r\n\r\nc) Sie \u00fcberlegen, eine kleine Party zu schmei\u00dfen.\r\n\r\nd) Sie ___________________."},{"row_el_content_collapsible":false,"row_el_content_collapsible_init_state":true,"row_el_content_headline":"","row_el_content_left":"18.15 bis 18.45 Uhr (CET)","row_el_content_right":"<pre><span class=\"has-font-maison-neue\" style=\"font-family: 'Maison Neue';\">Seyed Mohsen Hazrati \r\n<em>QQQ [Can vehicles talk to each other?<\/em>], 2020\r\nLive performed screening\r\n<em>In eternity without beginning, of glory, the splendor-ray of Thy beauty boasted.<\/em>\r\nHafis<\/span><\/pre>\r\nEine Geschichte \u00fcber die Sch\u00f6pfung. Wie ein Fahrzeug ausgew\u00e4hlt wurde, um mit irdischen Elementen ausgestattet, mit verschiedenen Sinnen dekoriert, gespeist mit reinem Kraftstoff, um seine verg\u00e4ngliche Reise auf der Erde zu beginnen.\r\n\r\nHinweis: Bei diesem Screening werden Blitzlichteffekte bzw. sehr schnell aufeinanderfolgende Bildsequenzen verwendet.\u00a0 Bestimmte Bildfrequenzen k\u00f6nnen unter Umst\u00e4nden epileptische Anf\u00e4lle ausl\u00f6sen ."},{"row_el_content_collapsible":false,"row_el_content_collapsible_init_state":true,"row_el_content_headline":"","row_el_content_left":"18.45 bis 19.00 Uhr (CET)","row_el_content_right":"<pre><span class=\"has-font-maison-neue\" style=\"font-family: 'Maison Neue';\">Sofie Verraest \r\n<em>What You Have Heard of Brussels<\/em>, 2020\r\nLive-Lesung<\/span><\/pre>\r\nSofie Verraest liest einen Auszug aus ihrem entstehenden Roman, einer Geschichte des Leidens und der Erneuerung und dem Moment des \u00dcbergangs, wenn das ganze Leben zitternd nach Gleichgewicht strebt. Nach dem Verlust ihres Partners versucht E., die ihr fr\u00fcheres Ich abgestreift hat, im Chaos des heutigen Br\u00fcssel herauszufinden, wer sie noch sein k\u00f6nnte. Sie ist an den richtigen Ort gekommen: \u00bbWas man \u00fcber Br\u00fcssel sagt, stimmt. Von allen St\u00e4dten auf der Welt, ist es die Stadt, die dem Himmel am n\u00e4chsten ist.\u00ab"},{"row_el_content_collapsible":false,"row_el_content_collapsible_init_state":true,"row_el_content_headline":"","row_el_content_left":"19.00 bis 19.15 Uhr (CET)","row_el_content_right":"<pre><span class=\"has-font-maison-neue\" style=\"font-family: 'Maison Neue';\">Valentina Sciarra\r\n<em>The Stone King<\/em>, 2018\r\nVideo-Vorf\u00fchrung<\/span><\/pre>\r\nDas Video f\u00fchrt uns zu der Naturlandschaft \u00bbStrupanitsa\u00ab (Bulgarisch: Haufen), ein Felsph\u00e4nomen und der gr\u00f6\u00dfte alte Bergsturz in Bulgarien. Der Bergsturz besteht aus Felsbl\u00f6cken, die meisten davon in Form von W\u00fcrfeln oder Quadern mit einer Gr\u00f6\u00dfe von \u00fcber 15 Kubikmetern.\r\n\r\nDas Video ist mit einem Auszug aus dem letzten und unvollendeten Buch <em>Under the Jaguar Sun<\/em> von Italo Calvino unterlegt, das er den f\u00fcnf menschlichen Sinnen widmete. Der Text hat einen \u00e4hnlichen Erz\u00e4hlrhythmus wie das Gehen und schafft ein Gef\u00fchl der Bewegung und der inneren Reise.\r\n\r\nIn Calvinos Geschichte ist die Hauptfigur ein namenloser K\u00f6nig. Der K\u00f6nig hat sich in seinem Schlossgef\u00e4ngnis verschanzt und kann sich aus Angst vor dem Verlust des Throns nicht bewegen. Der einzige Sinn, der ihm bleibt und ihm eine Verbindung mit der Au\u00dfenwelt erm\u00f6glicht, ist das Zuh\u00f6ren. Der K\u00f6nig, bewegungslos auf seinem Thron und gefangen von seiner Machtleidenschaft, lernt, alle m\u00f6glichen Ger\u00e4usche zu erkennen, die im Falle der stetigen Wiederholung sein Fortbestehen sichern. Das Ger\u00e4usch der Stadt erreicht ihn fast unmerklich, bis er eines Tages die Stimme einer singenden jungen Frau vernimmt. Er f\u00fchlt sich von dieser Stimme angezogen, er m\u00f6chte darauf antworten, aber er kann nicht. Die Stimme ist verstummt.\r\n\r\nDas Video wurde dank der Unterst\u00fctzung durch den Gaudenz B. Ruf Award 2018 m\u00f6glich."},{"row_el_content_collapsible":false,"row_el_content_collapsible_init_state":true,"row_el_content_headline":"","row_el_content_left":"19.15 bis 19.30 Uhr (CET)","row_el_content_right":"<pre><span class=\"has-font-maison-neue\" style=\"font-family: 'Maison Neue';\">Lisa Biscaro Balle \r\n<em>Live au Zenith<\/em>, 2020\r\nEine dreit\u00e4gige Live-Tanz-Performance<\/span><\/pre>\r\nDas Projekt wurde inspiriert von Biscaro Balles pers\u00f6nlichem Bewusstsein f\u00fcr die Inkompatibilit\u00e4t ihrer beiden geerbten Kulturen. Ihre Ausbildung in zeitgen\u00f6ssischem Tanz in Frankreich und das gleichzeitige Aufsaugen brasilianischer T\u00e4nze durch ihre Familiengeschichte verschafften ihr nach eigener Auffassung eine privilegierte Position, die nicht nur ihre Tanzpraxis beeinflusste, sondern ihr auch bestimmte Normen, Zw\u00e4nge und Stereotype offenbarte, die in diesen Kulturen verwurzelt sind. Mit <em>Live au Zenith<\/em> will Biscaro Balle einen Dialog mit der Musik des brasilianischen Komponisten Chico Buarque herstellen, einem einstigen politischen Dissidenten w\u00e4hrend der Milit\u00e4rdiktatur in Brasilien (1964\u20131985). Viele seiner Lieder wurden zu ber\u00fchmten brasilianischen Hymnen.\u00a0In <em>Live au Zenith<\/em> untersucht Biscaro Balle die zentrale Frage, wie sie ihr kulturelles Erbe au\u00dferhalb ihres urspr\u00fcnglichen Kontexts leben kann.\u00a0Das ist ein Thema, das in mehreren Beziehungen existiert, die st\u00e4ndig in Bewegung sind. Im Verlauf der drei Tage schafft sie durch ihre Darbietungen ein t\u00e4gliches Abbild dieser Fragen."}]},{"acf_fc_layout":"content_spacer","acfe_flexible_layout_title":"Leerraum-Container","bgcolor":"has-bg-blue","bgcolor_custom":"","layout_col_size":2,"space_height":""},{"acf_fc_layout":"content_txt","acfe_flexible_layout_title":"Text","bgcolor":"has-bg-blue","bgcolor_custom":"","layout_col_size":8,"txt_cols":"is-1-txtcol","txt":"Die Veranstaltung findet in englischer Sprache statt.\r\n<p class=\"p1\"><span class=\"s1\"><b>Teilnehmer*innen: <\/b><a href=\"https:\/\/www.akademie-solitude.de\/en\/person\/aouefa-amoussouvi\/\"><span class=\"s2\">Aouefa Amoussouvi<\/span><\/a>, <a href=\"https:\/\/www.akademie-solitude.de\/en\/person\/lisa-biscaro-balle\/\"><span class=\"s2\">Lisa Biscaro Balle<\/span><\/a>, <a href=\"https:\/\/www.akademie-solitude.de\/en\/person\/genevieve-costello\/\"><span class=\"s2\">Genevieve Costello,<\/span><\/a> <a href=\"https:\/\/www.akademie-solitude.de\/en\/person\/maayan-danoch\/\"><span class=\"s2\">Maayan Danoch<\/span><\/a>, <a href=\"https:\/\/www.akademie-solitude.de\/en\/person\/seyed-mohsen-hazrati\/\"><span class=\"s2\">Seyed Mohsen Hazrati<\/span><\/a>, <a href=\"https:\/\/www.akademie-solitude.de\/en\/person\/giuliana-kiersz\/\"><span class=\"s2\">Giuliana Kiersz<\/span><\/a>, Sol\u00e6lune (<a href=\"https:\/\/www.akademie-solitude.de\/en\/person\/nardeen-galuaa\/\"><span class=\"s2\">Nardeen Galuaa<\/span><\/a> &amp; <a href=\"https:\/\/www.akademie-solitude.de\/en\/person\/alieldin-ayman\/\"><span class=\"s2\">Alieldin Ayman<\/span><\/a>), <a href=\"https:\/\/www.akademie-solitude.de\/en\/person\/sofie-verraest\/\"><span class=\"s2\">Sofie Verraest<\/span><\/a>, <a href=\"https:\/\/www.akademie-solitude.de\/en\/person\/valentina-sciarra\/\"><span class=\"s2\">Valentina Sciarra<\/span><\/a><\/span><\/p>\r\n<strong>Kuratiert von:<\/strong> Berit Fischer"},{"acf_fc_layout":"content_spacer","acfe_flexible_layout_title":"Leerraum-Container","bgcolor":"has-bg-blue","bgcolor_custom":"","layout_col_size":2,"space_height":""},{"acf_fc_layout":"content_spacer","acfe_flexible_layout_title":"Leerraum-Container","bgcolor":"has-bg-grey","bgcolor_custom":"","layout_col_size":2,"space_height":""},{"acf_fc_layout":"content_txt","acfe_flexible_layout_title":"Text","bgcolor":"has-bg-grey","bgcolor_custom":"","layout_col_size":8,"txt_cols":"is-1-txtcol","txt":"<h4><span class=\"has-font-maison-neue\" style=\"font-family: 'Maison Neue';\">Hinweise auf Video- und Fotoaufnahmen beim Livestream<\/span><\/h4>\r\n<p class=\"is-size-6\">Im Rahmen der Online-Veranstaltung <em>Liminoid Encounters<\/em> vom 10.\u201312. Dezember 2020 werden im Livestream Bildaufnahmen erstellt. Nachfolgend informieren wir Sie \u00fcber die Art und Zwecke der Bildaufnahmen, \u00fcber die Rechtsgrundlagen und Ihre Rechte.<\/p>\r\n<p class=\"is-size-6\"><strong>Datenschutzbeauftragter:<\/strong>\r\nRA Thomas Lang\r\nFachanwalt f\u00fcr Arbeitsrecht &amp; zertifizierter Datenschutzbeauftragter\r\nOberer Kirchhaldenweg 9 b\r\n70195 Stuttgart\r\nTelefon: 0711 \u2013 12 57 85 49\r\nE-Mail: <a href=\"mailto:office@datenschutzadvokat.de\">office@datenschutzadvokat.de<\/a><\/p>\r\n<p class=\"is-size-6\">Die Bildaufnahmen werden zu den folgenden Zwecken verwendet:\u00a0 Bereitstellung der Aufnahmen f\u00fcr die Teilnehmer am Livestream<\/p>\r\n<p class=\"is-size-6\">Rechtsgrundlagen der Aufnahmen: Berechtigte Interessen an der Nutzung der Aufnahmen zu den vorgenannten Zwecken gem. Art. 6 Abs. 1 S. 1 lit. f., 85 DSGVO in Verbindung mit \u00a7\u00a7 22, 23 KUG.<\/p>\r\n<p class=\"is-size-6\">Aufbewahrungsdauer der Bildaufnahmen: Die Bildaufnahmen werden solange aufbewahrt, wie das zu den vorgenannten Zwecken erforderlich ist. Die Bildaufnahmen k\u00f6nnen intern unbeschr\u00e4nkt aufbewahrt werden, z.B. zur Sicherung von urheberrechtlichen Rechtsanspr\u00fcchen durch Nachweis von Originalaufnahmen und dar\u00fcber hinaus aus Gr\u00fcnden zeitgeschichtlicher Dokumentation. Im Fall der Ver\u00f6ffentlichung, k\u00f6nnen die Aufnahmen solange publiziert werden, wie die jeweiligen Publikationstr\u00e4ger, Artikel oder Beitr\u00e4ge \u00f6ffentlich zug\u00e4nglich sind.<\/p>\r\n<p class=\"is-size-6\">Ihre Rechte: Sie k\u00f6nnen Ihr Recht auf Auskunft oder Berichtigung, L\u00f6schung und Einschr\u00e4nkung der Verarbeitung der Fotografien geltend machen und k\u00f6nnen sich bei der zust\u00e4ndigen Aufsichtsbeh\u00f6rde beschweren. Sie k\u00f6nnen der Verarbeitung von Aufnahmen und Daten, die Sie betreffen jederzeit widersprechen. Eine ausf\u00fchrliche Beschreibung Ihrer Rechte finden Sie in unserer Datenschutzerkl\u00e4rung unter <a href=\"https:\/\/www.akademie-solitude.de\/de\/privacy-policy\/\">www.akademie-solitude.de\/de\/privacy-policy\/<\/a><\/p>"},{"acf_fc_layout":"content_spacer","acfe_flexible_layout_title":"Leerraum-Container","bgcolor":"has-bg-grey","bgcolor_custom":"","layout_col_size":2,"space_height":""}],"intro_preview_headline":"","intro_preview_txt":"","intro_preview_img":24971,"event_id_old":"","event_subtitle":"","event_date":"2020-12-10 18:00:00","event_date_end":"2020-12-12 19:30:00","event_location":[{"event_location_name":"Zoom Event","event_location_link":"https:\/\/zoom.us\/j\/94208027949"},{"event_location_name":"Live Stream auf Vimeo","event_location_link":"https:\/\/vimeo.com\/event\/542490"}],"event_programme":null,"event_taxonomy_category":[17,27,29,30,31,37],"event_practice_field":false,"event_opening":"","event_opening_times":"","event_additional_info":"","event_txt_old":"","event_more_events":"","related_posts_event":[13162,13185,13168,13170,6982,13167,23218,9193,23220,13181]},"_links":{"self":[{"href":"https:\/\/www.akademie-solitude.de\/de\/wp-json\/wp\/v2\/event\/24825","targetHints":{"allow":["GET"]}}],"collection":[{"href":"https:\/\/www.akademie-solitude.de\/de\/wp-json\/wp\/v2\/event"}],"about":[{"href":"https:\/\/www.akademie-solitude.de\/de\/wp-json\/wp\/v2\/types\/event"}],"author":[{"embeddable":true,"href":"https:\/\/www.akademie-solitude.de\/de\/wp-json\/wp\/v2\/users\/4"}],"acf:post":[{"embeddable":true,"href":"https:\/\/www.akademie-solitude.de\/de\/wp-json\/wp\/v2\/person\/13181"},{"embeddable":true,"href":"https:\/\/www.akademie-solitude.de\/de\/wp-json\/wp\/v2\/person\/23220"},{"embeddable":true,"href":"https:\/\/www.akademie-solitude.de\/de\/wp-json\/wp\/v2\/person\/9193"},{"embeddable":true,"href":"https:\/\/www.akademie-solitude.de\/de\/wp-json\/wp\/v2\/person\/23218"},{"embeddable":true,"href":"https:\/\/www.akademie-solitude.de\/de\/wp-json\/wp\/v2\/person\/13167"},{"embeddable":true,"href":"https:\/\/www.akademie-solitude.de\/de\/wp-json\/wp\/v2\/person\/6982"},{"embeddable":true,"href":"https:\/\/www.akademie-solitude.de\/de\/wp-json\/wp\/v2\/person\/13170"},{"embeddable":true,"href":"https:\/\/www.akademie-solitude.de\/de\/wp-json\/wp\/v2\/person\/13168"},{"embeddable":true,"href":"https:\/\/www.akademie-solitude.de\/de\/wp-json\/wp\/v2\/person\/13185"},{"embeddable":true,"href":"https:\/\/www.akademie-solitude.de\/de\/wp-json\/wp\/v2\/person\/13162"}],"acf:term":[{"embeddable":true,"taxonomy":"category","href":"https:\/\/www.akademie-solitude.de\/de\/wp-json\/wp\/v2\/categories\/37"},{"embeddable":true,"taxonomy":"category","href":"https:\/\/www.akademie-solitude.de\/de\/wp-json\/wp\/v2\/categories\/31"},{"embeddable":true,"taxonomy":"category","href":"https:\/\/www.akademie-solitude.de\/de\/wp-json\/wp\/v2\/categories\/30"},{"embeddable":true,"taxonomy":"category","href":"https:\/\/www.akademie-solitude.de\/de\/wp-json\/wp\/v2\/categories\/29"},{"embeddable":true,"taxonomy":"category","href":"https:\/\/www.akademie-solitude.de\/de\/wp-json\/wp\/v2\/categories\/27"},{"embeddable":true,"taxonomy":"category","href":"https:\/\/www.akademie-solitude.de\/de\/wp-json\/wp\/v2\/categories\/17"}],"wp:attachment":[{"href":"https:\/\/www.akademie-solitude.de\/de\/wp-json\/wp\/v2\/media?parent=24825"}],"wp:term":[{"taxonomy":"category","embeddable":true,"href":"https:\/\/www.akademie-solitude.de\/de\/wp-json\/wp\/v2\/categories?post=24825"}],"curies":[{"name":"wp","href":"https:\/\/api.w.org\/{rel}","templated":true}]}}