{"id":42287,"date":"2025-03-07T14:51:11","date_gmt":"2025-03-07T13:51:11","guid":{"rendered":"https:\/\/www.akademie-solitude.de\/?post_type=event&#038;p=42287"},"modified":"2025-03-07T14:52:55","modified_gmt":"2025-03-07T13:52:55","slug":"seda-tunc-liest-beim-welttag-der-poesie-2025","status":"publish","type":"event","link":"https:\/\/www.akademie-solitude.de\/de\/event\/seda-tunc-liest-beim-welttag-der-poesie-2025\/","title":{"rendered":"Seda Tun\u00e7 liest beim Welttag der Poesie 2025"},"content":{"rendered":"","protected":false},"author":4,"featured_media":0,"template":"","categories":[29],"class_list":["post-42287","event","type-event","status-publish","hentry","category-lesung"],"acf":{"bgcolor":"","bgcolor_custom":"","custom_color_css_variable":"","content_type":[{"acf_fc_layout":"content_txt","acfe_flexible_layout_title":"Text","bgcolor":"","bgcolor_custom":"","layout_col_size":8,"txt_cols":"is-1-txtcol","txt":"<span class=\"has-font-maison-neue\" style=\"font-family: Maison Neue;\">Der UNESCO-Welttag der Poesie w\u00fcrdigt den Stellenwert der Poesie, die Vielfalt des Kulturguts Sprache und die Bedeutung m\u00fcndlicher Traditionen. Seit seiner Initiierung im Jahr 2000 organisiert das Haus f\u00fcr Poesie gemeinsam mit seinen Partnerinstitutionen der Akademie Schloss Solitude, dem Berliner K\u00fcnstlerprogramm des DAAD, der Kulturstiftung Schloss Wiepersdorf, dem Czech Literary Centre und dem Internationalen K\u00fcnstlerhaus Villa Concordia Bamberg die zentrale Veranstaltung in Deutschland.<\/span>\r\n\r\nIn diesem Jahr feiern wir den UNESCO-Welttag der Poesie mit Lesungen von sechs internationalen Dichter*innen\r\n\r\n<strong>AVRINA<\/strong> (geboren 1992 in Tamil Nadu), in diesem Jahr Stipendiatin der Kulturstiftung Schloss Wiepersdorf, schreibt Lyrik und Prosa, ausgezeichnet unter anderem mit dem Short Fiction \/ University of Essex International Short Story Prize 2021.\r\n\r\n<strong>Petr Borkovec<\/strong> (geboren 1970 in Tschechien) und <strong>Georg Le\u00df<\/strong> (geboren 1981 in Arnsberg) sind die Preistr\u00e4ger des deutsch-tschechischen Dresdner Lyrikpreises 2024. Von Georg Le\u00df liegen vier Gedichtb\u00e4nde vor, zuletzt erschienen die <em>Nacht der Hungerputten<\/em> (kookbooks 2023) und <em>Lindwurmsichtungen und Berichtigungen<\/em> (Corvinus Presse 2024). Petr Borkovec, Dichter und \u00dcbersetzer (vor allem russischer Lyrik des 20. Jahrhunderts), ist bereits vielfach ins Deutsche \u00fcbersetzt worden, zuletzt erschien ein Band mit Prosaminiaturen, <em>Den Stock aufheben<\/em> (Edition Korrespondenzen 2024, \u00dcbersetzung: Lena Dorn).\r\n\r\n<strong>Rachel McNicholl<\/strong>, \u00dcbersetzerin und Dichterin von der Westk\u00fcste Irlands, war Stipendiatin des Internationalen K\u00fcnstlerhauses Villa Concordia in Bamberg. W\u00e4hrend ihres Stipendienaufenthalts entstanden neue Gedichte, die nun erstmals ins Deutsche \u00fcbersetzt wurden von Eva Bourke und Hans-Christian Oeser.\r\n\r\n<strong>Mar\u00eda Negroni<\/strong> (geboren 1951 in Argentinien), Stipendiatin des Berliner K\u00fcnstlerprogramms des DAAD, ist vielfach ausgezeichnete Dichterin, Romanautorin und Essayistin. Zu ihren Werken z\u00e4hlen u.a. die Gedichtb\u00e4nde <em>Arte y Fuga<\/em> (Pre-Textos 2004, dt. Kunst und Fuge) und <em>Interludio en Berl\u00edn<\/em> (Pre-Textos 2014, dt. Interludium in Berlin).\r\n\r\n<strong>Seda Tun\u00e7<\/strong> (geboren 1983 in Izmit, T\u00fcrkei), aktuell Stipendiatin der Akademie Schloss Solitude, lebt als Lyrikerin und \u00dcbersetzerin in Wien. Ihr Deb\u00fctband <em>WELCH<\/em> (edition mosaik) erschien 2021. Derzeit arbeitet sie an ihrem n\u00e4chsten Gedichtband, der sich mit nationaler Grenzpolitik, struktureller Gewalt und Vertreibung auseinandersetzt.\r\n\r\nLesungen in Originalsprache mit deutschen \u00dcbersetzungen zum Mitlesen.\r\nUnter der Schirmherrschaft der Deutschen UNESCO-Kommission\r\n\r\nDas Gru\u00dfwort spricht Roman Luckscheiter, Generalsekret\u00e4r der Deutschen UNESCO-Kommission\r\nModeration: Marie Kaiser"}],"intro_preview_headline":"","intro_preview_txt":"Der UNESCO-Welttag der Poesie w\u00fcrdigt den Stellenwert der Poesie, die Vielfalt des Kulturguts Sprache und die Bedeutung m\u00fcndlicher Traditionen. Seit seiner Initiierung im Jahr 2000 organisiert das Haus f\u00fcr Poesie gemeinsam mit seinen Partnerinstitutionen die zentrale Veranstaltung in Deutschland.","intro_preview_img":42288,"event_id_old":"","event_subtitle":"Ein Fest f\u00fcr die Lyrik","event_date":"2025-03-21 19:30:00","event_date_end":"2025-03-21 22:00:00","event_location":[{"event_location_name":"Haus f\u00fcr Poesie, Kulturbrauerei, Knaackstr. 97, Berlin","event_location_link":"https:\/\/www.haus-fuer-poesie.org\/de\/literaturwerkstatt-berlin\/veranstaltungen\/veranstaltungen-aktuell\/welttag-der-poesie-2025-br-ein-fest-fuer-die-lyrik"}],"event_programme":null,"event_taxonomy_category":[29],"event_practice_field":false,"event_opening":"","event_opening_times":"","event_additional_info":"Tickets: 6,65 Euro, erm\u00e4\u00dfigt 4,65 Euro\r\nErh\u00e4ltlich <a href=\"https:\/\/literatur-berlin.tickettoaster.de\/produkte\/3669-tickets-welttag-der-poesie-2025-haus-fuer-poesie-berlin-am-21-03-2025\">hier<\/a>","event_txt_old":"","event_more_events":"","related_posts_event":[41463]},"_links":{"self":[{"href":"https:\/\/www.akademie-solitude.de\/de\/wp-json\/wp\/v2\/event\/42287","targetHints":{"allow":["GET"]}}],"collection":[{"href":"https:\/\/www.akademie-solitude.de\/de\/wp-json\/wp\/v2\/event"}],"about":[{"href":"https:\/\/www.akademie-solitude.de\/de\/wp-json\/wp\/v2\/types\/event"}],"author":[{"embeddable":true,"href":"https:\/\/www.akademie-solitude.de\/de\/wp-json\/wp\/v2\/users\/4"}],"acf:post":[{"embeddable":true,"href":"https:\/\/www.akademie-solitude.de\/de\/wp-json\/wp\/v2\/person\/41463"}],"acf:term":[{"embeddable":true,"taxonomy":"category","href":"https:\/\/www.akademie-solitude.de\/de\/wp-json\/wp\/v2\/categories\/29"}],"wp:attachment":[{"href":"https:\/\/www.akademie-solitude.de\/de\/wp-json\/wp\/v2\/media?parent=42287"}],"wp:term":[{"taxonomy":"category","embeddable":true,"href":"https:\/\/www.akademie-solitude.de\/de\/wp-json\/wp\/v2\/categories?post=42287"}],"curies":[{"name":"wp","href":"https:\/\/api.w.org\/{rel}","templated":true}]}}