{"id":42593,"date":"2025-04-14T15:36:33","date_gmt":"2025-04-14T13:36:33","guid":{"rendered":"https:\/\/www.akademie-solitude.de\/?post_type=event&#038;p=42593"},"modified":"2025-06-26T09:31:36","modified_gmt":"2025-06-26T07:31:36","slug":"open-solitude-am-27-juni-2025","status":"publish","type":"event","link":"https:\/\/www.akademie-solitude.de\/de\/event\/open-solitude-am-27-juni-2025\/","title":{"rendered":"\u00bbOpen Solitude\u00ab am 27. Juni 2025"},"content":{"rendered":"","protected":false},"author":4,"featured_media":0,"template":"","categories":[15,501,29,865,30,31,27],"class_list":["post-42593","event","type-event","status-publish","hentry","category-ausstellung","category-konzert","category-lesung","category-open-solitude","category-performance","category-praesentation","category-screening"],"acf":{"bgcolor":"","bgcolor_custom":"","custom_color_css_variable":"","content_type":[{"acf_fc_layout":"content_txt","acfe_flexible_layout_title":"Text","bgcolor":"","bgcolor_custom":"","layout_col_size":8,"txt_cols":"is-1-txtcol","txt":"<span class=\"has-font-maison-neue\" style=\"font-family: Maison Neue;\">Die Akademie Schloss Solitude l\u00e4dt herzlich zu <em>Open Solitude<\/em> am 27. Juni 2025 von 14 bis 22 Uhr ein. 25 interdisziplin\u00e4r arbeitende K\u00fcnstler*innen und Wissenschaftler*innen \u00f6ffnen ihre Wohn- und Arbeitsstudios und gestalten gemeinsam ein vielf\u00e4ltiges Programm mit Ausstellungen, Performances, Konzerten und Lesungen.<\/span>\r\n\r\nMit Swati Arora, Kenneth Boa-Amponsem, Lukas Beyer, Jean Borgatti, bak.ma collective (\u00d6zge \u00c7elikaslan &amp; Bilge Emir), Hanieh Fatouraee, Maryam Ghiasi, Louis Henderson, Saghar Hosseinpour, Miriam Humm, Hiba G. Isleem, Nils Ketterer, Sibongakonke Mama, Kristina Miller, Alireza Mirmohammadi, Mert Moral\u0131, Atsuko Mochida, Hemal Naik, Matilde Outeiro, Marco Pando, Mayra A. Rodr\u00edguez Castro, Mounir Saeed, Sharmila Samant, Shaheer Tarar, Yashas Shetty, Noriko Tomita und Seda Tun\u00e7.\r\n\r\nEr\u00f6ffnet wird das Programm mit Gru\u00dfworten von <span class=\"has-font-maison-neue\" style=\"font-family: Maison Neue;\">Arne Braun<\/span> (Staatssekret\u00e4r im Ministerium f\u00fcr Wissenschaft, Forschung und Kunst Baden-W\u00fcrttemberg) sowie <span class=\"has-font-maison-neue\" style=\"font-family: Maison Neue;\">Dr. Anne Fleckstein<\/span> (Direktorin der Akademie Schloss Solitude).\r\n\r\n<span class=\"has-font-maison-neue\" style=\"font-family: Maison Neue;\">Installationen, Audioarbeiten und Live-Beitr\u00e4ge<\/span> entfalten sich auf dem gesamten Akademiegel\u00e4nde: unter anderen Mert Moral\u0131s vielschichtige Soundarbeit <em>Grains of Fragility <\/em>im Guibal-Saal, Shaheer Tarars interaktiver und assoziativer <em>Spiral Walk<\/em> durch das Haus sowie die kollektive Ausstellung <em>Opacity : Transmission<\/em> in der Scheune.\r\n\r\nZwischen 14 und 22 Uhr geben die <span class=\"has-font-maison-neue\" style=\"font-family: Maison Neue;\">offenen Studios<\/span> Einblicke in aktuelle Projekte und poetische Experimente. Besucher*innen k\u00f6nnen in den beiden Akademiegeb\u00e4uden auf drei Etagen Work in Progress entdecken \u2013 von Hiba G. Isleems interaktiver Videoinstallation \u00fcber famili\u00e4re Archive bis zu Noriko Tomitas Textilarbeiten. Lesungen von unter anderen Swati Arora, Nils Ketterer (auf den Treppen vor dem Schloss), Sibongakonke Mama, Seda Tun\u00e7 und Mayra A. Rodr\u00edguez Castro erweitern das Programm um literarische Stimmen.\r\n\r\nEin Kommen und Gehen ist jederzeit m\u00f6glich \u2013 der Eintritt ist frei.\r\nDie Stipendiat*innen und das Team der Akademie freuen sich auf Ihren Besuch!\r\n\r\nF\u00fcr das leibliche Wohl sorgen Foodtrucks im Au\u00dfenbereich."},{"acf_fc_layout":"content_program","acfe_flexible_layout_title":"Programm","program_title":"","program_el":[{"bgcolor":"has-bg-red","bgcolor_custom":"","program_el_content_collapsible":true,"program_el_content_collapsible_init_state":false,"program_el_content_headline":"PROGRAMM\u00dcBERSICHT","program_el_content":[{"program_el_content_left":"","program_el_content_right":"Der Conf\u00e9rencier Leo R\u00f6cker f\u00fchrt durch das Programm. ","program_el_content_img":null},{"program_el_content_left":"15\u201315.15 Uhr","program_el_content_right":"Gru\u00dfwort von Arne Braun, Staatssekret\u00e4r im Ministerium f\u00fcr Wissenschaft, Forschung und Kunst Baden-W\u00fcrttemberg\r\n\r\nWo: Hof der Akademie","program_el_content_img":null},{"program_el_content_left":"15.15\u201315.30 Uhr ","program_el_content_right":"Gru\u00dfwort von Dr. Anne Fleckstein, Direktorin der Akademie Schloss Solitude\r\n\r\nWo: Hof der Akademie","program_el_content_img":null},{"program_el_content_left":"15.30\u201315.45 Uhr \r\n16.15\u201316.30 Uhr \r\n18.30\u201318.45 Uhr\r\n21\u201321.15 Uhr \r\n","program_el_content_right":"Mert Moral\u0131\r\n<em>Grains of Fragility<\/em>\r\n\r\nKlangarbeit | Sound Work\r\n\r\nWo: Guibal-Saal, EG","program_el_content_img":null},{"program_el_content_left":"15.45\u201316.15 Uhr ","program_el_content_right":"Shaheer Tarar\r\n<em>Spiral Walk<\/em>\r\n\r\nInteraktiver Walk\r\n\r\nWo: Treffpunkt im Hof der Akademie","program_el_content_img":null},{"program_el_content_left":"17\u201317.45 Uhr ","program_el_content_right":"Opening Moment mit Live-Programm\r\n<em>Opacity : Transmission<\/em>\r\n\r\nGruppenausstellung &amp; Klangprogramm\r\n\r\nMit Swati Arora, Lukas Beyer, Kosmas \u00d0inh, Hanieh Fatouraee, Louis Henderson, Saghar Hosseinpour, Atsuko Mochida, Matilde Outeiro\r\nInitiiert von Kosmas \u00d0inh\r\n\r\nWo: Scheune","program_el_content_img":null},{"program_el_content_left":"17\u201317.45 Uhr ","program_el_content_right":"Yashas Shetty\r\n<em>New Ecologies<\/em>\r\n\r\nDJ-Set\r\n\r\nUND\r\n\r\nHemal Naik\r\n<em>Encounters With the Wild<\/em>\r\n\r\nErz\u00e4hlungen in englischer Sprache\r\n\r\nWo: Appendix Guibal-Saal \u23a5 Eingang von Au\u00dfen","program_el_content_img":null},{"program_el_content_left":"17.45\u201317.55 Uhr ","program_el_content_right":"Mounir Saeed\r\n<em>Pulse \u2013 Human Behavior\/Animal Resource<\/em>\r\n\r\nAudiovisuelle Installation\r\n\r\nWo: Guibal-Saal, EG\r\n<p class=\"is-size-6\">Hinweis: Die Installation enth\u00e4lt Blitzlichter.<\/p>","program_el_content_img":null},{"program_el_content_left":"17.55\u201318.15 Uhr ","program_el_content_right":"Swati Arora\r\n<em>Weathering Delhi: The Flight of the Black Kite<\/em>\r\n\r\nLesung in englischer Sprache mit audiovisuellem Material\r\n\r\nWo: Guibal-Saal, EG","program_el_content_img":null},{"program_el_content_left":"18.15\u201318.45 Uhr ","program_el_content_right":"Nils Ketterer\r\n<em>K\u00c4PT\u2019N FANTASTIC<\/em>\r\n\r\nLesung in deutscher Sprache\r\n\r\nWo: Treppen von Schloss Solitude","program_el_content_img":null},{"program_el_content_left":"18.45\u201319.15 Uhr ","program_el_content_right":"Sibongakonke Mama\r\n<em>Antjie Bochedi<\/em>\r\n\r\nCollage\r\n\r\nWo: Haus 2, Studio 43\r\n<p class=\"is-size-6\">Hinweis: Die Arbeit enth\u00e4lt sensible oder pl\u00f6tzliche Ger\u00e4usche. Fotografieren und Audioaufnahmen sind nicht gestattet.<\/p>","program_el_content_img":null},{"program_el_content_left":"19.45\u201320.30 Uhr ","program_el_content_right":"Closing Moment mit Live-Programm\r\n<em>Opacity : Transmission<\/em>\r\n\r\nGruppenausstellung &amp; Klangprogramm\r\n\r\nMit Swati Arora, Lukas Beyer, Kosmas \u00d0inh, Hanieh Fatouraee, Louis Henderson, Saghar Hosseinpour, Atsuko Mochida, Matilde Outeiro\r\nInitiiert von Kosmas \u00d0inh\r\n\r\nWo: Scheune","program_el_content_img":null},{"program_el_content_left":"20.30\u201321 Uhr","program_el_content_right":"Seda Tun\u00e7\r\n<em>in fl\u00fcssen\/ in matsch\/ ein unterirdisches<\/em>\r\nLesung in deutscher Sprache \r\n\r\nWo: Guibal-Saal, EG","program_el_content_img":null},{"program_el_content_left":"21\u201321.30 Uhr ","program_el_content_right":"Sharmila Samant\r\n<em>The Lotus eaters: A Gathering<\/em>\r\n\r\nLangzeit-Videoinstallation mit pers\u00f6nlicher Begegnung\r\n\r\nWo: Atelier 16, EG. Zugang \u00fcber den Hof","program_el_content_img":null},{"program_el_content_left":"21.30\u201322 Uhr ","program_el_content_right":"Mayra A. Rodr\u00edguez Castro\r\n<em>Heideggers H\u00fctte<\/em>\r\n\r\nLesung in deutscher und englischer Sprache\r\nIn deutscher Sprache gelesen von Fiona Haselgruber\r\n\r\nWo: Guibal-Saal, EG","program_el_content_img":null},{"program_el_content_left":"Durchgehend","program_el_content_right":"Miriam Humm\r\n<em>You've been so brave these days<\/em>\r\n\r\nInteraktiver Spiegel\r\n\r\nWo: Oberer Hirschgang, EG","program_el_content_img":null},{"program_el_content_left":"Durchgehend","program_el_content_right":"Das Programm <em>art, science &amp; business<\/em> der Akademie Schloss Solitude stellt die Projekte des \u00bbField Trip\u00ab-Residenzprogramms vor.\r\n\r\n<em>Field Trip<\/em>\r\nGruppenausstellung\r\n\r\nMit Arbeiten von Simar Preet Kaur, Hemal Naik, Eduardo Noya Schreus, Yashas Shetty, Helene Sommer, Vivek Hari Sridhar\r\n<p class=\"is-size-6\">Eine Kooperation mit der Abteilung f\u00fcr \u00d6kologie der Tiergesellschaften am Max-Planck-Institut f\u00fcr Verhaltensbiologie in Konstanz.<\/p>\r\nWo: Appendix Guibal-Saal, EG \u23a5 Zugang von Au\u00dfen","program_el_content_img":null},{"program_el_content_left":"Durchgehend","program_el_content_right":"<em>Opacity : Transmission<\/em>\r\nGruppenausstellung &amp; Klangprogramm\r\n\r\nMit Swati Arora, Lukas Beyer, Kosmas \u00d0inh, Hanieh Fatouraee, Louis Henderson, Saghar Hosseinpour, Atsuko Mochida, Matilde Outeiro\r\nInitiiert von Kosmas \u00d0inh\r\n\r\nWo: Scheune","program_el_content_img":null},{"program_el_content_left":"Durchgehend","program_el_content_right":"Maryam Ghiasi & Alireza Mirmohammadi\r\n<em>DEAFENING SILENCE<\/em>\r\n\r\nKurzes Video\r\n\r\nWo: Oberer Hirschgang, EG\r\n","program_el_content_img":null}]},{"bgcolor":"has-bg-yellow","bgcolor_custom":"","program_el_content_collapsible":true,"program_el_content_collapsible_init_state":false,"program_el_content_headline":"OPEN STUDIOS VON 14 BIS 22 UHR","program_el_content":[{"program_el_content_left":"Haus 3\r\nStudio 2, EG","program_el_content_right":"Web Residencies No\u00b020 <em>Tools for Citation<\/em>\r\nInteraktive Medieninstallationen\r\n\r\nDas Programm Digitale Kulturen der Akademie Schloss Solitude stellt die Projekte der aktuellen Web Residents vor: Anisha Baid, Anne Braune, Hyunseo Cho, Devin Kenny, khokhoi (mary alinney villacastin), Shaheer Tarar","program_el_content_img":null},{"program_el_content_left":"Haus 3\r\nStudio 6, EG","program_el_content_right":"Hiba G. Isleem\r\n<em>Numbers and Squares<\/em>\r\n\r\nInteraktive Installation","program_el_content_img":null},{"program_el_content_left":"Haus 3\r\nStudio 11, EG","program_el_content_right":"Hanieh Fatouraee\r\n<em>Vasvaas: Hydro-encounters<\/em>\r\n\r\nInstallation","program_el_content_img":null},{"program_el_content_left":"Haus 3\r\nKabinett, EG","program_el_content_right":"Lukas Beyer &amp; Kristina Miller mit Seda Tun\u00e7, Mert Moral\u0131\r\n<em>[ ]<\/em>\r\n\r\nVideo Essay","program_el_content_img":null},{"program_el_content_left":"Haus 3\r\nAtelier 15, EG","program_el_content_right":"Marco Pando\r\n<em>Earth Skins<\/em>\r\n\r\nInstallation","program_el_content_img":null},{"program_el_content_left":"Haus 3\r\nAtelier 16, EG\r\nZugang \u00fcber den Hof\r\n","program_el_content_right":"Sharmila Samant\r\n<em>The Lotus eaters: A Gathering<\/em>\r\n\r\nLangzeit-Videoinstallation mit pers\u00f6nlicher Begegnung","program_el_content_img":null},{"program_el_content_left":"Haus 3\r\nStudio 20, 1. OG","program_el_content_right":"Kenneth Boa-Amponsem\r\n<em>Ept\u00e0:Reprise<\/em>\r\n\r\nMixed Media Installation","program_el_content_img":null},{"program_el_content_left":"Haus 3,\r\nStudio 21, 1. OG","program_el_content_right":"Jean Borgatti\r\n<em>Masquerade<\/em>\r\n\r\nDigitale Diashow\/Soundtrack \u2013 mit Originalfotos aus Afrika, aufgenommen zwischen 1972 und 2017","program_el_content_img":null},{"program_el_content_left":"Haus 3\r\nStudio 24, 2. OG","program_el_content_right":"Noriko Tomita\r\n<em>Eternal Textile: When Time Becomes a Textile<\/em>\r\n\r\nInstallation","program_el_content_img":null},{"program_el_content_left":"Haus 2\r\nStudio 35, 1. OG","program_el_content_right":"Miriam Humm\r\nOpen Studio","program_el_content_img":null},{"program_el_content_left":"Haus 2\r\nArchivraum, 1. OG","program_el_content_right":"bak.ma collective\r\n\u00bbArchival Passages\u2028\u00ab\r\n<em>Weaving Past and Present<\/em>\r\n\r\nDigital, Installation","program_el_content_img":null},{"program_el_content_left":"Haus 2\r\nStudio 41, 2. OG","program_el_content_right":"Louis Henderson\/The Living and the Dead Ensemble\r\n<em>Foukifoura (2020-2025)<\/em>\r\n\r\nVideo","program_el_content_img":null},{"program_el_content_left":"Haus 2\r\nStudio 43, 2. OG","program_el_content_right":"Sibongakonke Mama\r\n<em>Antjie Bochedi<\/em>\r\n\r\nCollage\r\n<p class=\"is-size-6\">Hinweis: Die Arbeit enth\u00e4lt sensible oder pl\u00f6tzliche Ger\u00e4usche. Fotografieren und Audioaufnahmen sind nicht gestattet.<\/p>","program_el_content_img":null}]},{"bgcolor":"has-bg-lila","bgcolor_custom":"","program_el_content_collapsible":true,"program_el_content_collapsible_init_state":false,"program_el_content_headline":"\u00d6FFENTLICHE KURZF\u00dcHRUNGEN DURCH DIE OPEN STUDIOS","program_el_content":[{"program_el_content_left":"","program_el_content_right":"HAUS 3: Treffpunkt am Empfang, Foyer, EG\r\nMaximal 8 Personen pro Kurzf\u00fchrung\r\n\r\n16.45\u201317 Uhr\r\nDas Team stellt vor: Hanieh Fatouaree, Studio 11\r\n\r\n18.45\u201319.15 Uhr\r\nDas Team stellt vor: Jean Borgatti, Studio 21\r\n&amp; Noriko Tomita, Studio 24\r\n\r\nDas Team stellt vor: Sharmila Samant, Atelier 16\r\n&amp; Kenneth Boa-Amponsem, Studio 20\r\n\r\n19.15\u201319.30 Uhr\r\nDas Team stellt vor: Hiba G. Isleem, Studio 6\r\n\r\n19.30\u201319.45 Uhr\r\nDas Team stellt vor: Marco Pando, Atelier 15","program_el_content_img":null},{"program_el_content_left":"","program_el_content_right":"HAUS 2: Treffpunkt am Eingang Haus 2, EG\r\nMaximal 8 Personen pro Kurzf\u00fchrung\r\n\r\n16.15\u201316.45 Uhr\r\nDas Team stellt vor: Miriam Humm, Studio 35\r\n&amp; bak.ma collective, Archiv\r\n\r\n17.45\u201318 Uhr\r\nDas Team stellt vor: Sibongakonke Mama, Studio 43\r\n\r\n18\u201318.15 Uhr\r\nDas Team stellt vor: Louis Henderson\/The Living and the Dead Ensemble, Studio 41","program_el_content_img":null},{"program_el_content_left":"16\u201317 Uhr","program_el_content_right":"\u00d6ffentliche Kurzf\u00fchrung und Workshop f\u00fcr Kinder von 8 bis 12 Jahren\r\n\u00bbKunst f\u00fcr Kinder\u00ab\r\n\r\n<span style=\"text-decoration: underline;\">Treffpunkt am Empfang, Foyer, Haus 3, EG<\/span>\r\nMaximal 8 Kinder pro F\u00fchrung. Um Anmeldung wird gebeten.\r\nMit Veronika Schneider (Kunstvermittlerin)","program_el_content_img":null}]},{"bgcolor":"has-bg-blue","bgcolor_custom":"","program_el_content_collapsible":true,"program_el_content_collapsible_init_state":false,"program_el_content_headline":"WEITERE R\u00c4UME UND WICHTIGE INFORMATIONEN","program_el_content":[{"program_el_content_left":"","program_el_content_right":"Ein Awareness-Team ist vor Ort und ansprechbar.\r\nHaus 3, Foyer, EG\r\n\r\nNotfallhilfe durch das Deutsche Rote Kreuz\r\nHerman\u2019s Library, EG\r\n\r\nEmpfang und Anmeldung\r\nHaus 3, Foyer, EG\r\n\r\nBitte beachten: Der Eingang zu Haus 2 ist nicht barrierefrei.","program_el_content_img":null}]}]}],"intro_preview_headline":"","intro_preview_txt":"Die Akademie Schloss Solitude l\u00e4dt Sie herzlich zur Veranstaltung <em>Open Solitude<\/em> am 27. Juni 2025 von 14 bis 22 Uhr ein. 29 interdisziplin\u00e4r arbeitende K\u00fcnstler*innen und Wissenschaftler*innen \u00f6ffnen ihre Arbeits- und Wohnstudios f\u00fcr das Publikum und beteiligen sich mit Ausstellungen, Performances, Konzerten und Kurzlesungen am Programm.","intro_preview_img":42667,"event_id_old":"","event_subtitle":"","event_date":"2025-06-27 14:00:00","event_date_end":"2025-06-27 22:00:00","event_location":[{"event_location_name":"Akademie Schloss Solitude","event_location_link":"https:\/\/www.akademie-solitude.de"}],"event_programme":"","event_taxonomy_category":[15,27,501,29,865,30,31],"event_practice_field":false,"event_opening":"","event_opening_times":"14 bis 22 Uhr","event_additional_info":"Eintritt frei!","event_txt_old":"","event_more_events":"","related_posts_event":[42697,41311,42824,42568,42295,38881,41323,42617,41313,41504,42565,42554,41309,42575,42876,42622,41808,41814,34741,42836,41317,42299,13164,42582,42138,6692,42559,41463]},"_links":{"self":[{"href":"https:\/\/www.akademie-solitude.de\/de\/wp-json\/wp\/v2\/event\/42593","targetHints":{"allow":["GET"]}}],"collection":[{"href":"https:\/\/www.akademie-solitude.de\/de\/wp-json\/wp\/v2\/event"}],"about":[{"href":"https:\/\/www.akademie-solitude.de\/de\/wp-json\/wp\/v2\/types\/event"}],"author":[{"embeddable":true,"href":"https:\/\/www.akademie-solitude.de\/de\/wp-json\/wp\/v2\/users\/4"}],"acf:post":[{"embeddable":true,"href":"https:\/\/www.akademie-solitude.de\/de\/wp-json\/wp\/v2\/person\/41463"},{"embeddable":true,"href":"https:\/\/www.akademie-solitude.de\/de\/wp-json\/wp\/v2\/person\/42559"},{"embeddable":true,"href":"https:\/\/www.akademie-solitude.de\/de\/wp-json\/wp\/v2\/person\/6692"},{"embeddable":true,"href":"https:\/\/www.akademie-solitude.de\/de\/wp-json\/wp\/v2\/person\/42138"},{"embeddable":true,"href":"https:\/\/www.akademie-solitude.de\/de\/wp-json\/wp\/v2\/person\/42582"},{"embeddable":true,"href":"https:\/\/www.akademie-solitude.de\/de\/wp-json\/wp\/v2\/person\/13164"},{"embeddable":true,"href":"https:\/\/www.akademie-solitude.de\/de\/wp-json\/wp\/v2\/person\/42299"},{"embeddable":true,"href":"https:\/\/www.akademie-solitude.de\/de\/wp-json\/wp\/v2\/person\/41317"},{"embeddable":true,"href":"https:\/\/www.akademie-solitude.de\/de\/wp-json\/wp\/v2\/person\/42836"},{"embeddable":true,"href":"https:\/\/www.akademie-solitude.de\/de\/wp-json\/wp\/v2\/person\/34741"},{"embeddable":true,"href":"https:\/\/www.akademie-solitude.de\/de\/wp-json\/wp\/v2\/person\/41814"},{"embeddable":true,"href":"https:\/\/www.akademie-solitude.de\/de\/wp-json\/wp\/v2\/person\/41808"},{"embeddable":true,"href":"https:\/\/www.akademie-solitude.de\/de\/wp-json\/wp\/v2\/person\/42622"},{"embeddable":true,"href":"https:\/\/www.akademie-solitude.de\/de\/wp-json\/wp\/v2\/person\/42876"},{"embeddable":true,"href":"https:\/\/www.akademie-solitude.de\/de\/wp-json\/wp\/v2\/person\/42575"},{"embeddable":true,"href":"https:\/\/www.akademie-solitude.de\/de\/wp-json\/wp\/v2\/person\/41309"},{"embeddable":true,"href":"https:\/\/www.akademie-solitude.de\/de\/wp-json\/wp\/v2\/person\/42554"},{"embeddable":true,"href":"https:\/\/www.akademie-solitude.de\/de\/wp-json\/wp\/v2\/person\/42565"},{"embeddable":true,"href":"https:\/\/www.akademie-solitude.de\/de\/wp-json\/wp\/v2\/person\/41504"},{"embeddable":true,"href":"https:\/\/www.akademie-solitude.de\/de\/wp-json\/wp\/v2\/person\/41313"},{"embeddable":true,"href":"https:\/\/www.akademie-solitude.de\/de\/wp-json\/wp\/v2\/person\/42617"},{"embeddable":true,"href":"https:\/\/www.akademie-solitude.de\/de\/wp-json\/wp\/v2\/person\/41323"},{"embeddable":true,"href":"https:\/\/www.akademie-solitude.de\/de\/wp-json\/wp\/v2\/person\/38881"},{"embeddable":true,"href":"https:\/\/www.akademie-solitude.de\/de\/wp-json\/wp\/v2\/person\/42295"},{"embeddable":true,"href":"https:\/\/www.akademie-solitude.de\/de\/wp-json\/wp\/v2\/person\/42568"},{"embeddable":true,"href":"https:\/\/www.akademie-solitude.de\/de\/wp-json\/wp\/v2\/person\/42824"},{"embeddable":true,"href":"https:\/\/www.akademie-solitude.de\/de\/wp-json\/wp\/v2\/person\/41311"},{"embeddable":true,"href":"https:\/\/www.akademie-solitude.de\/de\/wp-json\/wp\/v2\/person\/42697"}],"acf:term":[{"embeddable":true,"taxonomy":"category","href":"https:\/\/www.akademie-solitude.de\/de\/wp-json\/wp\/v2\/categories\/31"},{"embeddable":true,"taxonomy":"category","href":"https:\/\/www.akademie-solitude.de\/de\/wp-json\/wp\/v2\/categories\/30"},{"embeddable":true,"taxonomy":"category","href":"https:\/\/www.akademie-solitude.de\/de\/wp-json\/wp\/v2\/categories\/865"},{"embeddable":true,"taxonomy":"category","href":"https:\/\/www.akademie-solitude.de\/de\/wp-json\/wp\/v2\/categories\/29"},{"embeddable":true,"taxonomy":"category","href":"https:\/\/www.akademie-solitude.de\/de\/wp-json\/wp\/v2\/categories\/501"},{"embeddable":true,"taxonomy":"category","href":"https:\/\/www.akademie-solitude.de\/de\/wp-json\/wp\/v2\/categories\/27"},{"embeddable":true,"taxonomy":"category","href":"https:\/\/www.akademie-solitude.de\/de\/wp-json\/wp\/v2\/categories\/15"}],"wp:attachment":[{"href":"https:\/\/www.akademie-solitude.de\/de\/wp-json\/wp\/v2\/media?parent=42593"}],"wp:term":[{"taxonomy":"category","embeddable":true,"href":"https:\/\/www.akademie-solitude.de\/de\/wp-json\/wp\/v2\/categories?post=42593"}],"curies":[{"name":"wp","href":"https:\/\/api.w.org\/{rel}","templated":true}]}}