{"id":46080,"date":"2026-08-17T10:30:48","date_gmt":"2026-08-17T08:30:48","guid":{"rendered":"https:\/\/www.akademie-solitude.de\/?post_type=event&#038;p=46080"},"modified":"2026-08-24T11:12:09","modified_gmt":"2026-08-24T09:12:09","slug":"nocturnal-crossings-ein-projekt-von-bongile-gorata-lecoge-zulu-johana-gomez-jasmin-schaedler","status":"publish","type":"event","link":"https:\/\/www.akademie-solitude.de\/de\/event\/nocturnal-crossings-ein-projekt-von-bongile-gorata-lecoge-zulu-johana-gomez-jasmin-schaedler\/","title":{"rendered":"\u00bbNocturnal Crossings\u00ab Ein Projekt von Bongile Gorata Lecoge-Zulu, Johana G\u00f3mez &#038; Jasmin Sch\u00e4dler"},"content":{"rendered":"","protected":false},"author":8,"featured_media":0,"template":"","categories":[30],"class_list":["post-46080","event","type-event","status-publish","hentry","category-performance"],"acf":{"bgcolor":"","bgcolor_custom":"","custom_color_css_variable":"","content_type":[{"acf_fc_layout":"content_txt","_acfe_flexible_layout_title":null,"acfe_flexible_layout_title":"Text","bgcolor":"has-bg-custom","bgcolor_custom":"rgb(255,255,255)","layout_col_size":12,"txt_cols":"is-1-txtcol","txt":"Was w\u00e4re, wenn das Einschlafen einer Grenz\u00fcberquerung \u00e4hnelte?\r\n\r\n<strong><em>Nocturnal Crossings<\/em><\/strong> ist eine immersive Performance, die Schlaf, Migration und globale Mobilit\u00e4t miteinander verkn\u00fcpft. Die Besucher*innen betreten eine fiktive Transiteinrichtung und werden zu Reisenden auf einer schlafwandlerischen Suche nach Schlaf<em>. <\/em>Auf ihrem Weg begegnen sie n\u00e4chtlichen Wandernden und Beamt*innen der imagin\u00e4ren Republik des Schlafs \u2013 einer Welt, in der Zugang, Zugeh\u00f6rigkeit und Erholung ungleich verteilt sind.\r\n\r\nMit Performance, Klang, Licht und integrierter Audiodeskription er\u00f6ffnet <strong><em>Nocturnal Crossings<\/em><\/strong> einen Erfahrungsraum, in dem sich Wahrnehmung, Identit\u00e4t und Kontrolle verschieben. Die Arbeit l\u00e4dt dazu ein, Schlaf nicht nur als biologisches Grundbed\u00fcrfnis, sondern auch als Ort zu begreifen, an dem Fragen von Grenzen, Privilegien und Zugeh\u00f6rigkeit sichtbar werden.\r\n\r\nKonzept &amp; Performance: Bongile Gorata Lecoge-Zulu, Johana G\u00f3mez &amp; Jasmin Sch\u00e4dler\r\nIntegrierte Audiodeskription &amp; Performance: Mella Hambrecht\r\nKomposition: Cara Stacey\r\nLichtdesign: Roland Batroff\r\nAssistenz &amp; Performance: Johanna Ke\u00dfler"},{"acf_fc_layout":"content_txt","_acfe_flexible_layout_title":null,"acfe_flexible_layout_title":"Text","bgcolor":"has-bg-yellow","bgcolor_custom":"","layout_col_size":12,"txt_cols":"is-1-txtcol","txt":"<span class=\"has-font-maison-neue\" style=\"font-family: 'Maison Neue';\">Wann: <\/span>1.\u20134.10.2026, jeweils um 15 und um 19 Uhr (Dauer 90 Minuten)\r\n<span class=\"has-font-maison-neue\" style=\"font-family: 'Maison Neue';\">Wo:<\/span> Projektraum R\u00f6merstra\u00dfe der Akademie Schloss Solitude, R\u00f6merstra\u00dfe 2A, 70178 Stuttgart\r\n<span class=\"has-font-maison-neue\" style=\"font-family: 'Maison Neue';\">Anmeldung:<\/span> Die Teilnehmerzahl ist auf 10 Personen beschr\u00e4nkt. Anmeldung \u00fcber <span class=\"s1\">anmeldung@interakt-initiative.com<\/span>, Betreff \u00bbNocturnal Crossings\u00ab angeben."}],"intro_preview_headline":"","intro_preview_txt":"","intro_preview_img":46101,"event_id_old":"","event_subtitle":"","event_date":"2026-10-01 00:00:00","event_date_end":"2026-10-04 00:00:00","event_location":[{"event_location_name":"Projektraum R\u00f6merstra\u00dfe der Akademie Schloss Solitude, R\u00f6merstra\u00dfe 2A, 70178 Stuttgart","event_location_link":""}],"event_programme":"","event_taxonomy_category":[30],"event_practice_field":false,"event_opening":"","event_opening_times":"","event_additional_info":"","event_txt_old":"","event_more_events":"","related_posts_event":[43294,6943]},"_links":{"self":[{"href":"https:\/\/www.akademie-solitude.de\/de\/wp-json\/wp\/v2\/event\/46080","targetHints":{"allow":["GET"]}}],"collection":[{"href":"https:\/\/www.akademie-solitude.de\/de\/wp-json\/wp\/v2\/event"}],"about":[{"href":"https:\/\/www.akademie-solitude.de\/de\/wp-json\/wp\/v2\/types\/event"}],"author":[{"embeddable":true,"href":"https:\/\/www.akademie-solitude.de\/de\/wp-json\/wp\/v2\/users\/8"}],"acf:post":[{"embeddable":true,"href":"https:\/\/www.akademie-solitude.de\/de\/wp-json\/wp\/v2\/person\/6943"},{"embeddable":true,"href":"https:\/\/www.akademie-solitude.de\/de\/wp-json\/wp\/v2\/person\/43294"}],"acf:term":[{"embeddable":true,"taxonomy":"category","href":"https:\/\/www.akademie-solitude.de\/de\/wp-json\/wp\/v2\/categories\/30"}],"wp:attachment":[{"href":"https:\/\/www.akademie-solitude.de\/de\/wp-json\/wp\/v2\/media?parent=46080"}],"wp:term":[{"taxonomy":"category","embeddable":true,"href":"https:\/\/www.akademie-solitude.de\/de\/wp-json\/wp\/v2\/categories?post=46080"}],"curies":[{"name":"wp","href":"https:\/\/api.w.org\/{rel}","templated":true}]}}