{"id":7171,"date":"2020-03-26T18:05:48","date_gmt":"2020-03-26T17:05:48","guid":{"rendered":"https:\/\/www.akademie-solitude.de\/event\/sommerfest-was-machen-sie-dort-am-schloss\/"},"modified":"2020-08-12T09:46:17","modified_gmt":"2020-08-12T07:46:17","slug":"sommerfest-was-machen-sie-dort-am-schloss","status":"publish","type":"event","link":"https:\/\/www.akademie-solitude.de\/de\/event\/sommerfest-was-machen-sie-dort-am-schloss\/","title":{"rendered":"Sommerfest: Was machen Sie dort am Schloss?"},"content":{"rendered":"","protected":false},"author":1,"featured_media":0,"template":"","categories":[],"class_list":["post-7171","event","type-event","status-publish","hentry"],"acf":{"bgcolor":"","bgcolor_custom":"","custom_color_css_variable":"","content_type":null,"intro_preview_headline":"","intro_preview_txt":"","intro_preview_img":"","event_id_old":"2621","event_subtitle":"","event_date":"2006-06-24 19:00:00","event_date_end":"2006-06-24 19:00:00","event_location":[{"event_location_name":"Akademie Schloss Solitude","event_location_link":""}],"event_programme":"","event_taxonomy_category":false,"event_practice_field":false,"event_opening":"","event_opening_times":"","event_additional_info":"","event_txt_old":"Das Motto des diesj\u00e4hrigen Sommerfestes \"Was machen Sie dort am Schloss\" fordert auf zu spontanen Pr\u00e4sentationen und Projektideen, nat\u00fcrlich mit offenem Vorzeichen. Diese Ungewissheit ist, wie jedes Jahr, Teil des Sommerfestes, einer Kulmination kurz- und langfristiger Projektideen der K\u00fcnstler und G\u00e4ste des Hauses. Auf jeden Fall kommen sowohl Kulturbegeisterte wie auch Fu\u00dfballinteressierte auf ihre Kosten. Highlights, die schon feststehen, sind Improvisationen von Chris Heenan auf dem Saxophon, ein Konzert von Stephan Hussong (Akkordeon) mit Mike Svoboda (Posaune), langj\u00e4hriger Gast und Freund des Hauses sowie ein Auftritt der Berliner Band apel\/nuss und pop. Wer sp\u00e4ter in Ruhe einen \u00dcberblick \u00fcber die vielf\u00e4ltigen Projekte des Hauses bekommen m\u00f6chte, kann au\u00dferdem das neue Jahrbuch der Akademie erwerben und studieren, welches zum Sommerfest druckfrisch pr\u00e4sentiert wird.<br \/>\n<br \/>\nGetr\u00e4nke und Speisen werden im Akademiehof serviert, die Kunst des Gespr\u00e4chs, der Unterhaltung und die Kunst an sich \u00fcberall. Willkommen zum Fest!<br \/>\n<br \/>\nEintritt: 3 Euro<br \/>","event_more_events":"","related_posts_event":[5825]},"_links":{"self":[{"href":"https:\/\/www.akademie-solitude.de\/de\/wp-json\/wp\/v2\/event\/7171","targetHints":{"allow":["GET"]}}],"collection":[{"href":"https:\/\/www.akademie-solitude.de\/de\/wp-json\/wp\/v2\/event"}],"about":[{"href":"https:\/\/www.akademie-solitude.de\/de\/wp-json\/wp\/v2\/types\/event"}],"author":[{"embeddable":true,"href":"https:\/\/www.akademie-solitude.de\/de\/wp-json\/wp\/v2\/users\/1"}],"acf:post":[{"embeddable":true,"href":"https:\/\/www.akademie-solitude.de\/de\/wp-json\/wp\/v2\/person\/5825"}],"wp:attachment":[{"href":"https:\/\/www.akademie-solitude.de\/de\/wp-json\/wp\/v2\/media?parent=7171"}],"wp:term":[{"taxonomy":"category","embeddable":true,"href":"https:\/\/www.akademie-solitude.de\/de\/wp-json\/wp\/v2\/categories?post=7171"}],"curies":[{"name":"wp","href":"https:\/\/api.w.org\/{rel}","templated":true}]}}