{"id":7190,"date":"2020-03-26T18:05:50","date_gmt":"2020-03-26T17:05:50","guid":{"rendered":"https:\/\/www.akademie-solitude.de\/event\/abgesagt-art-science-business-dialog-aria-adli\/"},"modified":"2020-08-12T09:46:20","modified_gmt":"2020-08-12T07:46:20","slug":"abgesagt-art-science-business-dialog-aria-adli","status":"publish","type":"event","link":"https:\/\/www.akademie-solitude.de\/de\/event\/abgesagt-art-science-business-dialog-aria-adli\/","title":{"rendered":"ABGESAGT: art, science &#038; business\/dialog: Aria Adli"},"content":{"rendered":"","protected":false},"author":1,"featured_media":0,"template":"","categories":[],"class_list":["post-7190","event","type-event","status-publish","hentry"],"acf":{"bgcolor":"","bgcolor_custom":"","custom_color_css_variable":"","content_type":null,"intro_preview_headline":"","intro_preview_txt":"","intro_preview_img":"","event_id_old":"2641","event_subtitle":"","event_date":"2006-12-14 20:00:00","event_date_end":"2006-12-14 20:00:00","event_location":[{"event_location_name":"Akademie Schloss Solitude","event_location_link":""}],"event_programme":"","event_taxonomy_category":false,"event_practice_field":false,"event_opening":"","event_opening_times":"","event_additional_info":"","event_txt_old":"DIE VERANSTALTUNG KANN LEIDER AUS TERMINLICHEN GR\u00dcNDEN NICHT STATTFINDEN.<br \/>\n<br \/>\nin the center of segments<br \/>\n<br \/>\nSprachaufnahmen von zwei Feldforschungen, f\u00fcr die Aria Adli nach Paris und Teheran reiste, bilden den Ausgangspunkt f\u00fcr Kompositionen von drei St\u00fccken f\u00fcr Elektronik und Sprecher\/S\u00e4nger. Die Serie \u00bbin the center of segments\u00ab ist ein Spiel mit dem Grenzbereich zwischen Sprachlichem und rein Klanglichem. Fragmente von Sprache und Stimme, die nicht unbedingt auf den ersten Blick auffallen, werden isoliert, vergr\u00f6\u00dfert und in ihrer (Un-)Wirklichkeit in das Zentrum der Wahrnehmung ger\u00fcckt.<br \/>\n<br \/>\nIm Anschluss an die Pr\u00e4sentation der Aufnahmen thematisiert eine interdisziplin\u00e4re Gespr\u00e4chsrunde den konzeptuellen Hintergrund sowohl aus linguistischer als auch aus musikalischer Perspektive.<br \/>\n<br \/>\nAria Adli (*1972 in K\u00f6ln) arbeitet seit zwei Jahren als Emmy Noether Stipendiat am Department of Linguistics der New York University an einem komparativen Projekt zu Frages\u00e4tzen. Zugleich studiert er privat Komposition bei Matthew Greenbaum. Nach seiner Promotion in Linguistik war er 2003\/2004 Stipendiat des Programms art, science & business.<br \/>\n<br \/>\nDas Programm art, science & business wird durch die finanzielle Unterst\u00fctzung der Landesstiftung Baden-W\u00fcrttemberg, der Landeshauptstadt Stuttgart sowie der LBBW Stiftung f\u00fcr Kunst und Kultur erm\u00f6glicht.<br \/>","event_more_events":"","related_posts_event":[5678]},"_links":{"self":[{"href":"https:\/\/www.akademie-solitude.de\/de\/wp-json\/wp\/v2\/event\/7190","targetHints":{"allow":["GET"]}}],"collection":[{"href":"https:\/\/www.akademie-solitude.de\/de\/wp-json\/wp\/v2\/event"}],"about":[{"href":"https:\/\/www.akademie-solitude.de\/de\/wp-json\/wp\/v2\/types\/event"}],"author":[{"embeddable":true,"href":"https:\/\/www.akademie-solitude.de\/de\/wp-json\/wp\/v2\/users\/1"}],"acf:post":[{"embeddable":true,"href":"https:\/\/www.akademie-solitude.de\/de\/wp-json\/wp\/v2\/person\/5678"}],"wp:attachment":[{"href":"https:\/\/www.akademie-solitude.de\/de\/wp-json\/wp\/v2\/media?parent=7190"}],"wp:term":[{"taxonomy":"category","embeddable":true,"href":"https:\/\/www.akademie-solitude.de\/de\/wp-json\/wp\/v2\/categories?post=7190"}],"curies":[{"name":"wp","href":"https:\/\/api.w.org\/{rel}","templated":true}]}}