{"id":7236,"date":"2020-03-26T18:05:54","date_gmt":"2020-03-26T17:05:54","guid":{"rendered":"https:\/\/www.akademie-solitude.de\/event\/klangraum-festival-2007-carte-blanche-an-solitude\/"},"modified":"2020-08-12T09:46:30","modified_gmt":"2020-08-12T07:46:30","slug":"klangraum-festival-2007-carte-blanche-an-solitude","status":"publish","type":"event","link":"https:\/\/www.akademie-solitude.de\/de\/event\/klangraum-festival-2007-carte-blanche-an-solitude\/","title":{"rendered":"Klangraum-Festival 2007: Carte Blanche an Solitude"},"content":{"rendered":"","protected":false},"author":1,"featured_media":0,"template":"","categories":[],"class_list":["post-7236","event","type-event","status-publish","hentry"],"acf":{"bgcolor":"","bgcolor_custom":"","custom_color_css_variable":"","content_type":null,"intro_preview_headline":"","intro_preview_txt":"","intro_preview_img":"","event_id_old":"2692","event_subtitle":"","event_date":"2007-12-01 20:00:00","event_date_end":"2007-12-01 20:00:00","event_location":[{"event_location_name":"Klangraum Festival im Atelierhaus Filderstra\u00dfe 34 e.V.","event_location_link":""}],"event_programme":"","event_taxonomy_category":false,"event_practice_field":false,"event_opening":"","event_opening_times":"","event_additional_info":"","event_txt_old":"Auch in diesem Jahr werden Stipendiaten der Akademie Schloss Solitude das KLANGRAUM Festival mitgestalten, so sind im Rahmen des dreit\u00e4gigen Festivals am 1. Dezember Werke von Alexandra Filonenko, Sven-Ingo Koch und Claus-Steffen Mahnkopf zu h\u00f6ren. Auff\u00fchrende sind Peter Veale (Gr\u00fcndungsmitglied des Ensemble SurPlus und ehemaliger Solitude-Stipendiat) auf Oboe und Ernst Suhrberg (Gr\u00fcndungsmitglied des ensemble mosaik) auf dem Klavier.<br \/>\n<br \/>\nIn \u00bbPrometheus\u00ab (2004-2005) betrachtet Filonenko in Anlehnung an den russischen Komponisten A. Skrjabin das Klavier als eine \u00bbhomogene Orchestermasse\u00ab. Das Solo-St\u00fcck beginnt in einer tief gespielten Tonlage als \u00bbEntstehung\u00ab und bewegt sich in einem Prozess der klangfarbigen Steigerung bis zu den h\u00f6chsten T\u00f6nen. Sven-Ingo Kochs Miniatur \u00bbTr\u00e4nen, \u00fcbers R\u00fcckgrat niedertropfend\u00ab (2003) wurde inspiriert von der Lekt\u00fcre von Dantes Divina Commedia, insbesondere dem XXV. Gesang der H\u00f6lle. In diesem Gesang umschreibt die Formulierung, die nun als Titel dient, die Qualen der in die H\u00f6lle Verbannten und dr\u00fcckt gleichsam die k\u00f6rperliche Unnat\u00fcrlichkeit der verdrehten K\u00f6pfe aus. \u00bbW.A.S.T.E. 2\u00ab ist die Fassung von \u00bbW.A.S.T.E.\u00ab (f\u00fcr Oboe und Live-Elektronik) ohne Live-Elektronik, an deren Stelle ein Achtspur-Zuspielband tritt. Das Werk, das fast ausschlie\u00dflich Oboenmehrkl\u00e4nge verwendet, bildet einen Teil des Pynchon-Zyklus von Claus-Steffen Mahnkopf.<br \/>\n<br \/>\nAlexandra Filonenko (*1972 in Donetzk\/Ukraine) studierte Komposition und promovierte bei Edison Denissow und Wladimir Tarnopolski am Moskauer Tschaikowsky-Konservatorium. Seit 2004 ist sie Lehrkraft f\u00fcr Klavier, Theorie und Komposition an der Musikschule \u00bbRobert Franz\u00ab in Halle an der Saale. Sie lebt als freischaffende Pianistin und Komponistin in Berlin. Filonenkos Werke wurden mehrfach bei den Halleschen Musiktagen aufgef\u00fchrt sowie bei den Gaudeamus Musikwochen in Amsterdam und beim Musica Nova Festival in Heidelberg. Das Ensemble OXALIS,  Ensemble APSARA, ensemble mosaik sowie das Arditti Quartett f\u00fchrten ihre St\u00fccke auf. Alexandra Filonenko ist 2007 Stipendiatin an der Akademie Schloss Solitude.<br \/>\n<br \/>\nSven-Ingo Koch (*1974 in Hagen) studierte u. a. in Essen (Folkwang), San Diego und Stanford. (mit Lehrauftrag f\u00fcr Komposition als Assistent Brian Ferneyhoughs). Seit 2003 ist Koch wieder freischaffend in Deutschland. Er wurde mit zahlreichen Preisen ausgezeichnet, darunter dem Stuttgarter Kompositionspreis 2003 und dem D\u00fcsseldorfer Musikf\u00f6rderpreis 2006. Sven-Ingo Koch wurde zu zahlreichen Foren und Festivals ausgew\u00e4hlt und eingeladen, u. a. UltraSchall (2007) und musica viva (2008). 2008 wird eine Portr\u00e4t-CD in der Reihe Edition Zeitgen\u00f6ssische Musik (WERGO) des Deutschen Musikrates erscheinen. Sven-Ingo Koch ist 2007 Stipendiat an der Akademie Schloss Solitude.<br \/>\n<br \/>\nClaus-Steffen Mahnkopf (*1962 in Mannheim), studierte Musikwissenschaft, Philosophie und Soziologie sowie Komposition bei Brian Ferneyhough, Klaus Huber und Emmanuel Nunes. 1993 promovierte er zum Doktor der Philosophie. Schon fr\u00fch wurde Claus-Steffen Mahnkopf mit zahlreichen Auszeichnungen und F\u00f6rderpreisen bedacht: darunter der Gaudeamus-Preis (1990), der 1. Preis beim Stuttgarter F\u00f6rderwettbewerb (1993) und der Siemens-F\u00f6rderpreis (1998). Er erhielt Stipendien der Kunststiftung Baden-W\u00fcrttemberg, der L\u00e4nder Hessen und Niedersachsen, der Stadt Baden-Baden und der Heinrich-Strobel-Stiftung des SWR. Als Dozent war Claus-Steffen Mahnkopf von 1988-1994 bei den Darmst\u00e4dter Ferienkursen t\u00e4tig, von 1990 bis 2003 unterrichtete er an der Universit\u00e4t und an der Musikhochschule Freiburg. Seit 2005 ist er Professor f\u00fcr Komposition an der Musikhochschule Leipzig. Claus-Steffen Mahnkopf ist Herausgeber der von ihm gegr\u00fcndeten Zeitschrift \u00bbMusik & \u00c4sthetik\u00ab und der Buchreihe \u00bbNew Music and Aesthetics in the 21st Century\u00ab. Er war 1996 Stipendiat der Akademie Schloss Solitude.<br \/>\n<br \/>\nWeitere Informationen zum Festival unter www.kunstraum34.de <br \/>\nEintritt: Tageskarte 7,- Euro, erm\u00e4\u00dfigt 5,- Euro<br \/>\nKartenreservierung unter 0711-6491919<br \/>","event_more_events":"","related_posts_event":[5827,5422,6397,6412]},"_links":{"self":[{"href":"https:\/\/www.akademie-solitude.de\/de\/wp-json\/wp\/v2\/event\/7236","targetHints":{"allow":["GET"]}}],"collection":[{"href":"https:\/\/www.akademie-solitude.de\/de\/wp-json\/wp\/v2\/event"}],"about":[{"href":"https:\/\/www.akademie-solitude.de\/de\/wp-json\/wp\/v2\/types\/event"}],"author":[{"embeddable":true,"href":"https:\/\/www.akademie-solitude.de\/de\/wp-json\/wp\/v2\/users\/1"}],"acf:post":[{"embeddable":true,"href":"https:\/\/www.akademie-solitude.de\/de\/wp-json\/wp\/v2\/person\/6412"},{"embeddable":true,"href":"https:\/\/www.akademie-solitude.de\/de\/wp-json\/wp\/v2\/person\/6397"},{"embeddable":true,"href":"https:\/\/www.akademie-solitude.de\/de\/wp-json\/wp\/v2\/person\/5422"},{"embeddable":true,"href":"https:\/\/www.akademie-solitude.de\/de\/wp-json\/wp\/v2\/person\/5827"}],"wp:attachment":[{"href":"https:\/\/www.akademie-solitude.de\/de\/wp-json\/wp\/v2\/media?parent=7236"}],"wp:term":[{"taxonomy":"category","embeddable":true,"href":"https:\/\/www.akademie-solitude.de\/de\/wp-json\/wp\/v2\/categories?post=7236"}],"curies":[{"name":"wp","href":"https:\/\/api.w.org\/{rel}","templated":true}]}}