{"id":7347,"date":"2020-03-26T18:06:39","date_gmt":"2020-03-26T17:06:39","guid":{"rendered":"https:\/\/www.akademie-solitude.de\/event\/ausstellungseroeffnung-solitude-quotidien-alltaeglich-von-roselyne-titaud\/"},"modified":"2020-08-12T09:46:55","modified_gmt":"2020-08-12T07:46:55","slug":"ausstellungseroeffnung-solitude-quotidien-alltaeglich-von-roselyne-titaud","status":"publish","type":"event","link":"https:\/\/www.akademie-solitude.de\/de\/event\/ausstellungseroeffnung-solitude-quotidien-alltaeglich-von-roselyne-titaud\/","title":{"rendered":"Ausstellungser\u00f6ffnung: Solitude \u2013 quotidien\/allt\u00e4glich von Roselyne Titaud"},"content":{"rendered":"","protected":false},"author":1,"featured_media":0,"template":"","categories":[],"class_list":["post-7347","event","type-event","status-publish","hentry"],"acf":{"bgcolor":"","bgcolor_custom":"","custom_color_css_variable":"","content_type":null,"intro_preview_headline":"","intro_preview_txt":"","intro_preview_img":8116,"event_id_old":"2817","event_subtitle":"","event_date":"2010-05-11 20:00:00","event_date_end":"2010-07-03 00:00:00","event_location":[{"event_location_name":"Akademie Schloss Solitude","event_location_link":""}],"event_programme":"","event_taxonomy_category":false,"event_practice_field":false,"event_opening":"","event_opening_times":"","event_additional_info":"","event_txt_old":"Die Akademie hat die paradoxe Aufgabe, das private Leben von K\u00fcnstlern mit \u00f6ffentlichen Geldern zu f\u00f6rdern; anl\u00e4sslich ihres Jubil\u00e4ums wird dieses Paradox unter dem Titel <i>Solitude \u2013 quotidien\/allt\u00e4glich<\/i> mit der fotografischen Arbeit von Roselyne Titaud k\u00fcnstlerisch objektiviert und das Innenleben der Einrichtung f\u00fcr die \u00d6ffentlichkeit sichtbar gemacht.<br \/>\n<br \/>\nIn Kooperation mit dem Institut Fran\u00e7ais de Stuttgart wurde die franz\u00f6sische K\u00fcnstlerin Roselyne Titaud aus Saint-Etienne (R\u00e9gion Rh\u00f4ne-Alpes) 2009 f\u00fcr einen dreimonatigen Aufenthalt an die Akademie Schloss Solitude eingeladen. Von beiden Institutionen erhielt sie den Auftrag, die Studios der Solitude-Stipendiaten zu fotografieren. Dadurch soll die Arbeit der Akademie anl\u00e4sslich ihres Jubil\u00e4ums k\u00fcnstlerisch objektiviert und das Innenleben der Einrichtung f\u00fcr die \u00d6ffentlichkeit sichtbar gemacht werden.<br \/>\n<br \/>\nAuf den Bildern von Roselyne Titaud ist niemals ein Mensch zu sehen, und doch gibt es kaum einen K\u00fcnstler, dem mehr am Leben der anderen gelegen w\u00e4re, als ihr. In den Fotoserien, die Roselyne Titaud seit ihrer ersten Ausstellung im Jahr 2002 der \u00d6ffentlichkeit pr\u00e4sentiert hat, zeigt sie, dass private R\u00e4ume, Wohnzimmer und Schlafzimmer mehr sind als nur funktionale Lebensr\u00e4ume: Ihr geht es vor allem darum, die poetische Dimension der Inszenierungen, die sie beobachtet, sichtbar zu machen und ihr eine Bildersprache zu verleihen. Was auch immer Roselyne Titaud fotografiert und welchen Standpunkt sie einnimmt, nie f\u00e4llt ein Urteil, kein \u00e4sthetisches und kein soziales. Ihre Arbeit ist stets von Neugierde und Sympathie f\u00fcr die anonymen Urheber gesteuert, deren poetische Installationen sie wiedergibt.<br \/>\n<br \/>\nDie Ergebnisse der Arbeit von Roselyne Titaud werden im Rahmen einer Ausstellung an der Akademie Schloss Solitude in Kooperation mit dem Institut Fran\u00e7ais gezeigt. Dazu ist ein zweisprachiger Katalog vorgesehen, der mit der Unterst\u00fctzung von ADERA (Verband der Kunsthochschulen der Region Rh\u00f4ne-Alpes) realisiert wird. <br \/>\n<br \/>\n<b>Roselyne Titaud<\/b> (*1977 in Aubenas\/Frankreich) studierte von 1996 bis 2001 Bildende Kunst an der Ecole des Beaux Arts in St. Etienne\/Frankreich. Seit 2002 arbeitet sie als freie Fotografin.<br \/>\n<br \/>\n\u00d6ffnungszeiten: Di\u2013Do 10\u201312 & 14\u201317.30 Uhr, Fr 10\u201312 & 14\u201316 Uhr, Sa\/So\/Feiertage 12\u201317.30 Uhr","event_more_events":"","related_posts_event":[6283]},"_links":{"self":[{"href":"https:\/\/www.akademie-solitude.de\/de\/wp-json\/wp\/v2\/event\/7347","targetHints":{"allow":["GET"]}}],"collection":[{"href":"https:\/\/www.akademie-solitude.de\/de\/wp-json\/wp\/v2\/event"}],"about":[{"href":"https:\/\/www.akademie-solitude.de\/de\/wp-json\/wp\/v2\/types\/event"}],"author":[{"embeddable":true,"href":"https:\/\/www.akademie-solitude.de\/de\/wp-json\/wp\/v2\/users\/1"}],"acf:post":[{"embeddable":true,"href":"https:\/\/www.akademie-solitude.de\/de\/wp-json\/wp\/v2\/person\/6283"}],"wp:attachment":[{"href":"https:\/\/www.akademie-solitude.de\/de\/wp-json\/wp\/v2\/media?parent=7347"}],"wp:term":[{"taxonomy":"category","embeddable":true,"href":"https:\/\/www.akademie-solitude.de\/de\/wp-json\/wp\/v2\/categories?post=7347"}],"curies":[{"name":"wp","href":"https:\/\/api.w.org\/{rel}","templated":true}]}}