{"id":7404,"date":"2020-03-26T18:06:44","date_gmt":"2020-03-26T17:06:44","guid":{"rendered":"https:\/\/www.akademie-solitude.de\/event\/solitude-tag\/"},"modified":"2020-08-12T09:47:08","modified_gmt":"2020-08-12T07:47:08","slug":"solitude-tag","status":"publish","type":"event","link":"https:\/\/www.akademie-solitude.de\/de\/event\/solitude-tag\/","title":{"rendered":"SOLITUDE\u2013TAG"},"content":{"rendered":"","protected":false},"author":1,"featured_media":0,"template":"","categories":[59],"class_list":["post-7404","event","type-event","status-publish","hentry","category-solitude-tag"],"acf":{"bgcolor":"","bgcolor_custom":"","custom_color_css_variable":"","content_type":null,"intro_preview_headline":"","intro_preview_txt":"","intro_preview_img":8148,"event_id_old":"2877","event_subtitle":"","event_date":"2011-07-03 11:00:00","event_date_end":"2011-07-03 11:00:00","event_location":[{"event_location_name":"Akademie Schloss Solitude","event_location_link":""}],"event_programme":"","event_taxonomy_category":[59],"event_practice_field":false,"event_opening":"","event_opening_times":"","event_additional_info":"","event_txt_old":"Nach zwanzig Jahren Sommerfest im Alleingang veranstaltet die Akademie Schloss Solitude in diesem Jahr gemeinsam mit<br \/>\nallen auf dem Schlossgel\u00e4nde angesiedelten Einrichtungen einen Solitude-Tag. An diesem Tag erwarten Sie von 11 bis 21 Uhr F\u00fchrungen durchs Schloss, durch die Akademie, das Graevenitz Museum sowie Lesungen, Konzerte und vieles mehr. F\u00fcr das leibliche Wohl sorgt J\u00f6rg Mink mit der Schloss Solitude Gastronomie.<br \/>\n<br \/>\n<br \/>\n<b>Programm der Akademie Schloss Solitude<\/b><br \/>\n<br \/>\n<b>11:00 Uhr:<\/b> NEUE MUSIK IM GUIBAL-SAAL <br \/>\nMit Erin Gee (Stimme) und Adam Weisman (Percussion) <br \/>\n<br \/>\n<b>ab 13:00 Uhr st\u00fcndlich:<\/b> F\u00dcHRUNGEN DURCH DIE AKTUELLEN AUSSTELLUNGEN, STUDIOS UND GEMEINSCHAFTSR\u00c4UME DER AKADEMIE. <br \/>\n<br \/>\nMit Jean-Baptiste Joly (13:00 Uhr)<br \/>\nMit Cristjane Schuessler (14:00 und 16:00 Uhr)<br \/>\nMit Stephan Pohl (15:00 und 17:00 Uhr)<br \/>\n<br \/>\n<b>ab 14:30 Uhr:<\/b> LESUNGEN IN DER SCHEUNE <br \/>\n<br \/>\n<b>14:30 Uhr<\/b>: HAMED TAHERI liest au seinem neuen Buch <i>jak.<\/i> In deutscher Sprache  <br \/>\n<br \/>\n<b>15:30 Uhr:<\/b> LAURYNAS KATKUS liest aus seinem im April 2011 bei merz&solitude erschienenen Buch <i>Kabuff.<\/i><br \/>\nIn deutscher und in litauischer Sprache.<br \/>\n<br \/>\n<b>16:30 Uhr:<\/b> LINA MOUNZER liest aus<i> The Girl in the Red Beret.<\/i> In deutscher und in englischer Sprache.<br \/>\n<br \/>\n<b>17:30 Uhr:<\/b> VIPUL RIKHI liest aus <i>The Archetype<\/i> sowie neue Gedichte. In deutscher und in englischer Sprache.<br \/>\nMit Barbara Stoll als deutsche Stimme.<br \/>\n<br \/>\n<b>19:00 Uhr:<\/b> SOLITUDE-KONZERT IM SCHLOSS <br \/>\nIm Kuppelsaal von Schloss Solitude spielt das Vinca<br \/>\nQuartet Werke von Jan\u00e1cek, Mozart und Beethoven.<br \/>\nIn Kooperation mit der Rudolf-Eberle-Stiftung.<br \/>\n<b>Eintritt:<\/b> 15 Euro \/ erm. 10 Euro, zzgl. VVK-Geb\u00fchr<br \/>\nKarten erh\u00e4ltlich bei SKS Russ (Tel. 0711 \/ 163 53 21) und an der Tageskasse. Charlottenplatz 17, 70173 Stuttgart<br \/>\n<a href=https:\/\/www.akademie-solitude.de\/311_events_current.php?idnum=269&lastpage=310_events_current.php&cur=0>weitere Informationen zum Konzert<\/a><br \/>\n<br \/>\nF\u00fcr alle anderen Veranstaltungen der Akademie ist der Eintritt frei!<br \/>\n<br \/>\n<b>Weitere Informationen zu den Veranstaltungen der einzelnen Einrichtungen auf dem Schlossgel\u00e4nde, entnehmen Sie bitte dem beigef\u00fcgten Programmheft.<\/b>","event_more_events":"","related_posts_event":[6016,6095,6122,6140,6362]},"_links":{"self":[{"href":"https:\/\/www.akademie-solitude.de\/de\/wp-json\/wp\/v2\/event\/7404","targetHints":{"allow":["GET"]}}],"collection":[{"href":"https:\/\/www.akademie-solitude.de\/de\/wp-json\/wp\/v2\/event"}],"about":[{"href":"https:\/\/www.akademie-solitude.de\/de\/wp-json\/wp\/v2\/types\/event"}],"author":[{"embeddable":true,"href":"https:\/\/www.akademie-solitude.de\/de\/wp-json\/wp\/v2\/users\/1"}],"acf:post":[{"embeddable":true,"href":"https:\/\/www.akademie-solitude.de\/de\/wp-json\/wp\/v2\/person\/6362"},{"embeddable":true,"href":"https:\/\/www.akademie-solitude.de\/de\/wp-json\/wp\/v2\/person\/6140"},{"embeddable":true,"href":"https:\/\/www.akademie-solitude.de\/de\/wp-json\/wp\/v2\/person\/6122"},{"embeddable":true,"href":"https:\/\/www.akademie-solitude.de\/de\/wp-json\/wp\/v2\/person\/6095"},{"embeddable":true,"href":"https:\/\/www.akademie-solitude.de\/de\/wp-json\/wp\/v2\/person\/6016"}],"acf:term":[{"embeddable":true,"taxonomy":"category","href":"https:\/\/www.akademie-solitude.de\/de\/wp-json\/wp\/v2\/categories\/59"}],"wp:attachment":[{"href":"https:\/\/www.akademie-solitude.de\/de\/wp-json\/wp\/v2\/media?parent=7404"}],"wp:term":[{"taxonomy":"category","embeddable":true,"href":"https:\/\/www.akademie-solitude.de\/de\/wp-json\/wp\/v2\/categories?post=7404"}],"curies":[{"name":"wp","href":"https:\/\/api.w.org\/{rel}","templated":true}]}}