{"id":7420,"date":"2020-03-26T18:06:44","date_gmt":"2020-03-26T17:06:44","guid":{"rendered":"https:\/\/www.akademie-solitude.de\/event\/jazztheorie-der-kommunikation\/"},"modified":"2020-08-12T09:47:11","modified_gmt":"2020-08-12T07:47:11","slug":"jazztheorie-der-kommunikation","status":"publish","type":"event","link":"https:\/\/www.akademie-solitude.de\/de\/event\/jazztheorie-der-kommunikation\/","title":{"rendered":"Jazztheorie der Kommunikation"},"content":{"rendered":"","protected":false},"author":1,"featured_media":0,"template":"","categories":[17,19],"class_list":["post-7420","event","type-event","status-publish","hentry","category-diskurs","category-symposium"],"acf":{"bgcolor":"","bgcolor_custom":"","custom_color_css_variable":"","content_type":null,"intro_preview_headline":"","intro_preview_txt":"Trotz der zwischenzeitlich gro\u00dfen Zahl moderner Kommunikationstheorien h\u00e4ngt unser Denken \u00fcber Sprache im Kern noch immer an einem Paradigma aus den Anf\u00e4ngen der Kommunikationstechnologie: dem Telegrafen.","intro_preview_img":8162,"event_id_old":"3487","event_subtitle":"Ueber ein neues Paradigma fuer die Sprachphilosophie","event_date":"2012-06-28 20:00:00","event_date_end":"2012-06-28 20:00:00","event_location":null,"event_programme":"","event_taxonomy_category":[17,19],"event_practice_field":false,"event_opening":"","event_opening_times":"","event_additional_info":"","event_txt_old":"<b>Workshop<\/b><br \/>\n&raquo;Gibberish, the Universal Language&laquo;<br \/>\nStephen Nachmanovitch, Musiker, Charlottesville, VA<br \/>\n<br \/>\n<b>Symposium<\/b><br \/>\nProf. Dr. Simone Mahrenholz, University of Manitoba<br \/>\nMathias Maschat, Universit\u00e4t Osnabr\u00fcck<br \/>\nProf. Dr. Dieter Mersch, Universit\u00e4t Potsdam<br \/>\nMax C. Oesters\u00f6tebier, Westf\u00e4lische Wilhelms-Universit\u00e4t M\u00fcnster<br \/>\nProf. Mini Schulz, Staatliche Hochschule f\u00fcr Musik und Darstellende Kunst Stuttgart<br \/>\nDr. David P. Schweikard, Westf\u00e4lische Wilhelms-Universit\u00e4t M\u00fcnster<br \/>\n<br \/>\n<b>Konzert<\/b><br \/>\n&raquo;Half Cloud, Half Plain&laquo;<br \/>\nDuo Chris Heenan\/Michael Vorfeld, Berlin<br \/>\n<br \/>\nTrotz der zwischenzeitlich gro\u00dfen Zahl moderner Kommunikationstheorien h\u00e4ngt unser Denken \u00fcber Sprache im Kern noch immer an einem Paradigma aus den Anf\u00e4ngen der Kommunikationstechnologie: dem Telegrafen. Wie der Telegraf Informationen als immaterielle Codes durch einen Kanal an einen Empf\u00e4nger schickt, so kommuniziert der Mensch, indem mittels verbaler und non-verbaler Kommunikation nicht-materielle Denkinhalte \u00fcbertragen werden. Kommunikationsprozesse unterliegen jedoch komplexeren Praktiken sowie der F\u00e4higkeit, sich in den Rhythmus, den Stil und die Bewegung eines Dialogs einzufinden.<br \/>\n<br \/>\nMit dem Modell der improvisierenden Jazzgruppe kann sich dieser rhythmisch-dynamischen Dimension als grundlegendes Element menschlicher Kommunikation angen\u00e4hert werden. Indem Kommunikationsprozesse als performatives Zusammenspiel von Aktion und Re-Aktion betrachtet werden, stehen die ungeplante Choreografie eines Gespr\u00e4chs sowie seine sich entwickelnde Atmosph\u00e4re und Stimmung im Vordergrund der Untersuchung. Auch die korporale Ebene der Stimme, der Gestik und der Mimik wird als vollwertiger Bestandteil des Sprachspiels verstanden. Die &raquo;Jazztheorie der Kommunikation&laquo; ist somit mehr als eine gut klingende Metapher - sie wird zur Sprachphilosophie eines neuen Paradigmas.<br \/>\n<br \/>\nDie zweit\u00e4gige Veranstaltung <b>&raquo;Jazztheorie der Kommunikation&laquo;<\/b> will die M\u00f6glichkeiten dieses Ansatzes interdisziplin\u00e4r und in verschiedenen Formaten erfassen:<br \/>\n<br \/>\nAls Auftakt l\u00e4dt der Musiker, Komponist und Autor <b>Stephen Nachmanovitch<\/b> in einem interaktiven Workshop zum Erproben von Improvisationstechniken ein - Musikinstrumente d\u00fcrfen gerne mitgebracht werden.<br \/>\n<br \/>\nAm folgenden Tag gehen die Referenten des Symposiums in Vortr\u00e4gen und Diskussionen der Frage nach den Gemeinsamkeiten in der Jazzkommunikation nach - im Spielen und Improvisieren in verschiedenen Bandformationen sowie in der Lebensform der Musiker. Zudem diskutieren sie die M\u00f6glichkeit der Durchbrechung von Regelm\u00e4\u00dfigkeiten anhand verschiedener kreativ-musischer Prozesse. In die Betrachtung miteinbezogen wird neben dem Jazz auch die rhythmisch-klangliche Kommunikation in der zeitgen\u00f6ssischen Improvisation und im Bereich Neuer Musik.<br \/>\n<br \/>\nZum Abschluss geben der Improvisationsmusiker <b>Chris Heenan<\/b> (Kontrabass-Klarinette, Alt-Saxophon) und <b>Michael Vorfeld<\/b> (Perkussion, selbst entworfene Saiteninstrumente) ein Konzert, in dem die komplex angelegte Klangwelt des Duos zu h\u00f6ren sein wird.<br \/>\n<br \/>\n<br \/>\n<b>PROGRAMM<\/b><br \/>\n<b>Donnerstag, 28. Juni 2012, 20 Uhr<\/b><br \/>\n<br \/>\nER\u00d6FFNUNG<br \/>\nJean-Baptiste Joly, Akademiedirektor<br \/>\n<br \/>\nWORKSHOP &raquo;GIBBERISH, THE UNIVERSAL LANGUAGE&laquo;<br \/>\nStephen Nachmanovitch<br \/>\n(in englischer Sprache, Musikinstrumente k\u00f6nnen mitgebracht werden)<br \/>\n<br \/>\n<b>Freitag, 29. Juni 2012, 10 bis 22 Uhr<\/b><br \/>\n<br \/>\n<strong>10 Uhr<\/strong><br \/>\nEINF\u00dcHRUNG<br \/>\nFabian Goppelsr\u00f6der<br \/>\n<br \/>\n<strong>10:30 Uhr<\/strong><br \/>\nCOMMON GROUND. WIE ETABLIERT MAN GEMEINSAMKEITEN IN DER JAZZKOMMUNIKATION?<br \/>\n&raquo;Die Kommunikation in der klassischen Musik und im Jazz im Diskurs&laquo;, Mini Schulz<br \/>\n&raquo;Gemeinsam improvisieren&laquo;, David P. Schweikard<br \/>\n&raquo;Kommunikation und Koordination in zeitgen\u00f6ssischer Improvisation&laquo;, Mathias Maschat<br \/>\n<br \/>\n<strong>13:30 Uhr<\/strong><br \/>\nMittagessen<br \/>\n<br \/>\n<strong>15:00 Uhr<\/strong><br \/>\nKREATIVIT\u00c4T. VON REGELN UND REGELBR\u00dcCHEN IN DER JAZZKOMMUNIKATION<br \/>\n&raquo;Interaktionen des Jazz als Subversion verbal-diskursiver Kommunikationslogik&laquo;, Simone Mahrenholz<br \/>\n&raquo;Sonntags in New Orleans: 250 Jahre Jazzkommunikation&laquo;, Max C. Oesters\u00f6tebier<br \/>\n&raquo;Einsatz und Flow. Pr\u00e4senz, Koordination und Responsivit\u00e4t als Prinzipien der Kommunikation&laquo;, Dieter Mersch<br \/>\n<br \/>\n<strong>18:30 Uhr<\/strong><br \/>\nAbendessen<br \/>\n<br \/>\n<strong>20:00 Uhr<\/strong><br \/>\nKONZERT &raquo;HALF CLOUD, HALF PLAIN&laquo;<br \/>\nDuo Chris Heenan\/Michael Vorfeld<br \/>\n<br \/>\nVeranstaltung im Rahmen des Programms <i>art, science &amp; business<\/i> in Kooperation mit dem DFG-Graduiertenkolleg &raquo;Sichtbarkeit und Sichtbarmachung&laquo; der Universit\u00e4t Potsdam<br \/>\nInitiiert von Dr. Fabian Goppelsr\u00f6der, Universit\u00e4t Potsdam<br \/>\n<br \/>\n<b>Anmeldung<\/b><br \/>\nDer Konferenzbeitrag, inklusive Catering, betr\u00e4gt f\u00fcr die gesamte Veranstaltung 25 Euro\/15 Euro (Studenten). Der Besuch von Teilen der Veranstaltung ist m\u00f6glich.<br \/>\n<br \/>\n<strong>Um Anmeldungen wird gebeten bis zum 18. Juni 2012 bei Lisa Schreiber: ls@akademie-solitude.de, +49 (0)711-99619 134.<\/strong>","event_more_events":"","related_posts_event":[5673,5825,5697]},"_links":{"self":[{"href":"https:\/\/www.akademie-solitude.de\/de\/wp-json\/wp\/v2\/event\/7420","targetHints":{"allow":["GET"]}}],"collection":[{"href":"https:\/\/www.akademie-solitude.de\/de\/wp-json\/wp\/v2\/event"}],"about":[{"href":"https:\/\/www.akademie-solitude.de\/de\/wp-json\/wp\/v2\/types\/event"}],"author":[{"embeddable":true,"href":"https:\/\/www.akademie-solitude.de\/de\/wp-json\/wp\/v2\/users\/1"}],"acf:post":[{"embeddable":true,"href":"https:\/\/www.akademie-solitude.de\/de\/wp-json\/wp\/v2\/person\/5697"},{"embeddable":true,"href":"https:\/\/www.akademie-solitude.de\/de\/wp-json\/wp\/v2\/person\/5825"},{"embeddable":true,"href":"https:\/\/www.akademie-solitude.de\/de\/wp-json\/wp\/v2\/person\/5673"}],"acf:term":[{"embeddable":true,"taxonomy":"category","href":"https:\/\/www.akademie-solitude.de\/de\/wp-json\/wp\/v2\/categories\/19"},{"embeddable":true,"taxonomy":"category","href":"https:\/\/www.akademie-solitude.de\/de\/wp-json\/wp\/v2\/categories\/17"}],"wp:attachment":[{"href":"https:\/\/www.akademie-solitude.de\/de\/wp-json\/wp\/v2\/media?parent=7420"}],"wp:term":[{"taxonomy":"category","embeddable":true,"href":"https:\/\/www.akademie-solitude.de\/de\/wp-json\/wp\/v2\/categories?post=7420"}],"curies":[{"name":"wp","href":"https:\/\/api.w.org\/{rel}","templated":true}]}}