{"id":7428,"date":"2020-03-26T18:06:46","date_gmt":"2020-03-26T17:06:46","guid":{"rendered":"https:\/\/www.akademie-solitude.de\/event\/von-realer-gegenwart-und-idealer-dramaturgie\/"},"modified":"2020-08-12T09:47:13","modified_gmt":"2020-08-12T07:47:13","slug":"von-realer-gegenwart-und-idealer-dramaturgie","status":"publish","type":"event","link":"https:\/\/www.akademie-solitude.de\/de\/event\/von-realer-gegenwart-und-idealer-dramaturgie\/","title":{"rendered":"VON REALER GEGENWART UND IDEALER DRAMATURGIE"},"content":{"rendered":"","protected":false},"author":1,"featured_media":0,"template":"","categories":[17,19],"class_list":["post-7428","event","type-event","status-publish","hentry","category-diskurs","category-symposium"],"acf":{"bgcolor":"","bgcolor_custom":"","custom_color_css_variable":"","content_type":null,"intro_preview_headline":"","intro_preview_txt":"Das Symposium <em>Von realer Gegenwart und idealer Dramaturgie<\/em> m\u00f6chte aus einer etwas anderen Perspektive auf die heutigen Aufgaben und die Verantwortung der Dramaturgie an deutschsprachigen Bu\u0308hnen schauen.","intro_preview_img":8169,"event_id_old":"3517","event_subtitle":"Symposium im Rahmen des Programms art, science & business","event_date":"2012-09-22 10:00:00","event_date_end":"2012-09-22 21:00:00","event_location":[{"event_location_name":"Akademie Schloss Solitude","event_location_link":""}],"event_programme":"","event_taxonomy_category":[17,19],"event_practice_field":false,"event_opening":"","event_opening_times":"","event_additional_info":"","event_txt_old":"<br \/>\n<strong>KONZEPT<\/strong><br \/>\nDas Symposium <em>Von realer Gegenwart und idealer Dramaturgie<\/em> m\u00f6chte aus einer etwas anderen Perspektive auf die heutigen Aufgaben und die Verantwortung der Dramaturgie an deutschsprachigen B\u00fchnen schauen. Der Titel der Veranstaltung wurde in Anlehnung an George Steiners ber\u00fchmtes Werk<em> Von realer Gegenwart<\/em> konzipiert \u2013 als \u00bbPl\u00e4doyer gegen die moderne Vorherrschaft des Sekund\u00e4ren und Parasit\u00e4ren, gegen die Macht der wuchernden Kommentierung und der Informationsinflation in der Kultur, gegen den gefr\u00e4\u00dfigen Marktfetischismus dieses Zeitalters\u00ab (so Botho Strau\u00df zu Steiner).<br \/>\n<br \/>\nDas Wort \u00bbDramaturgie\u00ab \u2013 aus dem Griechischen <em>dran<\/em> f\u00fcr Handlung und <em>ergon<\/em> f\u00fcr Werk \u2013 bedeutet soviel wie das Ins-Werk-Setzen der Handlung; das menschliche Handeln ist demnach Mittel der Darstellung im Drama. Wenn die Selbstbestimmtheit des Menschen fraglich geworden ist, dann ist esauch sein Handeln \u2013 und damit das Drama und die Dramaturgie. Theater, das diese Wirklichkeit nur abbilden will, zeigt zwangsl\u00e4ufig ein oberfl\u00e4chliches, ein verzerrtes Bild: Es liefert Information statt Erz\u00e4hlung, es vergisst in Prognosen sein Ged\u00e4chtnis, es verwechselt Selbsterhaltung mit der Frage nach dem Sinn.<br \/>\n<br \/>\nDramaturgie soll als eine notwendige M\u00f6glichkeit verstanden werden, um an Tiefensch\u00e4rfe zu gewinnen, um Vergangenes, vielleicht vor der Zeit Aufgegebenes mit Gegenw\u00e4rtigem zu verbinden. Im Zentrum der gemeinsamen Untersuchung steht die Faust\u2019sche Frage nach dem innersten Zusammenhalt der Theaterwelt, auf die Philosophen, Dramatiker, Autoren und Regisseure sowie Dramaturgen in Vortr\u00e4gen, Diskussionen, Auff\u00fchrungen und Lesungen Antworten geben wollen.<br \/>\n<br \/>\nDas Symposium findet in Kooperation mit der <a href=\"http:\/\/www.mh-stuttgart.de\/unsere-hochschule\/fakultaeten-und-institute\/fakultaet-iv\/institut-fuer-darstellende-kunst\/\">Schauspielschule der Hochschule f\u00fcr Musik und Darstellende Kunst Stuttgart <\/a>statt.<br \/>\n<br \/>\n<br \/>\n<strong>MITWIRKENDE<\/strong><br \/>\nProf. Dr. Felix Ensslin, Staatliche Akademie der Bildenden K\u00fcnste Stuttgart<br \/>\n<br \/>\nBernhard Herbordt\/ Melanie Mohren, Regie- und Autorenduo, Stuttgart<br \/>\n<br \/>\nSarah Israel, Dramaturgin, Stuttgart<br \/>\n<br \/>\nProf. Franziska K\u00f6tz, Staatliche Hochschule f\u00fcr Musik und Darstellende Kunst Stuttgart<br \/>\n<br \/>\nEwald Palmetshofer, Dramatiker, Wien<br \/>\n<br \/>\nMaren Rieger, Hochschule der K\u00fcnste, Bern<br \/>\n<br \/>\nSebastian Schwab, Schauspieler, Stuttgart<br \/>\n<br \/>\nProf. Dr. Bernd Stegemann, Hochschule f\u00fcr Schauspielkunst \u00bbErnst Busch\u00ab Berlin<br \/>\n<br \/>\nFrederik Zeugke, Staatliche Hochschule f\u00fcr Musik und Darstellende Kunst Stuttgart<br \/>\n<br \/>\n<br \/>\n<strong>PROGRAMM<\/strong><br \/>\n<strong>Freitag, 21. September 2012<\/strong><br \/>\n<br \/>\n19.00 Uhr<br \/>\nBEGR\u00dc\u00dfUNG<br \/>\nProf. Jean-Baptiste Joly, Akademiedirektor<br \/>\n<br \/>\nFESTVORTRAG | <em>Dramaturgie als W\u00e4chter des Realen: Ein Versuch<\/em><br \/>\nProf. Dr. Felix Ensslin, Staatliche Akademie der Bildenden K\u00fcnste Stuttgart<br \/>\n<br \/>\n21.00 Uhr<br \/>\nVORSTELLUNG | <em>Das Stueck (Theater)<\/em><br \/>\nHerbordt\/ Mohren, Regie- und Autorenduo, Stuttgart<br \/>\n<br \/>\n<strong>Samstag, 22. September 2012<\/strong><br \/>\n<br \/>\n10.00 Uhr<br \/>\nEINF\u00dcHRUNG<br \/>\nProf. Franziska K\u00f6tz, Staatliche Hochschule f\u00fcr Musik und Darstellende Kunst Stuttgart<br \/>\n<br \/>\n10.15 Uhr<br \/>\nLESUNG | <em>faust hat hunger und verschluckt sich an einer grete<\/em><br \/>\nSebastian Schwab, Schauspieler, Stuttgart<br \/>\n<br \/>\nVORTRAG | <em>nicht gerettet. Das Abwesen zeigen<\/em><br \/>\nEwald Palmetshofer, Dramatiker, Wien<br \/>\n<br \/>\n11.15 Uhr Kaffeepause<br \/>\n<br \/>\n11.45 Uhr<br \/>\nVORTRAG | <em>Gibt es ein Drama der Postdramatik?<\/em><br \/>\nProf. Dr. Bernd Stegemann, Hochschule f\u00fcr Schauspielkunst \u00bbErnst Busch\u00ab Berlin<br \/>\n<br \/>\n12.15 Uhr<br \/>\nPODIUMSGESPR\u00c4CH<br \/>\nEwald Palmetshofer und Bernd Stegemann<br \/>\n<br \/>\nModeration<br \/>\nFrederik Zeugke, Staatliche Hochschule f\u00fcr Musik und Darstellende Kunst Stuttgart<br \/>\n<br \/>\n13.00 Uhr Mittagessen<br \/>\n<br \/>\n14.30 Uhr<br \/>\nPR\u00c4SENTATION | <em>Das Stueck \u2013 Die Institution \u2013 Das Publikum<\/em><br \/>\nHerbordt\/ Mohren<br \/>\n<br \/>\n15.00 Uhr<br \/>\nPARALLEL GEF\u00dcHRTE WORKSHOPS<br \/>\n<em>Gibt es eine dramatische Situation in der Postdramatik?<\/em><br \/>\ngeleitet von Bernd Stegemann<br \/>\n<br \/>\n<em>Das Stueck \u2013 Schauplatz und Sprache. Anmerkungen zur Dramaturgie zeitgen\u00f6ssischer Theaterformen<\/em><br \/>\ngeleitet von Maren Rieger, Hochschule der K\u00fcnste, Bern<br \/>\n<br \/>\n17.00 Uhr Kaffeepause<br \/>\n<br \/>\n17.15 Uhr<br \/>\nBERICHTE DER WORKSHOPS<br \/>\njeweils ein Teilnehmer der Workshops<br \/>\n<br \/>\n17.45 Uhr<br \/>\nT\u00c9MOIN CONSID\u00c9RABLE<br \/>\nSarah Israel, Dramaturgin, Stuttgart<br \/>\n<br \/>\n18.30 Uhr Abendessen<br \/>\n<br \/>\n20.00 Uhr<br \/>\nVORSTELLUNG | <em>Das Stueck (Theater)<\/em><br \/>\nHerbordt\/ Mohren<br \/>\n<br \/>\nDie Vorstellung von<em> Das Stueck<\/em>&nbsp;<em>(Theater)<\/em> ist der erste Teil einer dreiteiligen Produktion von Herbordt\/ Mohren. Sie wird gef\u00f6rdert durch den Landesverband Freier Theater Baden-W\u00fcrttemberg e.V. aus Mitteln des Ministeriums f\u00fcr Wissenschaft, Forschung und Kunst Baden-W\u00fcrttemberg und durch den Fonds Darstellende K\u00fcnste e.V., mit freundlicher Unterst\u00fctzung durch die Akademie Schloss Solitude, das K\u00fcnstlerhaus Stuttgart und die Junge Akademie an der Berlin-Brandenburgischen Akademie der Wissenschaften und der Deutschen Akademie der Naturforscher Leopoldina.","event_more_events":"","related_posts_event":[6328,6324,5910,5506]},"_links":{"self":[{"href":"https:\/\/www.akademie-solitude.de\/de\/wp-json\/wp\/v2\/event\/7428","targetHints":{"allow":["GET"]}}],"collection":[{"href":"https:\/\/www.akademie-solitude.de\/de\/wp-json\/wp\/v2\/event"}],"about":[{"href":"https:\/\/www.akademie-solitude.de\/de\/wp-json\/wp\/v2\/types\/event"}],"author":[{"embeddable":true,"href":"https:\/\/www.akademie-solitude.de\/de\/wp-json\/wp\/v2\/users\/1"}],"acf:post":[{"embeddable":true,"href":"https:\/\/www.akademie-solitude.de\/de\/wp-json\/wp\/v2\/person\/5506"},{"embeddable":true,"href":"https:\/\/www.akademie-solitude.de\/de\/wp-json\/wp\/v2\/person\/5910"},{"embeddable":true,"href":"https:\/\/www.akademie-solitude.de\/de\/wp-json\/wp\/v2\/person\/6324"},{"embeddable":true,"href":"https:\/\/www.akademie-solitude.de\/de\/wp-json\/wp\/v2\/person\/6328"}],"acf:term":[{"embeddable":true,"taxonomy":"category","href":"https:\/\/www.akademie-solitude.de\/de\/wp-json\/wp\/v2\/categories\/19"},{"embeddable":true,"taxonomy":"category","href":"https:\/\/www.akademie-solitude.de\/de\/wp-json\/wp\/v2\/categories\/17"}],"wp:attachment":[{"href":"https:\/\/www.akademie-solitude.de\/de\/wp-json\/wp\/v2\/media?parent=7428"}],"wp:term":[{"taxonomy":"category","embeddable":true,"href":"https:\/\/www.akademie-solitude.de\/de\/wp-json\/wp\/v2\/categories?post=7428"}],"curies":[{"name":"wp","href":"https:\/\/api.w.org\/{rel}","templated":true}]}}