{"id":7494,"date":"2020-03-26T18:06:51","date_gmt":"2020-03-26T17:06:51","guid":{"rendered":"https:\/\/www.akademie-solitude.de\/event\/half-way-between-seduction-and-production\/"},"modified":"2020-08-12T09:47:29","modified_gmt":"2020-08-12T07:47:29","slug":"half-way-between-seduction-and-production","status":"publish","type":"event","link":"https:\/\/www.akademie-solitude.de\/de\/event\/half-way-between-seduction-and-production\/","title":{"rendered":"HALF\u2013WAY BETWEEN SEDUCTION AND PRODUCTION"},"content":{"rendered":"","protected":false},"author":1,"featured_media":0,"template":"","categories":[15,30],"class_list":["post-7494","event","type-event","status-publish","hentry","category-ausstellung","category-performance"],"acf":{"bgcolor":"","bgcolor_custom":"","custom_color_css_variable":"","content_type":null,"intro_preview_headline":"","intro_preview_txt":"","intro_preview_img":8222,"event_id_old":"3621","event_subtitle":"HOW MANY DREAMS OF COMMUNICATION WITHOUT COMPPROMISE? SO MANY.","event_date":"2014-02-08 16:00:00","event_date_end":"2014-02-08 16:00:00","event_location":[{"event_location_name":"Experimentierb\u00fchne Heusteigtheater","event_location_link":""}],"event_programme":"","event_taxonomy_category":[15,30],"event_practice_field":false,"event_opening":"","event_opening_times":"","event_additional_info":"","event_txt_old":"<p>Beginn um 16 Uhr, Experimentierb\u00fchne Heusteigtheater, Heusteigstra\u00dfe 45, 70180 Stuttgart<\/p>\n<p>Die Studierenden des Studiengangs Bildende Kunst und Intermediales Gestalten der Staatlichen Akademie der Bildenden K\u00fcnste zeigen eine Kunstperformance in einem Zeitrahmen von acht Stunden, die vom statischen Objekt bis zur diffusen Audioinstallation reicht. Das Theater wird dabei als Raum der Verf\u00fchrung und der Produktion genutzt, sodass das Publikum, die Besucher, die G\u00e4ste selbst zu Produzenten von Kultur, zu Juroren und zu Teilnehmern werden. Performances und Projektionen werden zwischen 19.00 und 21.00 Uhr gezeigt.<\/p>\n<p>Mit Cara Benedetto, Yaron Bekker, Nehle Bertsch, Florian Fischer, Tim Hendel, Valentin Hennig, Julia Herbrik, Eugenia Hoffman, Janine Imhoff, Julia Keller, Juliane Molter, Lisa M\u00fchleisen, Emma Neufeld, Elisabeth Roth, Julie Zimmermann<\/p>\n<p><strong>Cara Benedetto<\/strong> ist die erste Kooperationsstipendiatin der Akademie Schloss Solitude in Zusammenarbeit mit der Staatlichen Akademie der Bildenden K\u00fcnste Stuttgart.<\/p>\n<p><strong>A FINAL PROJECT THAT WILL OCCUR BETWEEN US, AND THE SPACES THAT WE\u2019VE MADE<\/strong><\/p>\n<p>Mehr als ein Objekt, mehr als eine zeitbasierte Arbeit, mehr als ein Audiost\u00fcck. Einmal mehr wird ein Raum geschaffen, der das Publikum zur Partizipation einl\u00e4dt. Als Teilnehmer, als K\u00fcnstler, als Alle. Der Fokus liegt auf den \u00dcberg\u00e4ngen von einer Arbeit zur anderen, um einen dynamischen Abend entstehen zu lassen.<\/p>\n<p><strong>16 Uhr bis Mitternacht am Samstag, dem 8. Februar 2014&nbsp;<\/strong><\/p>\n<p>16\u201319 Uhr: OBJECTS OPEN<br>\n19\u201321 Uhr: PERFORMANCE \/ PROJECTIONS OCCUR<br>\n21\u201324 Uhr:&nbsp; AUDIO ABOUNDS<\/p>\n<p><strong>HOW MANY DREAMS OF COMMUNICATION WITHOUT COMPROMISE? SO MANY.<\/strong><\/p>","event_more_events":"","related_posts_event":[6763]},"_links":{"self":[{"href":"https:\/\/www.akademie-solitude.de\/de\/wp-json\/wp\/v2\/event\/7494","targetHints":{"allow":["GET"]}}],"collection":[{"href":"https:\/\/www.akademie-solitude.de\/de\/wp-json\/wp\/v2\/event"}],"about":[{"href":"https:\/\/www.akademie-solitude.de\/de\/wp-json\/wp\/v2\/types\/event"}],"author":[{"embeddable":true,"href":"https:\/\/www.akademie-solitude.de\/de\/wp-json\/wp\/v2\/users\/1"}],"acf:post":[{"embeddable":true,"href":"https:\/\/www.akademie-solitude.de\/de\/wp-json\/wp\/v2\/person\/6763"}],"acf:term":[{"embeddable":true,"taxonomy":"category","href":"https:\/\/www.akademie-solitude.de\/de\/wp-json\/wp\/v2\/categories\/30"},{"embeddable":true,"taxonomy":"category","href":"https:\/\/www.akademie-solitude.de\/de\/wp-json\/wp\/v2\/categories\/15"}],"wp:attachment":[{"href":"https:\/\/www.akademie-solitude.de\/de\/wp-json\/wp\/v2\/media?parent=7494"}],"wp:term":[{"taxonomy":"category","embeddable":true,"href":"https:\/\/www.akademie-solitude.de\/de\/wp-json\/wp\/v2\/categories?post=7494"}],"curies":[{"name":"wp","href":"https:\/\/api.w.org\/{rel}","templated":true}]}}