{"id":7571,"date":"2020-03-26T18:06:58","date_gmt":"2020-03-26T17:06:58","guid":{"rendered":"https:\/\/www.akademie-solitude.de\/event\/roemer-xviii\/"},"modified":"2020-08-12T09:47:49","modified_gmt":"2020-08-12T07:47:49","slug":"roemer-xviii","status":"publish","type":"event","link":"https:\/\/www.akademie-solitude.de\/de\/event\/roemer-xviii\/","title":{"rendered":"R\u00f6mer XVIII"},"content":{"rendered":"","protected":false},"author":1,"featured_media":0,"template":"","categories":[15,17,18],"class_list":["post-7571","event","type-event","status-publish","hentry","category-ausstellung","category-diskurs","category-gespraech"],"acf":{"bgcolor":"","bgcolor_custom":"","custom_color_css_variable":"","content_type":null,"intro_preview_headline":"","intro_preview_txt":"<p>Am Samstag, 7. November 2015, laden die Akademie Schloss Solitude und die Kunststiftung Baden-W\u00fcrttemberg zu einem gemeinsamen Ausstellungsabend im Projektraum R\u00f6merstra\u00dfe 2 A ein.<br><\/p>","intro_preview_img":8292,"event_id_old":"3769","event_subtitle":"","event_date":"2015-11-07 20:00:00","event_date_end":"2015-11-07 20:00:00","event_location":[{"event_location_name":"Projektraum R\u00f6merstra\u00dfe 2A","event_location_link":""}],"event_programme":"","event_taxonomy_category":[15,17,18],"event_practice_field":false,"event_opening":"","event_opening_times":"","event_additional_info":"","event_txt_old":"<p>Die Akademie Schloss Solitude und die Kunststiftung Baden-W\u00fcrttemberg laden zu einem gemeinsamen Ausstellungsabend im Projektraum R\u00f6merstra\u00dfe ein. In der 18. Ausgabe der \u00bbR\u00f6mer\u00ab treffen Stipendiaten beider Institutionen aufeinander und setzten sich jeweils in ortsspezifischen Arbeiten mit Stuttgart als tempor\u00e4rem Aufenthaltsort auseinander. Wie wird die Stadt von K\u00fcnstlern wahrgenommen die f\u00fcr einen kurzen Zeitraum eine enge Verbindung zu ihr aufbauen? Mit Sound, Video, Installation oder Gespr\u00e4chen l\u00e4dt der gemeinsame Abend zum Austausch und zur Reflexion sowie zur Entdeckung Stuttgarts aus unterschiedlichen Blickwinkeln der K\u00fcnstler beider Institutionen ein.<\/p><hr><p>W\u00e4hrend sich die Bildende K\u00fcnstlerin <strong>Rheim Alkadhi<\/strong> \u00fcber die Sprache und das Aussprechen von Stuttgarter U-Bahn-Stationen ihren Weg durch die Stadt bahnt, widmen sich die brasilianischen Stipendiaten <strong>Elisa Band<\/strong> und <strong>C\u00e1ssio Diniz Santiago<\/strong> anhand von Miniaturaufnahmen den peripheren Details im Stadtbild, die geographische, soziale und \u00f6konomische Unterschiede zu ihrer Heimat aufzeigen. Ausgehend von der Interaktion mit Bewohnern Stuttgarts stellt das Designer-Duo aus Warschau <strong>Ma\u0142gorzata Kuciewicz<\/strong> und <strong>Simone De Iacobis <\/strong>(Centrala) in seiner Arbeit das Design von \u00f6ffentlichen R\u00e4umen in Frage. Die kroatische Bildende K\u00fcnstlerin <strong>Katerina Duda<\/strong> wiederum bietet Einblicke in einen alternativen Stadtf\u00fchrer, den sie derzeit unweit touristischer Ausflugsziele entwickelt, w\u00e4hrend der Architekturtheoretiker<strong> Kim F\u00f6rster <\/strong>in einem Rundgang an Stuttgarter \u00d6ko- und Solarbauten f\u00fchrt, die gemeinhin als h\u00e4sslich gelten und auf ungew\u00f6hnliche Lebens- und Arbeitsweisen verweisen. Die Konzeptk\u00fcnstlerin <strong>Bea Stach<\/strong> besch\u00e4ftigt sich in ihrer aktuellen Arbeit intensiv mit dem Thema Staub. In ihrer Arbeit f\u00fcr die \u00bbR\u00f6mer\u00ab wird sie sich mit dem Staub als Abbild von Zeit und als Spiegel der Stadt auseinandersetzen. Der Musiker und Stipendiat f\u00fcr neue Musik, <strong>Ephraim Wegner<\/strong>, wird einen Klangraum programmieren, in dem der Besucher unterschiedliche Frequenzen und Ger\u00e4usche wahrnehmen kann \u2013 ganz \u00e4hnlich zu den Ger\u00e4uschen einer Stadt. Der Musiker <strong>Vincent Wikstr\u00f6m<\/strong> arbeitet an der Schnittstelle zwischen Tanzbarem und Experimentellem und wird die Ausstellung mit einer Soundinstallation und elektronischer Musik untermalen.<\/p><hr><p>Mit Arbeiten von Rheim Alkadhi (Bildende Kunst, Beirut\/Libanon), Elisa Band & C\u00e1ssio Diniz Santiago (<em>art, science & business<\/em>, S\u00e3o Paulo\/Brasilien), Centrala (Design, Warschau\/Polen), Katerina Duda (Bildende Kunst, Zagreb\/Kroatien), Kim F\u00f6rster (Architektur, Z\u00fcrich\/Schweiz), Karolina Kucia &\u00a0Elisa Band\u00a0(<em>art, science & business<\/em>, Helsinki\/Finnland, S\u00e3o Paulo\/Brasilien),\u00a0<span>Petros Touloudis (Athen\/Griechenland), Bea Stach\u00a0(Bildende Kunst, Karlsruhe\/Berlin), Ephraim Wegner (Experimentelle Musik, Freiburg) und Vincent Wikstr\u00f6m (Freie Musik, Stuttgart).<\/span><\/p>","event_more_events":"","related_posts_event":[6914,6915,6912,6744,6742,6680,6845,6844,6674,6743,6913]},"_links":{"self":[{"href":"https:\/\/www.akademie-solitude.de\/de\/wp-json\/wp\/v2\/event\/7571","targetHints":{"allow":["GET"]}}],"collection":[{"href":"https:\/\/www.akademie-solitude.de\/de\/wp-json\/wp\/v2\/event"}],"about":[{"href":"https:\/\/www.akademie-solitude.de\/de\/wp-json\/wp\/v2\/types\/event"}],"author":[{"embeddable":true,"href":"https:\/\/www.akademie-solitude.de\/de\/wp-json\/wp\/v2\/users\/1"}],"acf:post":[{"embeddable":true,"href":"https:\/\/www.akademie-solitude.de\/de\/wp-json\/wp\/v2\/person\/6913"},{"embeddable":true,"href":"https:\/\/www.akademie-solitude.de\/de\/wp-json\/wp\/v2\/person\/6743"},{"embeddable":true,"href":"https:\/\/www.akademie-solitude.de\/de\/wp-json\/wp\/v2\/person\/6674"},{"embeddable":true,"href":"https:\/\/www.akademie-solitude.de\/de\/wp-json\/wp\/v2\/person\/6844"},{"embeddable":true,"href":"https:\/\/www.akademie-solitude.de\/de\/wp-json\/wp\/v2\/person\/6845"},{"embeddable":true,"href":"https:\/\/www.akademie-solitude.de\/de\/wp-json\/wp\/v2\/person\/6680"},{"embeddable":true,"href":"https:\/\/www.akademie-solitude.de\/de\/wp-json\/wp\/v2\/person\/6742"},{"embeddable":true,"href":"https:\/\/www.akademie-solitude.de\/de\/wp-json\/wp\/v2\/person\/6744"},{"embeddable":true,"href":"https:\/\/www.akademie-solitude.de\/de\/wp-json\/wp\/v2\/person\/6912"},{"embeddable":true,"href":"https:\/\/www.akademie-solitude.de\/de\/wp-json\/wp\/v2\/person\/6915"},{"embeddable":true,"href":"https:\/\/www.akademie-solitude.de\/de\/wp-json\/wp\/v2\/person\/6914"}],"acf:term":[{"embeddable":true,"taxonomy":"category","href":"https:\/\/www.akademie-solitude.de\/de\/wp-json\/wp\/v2\/categories\/18"},{"embeddable":true,"taxonomy":"category","href":"https:\/\/www.akademie-solitude.de\/de\/wp-json\/wp\/v2\/categories\/17"},{"embeddable":true,"taxonomy":"category","href":"https:\/\/www.akademie-solitude.de\/de\/wp-json\/wp\/v2\/categories\/15"}],"wp:attachment":[{"href":"https:\/\/www.akademie-solitude.de\/de\/wp-json\/wp\/v2\/media?parent=7571"}],"wp:term":[{"taxonomy":"category","embeddable":true,"href":"https:\/\/www.akademie-solitude.de\/de\/wp-json\/wp\/v2\/categories?post=7571"}],"curies":[{"name":"wp","href":"https:\/\/api.w.org\/{rel}","templated":true}]}}