{"id":7573,"date":"2020-03-26T18:06:58","date_gmt":"2020-03-26T17:06:58","guid":{"rendered":"https:\/\/www.akademie-solitude.de\/event\/in-transit-open-space-for-everyone\/"},"modified":"2020-08-12T09:47:50","modified_gmt":"2020-08-12T07:47:50","slug":"in-transit-open-space-for-everyone","status":"publish","type":"event","link":"https:\/\/www.akademie-solitude.de\/de\/event\/in-transit-open-space-for-everyone\/","title":{"rendered":"IN TRANSIT \u2013 Open space for everyone"},"content":{"rendered":"","protected":false},"author":1,"featured_media":8294,"template":"","categories":[17,24,26,18,30,31,34],"class_list":["post-7573","event","type-event","status-publish","hentry","category-diskurs","category-film","category-filmvorfuehrung","category-gespraech","category-performance","category-praesentation","category-veranstaltungsreihe"],"acf":{"bgcolor":"","bgcolor_custom":"","custom_color_css_variable":"","content_type":null,"intro_preview_headline":"","intro_preview_txt":"F\u00fcr den Zeitraum von vier Wochen wird der Hirschgang der Akademie \u2013 selbst ein Durchgangsraum \u2013 zu einem Raum\u00a0der Begegnung und des Austauschs. Die Tische und B\u00e4nke, die W\u00e4nde, ein Computer und eine E-Mail-Adresse sind eine Einladung an Alle, ins Gespr\u00e4ch zu kommen.","intro_preview_img":8294,"event_id_old":"3773","event_subtitle":"","event_date":"2015-12-15 19:00:00","event_date_end":"2015-12-15 19:00:00","event_location":[{"event_location_name":"Akademie Schloss Solitude","event_location_link":""}],"event_programme":"","event_taxonomy_category":[17,18,24,26,30,31,34],"event_practice_field":false,"event_opening":"","event_opening_times":"","event_additional_info":"","event_txt_old":"Wie ist es in Stuttgart, zugleich neu und fremd zu sein? Wie k\u00f6nnen wir ein Leben f\u00fchren, das vorwiegend auf Flexibilit\u00e4t und Mobilit\u00e4t ausgerichtet ist? Wie sieht der Arbeitsprozess aus, der sich hinter einer k\u00fcnstlerischen Arbeit verbirgt? Und k\u00f6nnen wir uns diesem Thema \u00fcberhaupt in angemessener Weise n\u00e4hern?\nDie r\u00e4umliche Situation von IN TRANSIT zeigt keine \u00bbfertigen\u00ab Arbeiten sondern konzentriert sich auf den pers\u00f6nlichen Austausch, den Prozess und die Erfahurngen der Teilnehmer. F\u00fcr den Zeitraum von vier Wochen wird der Hirschgang der Akademie \u2013 selbst ein Durchgangsraum \u2013 zu einem Raum\u00a0der Begegnung und des Austauschs. Die Tische und B\u00e4nke, die W\u00e4nde, ein Computer und eine E-Mail-Adresse sind eine Einladung an Alle, ins Gespr\u00e4ch zu kommen.\n\n&nbsp;\n\n<strong>TERMINE<\/strong>\n\n<strong>Mo, 23.11.2015, 19 Uhr, \u00a0Akademie Schloss Solitude\/Hirschgang<\/strong>\n\nBIG ASSETS POTLUCK\nDas Potluck Dinner ist eine alte Solitude Tradition: jeder bringt sein Lieblingsgericht mit, vorzugsweise aus der Region beziehungsweise dem Land, aus dem man kommt. Alle treffen sich an einem gro\u00dfen Tisch und teilen die Gerichte miteinander. Am 23. November 2015 findet ein \u00f6ffentliches Potluck Dinner statt, zu dem die Stipendiaten die \u00d6ffentlichkeit herzlich einladen: Bringen Sie Ihren\/Bring deinen eigenen Topf mit und essen Sie\/ess mit uns!\n\n<hr \/>\n\n<strong>Di, 1.12.2015, 15\u201317 Uhr, Akademie Schloss Solitude\/Hirschgang<\/strong>\n\nKOLLEKTIVE LESUNG MIT DISKUSSION\n\u200bDie aktuelle Stipendiatin Femke Snelting l\u00e4dt ein zu einer kollektiven Lesung und Diskussion zu einem Text von Rosi Braidotti: <em>Powers of Affirmation <\/em>an den Tischen im Hirschgang der Akademie. Rosi Braidotti, Feministin und post-humanistische Philosophin, sieht ein gro\u00dfes Potenzial im kreativen Prozess und im kritischen Denken. Beides betrachtet sie als wichtige Antwort auf, wie sie es nennt \u00bbdie perverse Zeitlichkeit der Arbeit in unserer globalisierten Welt\u00ab, ein Mittel, um \u00bbsich der Gegenwart zu widersetzen (\u2026) w\u00e4hrend wir uns zur gleichen Zeit dieser w\u00fcrdig erweisen.\u00ab\n\nDer Text kann vorab bei Maximilian Lehner\u00a0<a href=\"mailto:lehner@akademie-solitude.de\" data-cke-saved-href=\"mailto:lehner@akademie-solitude.de\">lehner@akademie-solitude.de<\/a>\u00a0angefordert werden.\n\n<hr \/>\n\n<strong>Mi, 9.12.2015, \u00d6ffentliche Probe, 16 Uhr, Akademie Schloss Solitude\/Studio 26 und\nSo, 13.12.2015, \u00d6ffentliche Pr\u00e4sentation, 15 Uhr, Akademie Schloss Solitude\/<\/strong><strong>Ort wird noch bekannt gegeben<\/strong>\n\nInitiiert von der Autorin Marianne Z\u00fcckler und dem Theaterregissuer Till Wyler von Ballmoos, pr\u00e4sentieren aktuelle Stipendiaten Z\u00fccklers H\u00f6rspiel<em> Kommen und Gehen, Gehen und Kommen<\/em>\u00a0(Coming and Leaving, Leaving and Coming) das auf den Geschichten und Erfahrungen von Migranten basiert. Die experimentelle Performance nutzt Sprache und Stimme \u2013 in diesem Fall Deutsch \u2013 als Kommunikationsmittel und als M\u00f6glichkeit, Teil einer bestimmten Gesellschaft zu werden.\n\n<hr \/>\n\n<strong>Mi, 15.12.2015, Pr\u00e4sentation und Film, Akademie Schloss Solitude\/Guibal-Saal<\/strong>\n\nTHINKING THE MONUMENT TO SUB\/URBAN RIOT\nGal Kirn und Niloufar Tajeri, beide zurzeit Stipendiaten an der Akademie, pr\u00e4sentieren einige vorl\u00e4ufige Thesen ihres neuen Projekts \u00bbThinking the monument to sub\/urban riot\u00ab. Das Projekt besch\u00e4ftigt sich mit der widerspr\u00fcchlichen Beziehung zwischen Denkmal und Unruhe und setzt sich mit den gegens\u00e4tzlichen Geschichten von vor\/st\u00e4dtischer Unruhe (dem Bruch und der Zerst\u00f6rung der Vergangenheit) und der Geschichte des Denkmals (das Einfrieren der Vergangenheit und die Festigung der Narrative) auseinander. Anschlie\u00dfend an die Pr\u00e4sentation wird die Dokumentation \u00bbRiots Reframed\u00ab, die nach den Unruhen in London\/Gro\u00dfbritannien in 2011 entstand, gezeigt.","event_more_events":"","related_posts_event":[6916,6913,6678,6917,6773,6885,6915,6743,6739,6869,6906,6912,6744,6914,6684,6872,6742,6680,6845,6844,6899,6716]},"_links":{"self":[{"href":"https:\/\/www.akademie-solitude.de\/de\/wp-json\/wp\/v2\/event\/7573","targetHints":{"allow":["GET"]}}],"collection":[{"href":"https:\/\/www.akademie-solitude.de\/de\/wp-json\/wp\/v2\/event"}],"about":[{"href":"https:\/\/www.akademie-solitude.de\/de\/wp-json\/wp\/v2\/types\/event"}],"author":[{"embeddable":true,"href":"https:\/\/www.akademie-solitude.de\/de\/wp-json\/wp\/v2\/users\/1"}],"acf:post":[{"embeddable":true,"href":"https:\/\/www.akademie-solitude.de\/de\/wp-json\/wp\/v2\/person\/6716"},{"embeddable":true,"href":"https:\/\/www.akademie-solitude.de\/de\/wp-json\/wp\/v2\/person\/6899"},{"embeddable":true,"href":"https:\/\/www.akademie-solitude.de\/de\/wp-json\/wp\/v2\/person\/6844"},{"embeddable":true,"href":"https:\/\/www.akademie-solitude.de\/de\/wp-json\/wp\/v2\/person\/6845"},{"embeddable":true,"href":"https:\/\/www.akademie-solitude.de\/de\/wp-json\/wp\/v2\/person\/6680"},{"embeddable":true,"href":"https:\/\/www.akademie-solitude.de\/de\/wp-json\/wp\/v2\/person\/6742"},{"embeddable":true,"href":"https:\/\/www.akademie-solitude.de\/de\/wp-json\/wp\/v2\/person\/6872"},{"embeddable":true,"href":"https:\/\/www.akademie-solitude.de\/de\/wp-json\/wp\/v2\/person\/6684"},{"embeddable":true,"href":"https:\/\/www.akademie-solitude.de\/de\/wp-json\/wp\/v2\/person\/6914"},{"embeddable":true,"href":"https:\/\/www.akademie-solitude.de\/de\/wp-json\/wp\/v2\/person\/6744"},{"embeddable":true,"href":"https:\/\/www.akademie-solitude.de\/de\/wp-json\/wp\/v2\/person\/6912"},{"embeddable":true,"href":"https:\/\/www.akademie-solitude.de\/de\/wp-json\/wp\/v2\/person\/6906"},{"embeddable":true,"href":"https:\/\/www.akademie-solitude.de\/de\/wp-json\/wp\/v2\/person\/6869"},{"embeddable":true,"href":"https:\/\/www.akademie-solitude.de\/de\/wp-json\/wp\/v2\/person\/6739"},{"embeddable":true,"href":"https:\/\/www.akademie-solitude.de\/de\/wp-json\/wp\/v2\/person\/6743"},{"embeddable":true,"href":"https:\/\/www.akademie-solitude.de\/de\/wp-json\/wp\/v2\/person\/6915"},{"embeddable":true,"href":"https:\/\/www.akademie-solitude.de\/de\/wp-json\/wp\/v2\/person\/6885"},{"embeddable":true,"href":"https:\/\/www.akademie-solitude.de\/de\/wp-json\/wp\/v2\/person\/6773"},{"embeddable":true,"href":"https:\/\/www.akademie-solitude.de\/de\/wp-json\/wp\/v2\/person\/6917"},{"embeddable":true,"href":"https:\/\/www.akademie-solitude.de\/de\/wp-json\/wp\/v2\/person\/6678"},{"embeddable":true,"href":"https:\/\/www.akademie-solitude.de\/de\/wp-json\/wp\/v2\/person\/6913"},{"embeddable":true,"href":"https:\/\/www.akademie-solitude.de\/de\/wp-json\/wp\/v2\/person\/6916"}],"acf:term":[{"embeddable":true,"taxonomy":"category","href":"https:\/\/www.akademie-solitude.de\/de\/wp-json\/wp\/v2\/categories\/34"},{"embeddable":true,"taxonomy":"category","href":"https:\/\/www.akademie-solitude.de\/de\/wp-json\/wp\/v2\/categories\/31"},{"embeddable":true,"taxonomy":"category","href":"https:\/\/www.akademie-solitude.de\/de\/wp-json\/wp\/v2\/categories\/30"},{"embeddable":true,"taxonomy":"category","href":"https:\/\/www.akademie-solitude.de\/de\/wp-json\/wp\/v2\/categories\/26"},{"embeddable":true,"taxonomy":"category","href":"https:\/\/www.akademie-solitude.de\/de\/wp-json\/wp\/v2\/categories\/24"},{"embeddable":true,"taxonomy":"category","href":"https:\/\/www.akademie-solitude.de\/de\/wp-json\/wp\/v2\/categories\/18"},{"embeddable":true,"taxonomy":"category","href":"https:\/\/www.akademie-solitude.de\/de\/wp-json\/wp\/v2\/categories\/17"}],"wp:featuredmedia":[{"embeddable":true,"href":"https:\/\/www.akademie-solitude.de\/de\/wp-json\/wp\/v2\/media\/8294"}],"wp:attachment":[{"href":"https:\/\/www.akademie-solitude.de\/de\/wp-json\/wp\/v2\/media?parent=7573"}],"wp:term":[{"taxonomy":"category","embeddable":true,"href":"https:\/\/www.akademie-solitude.de\/de\/wp-json\/wp\/v2\/categories?post=7573"}],"curies":[{"name":"wp","href":"https:\/\/api.w.org\/{rel}","templated":true}]}}