{"id":7613,"date":"2020-03-26T18:07:02","date_gmt":"2020-03-26T17:07:02","guid":{"rendered":"https:\/\/www.akademie-solitude.de\/event\/literarischer-abend-mit-mario-z-nemes\/"},"modified":"2020-08-12T09:48:00","modified_gmt":"2020-08-12T07:48:00","slug":"literarischer-abend-mit-mario-z-nemes","status":"publish","type":"event","link":"https:\/\/www.akademie-solitude.de\/de\/event\/literarischer-abend-mit-mario-z-nemes\/","title":{"rendered":"Literarischer Abend mit M\u00e1ri\u00f3 Z. Nemes"},"content":{"rendered":"","protected":false},"author":1,"featured_media":0,"template":"","categories":[29],"class_list":["post-7613","event","type-event","status-publish","hentry","category-lesung"],"acf":{"bgcolor":"","bgcolor_custom":"","custom_color_css_variable":"","content_type":null,"intro_preview_headline":"","intro_preview_txt":"<p>M\u00e1ri\u00f3 Z. Nemes liest aus seinem 2016 in der Edition Solitude publizierten Lyrikband <em>Puschkins Br\u00fcste<\/em>. Orsolya Kal\u00e1sz liest die deutsche \u00dcbersetzung.<\/p><p>In Kooperation mit dem Ungarischen Kulturinstitut Stuttgart.<\/p>","intro_preview_img":8329,"event_id_old":"3842","event_subtitle":"Lesung in Ungarisch und Deutsch","event_date":"2017-02-09 19:00:00","event_date_end":"2017-02-09 19:00:00","event_location":[{"event_location_name":"Ungarisches Kulturinstitut Stuttgart","event_location_link":""}],"event_programme":"","event_taxonomy_category":[29],"event_practice_field":false,"event_opening":"","event_opening_times":"","event_additional_info":"","event_txt_old":"<p>M\u00e1ri\u00f3 Z. Nemes liest aus seinem 2016 in der Edition Solitude publizierten Lyrikband <em>Puschkins\u00a0<\/em><em>Br\u00fcste<\/em>.\u00a0Der Autor wechselt zwischen den Genres der Dichtung und unterzieht die poetische ungarische Sprache einer Verj\u00fcngungskur.\u00a0Mit seinen unerh\u00f6rten Texten, in denen Figuren aus einer phantasmatischen Privat-Mythologie auf ber\u00fchmte Vertreter der Geschichte und auf nur scheinbar harmloses M\u00e4rchenpersonal treffen, avancierte Nemes schnell zu einer Kultfigur in der ungarischen Szene.<\/p><p>M\u00e1ri\u00f3 Z. Nemes war 2014 Stipendiat der Akademie Schloss Solitude im Rahmen des Austauschprogramms mit ungarischen Schriftstellern.\u00a0<\/p><p>Eintritt frei, Anmeldung erforderlich:\u00a0<a data-cke-saved-href=\"mailto:uki-s@uki-s.de?subject=Anmeldung Literarischer Abend mit M\u00e1ri\u00f3 Z. Nemes\" href=\"mailto:uki-s@uki-s.de?subject=Anmeldung Literarischer Abend mit M\u00e1ri\u00f3 Z. Nemes\">uki-s@uki-s.de<\/a><\/p><p>In Kooperation mit dem Ungarischen Kulturinstitut Stuttgart.<\/p><p><br><\/p>","event_more_events":"","related_posts_event":[6805]},"_links":{"self":[{"href":"https:\/\/www.akademie-solitude.de\/de\/wp-json\/wp\/v2\/event\/7613","targetHints":{"allow":["GET"]}}],"collection":[{"href":"https:\/\/www.akademie-solitude.de\/de\/wp-json\/wp\/v2\/event"}],"about":[{"href":"https:\/\/www.akademie-solitude.de\/de\/wp-json\/wp\/v2\/types\/event"}],"author":[{"embeddable":true,"href":"https:\/\/www.akademie-solitude.de\/de\/wp-json\/wp\/v2\/users\/1"}],"acf:post":[{"embeddable":true,"href":"https:\/\/www.akademie-solitude.de\/de\/wp-json\/wp\/v2\/person\/6805"}],"acf:term":[{"embeddable":true,"taxonomy":"category","href":"https:\/\/www.akademie-solitude.de\/de\/wp-json\/wp\/v2\/categories\/29"}],"wp:attachment":[{"href":"https:\/\/www.akademie-solitude.de\/de\/wp-json\/wp\/v2\/media?parent=7613"}],"wp:term":[{"taxonomy":"category","embeddable":true,"href":"https:\/\/www.akademie-solitude.de\/de\/wp-json\/wp\/v2\/categories?post=7613"}],"curies":[{"name":"wp","href":"https:\/\/api.w.org\/{rel}","templated":true}]}}