{"id":7685,"date":"2020-03-26T18:07:09","date_gmt":"2020-03-26T17:07:09","guid":{"rendered":"https:\/\/www.akademie-solitude.de\/event\/29-30-04-soft-power-platform-european-artist-convention\/"},"modified":"2020-08-12T09:48:18","modified_gmt":"2020-08-12T07:48:18","slug":"29-30-04-soft-power-platform-european-artist-convention","status":"publish","type":"event","link":"https:\/\/www.akademie-solitude.de\/de\/event\/29-30-04-soft-power-platform-european-artist-convention\/","title":{"rendered":"Soft Power Platform: European Artist Convention"},"content":{"rendered":"","protected":false},"author":1,"featured_media":8394,"template":"","categories":[17,18,37],"class_list":["post-7685","event","type-event","status-publish","hentry","category-diskurs","category-gespraech","category-workshop"],"acf":{"bgcolor":"","bgcolor_custom":"","custom_color_css_variable":"","content_type":null,"intro_preview_headline":"","intro_preview_txt":"","intro_preview_img":8394,"event_id_old":"3974","event_subtitle":"Ein Projekt der Akademie Schloss Solitude in Zusammenarbeit mit der Landesvertretung Baden-W\u00fcrttemberg, Berlin.","event_date":"2019-04-29 00:00:00","event_date_end":"2019-04-30 00:00:00","event_location":[{"event_location_name":"Landesvertretung Baden-W\u00fcrttemberg","event_location_link":""},{"event_location_name":"Berlin","event_location_link":""}],"event_programme":"","event_taxonomy_category":[17,18,37],"event_practice_field":false,"event_opening":"","event_opening_times":"","event_additional_info":"","event_txt_old":"F\u00fcr zwei Tage\u00a0l\u00e4dt\u00a0die Akademie Schloss Solitude in und vor der Landesvertretung Baden-W\u00fcrttemberg in Berlin zur \u00bbEuropean Artist Convention\u00ab ein.\n\nMit der Weiterf\u00fchrung des Projekts <a href=\"https:\/\/www.akademie-solitude.de\/de\/veranstaltungen\/soft-power-palace~no3944\/\" data-cke-saved-href=\"https:\/\/www.akademie-solitude.de\/de\/veranstaltungen\/soft-power-palace~no3944\/\">SOFT POWER PALACE<\/a>, das im Oktober und November 2018 in Stuttgart stattfand, installieren die Kuratorinnen Paula Kohlmann und Mareen Wrobel f\u00fcr zwei Tage eine Plattform, die K\u00fcnstler*innen, Aktivist*innen und Besucher*innen\u00a0in Workshops, Gespr\u00e4chen und Aktionen zusammenbringt. Gemeinsam stellen sie sich die Frage:\u00a0Wie wollen wir in Europa zusammen leben?\n\n\u00bbWir wollen aus k\u00fcnstlerischer Perspektive heraus Geschichten\u00a0erz\u00e4hlen, die ein Gegennarrativ zu aktuellen regressiven Tendenzen in Europa darstellen. Lasst uns nicht dar\u00fcber reden, was uns trennt, sondern dar\u00fcber, was uns zusammenh\u00e4lt: Perspektivwechsel, offene Grenzen, gemeinsame Visionen, Netzwerke, Vielsprachigkeit, k\u00fcnstlerische Initiativen, nachhaltiges Wirtschaften, Selbstorganisation und Nachbarschaftshilfe.\u00ab\n\n<hr \/>\n\n<strong>Programm:\u00a0<\/strong>\n\n<u>Montag, 29. April 2019<\/u>\n\n12 Uhr: Begr\u00fc\u00dfung\nAndreas Schulze, Dienststellenleiter der Landesvertretung Baden-W\u00fcrttemberg\nElke aus dem Moore, Direktorin Akademie Schloss Solitude\nPaula Kohlmann, Kuratorin \u00bbSoft Power Projects\u00ab\n\n13 Uhr: Gemeinsames Mittagessen\n\n14 Uhr: Workshops und Aktionen mit und von \u00c6ther Art Space, Fireplace, ZZ Studio, Ardesia Projects, Kinga T\u00f3th, Clan B (S27) und DIE VIELEN e. V.\n\n17 Uhr: Open Mike: offen f\u00fcr Alle!\n\n18 Uhr: Performance \u00bbEuropahymnen-Remix \u2013 Ein Gebet\u00ab von Kinga T\u00f3th\n\n19 Uhr: Gemeinsames Abendessen\n\n20 Uhr: Ende\n\n<u>Dienstag, 30. April 2019<\/u>\n\n13 Uhr: Gemeinsames Mittagessen\n\n14 Uhr: Workshops und Aktionen mit und von \u00c6ther Art Space, Fireplace, ZZ Studio, Ardesia Projects, Kinga T\u00f3th, Clan B (S27) und DIE VIELEN e. V.\n\n18 Uhr: Open Mike: offen f\u00fcr Alle!\n\n19 Uhr: Gespr\u00e4ch \u00bbCan Art Save Europe?\u00ab Talk about Social and Political Expectations Towards Artistic Practice Today mit Kinga T\u00f3th, Simon Feydieu, Voin de Voin, Quim Packard, Dimitri D\u2019ippolito, Paula Kohlmann, Gideon Smilansky\nModeration: Clara Herrmann, Leitung JUNGE AKADEMIE, Berlin\n\n20 Uhr: Drinks und DJ: Louis Largo\n\n22 Uhr: Ende\n\n<hr \/>\n\n<strong>Platform &amp; Camp:<\/strong>\nMontag, 29. April, 12 bis 20 Uhr, und Dienstag, 30. April, 14 bis 19 Uhr\n<strong>Musik &amp; Drinks:<\/strong>\nDienstag, 30. April 19 bis 22 Uhr\n\n<strong>Ort: <\/strong>Landesvertretung Baden-W\u00fcrttemberg\nTiergartenstra\u00dfe 15,\u00a010785 Berlin\nBitte melden Sie sich <a href=\"https:\/\/stm.baden-wuerttemberg.de\/de\/vertretung-beim-bund\/veranstaltungen-und-besucher\/veranstaltungskalender\/veranstaltungsanfrage\/\" data-cke-saved-href=\"https:\/\/stm.baden-wuerttemberg.de\/de\/vertretung-beim-bund\/veranstaltungen-und-besucher\/veranstaltungskalender\/veranstaltungsanfrage\/\">hier<\/a> an.","event_more_events":"","related_posts_event":""},"_links":{"self":[{"href":"https:\/\/www.akademie-solitude.de\/de\/wp-json\/wp\/v2\/event\/7685","targetHints":{"allow":["GET"]}}],"collection":[{"href":"https:\/\/www.akademie-solitude.de\/de\/wp-json\/wp\/v2\/event"}],"about":[{"href":"https:\/\/www.akademie-solitude.de\/de\/wp-json\/wp\/v2\/types\/event"}],"author":[{"embeddable":true,"href":"https:\/\/www.akademie-solitude.de\/de\/wp-json\/wp\/v2\/users\/1"}],"acf:term":[{"embeddable":true,"taxonomy":"category","href":"https:\/\/www.akademie-solitude.de\/de\/wp-json\/wp\/v2\/categories\/37"},{"embeddable":true,"taxonomy":"category","href":"https:\/\/www.akademie-solitude.de\/de\/wp-json\/wp\/v2\/categories\/18"},{"embeddable":true,"taxonomy":"category","href":"https:\/\/www.akademie-solitude.de\/de\/wp-json\/wp\/v2\/categories\/17"}],"wp:featuredmedia":[{"embeddable":true,"href":"https:\/\/www.akademie-solitude.de\/de\/wp-json\/wp\/v2\/media\/8394"}],"wp:attachment":[{"href":"https:\/\/www.akademie-solitude.de\/de\/wp-json\/wp\/v2\/media?parent=7685"}],"wp:term":[{"taxonomy":"category","embeddable":true,"href":"https:\/\/www.akademie-solitude.de\/de\/wp-json\/wp\/v2\/categories?post=7685"}],"curies":[{"name":"wp","href":"https:\/\/api.w.org\/{rel}","templated":true}]}}