{"id":10814,"date":"2020-06-30T15:52:14","date_gmt":"2020-06-30T13:52:14","guid":{"rendered":"https:\/\/www.akademie-solitude.de\/?page_id=10814"},"modified":"2026-09-01T16:34:50","modified_gmt":"2026-09-01T14:34:50","slug":"asb","status":"publish","type":"page","link":"https:\/\/www.akademie-solitude.de\/de\/programme-projekte\/asb\/","title":{"rendered":"art, science &#038; business"},"content":{"rendered":"","protected":false},"excerpt":{"rendered":"","protected":false},"author":3,"featured_media":9772,"parent":9610,"menu_order":160,"comment_status":"closed","ping_status":"closed","template":"","meta":{"_acf_changed":false,"inline_featured_image":false,"footnotes":"","_members_access_role":[],"_members_access_error":""},"class_list":["post-10814","page","type-page","status-publish","hentry"],"acf":{"bgcolor":"has-bg-yellow","bgcolor_custom":"","custom_color_css_variable":"","content_type":[{"acf_fc_layout":"content_txt","_acfe_flexible_layout_title":null,"acfe_flexible_layout_title":"Text","bgcolor":"has-bg-yellow","bgcolor_custom":"","layout_col_size":8,"txt_cols":"is-1-txtcol","txt":"Mit dem Schwerpunkt <em>art, science &amp; business<\/em> f\u00f6rderte die Akademie Schloss Solitude zwischen 2002 bis 2026 auf einzigartige Weise den transdisziplin\u00e4ren Dialog zwischen den Bereichen der Kunst, der Wissenschaft und der Wirtschaft.\r\n\r\nIm Rahmen des Schwerpunkts <em>art, science &amp; business<\/em> wurden verschiedene Themen entwickelt, die als Plattform f\u00fcr diskursive Begegnungen dienten und die in Form von Symposien, Vortragsreihen und Workshops \u2013 h\u00e4ufig in Kooperation mit anderen Institutionen \u2013 stattfanden. S\u00e4mtliche Beitr\u00e4ge der Stipendiat*innen und G\u00e4sten zu den Themen sind \u00f6ffentlich zug\u00e4nglich als Teil des Online-Archivs <a href=\"https:\/\/www.art-science-business.com\">www.art-science-business.com<\/a>."},{"acf_fc_layout":"content_txt","_acfe_flexible_layout_title":null,"acfe_flexible_layout_title":"Text","bgcolor":"has-bg-yellow","bgcolor_custom":"","layout_col_size":8,"txt_cols":"is-1-txtcol","txt":"<h3 style=\"text-align: center;\"><span class=\"has-font-maison-neue-extended\" style=\"font-family: 'Maison Neue Extended';\">Stipendium Praxisfeld Wissenschaftlich\u00a0<\/span><\/h3>\r\n<span class=\"has-font-reckless-neue-book\" style=\"font-family: 'Reckless Neue Book';\">Zur F\u00f6rderung dieses Dialogs wird Nachwuchswissenschaftler*innen die M\u00f6glichkeit geboten, f\u00fcr einen Zeitraum von drei bis zw\u00f6lf Monaten Anwesenheitsstipendien an der Akademie Schloss Solitude zu erhalten. Neben den k\u00fcnstlerischen und digitalen Praxisfeldern werden hierf\u00fcr im Rahmen der zweij\u00e4hrig stattfindenden Ausschreibung Stipendien im Feld WISSENSCHAFTLICH vergeben, das die Disziplinen Geistes-, Sozial-, Natur-, sowie Wirtschaftswissenschaften umfasst. F\u00fcr ein Stipendium in diesem Praxisfeld k\u00f6nnen sich junge Wissenschaftler*innen und Manager*innen mit einem eigenen Arbeitsvorhaben oder einem Projekt bewerben. Die Themenwahl f\u00fcr das Projektvorhaben ist frei.<\/span>"},{"acf_fc_layout":"content_img","_acfe_flexible_layout_title":null,"acfe_flexible_layout_title":"Bild(er)","bgcolor":"","bgcolor_custom":"","layout_col_size":8,"img_gallery":false,"img":[22693,22703],"img_gallery_format":"is-16by9"},{"acf_fc_layout":"content_txt","_acfe_flexible_layout_title":null,"acfe_flexible_layout_title":"Text","bgcolor":"","bgcolor_custom":"","layout_col_size":8,"txt_cols":"is-1-txtcol","txt":"<h3 style=\"text-align: center;\"><span class=\"has-font-maison-neue-extended\" style=\"font-family: 'Maison Neue Extended';\">Kooperationen<\/span><\/h3>\r\n<span class=\"has-font-reckless-neue-book\" style=\"font-family: 'Reckless Neue Book';\">Von Beginn an hat die Akademie mit dem Ziel der lokalen und internationalen Vernetzung Kooperationen mit Universit\u00e4ten und Forschungseinrichtungen aufgebaut, mit denen <a href=\"https:\/\/schloss-post.com\/get-rid-edges\/\">gemeinsam Arbeitsaufenthalte<\/a> vergeben und <a href=\"https:\/\/www.akademie-solitude.de\/de\/veranstaltungen\/oeffentlicher-dialog~no3892\/\">kooperative Projekte<\/a> entwickelt und umgesetzt werden.\u00a0<\/span>\r\n\r\n&nbsp;"},{"acf_fc_layout":"content_video","_acfe_flexible_layout_title":null,"acfe_flexible_layout_title":"Video \/ Film","bgcolor":"","bgcolor_custom":"","layout_col_size":6,"video_embed":"https:\/\/vimeo.com\/393693313","video":{"video_mp4":null,"video_webm":null}},{"acf_fc_layout":"content_txt","_acfe_flexible_layout_title":null,"acfe_flexible_layout_title":"Text","bgcolor":"","bgcolor_custom":"","layout_col_size":8,"txt_cols":"is-1-txtcol","txt":"<h3 style=\"text-align: center;\"><span class=\"has-font-maison-neue-extended\" style=\"font-family: 'Maison Neue Extended';\"><strong>\r\nAktivit\u00e4ten &amp; Veranstaltungen<\/strong><\/span><\/h3>\r\n<span class=\"has-font-reckless-neue-book\" style=\"font-family: 'Reckless Neue Book';\">Gemeinsam mit ihren Stipendiat*innen entwickelt die Akademie experimentelle <a href=\"https:\/\/www.akademie-solitude.de\/de\/veranstaltungen\/?f50=19\/\">Veranstaltungsformate<\/a>, die diese transdisziplin\u00e4re Arbeit einer diversen \u00d6ffentlichkeit vorstellt und sie an dem Austausch \u00fcber Disziplingrenzen hinweg teilhaben l\u00e4sst. Durch das Umfeld der Kunst, die als Seismograph gesellschaftliche und technologische Entwicklungen fr\u00fch aufsp\u00fcrt und kritisch begleitet, wird so jede Form von <a href=\"https:\/\/www.akademie-solitude.de\/de\/veranstaltungen\/27-28-september-2019-worlding-nudges-for-posthuman-playanstoss-zum-weltenbauen-mit-sahej-rahal-fabian-hesse-und-mitra-wakil~no4003\/\">zukunftsweisendem Denken<\/a> unterst\u00fctzt. Dies f\u00fchrt zu einer Bereicherung, die individuell und <a href=\"https:\/\/schloss-post.com\/a-disaster-dinner\/\">kollektiv neue Arbeitsweisen<\/a> erschlie\u00dft.\u00a0<\/span>"},{"acf_fc_layout":"content_img","_acfe_flexible_layout_title":null,"acfe_flexible_layout_title":"Bild(er)","bgcolor":"","bgcolor_custom":"","layout_col_size":8,"img_gallery":true,"img":[22695,22697,22701,22699,22705],"img_gallery_format":"is-16by9"},{"acf_fc_layout":"content_txt","_acfe_flexible_layout_title":null,"acfe_flexible_layout_title":"Text","bgcolor":"","bgcolor_custom":"","layout_col_size":8,"txt_cols":"is-1-txtcol","txt":"<h3 style=\"text-align: center;\"><span class=\"has-font-maison-neue-extended\" style=\"font-family: 'Maison Neue Extended';\">Online-Archiv<\/span><\/h3>\r\n<span class=\"has-font-reckless-neue-book\" style=\"font-family: 'Reckless Neue Book';\">Seit 2002 wurden im Rahmen des Schwerpunkts <em>art, science &amp; business<\/em> verschiedene Themen entwickelt, die als Plattform f\u00fcr diskursive Begegnungen dienten und die in Form von Symposien, Vortragsreihen und Workshops \u2013 h\u00e4ufig in Kooperation mit anderen Institutionen \u2013 stattfanden. Themen umfassen folgende Inhalte: \u00bbErinnern und Vergessen\u00ab und \u00bbBild und Visualisierung\u00ab (beide 2004\u20132006), \u00bbHandeln mit der Angst\u00ab (2007\u20132009), \u00bbDesign of the (In-)Human\u00ab (2009\u20132011), \u00bbChronicles of Work\u00ab (2011\u20132014), \u00bbBiografien &amp; Produktion von Raum\u00ab (2014\u20132016) und \u00bbUmgang mit Geschichte als Alltagspraxis\u00ab (2017\u20132019). S\u00e4mtliche Beitr\u00e4ge der Stipendiat*innen und G\u00e4sten zu den Themen sind \u00f6ffentlich zug\u00e4nglich als Teil des Online-Archivs<a href=\"http:\/\/www.art-science-business.com\/\"> www.art-science-business.com<\/a>.<\/span>\r\n\r\n&nbsp;\r\n\r\n&nbsp;"}],"intro_preview_headline":"","intro_preview_txt":"Mit dem Schwerpunkt <em>art, science &amp; business<\/em> f\u00f6rderte die Akademie Schloss Solitude zwischen 2002 bis 2026 auf einzigartige Weise den transdisziplin\u00e4ren Dialog zwischen den Bereichen der Kunst, der Wissenschaft und der Wirtschaft.\r\n\r\nIm Rahmen des Schwerpunkts <em>art, science &amp; busines<\/em>s wurden verschiedene Themen entwickelt, die als Plattform f\u00fcr diskursive Begegnungen dienten und die in Form von Symposien, Vortragsreihen und Workshops \u2013 h\u00e4ufig in Kooperation mit anderen Institutionen \u2013 stattfanden. S\u00e4mtliche Beitr\u00e4ge der Stipendiat*innen und G\u00e4sten zu den Themen sind \u00f6ffentlich zug\u00e4nglich als Teil des Online-Archivs www.art-science-business.com.","intro_preview_img":9772},"_links":{"self":[{"href":"https:\/\/www.akademie-solitude.de\/de\/wp-json\/wp\/v2\/pages\/10814","targetHints":{"allow":["GET"]}}],"collection":[{"href":"https:\/\/www.akademie-solitude.de\/de\/wp-json\/wp\/v2\/pages"}],"about":[{"href":"https:\/\/www.akademie-solitude.de\/de\/wp-json\/wp\/v2\/types\/page"}],"author":[{"embeddable":true,"href":"https:\/\/www.akademie-solitude.de\/de\/wp-json\/wp\/v2\/users\/3"}],"replies":[{"embeddable":true,"href":"https:\/\/www.akademie-solitude.de\/de\/wp-json\/wp\/v2\/comments?post=10814"}],"version-history":[{"count":2,"href":"https:\/\/www.akademie-solitude.de\/de\/wp-json\/wp\/v2\/pages\/10814\/revisions"}],"predecessor-version":[{"id":46502,"href":"https:\/\/www.akademie-solitude.de\/de\/wp-json\/wp\/v2\/pages\/10814\/revisions\/46502"}],"up":[{"embeddable":true,"href":"https:\/\/www.akademie-solitude.de\/de\/wp-json\/wp\/v2\/pages\/9610"}],"wp:featuredmedia":[{"embeddable":true,"href":"https:\/\/www.akademie-solitude.de\/de\/wp-json\/wp\/v2\/media\/9772"}],"wp:attachment":[{"href":"https:\/\/www.akademie-solitude.de\/de\/wp-json\/wp\/v2\/media?parent=10814"}],"curies":[{"name":"wp","href":"https:\/\/api.w.org\/{rel}","templated":true}]}}