{"id":24322,"date":"2021-05-25T16:31:27","date_gmt":"2021-05-25T14:31:27","guid":{"rendered":"https:\/\/www.akademie-solitude.de\/?page_id=24322"},"modified":"2026-03-26T15:13:20","modified_gmt":"2026-03-26T14:13:20","slug":"jean-jacques-rousseau-stipendium","status":"publish","type":"page","link":"https:\/\/www.akademie-solitude.de\/de\/stipendium\/sonderstipendien\/jean-jacques-rousseau-stipendium\/","title":{"rendered":"Jean-Jacques-Rousseau-Stipendium"},"content":{"rendered":"<ul>\n<li>Schriftsteller, San Jose\/Costa Rica<\/li>\n<\/ul>\n","protected":false},"excerpt":{"rendered":"<p>Schriftsteller, San Jose\/Costa Rica<\/p>\n","protected":false},"author":8,"featured_media":9772,"parent":3649,"menu_order":63,"comment_status":"closed","ping_status":"closed","template":"","meta":{"_acf_changed":false,"inline_featured_image":false,"footnotes":""},"class_list":["post-24322","page","type-page","status-publish","hentry"],"acf":{"bgcolor":"has-bg-yellow","bgcolor_custom":"","custom_color_css_variable":"","content_type":[{"acf_fc_layout":"content_txt","_acfe_flexible_layout_title":null,"acfe_flexible_layout_title":"Text","bgcolor":"","bgcolor_custom":"","layout_col_size":8,"txt_cols":"is-1-txtcol","txt":"<span class=\"has-font-maison-neue\" style=\"font-family: 'Maison Neue';\">Mit dem 2011 gegr\u00fcndeten Jean-Jacques-Rousseau-Stipendienprogramm sollen Schriftsteller*innen finanziell unterst\u00fctzt werden, die sich in einer Notsituation befinden, ganz gleich ob aus politischen, \u00f6konomischen oder aus anderen Gr\u00fcnden. Dieses Stipendium soll ihnen die M\u00f6glichkeit geben, ihre literarische Arbeit unter besseren Bedingungen voranzutreiben. Der F\u00f6rderer dieses Programms ist ein Stuttgarter B\u00fcrger, der mit diesem besonderen Stipendium einen Beitrag zur Literatur unserer Zeit leisten und nicht namentlich genannt werden m\u00f6chte.<\/span>"},{"acf_fc_layout":"content_txt","_acfe_flexible_layout_title":null,"acfe_flexible_layout_title":"Text","bgcolor":"","bgcolor_custom":"","layout_col_size":8,"txt_cols":"is-1-txtcol","txt":"<h3 style=\"text-align: center;\"><span class=\"has-font-maison-neue-extended\" style=\"font-family: 'Maison Neue Extended';\">Warum ein Stipendium nach Jean-Jacques Rousseau benennen?<\/span><\/h3>\r\n<span class=\"has-font-reckless-light\" style=\"font-family: 'Reckless Regular';\">Verbannt, zensiert und verfemt \u2013 das Leben von Jean-Jacques Rousseau (1712\u20131778), dem Wegbereiter der Franz\u00f6sischen Revolution, ist von Ungl\u00fcck und Br\u00fcchen gepr\u00e4gt.\u00a0Sein literarisches und philosophisches Werk k\u00e4mpft ebenso f\u00fcr die Befreiung des Menschen, wie es den Ausschluss aus dem Paradies auf Erden zur Konstante macht. Das Schloss Solitude verdankt nicht zuletzt seinen Namen und seine Funktion als Ort der R\u00fcckkehr zur Natur der Philosophie von Jean-Jacques Rousseau, dessen Hauptwerke \u00bb\u00c9mile ou De l\u2019\u00e9ducation\u00ab und \u00bbDu contrat social\u00ab 1762, im Jahr der Solitude-Gr\u00fcndung, ver\u00f6ffentlicht wurden. Zudem war Rousseau kein Unbekannter am w\u00fcrttembergischen Hof und f\u00fchrte einen langen und lesenswerten Briefwechsel mit Herzog Ludwig Eugen von W\u00fcrttemberg, dem Bruder und Nachfolger von Herzog Carl Eugen von W\u00fcrttemberg. Mit diesem Stipendienprogramm, befindet sich die Akademie Schloss Solitude in der Tradition der Aufkl\u00e4rung, der sie seit ihrer Gr\u00fcndung verpflichtet ist.<\/span>"},{"acf_fc_layout":"content_txt","_acfe_flexible_layout_title":null,"acfe_flexible_layout_title":"Text","bgcolor":"","bgcolor_custom":"","layout_col_size":8,"txt_cols":"is-1-txtcol","txt":"<h3 style=\"text-align: center;\"><span class=\"has-font-maison-neue-extended has-font-maison-neue\" style=\"font-family: 'Maison Neue Extended';\">Auswahlverfahren<\/span><\/h3>\r\n<span class=\"has-font-reckless-light\" style=\"font-family: 'Reckless Regular';\">Eine Bewerbung f\u00fcr dieses Stipendium ist nicht m\u00f6glich.<\/span>\r\n\r\n<span class=\"has-font-reckless-light\" style=\"font-family: 'Reckless Regular';\">Vergabeverfahren: Die Akademie bittet jedes Jahr ein Dutzend Vermittler*innen aus ihrem internationalen Netzwerk um Nennung von Schriftsteller*innen, die sie aus den oben genannten Gr\u00fcnden f\u00fcr unterst\u00fctzungsw\u00fcrdig halten. Neben dem Aspekt der Not spielt die literarische Qualit\u00e4t eine entscheidende Rolle.<\/span>\r\n\r\n<span class=\"has-font-reckless-light\" style=\"font-family: 'Reckless Regular';\">Die Suche nach Kandidat*innen kann sich auf Wunsch des Stifters und der Akademie Schloss Solitude auf ein spezifisches Land beschr\u00e4nken.<\/span>\r\n\r\n<span class=\"has-font-reckless-light\" style=\"font-family: 'Reckless Regular';\">Die Entscheidung wird jedes Jahr von einer dreik\u00f6pfigen Jury getroffen, bestehend aus dem Stifter, einem*einer Vertreter*in der Akademie Schloss Solitude und einem externen Mitglied.<\/span>"},{"acf_fc_layout":"content_txt","_acfe_flexible_layout_title":null,"acfe_flexible_layout_title":"Text","bgcolor":"","bgcolor_custom":"","layout_col_size":8,"txt_cols":"is-1-txtcol","txt":"<h3 style=\"text-align: center;\"><span class=\"has-font-maison-neue-extended\" style=\"font-family: 'Maison Neue Extended';\"><strong>Umfang des Stipendiums<\/strong><\/span><\/h3>\r\n<span class=\"has-font-reckless-light\" style=\"font-family: 'Reckless Regular';\">Das Arbeitsstipendium besteht aus einer Geldzuwendung und ist nicht notwendig an einen Aufenthalt an der Akademie Schloss Solitude gebunden. Die H\u00f6he des Arbeitsstipendiums wird von der Jury individuell festgelegt, ebenso die Dauer des Aufenthaltes an der Akademie, wenn erw\u00fcnscht. Die bisherigen Stipendienbetr\u00e4ge liegen zwischen 2.000 und 5.000 Euro.<\/span>"},{"acf_fc_layout":"content_txt","_acfe_flexible_layout_title":null,"acfe_flexible_layout_title":"Text","bgcolor":"","bgcolor_custom":"","layout_col_size":8,"txt_cols":"is-1-txtcol","txt":"<h3 style=\"text-align: center;\"><span class=\"has-font-maison-neue-extended\" style=\"font-family: 'Maison Neue Extended';\">Sonderstipendium<\/span><\/h3>\r\n<span class=\"has-font-reckless-light\" style=\"font-family: 'Reckless Regular';\">Die Akademie Schloss Solitude hat in der Vergangenheit die Erfahrung gemacht, dass manche Notsituationen, die sich radikal und blitzschnell entwickeln k\u00f6nnen, auch eine rasche und unb\u00fcrokratische L\u00f6sung verlangen. Deshalb wurde neben dem regul\u00e4ren Jean-Jacques Rousseau-Stipendium zus\u00e4tzlich ein Fonds f\u00fcr kurzfristige Entscheidungen eingerichtet, der f\u00fcr besonders akute F\u00e4lle verwendet werden kann.<\/span>"},{"acf_fc_layout":"content_txt","_acfe_flexible_layout_title":null,"acfe_flexible_layout_title":"Text","bgcolor":"","bgcolor_custom":"","layout_col_size":8,"txt_cols":"is-1-txtcol","txt":"<h3 style=\"text-align: center;\"><span class=\"has-font-maison-neue-extended\" style=\"font-family: 'Maison Neue Extended';\"><strong>Jean-Jacques-Rousseau-Stipendiat*innen <\/strong><\/span><\/h3>\r\n<h4><\/h4>\r\n<h4 style=\"text-align: center;\"><span class=\"has-font-maison-neue-extended\" style=\"font-family: 'Maison Neue Extended';\"><strong>2011<\/strong><\/span><\/h4>\r\n<ul>\r\n \t<li><span class=\"has-font-reckless-light\" style=\"font-family: 'Reckless Regular';\">Luis Chaves, Schriftsteller, San Jose\/Costa Rica<\/span><\/li>\r\n \t<li><span class=\"has-font-reckless-light\" style=\"font-family: 'Reckless Regular';\">Angelica Freitas, Schriftstellerin, Laranjal\/Brasilien<\/span><\/li>\r\n \t<li><span class=\"has-font-reckless-light\" style=\"font-family: 'Reckless Regular';\"><a href=\"https:\/\/www.akademie-solitude.de\/de\/person\/qassim-haddad\/\"><span style=\"text-decoration: underline;\">Qassim Haddad<\/span><\/a>, Lyriker, Bahrain;\u00a0das Stipendium ist mit einem Aufenthalt von vier Monaten an der Akademie Schloss Solitude verbunden (Feb\u2013Mai 2012)<\/span><\/li>\r\n \t<li><span class=\"has-font-reckless-light\" style=\"font-family: 'Reckless Regular';\">Simone Kornappel, Schriftstellerin, Berlin\/Deutschland<\/span><\/li>\r\n \t<li><span class=\"has-font-reckless-light\" style=\"font-family: 'Reckless Regular';\"><a href=\"https:\/\/www.akademie-solitude.de\/de\/person\/christophe-marchand-kiss\/\"><span style=\"text-decoration: underline;\">Christophe Marchand-Kiss<\/span><\/a>, Schriftsteller, Paris\/Frankreich<\/span><\/li>\r\n<\/ul>\r\n<h4><\/h4>\r\n<h4 style=\"text-align: center;\"><span class=\"has-font-maison-neue-extended\" style=\"font-family: 'Maison Neue Extended';\"><strong>2012<\/strong><\/span><\/h4>\r\n<ul>\r\n \t<li><span class=\"has-font-reckless-light\" style=\"font-family: 'Reckless Regular';\">Nguyen Bich Lan, Schriftstellerin und \u00dcbersetzerin, Hanoi\/Vietnam<\/span><\/li>\r\n \t<li><span class=\"has-font-reckless-light\" style=\"font-family: 'Reckless Regular';\">Sahar Mandour, Schriftstellerin, Beirut\/Libanon<\/span><\/li>\r\n \t<li><span class=\"has-font-reckless-light\" style=\"font-family: 'Reckless Regular';\">Giedre Kazlauskaite, Schriftstellerin, Vilnius\/Litauen<\/span><\/li>\r\n \t<li><span class=\"has-font-reckless-light\" style=\"font-family: 'Reckless Regular';\">Andrei Ruse, Schriftsteller, Bukarest\/Rum\u00e4nien; das Stipendium ist mit einem Aufenthalt von zwei Monaten an der Akademie Schloss Solitude verbunden (Herbst 2012)<\/span><\/li>\r\n<\/ul>\r\n<h4><\/h4>\r\n<h4 style=\"text-align: center;\"><span class=\"has-font-maison-neue-extended\" style=\"font-family: 'Maison Neue Extended';\"><strong>2013<\/strong><\/span><\/h4>\r\n<ul>\r\n \t<li><span class=\"has-font-reckless-light\" style=\"font-family: 'Reckless Regular';\"><a href=\"https:\/\/www.akademie-solitude.de\/de\/person\/radu-aldulescu\/\"><span style=\"text-decoration: underline;\">Radu Aldulescu<\/span><\/a>, Schriftsteller, Bukarest\/Rum\u00e4nien; das Stipendium ist mit einem Aufenthalt von drei Monaten an der Akademie Schloss Solitude verbunden (Okt\u2013Dez 2013)<\/span><\/li>\r\n \t<li><span class=\"has-font-reckless-light\" style=\"font-family: 'Reckless Regular';\">Isaac Otidi Amuke, Schriftsteller, Nairobi\/Kenia<\/span><\/li>\r\n \t<li><span class=\"has-font-reckless-light\" style=\"font-family: 'Reckless Regular';\">Wingston G\u00f3nzalez, Schriftsteller, Guatemala<\/span><\/li>\r\n \t<li><span class=\"has-font-reckless-light\" style=\"font-family: 'Reckless Regular';\">Brian James, Schriftsteller, Sierra Leone<\/span><\/li>\r\n \t<li><span class=\"has-font-reckless-light\" style=\"font-family: 'Reckless Regular';\">Samira Negrouche, Schriftstellerin, Algerien<\/span><\/li>\r\n \t<li><span class=\"has-font-reckless-light\" style=\"font-family: 'Reckless Regular';\">Andr\u00e9 &amp; Nathan Trantraal, Verfasser von Graphic Novels und Schriftsteller, S\u00fcdafrika<\/span><\/li>\r\n<\/ul>\r\n<h4><\/h4>\r\n<h4 style=\"text-align: center;\"><span class=\"has-font-maison-neue-extended\" style=\"font-family: 'Maison Neue Extended';\"><strong>2014<\/strong><\/span><\/h4>\r\n<ul>\r\n \t<li><span class=\"has-font-reckless-light\" style=\"font-family: 'Reckless Regular';\"><a href=\"https:\/\/www.akademie-solitude.de\/de\/person\/rasha-abbas\/\"><span style=\"text-decoration: underline;\">Rasha Abbas<\/span><\/a>, Journalistin und Schriftstellerin, Syrien; das Stipendium ist mit einem Aufenthalt von drei Monaten an der Akademie Schloss Solitude verbunden (Sept\u2013Nov 2014)<\/span><\/li>\r\n \t<li><span class=\"has-font-reckless-light\" style=\"font-family: 'Reckless Regular';\">Kerstin Becker, Autorin, Lyrikerin und Lektorin, Dresden\/Deutschland<\/span><\/li>\r\n \t<li><span class=\"has-font-reckless-light\" style=\"font-family: 'Reckless Regular';\">Lamija Begagi\u0107, Schriftstellerin, Bosnien und Herzegowina<\/span><\/li>\r\n \t<li><span class=\"has-font-reckless-light\" style=\"font-family: 'Reckless Regular';\">Germ\u00e1n Carrasco, Lyriker, Chile<\/span><\/li>\r\n \t<li><span class=\"has-font-reckless-light\" style=\"font-family: 'Reckless Regular';\">Dolores Dorantes, Lyrikerin und Journalistin, Mexiko und USA<\/span><\/li>\r\n \t<li><span class=\"has-font-reckless-light\" style=\"font-family: 'Reckless Regular';\">Do Trong Khoi, Schriftsteller, Vietnam<\/span><\/li>\r\n \t<li><span class=\"has-font-reckless-light\" style=\"font-family: 'Reckless Regular';\"><a href=\"https:\/\/www.akademie-solitude.de\/de\/person\/dimitri-kaufman\/\"><span style=\"text-decoration: underline;\">Dimitri Kaufman<\/span><\/a>, Schriftsteller, Israel; das Stipendium ist mit einem Aufenthalt von einem Monat an der Akademie Schloss Solitude verbunden (Feb 2015)<\/span><\/li>\r\n<\/ul>\r\n<h4><\/h4>\r\n<h4 style=\"text-align: center;\"><span class=\"has-font-maison-neue-extended\" style=\"font-family: 'Maison Neue Extended';\"><strong>2015<\/strong><\/span><\/h4>\r\n<ul>\r\n \t<li><span class=\"has-font-reckless-light\" style=\"font-family: 'Reckless Regular';\">Hamed F. Abboud, Schriftsteller, Syrien\/\u00d6sterreich<\/span><\/li>\r\n \t<li><span class=\"has-font-reckless-light\" style=\"font-family: 'Reckless Regular';\">Catherine O'Brien, Schriftstellerin, Dublin\/Irland<\/span><\/li>\r\n \t<li><span class=\"has-font-reckless-light\" style=\"font-family: 'Reckless Regular';\">Reza Ghassemi, Schriftsteller und Musiker, Paris\/Frankreich<\/span><\/li>\r\n \t<li><span class=\"has-font-reckless-light\" style=\"font-family: 'Reckless Regular';\">Ahmed Hilal, Schriftsteller, Syrien\/T\u00fcrkei<\/span><\/li>\r\n \t<li><span class=\"has-font-reckless-light\" style=\"font-family: 'Reckless Regular';\">Ivana Sajko, Schriftstellerin, Zagreb\/Kroatien<\/span><\/li>\r\n<\/ul>\r\n<h4><\/h4>\r\n<h4 style=\"text-align: center;\"><span class=\"has-font-maison-neue-extended\" style=\"font-family: 'Maison Neue Extended';\"><strong>2016<\/strong><\/span><\/h4>\r\n<ul>\r\n \t<li><span class=\"has-font-reckless-light\" style=\"font-family: 'Reckless Regular';\">Hamad Hilal, Schriftsteller, Syrien<\/span><\/li>\r\n \t<li><span class=\"has-font-reckless-light\" style=\"font-family: 'Reckless Regular';\">Lina Attalah, Schriftstellerin und Journalistin, \u00c4gypten<\/span><\/li>\r\n \t<li><span class=\"has-font-reckless-light\" style=\"font-family: 'Reckless Regular';\">Ahmad Zatari, Schriftsteller, Journalist und \u00dcbersetzer, \u00c4gypten<\/span><\/li>\r\n \t<li><span class=\"has-font-reckless-light\" style=\"font-family: 'Reckless Regular';\">Emad Al Ahmad, Schriftsteller, Lyriker und \u00dcbersetzer, Syrien\/T\u00fcrkei<\/span><\/li>\r\n \t<li><span class=\"has-font-reckless-light\" style=\"font-family: 'Reckless Regular';\">Marcella Morgan, Schriftstellerin und Lyrikerin, Irland<\/span><\/li>\r\n \t<li><span class=\"has-font-reckless-light\" style=\"font-family: 'Reckless Regular';\">Freddy Sabimbona, Dramatiker und Theatermacher, Burundi<\/span><\/li>\r\n \t<li><span class=\"has-font-reckless-light\" style=\"font-family: 'Reckless Regular';\">Yasser Abu Shaqra, Schriftsteller und Dramatiker, Pal\u00e4stina\/Syrien<\/span><\/li>\r\n<\/ul>\r\n<h4><\/h4>\r\n<h4 style=\"text-align: center;\"><span class=\"has-font-maison-neue-extended\" style=\"font-family: 'Maison Neue Extended';\"><strong>2017<\/strong><\/span><\/h4>\r\n<ul>\r\n \t<li><span class=\"has-font-reckless-light\" style=\"font-family: 'Reckless Regular';\">Mayra Oyuela, Schriftstellerin, Honduras<\/span><\/li>\r\n \t<li><span class=\"has-font-reckless-light\" style=\"font-family: 'Reckless Regular';\">Farhaad Heidari Gooran, Schriftsteller, Herausgeber und Experimantalfilmemacher, Iran<\/span><\/li>\r\n \t<li><span class=\"has-font-reckless-light\" style=\"font-family: 'Reckless Regular';\">Isar Aboumahboub, Schriftsteller, Iran<\/span><\/li>\r\n \t<li><span class=\"has-font-reckless-light\" style=\"font-family: 'Reckless Regular';\">Dareen Tatour, Dichterin, Pal\u00e4stina<\/span><\/li>\r\n \t<li><span class=\"has-font-reckless-light\" style=\"font-family: 'Reckless Regular';\"><a href=\"https:\/\/www.akademie-solitude.de\/de\/person\/bogdan-cosa\/\"><span style=\"text-decoration: underline;\">Bogdan Co\u0219a<\/span><\/a>, Schriftsteller, Rum\u00e4nien; das Stipendium ist mit einem Aufenthalt von zwei Monaten an der Akademie Schloss Solitude verbunden (Okt\u2013Dez 2018)<\/span><\/li>\r\n \t<li><span class=\"has-font-reckless-light\" style=\"font-family: 'Reckless Regular';\">Dan Naciu, Schriftsteller, Rum\u00e4nien<\/span><\/li>\r\n \t<li><span class=\"has-font-reckless-light\" style=\"font-family: 'Reckless Regular';\">Noor Dakerli, Schriftsteller, Syrien<\/span><\/li>\r\n \t<li><span class=\"has-font-reckless-light\" style=\"font-family: 'Reckless Regular';\">Mohamed Saeed, Schriftsteller, Syrien<\/span><\/li>\r\n \t<li><span class=\"has-font-reckless-light\" style=\"font-family: 'Reckless Regular';\">Mohammad Masaad Asaad, Schriftsteller, Syrien\/Pal\u00e4stina\u200b<\/span><\/li>\r\n<\/ul>\r\n<h4><\/h4>\r\n<h4 style=\"text-align: center;\"><span class=\"has-font-maison-neue-extended\" style=\"font-family: 'Maison Neue Extended';\"><strong>2018<\/strong><\/span><\/h4>\r\n<ul>\r\n \t<li><span class=\"has-font-reckless-light\" style=\"font-family: 'Reckless Regular';\">Farhad Babaie, Schriftsteller, Iran<\/span><\/li>\r\n \t<li><span class=\"has-font-reckless-light\" style=\"font-family: 'Reckless Regular';\">Irina Bruma, Lyrikerin, Rum\u00e4nien<\/span><\/li>\r\n \t<li><span class=\"has-font-reckless-light\" style=\"font-family: 'Reckless Regular';\"><a href=\"https:\/\/www.akademie-solitude.de\/de\/person\/ebru-nihan-celkan\/\"><span style=\"text-decoration: underline;\">Ebru Nihan Celkan<\/span><\/a>, Dramatikerin und Schriftstellerin, T\u00fcrkei; das Stipendium ist mit einem Aufenthalt von drei Monaten an der Akademie Schloss Solitude verbunden (Jan\u2013M\u00e4r 2019)<\/span><\/li>\r\n \t<li><span class=\"has-font-reckless-light\" style=\"font-family: 'Reckless Regular';\">Karin Karakasli, Schriftstellerin, Lyrikerin und Kolumnistin, T\u00fcrkei<\/span><\/li>\r\n \t<li><span class=\"has-font-reckless-light\" style=\"font-family: 'Reckless Regular';\">Mirza Metin, Schriftsteller und Regisseur, T\u00fcrkei<\/span><\/li>\r\n \t<li><span class=\"has-font-reckless-light\" style=\"font-family: 'Reckless Regular';\">Fl\u00e1via P\u00e9ret, Schriftstellerin, Brasilien<\/span><\/li>\r\n<\/ul>\r\n<h4><\/h4>\r\n<h4 style=\"text-align: center;\"><span class=\"has-font-maison-neue-extended\" style=\"font-family: 'Maison Neue Extended';\"><strong>2019<\/strong><\/span><\/h4>\r\n<ul>\r\n \t<li><span class=\"has-font-reckless-light\" style=\"font-family: 'Reckless Regular';\">Matin Abedi, Lyrikerin, Iran<\/span><\/li>\r\n \t<li><span class=\"has-font-reckless-light\" style=\"font-family: 'Reckless Regular';\"><a href=\"https:\/\/www.akademie-solitude.de\/de\/person\/farah-barqawi\/\"><span style=\"text-decoration: underline;\">Farah Barqawi<\/span><\/a>, Autorin, Pal\u00e4stina\/\u00c4gypten; das Stipendium ist mit einem Aufenthalt von drei Monaten an der Akademie Schloss Solitude verbunden (Jan\u2013M\u00e4r 2020)<\/span><\/li>\r\n \t<li><span class=\"has-font-reckless-light\" style=\"font-family: 'Reckless Regular';\">Lavinia Braniste, Schriftstellerin, Rum\u00e4nien<\/span><\/li>\r\n \t<li><span class=\"has-font-reckless-light\" style=\"font-family: 'Reckless Regular';\">Medeea Iancu, Schriftstellerin und \u00dcbersetzerin, Rum\u00e4nien<\/span><\/li>\r\n \t<li><span class=\"has-font-reckless-light\" style=\"font-family: 'Reckless Regular';\">P\u0131nar \u00d6\u011f\u00fcn\u00e7, Autorin und Journalistin, T\u00fcrkei<\/span><\/li>\r\n<\/ul>\r\n<h4><\/h4>\r\n<h4 style=\"text-align: center;\"><span class=\"has-font-maison-neue-extended\" style=\"font-family: 'Maison Neue Extended';\"><strong>2020<\/strong><\/span><\/h4>\r\n<ul>\r\n \t<li><span class=\"has-font-reckless-light\" style=\"font-family: 'Reckless Regular';\">Manoranjan Byapari, Schriftsteller, Indien<\/span><\/li>\r\n \t<li><span class=\"has-font-reckless-light\" style=\"font-family: 'Reckless Regular';\">Amal Kaawach, Schriftstellerin und multidisziplin\u00e4re K\u00fcnstlerin, Pal\u00e4stina\/Libanon<\/span><\/li>\r\n \t<li><span class=\"has-font-reckless-light\" style=\"font-family: 'Reckless Regular';\"><span style=\"text-decoration: underline;\"><a href=\"https:\/\/www.akademie-solitude.de\/de\/person\/kenan-khadaj\/\">Kenan Khadaj<\/a><\/span>, Autor, Journalist und Aktivist, Syrien\/Deutschland; das Stipendium ist mit einem Aufenthalt von drei Monaten an der Akademie Schloss Solitude verbunden (Jan\u2013M\u00e4r 2021)<\/span><\/li>\r\n \t<li><span class=\"has-font-reckless-light\" style=\"font-family: 'Reckless Regular';\">Amahl Raphael Khouri, Dokumentartheater-Dramatiker*in, Jordanien\/Deutschland<\/span><\/li>\r\n \t<li><span class=\"has-font-reckless-light\" style=\"font-family: 'Reckless Regular';\">Vahid Vakilifar, Regisseur und Filmemacher, Iran<\/span><\/li>\r\n<\/ul>\r\n<h4><\/h4>\r\n<h4 style=\"text-align: center;\"><span class=\"has-font-maison-neue-extended\" style=\"font-family: 'Maison Neue Extended';\"><strong>2021<\/strong><\/span><\/h4>\r\n<ul>\r\n \t<li><span class=\"has-font-reckless-light\" style=\"font-family: 'Reckless Regular';\">Farnaz Haeri, \u00dcbersetzerin, Iran<\/span><\/li>\r\n \t<li><span class=\"has-font-reckless-light\" style=\"font-family: 'Reckless Regular';\"><a href=\"https:\/\/www.akademie-solitude.de\/de\/person\/najwa-sadi-juma\/\"><span style=\"text-decoration: underline;\">Najwa Sadi Juma<\/span><\/a>, Schriftstellerin, Lehrerin, Frauenaktivistin und \u00dcbersetzerin, Pal\u00e4stina; das Stipendium ist mit einem Aufenthalt von drei Monaten an der Akademie Schloss Solitude verbunden (Mai\u2013Aug 2022)<\/span><\/li>\r\n \t<li><span class=\"has-font-reckless-light\" style=\"font-family: 'Reckless Regular';\">Yang Licai, Dichter, Klangk\u00fcnstler und Aktivist, China<\/span><\/li>\r\n \t<li><span class=\"has-font-reckless-light\" style=\"font-family: 'Reckless Regular';\"> Victor Martinovich, Schriftsteller, Belarus <\/span><\/li>\r\n \t<li><span class=\"has-font-reckless-light\" style=\"font-family: 'Reckless Regular';\">Bhanwar Meghwanshi, Schriftsteller, Journalist und Aktivist, Indien<\/span><\/li>\r\n \t<li><span class=\"has-font-reckless-light\" style=\"font-family: 'Reckless Regular';\">Thorn Nay Soe, Schriftsteller und Regisseur, Myanmar <\/span><\/li>\r\n<\/ul>\r\n<h4><\/h4>\r\n<h4 style=\"text-align: center;\"><span class=\"has-font-maison-neue-extended\"><strong>2022<\/strong><\/span><\/h4>\r\n<ul>\r\n \t<li><span class=\"has-font-reckless-light\" style=\"font-family: Reckless Regular;\">Andrii Bondarenko, Dramatiker, Kultur- und Geschichtsforscher und Journalist, Ukraine<\/span><\/li>\r\n \t<li><span class=\"has-font-reckless-light\" style=\"font-family: Reckless Regular;\"><a href=\"https:\/\/www.akademie-solitude.de\/de\/person\/uliana-bychenkova\/\"><span style=\"text-decoration: underline;\">Uliana Bychenkova<\/span><\/a>, K\u00fcnstlerin, Kuratorin, Buchdesignerin, Ukraine (M\u00e4r\u2013Mai 2022)<\/span><\/li>\r\n \t<li><span class=\"has-font-reckless-light\" style=\"font-family: Reckless Regular;\">Nataljia Klutscharjowa, Schriftstellerin, Russland<\/span><\/li>\r\n \t<li><span class=\"has-font-reckless-light\" style=\"font-family: Reckless Regular;\">Oleh Kotsarev, Dichter, Prosaist, Journalist und \u00dcbersetzer, Ukraine<\/span><\/li>\r\n \t<li><span class=\"has-font-reckless-light\" style=\"font-family: Reckless Regular;\"><a href=\"https:\/\/www.akademie-solitude.de\/de\/person\/victoria-lomasko\/\"><span style=\"text-decoration: underline;\">Victoria Lomasko<\/span><\/a>, K\u00fcnstlerin und Graphic Novelist, Russland (Jun\u2013Sep 2022)<\/span><\/li>\r\n \t<li><span class=\"has-font-reckless-light\" style=\"font-family: Reckless Regular;\">Kirill Medvedev, \u00dcbersetzer, Dichter, Musiker und Aktivist, und Anna Moiseenko, Regisseurin, Russland (Nov 2022\u2013Feb 2023)<\/span><\/li>\r\n \t<li><span class=\"has-font-reckless-light\" style=\"font-family: Reckless Regular;\"><a href=\"https:\/\/www.akademie-solitude.de\/de\/person\/anna-scherbyna\/\"><span style=\"text-decoration: underline;\">Anna Scherbyna<\/span><\/a>, K\u00fcnstlerin, Illustratorin und Kuratorin, Ukraine (M\u00e4r\u2013Mai 2022)<\/span><\/li>\r\n \t<li><span class=\"has-font-reckless-light\" style=\"font-family: Reckless Regular;\"><a href=\"https:\/\/www.akademie-solitude.de\/de\/person\/maryna-smilianets\/\"><span style=\"text-decoration: underline;\">Maryna Smilianets<\/span><\/a>, Dramatikerin, Drehbuchautorin, Journalistin und Schauspielerin, Ukraine (M\u00e4r\u2013Mai 2022)<\/span><\/li>\r\n \t<li><span class=\"has-font-reckless-light\" style=\"font-family: Reckless Regular;\"><a href=\"https:\/\/www.akademie-solitude.de\/de\/person\/luda-tymoshenko\/\"><span style=\"text-decoration: underline;\">Luda Tymoshenko<\/span><\/a>, Dramatikerin, Drehbuchautorin, K\u00fcnstlerin und Universit\u00e4tsdozentin, Ukraine (M\u00e4r\u2013Mai 2022)<\/span><\/li>\r\n<\/ul>\r\n<h4><\/h4>\r\n<h4 style=\"text-align: center;\"><span class=\"has-font-maison-neue-extended\"><strong>2023<\/strong><\/span><\/h4>\r\n<ul>\r\n \t<li><span class=\"has-font-reckless-light\" style=\"font-family: Reckless Regular;\">Yuliia Iliukhas, Schriftstellerin, Journalistin und Kolumnistin, Ukraine (Apr\u2013Jul 2023)<\/span><\/li>\r\n<\/ul>\r\n<h4><\/h4>\r\n<h4 style=\"text-align: center;\">2024<\/h4>\r\n<ul>\r\n \t<li><span class=\"has-font-reckless-light\" style=\"font-family: 'Reckless Regular';\"><span style=\"text-decoration: underline;\"><a href=\"https:\/\/www.akademie-solitude.de\/de\/person\/lena-lagushonkova\/\">Lena Lagushonkova<\/a><\/span>, Dramatikerin, Drehbuchautorin und Schriftstellerin, Ukraine (Okt\u2013Dez 2024)\u00a0<\/span>\r\n<h4 style=\"text-align: center;\">2025<\/h4>\r\n<\/li>\r\n \t<li><span class=\"has-font-reckless-light\" style=\"font-family: Reckless Regular;\"><a href=\"https:\/\/www.akademie-solitude.de\/de\/person\/djo-ngeleka\/\"><span style=\"text-decoration: underline;\">Djo Ngeleka<\/span><\/a>, Dramatiker, Theaterregisseur und Schauspieler, Demokratische Republik Kongo (Dez 2025\u2013Feb 2026)<\/span><\/li>\r\n \t<li><span class=\"has-font-reckless-light\" style=\"font-family: Reckless Regular;\"><span class=\"has-font-reckless-light\" style=\"font-family: Reckless Regular;\"><a href=\"https:\/\/www.akademie-solitude.de\/de\/person\/alina-sarnatska\/\"><span style=\"text-decoration: underline;\">Alina Sarnatska<\/span><\/a>, Dramatikerin, Schriftstellerin, Radiomoderatorin und Kriegsveteranin, Ukraine (Sep\u2013Nov2025)\u00a0\u00a0\u00a0 \u00a0<\/span><\/span><\/li>\r\n<\/ul>"}],"intro_preview_headline":"Jean-Jacques-Rousseau-Stipendium","intro_preview_txt":"Mit dem 2011 gegr\u00fcndeten Jean-Jacques-Rousseau-Stipendienprogramm sollen Schriftsteller oder Schriftstellerinnen finanziell unterst\u00fctzt werden, die sich in einer Notsituation befinden, ganz gleich ob aus politischen, \u00f6konomischen oder aus anderen Gr\u00fcnden. Dieses Stipendium soll ihnen die M\u00f6glichkeit geben, ihre literarische Arbeit unter besseren Bedingungen voranzutreiben. Der F\u00f6rderer dieses Programms ist ein Stuttgarter B\u00fcrger, der mit diesem besonderen Stipendium einen Beitrag zur Literatur unserer Zeit leisten und nicht genannt werden m\u00f6chte.","intro_preview_img":"","page_program_data":349},"_links":{"self":[{"href":"https:\/\/www.akademie-solitude.de\/de\/wp-json\/wp\/v2\/pages\/24322","targetHints":{"allow":["GET"]}}],"collection":[{"href":"https:\/\/www.akademie-solitude.de\/de\/wp-json\/wp\/v2\/pages"}],"about":[{"href":"https:\/\/www.akademie-solitude.de\/de\/wp-json\/wp\/v2\/types\/page"}],"author":[{"embeddable":true,"href":"https:\/\/www.akademie-solitude.de\/de\/wp-json\/wp\/v2\/users\/8"}],"replies":[{"embeddable":true,"href":"https:\/\/www.akademie-solitude.de\/de\/wp-json\/wp\/v2\/comments?post=24322"}],"version-history":[{"count":3,"href":"https:\/\/www.akademie-solitude.de\/de\/wp-json\/wp\/v2\/pages\/24322\/revisions"}],"predecessor-version":[{"id":45001,"href":"https:\/\/www.akademie-solitude.de\/de\/wp-json\/wp\/v2\/pages\/24322\/revisions\/45001"}],"up":[{"embeddable":true,"href":"https:\/\/www.akademie-solitude.de\/de\/wp-json\/wp\/v2\/pages\/3649"}],"acf:term":[{"embeddable":true,"taxonomy":"program","href":"https:\/\/www.akademie-solitude.de\/de\/wp-json\/wp\/v2\/program\/349"}],"wp:featuredmedia":[{"embeddable":true,"href":"https:\/\/www.akademie-solitude.de\/de\/wp-json\/wp\/v2\/media\/9772"}],"wp:attachment":[{"href":"https:\/\/www.akademie-solitude.de\/de\/wp-json\/wp\/v2\/media?parent=24322"}],"curies":[{"name":"wp","href":"https:\/\/api.w.org\/{rel}","templated":true}]}}