{"id":41224,"date":"2024-09-13T11:51:36","date_gmt":"2024-09-13T09:51:36","guid":{"rendered":"https:\/\/www.akademie-solitude.de\/?page_id=41224"},"modified":"2026-03-09T14:23:08","modified_gmt":"2026-03-09T13:23:08","slug":"policy-of-respect","status":"publish","type":"page","link":"https:\/\/www.akademie-solitude.de\/de\/akademie\/policy-of-respect\/","title":{"rendered":"Policy of Respect"},"content":{"rendered":"","protected":false},"excerpt":{"rendered":"","protected":false},"author":4,"featured_media":0,"parent":91,"menu_order":15,"comment_status":"closed","ping_status":"closed","template":"","meta":{"_acf_changed":false,"inline_featured_image":false,"footnotes":""},"class_list":["post-41224","page","type-page","status-publish","hentry"],"acf":{"bgcolor":"has-bg-red","bgcolor_custom":"","custom_color_css_variable":"","content_type":[{"acf_fc_layout":"content_txt","_acfe_flexible_layout_title":null,"acfe_flexible_layout_title":"Text","bgcolor":"has-bg-red","bgcolor_custom":"rgb(255,255,255)","layout_col_size":8,"txt_cols":"is-1-txtcol","txt":"<h5 style=\"text-align: center;\">Richtlinie zum respektvollen Umgang<\/h5>\r\nDie Akademie Schloss Solitude ist eine internationale Institution, die ein Ort des Arbeitens und Zusammenlebens fu\u0308r Ku\u0308nstler*innen und Wissenschaftler*innen ist und einen Raum des Austauschs und der Zusammenarbeit erm\u00f6glicht. Sie versteht sich als eine vielf\u00e4ltige Gemeinschaft von Menschen mit unterschiedlichen kulturellen Erfahrungen und Expertisen. Diese Vielfalt unter Stipendiat*innen, Mitarbeiter*innen und G\u00e4sten ist das Fundament fu\u0308r eine freie ku\u0308nstlerische und wissenschaftliche Zusammenarbeit, die es zu schu\u0308tzen und zu f\u00f6rdern gilt.\r\n\r\nBasierend auf ihrem Leitbild<sup class=\"is-footnote\">1<\/sup> ist die Akademie Schloss Solitude sich ihrer gesellschaftlichen und pers\u00f6nlichen Verantwortung bewusst und gibt sich als Gemeinschaft daher in Form einer Selbstverpflichtung diese Policy of Respect (Richtlinie zum respektvollen Umgang). Sie umfasst Grunds\u00e4tze fu\u0308r ein nicht-diskriminierendes, faires und nachhaltiges Verhalten in den zwischenmenschlichen und professionellen Beziehungen sowie im allt\u00e4glichen Umgang miteinander.\r\n\r\nDie Akademie setzt sich fu\u0308r Gleichbehandlung, einen offenen Dialog und gegenseitiges Verst\u00e4ndnis sowie die F\u00f6rderung des Gemeinwohls durch die nachhaltige Nutzung von Ressourcen ein. In diesem Sinne ist sie bestrebt, ein freies, sicheres, inklusives und erm\u00e4chtigendes Arbeitsumfeld zu schaffen, in dem Unterschiede gesch\u00e4tzt und akzeptiert werden und Solidarit\u00e4t und gegenseitiger Respekt gef\u00f6rdert werden. Sie erkennt die vielf\u00e4ltigen Kenntnisse, Erfahrungen und Bestrebungen der Gemeinschaft an und versteht die Richtlinie zum respektvollen Umgang als Teil eines kollektiven Lernprozesses. Der Austausch mit und das Miteinbeziehen der Expertise von marginalisierten Akteur*innen ist dabei zentraler Bestandteil. Die Richtlinie zum respektvollen Umgang gilt fu\u0308r alle Mitarbeiter*innen, Stipendiat*innen, Jurymitglieder, Kooperationspartner*innen, G\u00e4ste und externe Dienstleister*innen der Akademie Schloss Solitude. Alle genannten Personen sollten bereit sein, Verantwortung fu\u0308r das eigene Handeln zu u\u0308bernehmen."},{"acf_fc_layout":"content_txt","_acfe_flexible_layout_title":null,"acfe_flexible_layout_title":"Text","bgcolor":"has-bg-red","bgcolor_custom":"","layout_col_size":12,"txt_cols":"is-1-txtcol","txt":"<span class=\"has-font-maison-neue has-font-maison-neue-extended\" style=\"font-family: Maison Neue Extended;\">Respektvoller Umgang miteinander<\/span>\r\n\r\n<span class=\"has-font-reckless-light\" style=\"font-family: Reckless Regular;\">Die Akademie Schloss Solitude setzt sich fu\u0308r einen respektvollen Umgang miteinander und gegen unangemessenes Verhalten und Diskriminierung ein. Sie verpflichtet sich zur Einhaltung der Europ\u00e4ischen Menschenrechtskonvention<sup class=\"is-footnote\">2<\/sup> sowie des Allgemeinen Gleichbehandlungsgesetzes (AGG) der Bundesrepublik Deutschland<sup class=\"is-footnote\">3<\/sup>.\r\nUnangemessenes Verhalten umfasst, ist jedoch nicht beschr\u00e4nkt auf:<\/span>\r\n<ul>\r\n \t<li><span class=\"has-font-reckless-light\" style=\"font-family: Reckless Regular;\">Diskriminierung: jede Art von individueller, institutioneller oder kollektiver Beleidigung oder <\/span><span class=\"has-font-reckless-light\" style=\"font-family: Reckless Regular;\">Ungleichbehandlung (auch in subtiler oder verdeckter Form) aufgrund von Rassismus <\/span><span class=\"has-font-reckless-light\" style=\"font-family: Reckless Regular;\">(hinsichtlich \u00e4u\u00dferlicher und kultureller Merkmale, ethnischer Herkunft, Nationalit\u00e4t und des <\/span><span class=\"has-font-reckless-light\" style=\"font-family: Reckless Regular;\">Namens), sozialer Herkunft, Alphabetisierungsgrad\/Bildungsstand, Alter, <\/span><span class=\"has-font-reckless-light\" style=\"font-family: Reckless Regular;\">Religionszugeh\u00f6rigkeit, Geschlechtsidentit\u00e4t, Weltanschauung, Behinderung und sexueller <\/span><span class=\"has-font-reckless-light\" style=\"font-family: Reckless Regular;\">Orientierung;<\/span><\/li>\r\n \t<li><span class=\"has-font-reckless-light\" style=\"font-family: Reckless Regular;\">Aggression und Gewalt: verbale, psychische\/seelische oder physische Bel\u00e4stigung, <\/span><span class=\"has-font-reckless-light\" style=\"font-family: Reckless Regular;\">Drohungen oder Angriffe;<\/span><\/li>\r\n \t<li><span class=\"has-font-reckless-light\" style=\"font-family: Reckless Regular;\">sexuelle Bel\u00e4stigung: jede Form von verbalem, nonverbalem oder physischem Verhalten <\/span><span class=\"has-font-reckless-light\" style=\"font-family: Reckless Regular;\">sexueller Natur, das bedr\u00e4ngend, beleidigend, abwertend, demu\u0308tigend oder von der <\/span><span class=\"has-font-reckless-light\" style=\"font-family: Reckless Regular;\">betroffenen Person unerwu\u0308nscht ist;<\/span><\/li>\r\n \t<li><span class=\"has-font-reckless-light\" style=\"font-family: Reckless Regular;\">Mobbing: wiederholtes und u\u0308ber einen l\u00e4ngeren Zeitraum andauerndes angreifendes oder <\/span><span class=\"has-font-reckless-light\" style=\"font-family: Reckless Regular;\">demu\u0308tigendes Verhalten wie Bel\u00e4stigung, Verspottung, Verharmlosung (\u00bbGaslighting\u00ab) und <\/span><span class=\"has-font-reckless-light\" style=\"font-family: Reckless Regular;\">Ausgrenzung, welches die Wu\u0308rde einer Person beeintr\u00e4chtigt, das Gegenu\u0308ber gezielt und <\/span><span class=\"has-font-reckless-light\" style=\"font-family: Reckless Regular;\">systematisch verletzt sowie abwertet oder isoliert;<\/span><\/li>\r\n \t<li><span class=\"has-font-reckless-light\" style=\"font-family: Reckless Regular;\">Machtmissbrauch: Missbrauch einer Machtposition, um anderen Personen \u2013 u\u0308ber die man <\/span><span class=\"has-font-reckless-light\" style=\"font-family: Reckless Regular;\">Macht ausu\u0308ben kann \u2013 zu schaden, sie zu schikanieren oder zu benachteiligen oder um sich <\/span><span class=\"has-font-reckless-light\" style=\"font-family: Reckless Regular;\">selbst oder Gu\u0308nstlingen pers\u00f6nliche Vorteile zu verschaffen.<\/span><\/li>\r\n<\/ul>\r\n<span class=\"has-font-reckless-light\" style=\"font-family: Reckless Regular;\">Die Akademie beru\u0308cksichtigt mit dieser Richtlinie insbesondere die spezifischen Erfahrungen von <\/span><span class=\"has-font-reckless-light\" style=\"font-family: Reckless Regular;\">Anti-Schwarzem Rassismus, Antisemitismus, antimuslimischem Rassismus, antiasiatischem <\/span><span class=\"has-font-reckless-light\" style=\"font-family: Reckless Regular;\">Rassismus, Antiziganismus und Ableismus ebenso wie Sexismus und Queerfeindlichkeit in all ihren <\/span><span class=\"has-font-reckless-light\" style=\"font-family: Reckless Regular;\">individuellen und strukturellen Formen.<sup class=\"is-footnote\">4<\/sup> Auch im Rahmen der Kunst- und Meinungsfreiheit ist das <\/span><span class=\"has-font-reckless-light\" style=\"font-family: Reckless Regular;\">Pers\u00f6nlichkeitsrecht Dritter zu beachten.<\/span>\r\n<span class=\"has-font-reckless-light\" style=\"font-family: Reckless Regular;\">Im Umgang mit F\u00e4llen der Diskriminierung bzw. der Missachtung der Richtlinie zum respektvollen <\/span><span class=\"has-font-reckless-light\" style=\"font-family: Reckless Regular;\">Umgang steht die Wahrnehmung des Betroffenen im Mittelpunkt. Die Akademie erkennt an, dass <\/span><span class=\"has-font-reckless-light\" style=\"font-family: Reckless Regular;\">Diskriminierung physische, emotionale und seelische Auswirkungen haben kann und f\u00f6rdert ein unterstu\u0308tzendes Umfeld fu\u0308r den Austausch, die freie \u00c4u\u00dferung und die Verarbeitung von <\/span><span class=\"has-font-reckless-light\" style=\"font-family: Reckless Regular;\">Erfahrungen.<\/span>"},{"acf_fc_layout":"content_txt","_acfe_flexible_layout_title":null,"acfe_flexible_layout_title":"Text","bgcolor":"has-bg-red","bgcolor_custom":"","layout_col_size":12,"txt_cols":"is-1-txtcol","txt":"<span class=\"has-font-maison-neue-extended\" style=\"font-family: Maison Neue Extended;\">Respekt fu\u0308r Umwelt und Gemeinschaft<\/span>\r\n\r\n<span class=\"has-font-reckless-light\" style=\"font-family: Reckless Regular;\">Zu einer sozial verantwortlichen Gemeinschaft geh\u00f6rt auch ein respektvoller und nachhaltiger Umgang mit Eigentum, R\u00e4umlichkeiten und Ressourcen. Die Akademie strebt einen fairen, nachhaltigen und klimafreundlichen Umgang mit Ressourcen sowie ein langfristig \u00f6konomisch und \u00f6kologisch faires Verhalten an, um dem Gemeinwohl bestm\u00f6glich zu dienen. Dies umfasst die folgenden Aspekte:<\/span>\r\n<ul>\r\n \t<li><span class=\"has-font-reckless-light\" style=\"font-family: Reckless Regular;\">\u00f6kologisch achtsamer und nachhaltiger Umgang mit Materialien, Technik, Gegenst\u00e4nden und <\/span><span class=\"has-font-reckless-light\" style=\"font-family: Reckless Regular;\">Ressourcen an der Akademie; dazu geh\u00f6ren z. B. der sparsame Umgang mit Strom und <\/span><span class=\"has-font-reckless-light\" style=\"font-family: Reckless Regular;\">Wasser, Abfalltrennung und Recycling sowie die m\u00f6glichst weitgehende Wiederverwendung <\/span><span class=\"has-font-reckless-light\" style=\"font-family: Reckless Regular;\">von Gegenst\u00e4nden und Materialien;<\/span><\/li>\r\n \t<li><span class=\"has-font-reckless-light\" style=\"font-family: Reckless Regular;\">respektvoller und ru\u0308cksichtsvoller Umgang mit dem Eigentum und den R\u00e4umlichkeiten der <\/span><span class=\"has-font-reckless-light\" style=\"font-family: Reckless Regular;\">Akademie; dazu geh\u00f6rt z. B. die Pflege und Sauberkeit der pers\u00f6nlichen und <\/span><span class=\"has-font-reckless-light\" style=\"font-family: Reckless Regular;\">gemeinschaftlich genutzten R\u00e4ume und Gegenst\u00e4nde;<\/span><\/li>\r\n \t<li><span class=\"has-font-reckless-light\" style=\"font-family: Reckless Regular;\">respektvoller und ru\u0308cksichtsvoller Umgang mit dem Eigentum und den R\u00e4umlichkeiten der <\/span><span class=\"has-font-reckless-light\" style=\"font-family: Reckless Regular;\">Stipendiat*innen; dazu geh\u00f6ren z. B. die Wahrung der Privatsph\u00e4re, verbindliche Absprachen <\/span><span class=\"has-font-reckless-light\" style=\"font-family: Reckless Regular;\">und respektvoller Umgang bei der Nutzung fremden Eigentums, Respekt und Toleranz <\/span><span class=\"has-font-reckless-light\" style=\"font-family: Reckless Regular;\">gegenu\u0308ber den Bedu\u0308rfnissen des Einzelnen und der Gemeinschaft;<\/span><\/li>\r\n \t<li><span class=\"has-font-reckless-light\" style=\"font-family: Reckless Regular;\">die faire und nachhaltige Zusammenarbeit mit Partner*innen und Dienstleister*innen, <\/span><span class=\"has-font-reckless-light\" style=\"font-family: Reckless Regular;\">basierend auf Transparenz, Respekt und der F\u00f6rderung von \u00f6kologischer Gerechtigkeit in <\/span><span class=\"has-font-reckless-light\" style=\"font-family: Reckless Regular;\">internationalen Kulturbeziehungen.<\/span><\/li>\r\n<\/ul>"},{"acf_fc_layout":"content_txt","_acfe_flexible_layout_title":null,"acfe_flexible_layout_title":"Text","bgcolor":"has-bg-red","bgcolor_custom":"","layout_col_size":12,"txt_cols":"is-1-txtcol","txt":"<span class=\"has-font-maison-neue-extended\" style=\"font-family: Maison Neue Extended;\">Vertrauenspersonen<\/span>\r\n\r\n<span class=\"has-font-reckless-light\" style=\"font-family: Reckless Regular;\">An der Akademie Schloss Solitude gibt es akademieinterne Vertrauenspersonen, f\u00fcr die Stipendiat*innen, die zur Verfu\u0308gung stehen, um F\u00e4lle der Verletzung der Richtlinien zu behandeln und Fragen, Konflikte oder andere Probleme vertrauensvoll anzusprechen. Die Akademie verpflichtet sich, proaktiv gegen unangemessenes Verhalten und Diskriminierungen jeglicher Art vorzugehen sowie Betroffene bestm\u00f6glich in ihren Bedu\u0308rfnissen zu unterstu\u0308tzen. Die Vertrauenspersonen sind zwei Mitarbeiter*innen des Teams der Akademie, die nicht zur Leitung geh\u00f6ren und in regelm\u00e4\u00dfigen Abst\u00e4nden wechseln. N\u00e4here Angaben zu den Vertrauenspersonen finden sich auf der Website und dem hausinternen Welcome Board der Akademie Schloss Solitude.<sup class=\"is-footnote\">5<\/sup><\/span>\r\n\r\n<span class=\"has-font-reckless-light\" style=\"font-family: Reckless Regular;\">In F\u00e4llen der Missachtung der Richtlinie zum respektvollen Umgang k\u00f6nnen sich Betroffene wie <\/span><span class=\"has-font-reckless-light\" style=\"font-family: Reckless Regular;\">auch Beobachtende per Mail, pers\u00f6nlich oder u\u0308ber die hausinterne Feedback-Box entweder an die <\/span><span class=\"has-font-reckless-light\" style=\"font-family: Reckless Regular;\">Vertrauenspersonen oder an die Akademieleitung wenden. <\/span><span class=\"has-font-reckless-light\" style=\"font-family: Reckless Regular;\">Die Vertrauenspersonen bzw. die Akademieleitung verpflichten sich zur Diskretion in der Behandlung aller F\u00e4lle und zum Respekt der Privatsph\u00e4re aller Beteiligten.<\/span>\r\n\r\n<span class=\"has-font-reckless-light\" style=\"font-family: Reckless Regular;\">F\u00e4lle werden grunds\u00e4tzlich nicht innerhalb der Gemeinschaft der Akademie geteilt, es sei denn, dies erscheint in Ausnahmef\u00e4llen notwendig zu Zwecken des Schutzes und der Pr\u00e4vention. Bei F\u00e4llen der Missachtung der Richtlinie fu\u0308r einen respektvollen Umgang werden folgende Grunds\u00e4tze von den Vertrauenspersonen bzw. der Akademieleitung eingehalten:<\/span>\r\n<ul>\r\n \t<li><span class=\"has-font-reckless-light\" style=\"font-family: Reckless Regular;\">Allen Beteiligten wird zugeh\u00f6rt.<\/span><\/li>\r\n \t<li><span class=\"has-font-reckless-light\" style=\"font-family: Reckless Regular;\">Die Vertrauenspersonen bzw. die Akademieleitung werden in Absprache mit den Betroffenen <\/span><span class=\"has-font-reckless-light\" style=\"font-family: Reckless Regular;\">versuchen, Konflikte zu schlichten und zu l\u00f6sen.<\/span><\/li>\r\n \t<li><span class=\"has-font-reckless-light\" style=\"font-family: Reckless Regular;\">Bei Nicht-L\u00f6sung eines Konflikts werden die Vertrauenspersonen in Absprache mit den <\/span><span class=\"has-font-reckless-light\" style=\"font-family: Reckless Regular;\">Betroffenen die Leitung der Akademie informieren und ggf. in Absprache mit der <\/span><span class=\"has-font-reckless-light\" style=\"font-family: Reckless Regular;\">Akademieleitung externe Beratung hinzuziehen.<\/span><\/li>\r\n \t<li><span class=\"has-font-reckless-light\" style=\"font-family: Reckless Regular;\">Bei Fragen oder Anliegen, die nicht von der Akademie ad\u00e4quat behandelt werden k\u00f6nnen, <\/span><span class=\"has-font-reckless-light\" style=\"font-family: Reckless Regular;\">wird bei Bedarf professionelle Beratung in Anspruch genommen.<\/span><\/li>\r\n<\/ul>\r\n<span class=\"has-font-reckless-light\" style=\"font-family: Reckless Regular;\">Die Akademieleitung kann bei nachgewiesener Missachtung oder Verletzung der Richtlinien weitere Ma\u00dfnahmen oder Sanktionen ergreifen. Diese werden bemessen nach dem Grad der Missachtung oder Verletzung und k\u00f6nnen verschiedene Schritte enthalten: formelle Verwarnungen, verpflichtende Teilnahme an diskriminierungssensiblen Workshops, voru\u0308bergehende Suspendierung oder Beurlaubung, Beendigung\/Aufl\u00f6sung von Vertr\u00e4gen, Beendigung des Stipendienverh\u00e4ltnisses (in Absprache mit dem Stiftungsrat) sowie des Aufenthalts auf Solitude, Beendigung der Juror*innent\u00e4tigkeit, Hausverbot, polizeiliche Anzeige.<\/span>"},{"acf_fc_layout":"content_txt","_acfe_flexible_layout_title":null,"acfe_flexible_layout_title":"Text","bgcolor":"has-bg-red","bgcolor_custom":"","layout_col_size":12,"txt_cols":"is-1-txtcol","txt":"<span class=\"has-font-maison-neue-extended\" style=\"font-family: Maison Neue Extended;\">Beschwerdestelle nach dem Allgemeinen Gleichbehandlungsgesetz (AGG)<\/span>\r\n\r\n<span class=\"has-font-reckless-light\" style=\"font-family: Reckless Regular;\">Neben den Vertrauenspersonen hat die Akademie Schloss Solitude eine Beschwerdestelle nach \u00a7 13 Allgemeines Gleichbehandlungsgesetz (AGG) eingerichtet. Die Beschwerdestelle ist fu\u0308r Verst\u00f6\u00dfe gegen das AGG zust\u00e4ndig, insbesondere fu\u0308r Benachteiligungen und Bel\u00e4stigungen, die einen Zusammenhang mit einem Besch\u00e4ftigungsverh\u00e4ltnis aufweisen.<sup class=\"is-footnote\">6<\/sup>\r\nDie Beschwerdestelle besteht aus der Verwaltungsleitung.<sup class=\"is-footnote\">7<\/sup><\/span>"},{"acf_fc_layout":"content_txt","_acfe_flexible_layout_title":null,"acfe_flexible_layout_title":"Text","bgcolor":"has-bg-red","bgcolor_custom":"","layout_col_size":12,"txt_cols":"is-1-txtcol","txt":"<span class=\"has-font-maison-neue-extended\" style=\"font-family: Maison Neue Extended;\">Lernende Institution<\/span>\r\n\r\n<span class=\"has-font-reckless-light\" style=\"font-family: Reckless Regular;\">Die Richtlinie wurde von der Akademie Schloss Solitude in Zusammenarbeit mit Stipendiat*innen und externen Expert*innen erarbeitet. Sie wird regelm\u00e4\u00dfig u\u0308berpru\u0308ft und angepasst, um sicherzustellen, dass sie angemessen und praktikabel ist. Die Akademie versteht sich als lernende Institution. Sie erkennt die vielf\u00e4ltigen Kenntnisse, Erfahrungen und Bestrebungen ihrer Gemeinschaft an und l\u00e4dt sie ein, sich an diesem Prozess zu beteiligen. Ru\u0308ckmeldungen und Fragen zur Richtlinie k\u00f6nnen an die Akademieleitung oder an die Vertrauenspersonen gerichtet werden.<\/span>\r\n\r\n&nbsp;\r\n\r\n<span class=\"has-font-maison-neue-extended\" style=\"font-family: Maison Neue Extended;\">DANKE<\/span>\r\n\r\n<span class=\"has-font-reckless-light\" style=\"font-family: Reckless Regular;\">dass Sie sich die Zeit genommen haben, die Richtlinie zu lesen und an einem respektvollen und antidiskriminierenden Zusammenleben und -arbeiten an der Akademie Schloss Solitude mitzuwirken.<\/span>\r\n\r\n<span class=\"has-font-reckless-light\" style=\"font-family: Reckless Regular;\">Stuttgart, 31. Mai 2024<\/span>"},{"acf_fc_layout":"content_footnotes","_acfe_flexible_layout_title":null,"acfe_flexible_layout_title":"Fu\u00dfnoten","bgcolor":"","footnotes_list_hide_numbers":false,"footnotes":[{"footnote":"<a href=\"https:\/\/www.akademie-solitude.de\/de\/akademie\/leitbild\/\">https:\/\/www.akademie-solitude.de\/de\/akademie\/leitbild\/<\/a>"},{"footnote":"<a href=\"https:\/\/www.echr.coe.int\/documents\/d\/echr\/convention_deu\">https:\/\/www.echr.coe.int\/documents\/d\/echr\/convention_deu<\/a>"},{"footnote":"<a href=\"https:\/\/www.antidiskriminierungsstelle.de\/SharedDocs\/downloads\/DE\/publikationen\/AGG\/agg_gleichbehandlungsgesetz.pdf?__blob=publicationFile\">https:\/\/www.antidiskriminierungsstelle.de\/SharedDocs\/downloads\/DE\/publikationen\/AGG\/agg_gleichbehandlungsgesetz.pdf?__blob=publicationFile<\/a>"},{"footnote":"Die Definitionen dieser Begriffe basieren ma\u00dfgeblich auf den Ver\u00f6ffentlichungen der Antidiskriminierungsstelle des Landes Baden-Wu\u0308rttemberg: <a href=\"https:\/\/sozialministerium.baden-wuerttemberg.de\/de\/ministerium\/lads-baden-wuerttemberg\">https:\/\/sozialministerium.baden-wuerttemberg.de\/de\/ministerium\/lads-baden-wuerttemberg<\/a>\r\nsowie der Bundeszentrale fu\u0308r politische Bildung: <a href=\"https:\/\/www.bpb.de\">https:\/\/www.bpb.de<\/a>."},{"footnote":"<a href=\"https:\/\/www.akademie-solitude.de\/de\/person_type\/mitarbeiterinnen\/\">https:\/\/www.akademie-solitude.de\/de\/person_type\/mitarbeiterinnen\/<\/a>"},{"footnote":"\u00dcber die Verfahren der Beschwerdestelle nach AGG:\r\n<a href=\"https:\/\/www.antidiskriminierungsstelle.de\/SharedDocs\/downloads\/DE\/publikationen\/Expertisen\/expertise_beschwerdestelle_und_beschwerdeverfahren.html\">https:\/\/www.antidiskriminierungsstelle.de\/SharedDocs\/downloads\/DE\/publikationen\/Expertisen\/expertise_beschwerdestelle_und_beschwerdeverfahren.html<\/a>"},{"footnote":"<a href=\"https:\/\/www.akademie-solitude.de\/de\/person_type\/mitarbeiterinnen\/\">https:\/\/www.akademie-solitude.de\/de\/person_type\/mitarbeiterinnen\/<\/a>"}]}],"intro_preview_headline":"","intro_preview_txt":"","intro_preview_img":""},"_links":{"self":[{"href":"https:\/\/www.akademie-solitude.de\/de\/wp-json\/wp\/v2\/pages\/41224","targetHints":{"allow":["GET"]}}],"collection":[{"href":"https:\/\/www.akademie-solitude.de\/de\/wp-json\/wp\/v2\/pages"}],"about":[{"href":"https:\/\/www.akademie-solitude.de\/de\/wp-json\/wp\/v2\/types\/page"}],"author":[{"embeddable":true,"href":"https:\/\/www.akademie-solitude.de\/de\/wp-json\/wp\/v2\/users\/4"}],"replies":[{"embeddable":true,"href":"https:\/\/www.akademie-solitude.de\/de\/wp-json\/wp\/v2\/comments?post=41224"}],"version-history":[{"count":3,"href":"https:\/\/www.akademie-solitude.de\/de\/wp-json\/wp\/v2\/pages\/41224\/revisions"}],"predecessor-version":[{"id":44875,"href":"https:\/\/www.akademie-solitude.de\/de\/wp-json\/wp\/v2\/pages\/41224\/revisions\/44875"}],"up":[{"embeddable":true,"href":"https:\/\/www.akademie-solitude.de\/de\/wp-json\/wp\/v2\/pages\/91"}],"wp:attachment":[{"href":"https:\/\/www.akademie-solitude.de\/de\/wp-json\/wp\/v2\/media?parent=41224"}],"curies":[{"name":"wp","href":"https:\/\/api.w.org\/{rel}","templated":true}]}}