{"id":13164,"date":"2020-07-09T17:29:23","date_gmt":"2020-07-09T15:29:23","guid":{"rendered":"https:\/\/www.akademie-solitude.de\/?post_type=person&#038;p=13164"},"modified":"2025-06-12T19:30:09","modified_gmt":"2025-06-12T17:30:09","slug":"mounir-saeed","status":"publish","type":"person","link":"https:\/\/www.akademie-solitude.de\/de\/person\/mounir-saeed\/","title":{"rendered":"Mounir Saeed"},"content":{"rendered":"","protected":false},"author":8,"featured_media":0,"template":"","meta":{"_acf_changed":false,"inline_featured_image":false},"person_type":[57],"program":[346],"practice_field":[133],"year_generation":[105,106],"class_list":["post-13164","person","type-person","status-publish","hentry","person_type-stipendiatinnen","program-solitude-stipendium","practice_field-auditiv-physisch","year_generation-105","year_generation-106"],"acf":{"person_id__old":"","person_name":{"person_name":"Mounir","person_middlename":"","person_surname":"Saeed"},"person_metadata":"","person_position":[57],"person_job":"","person_txt":"<div class=\"column is-12-mobile is-half-tablet has-padding-right-50-desktop content\">\r\n<div class=\"has-margin-top-20 has-margin-top-100-tablet person-bio content has-font-reckless-light\">\r\n\r\nMounir Saeed ist ein interdisziplin\u00e4rer K\u00fcnstler mit Wurzeln im zeitgen\u00f6ssischen Tanz. Als Absolvent des Cairo Contemporary Dance Workshop Program (2008\u20132011) arbeitete er mit einer Vielzahl \u00e4gyptischer und internationaler \u00a0Choreograf*innen zusammen. Sein erstes Solo, <em>The Game<\/em> (2009), feierte Premiere im Opernhaus Kairo und wurde mit dem Excellence Award ausgezeichnet.\r\n\r\nInternationale Anerkennung erlangte Saeed mit seinem Solo <em>What About Dante<\/em>, das von 2016 bis 2024 weltweit gezeigt wurde. Das St\u00fcck wurde 2016 beim 20. Internationalen Solo-Tanzfestival in Stuttgart mit dem dritten Preis ausgezeichnet und erhielt 2024 den Preis f\u00fcr das beste Thema beim Festival Teatri Riflessi auf Sizilien.\r\n\r\nSeine k\u00fcnstlerische Praxis wurde durch internationale Residenzen gepr\u00e4gt, darunter Les Bancs Publics \u2013 Festival Les Rencontres \u00e0 l\u2019\u00c9chelle (Frankreich), Dancing on the Edge (Niederlande) sowie durch eine Forschungsresidenz dank einer Initiative von Gare du Nord und At\u00e9lier Mondial (Schweiz). 2021 pr\u00e4sentierte er <em>Nemesis vs. Anubis vs. Everyone<\/em> auf der Biennale di Venezia. Zudem war er 2020 und 2022 Stipendiat der Akademie Schloss Solitude.\r\n\r\nSaeeds aktuelles Forschungsprojekt <em>Harmonic Chaos<\/em> untersucht die Beziehung zwischen Chaostheorie und Tanz. Mithilfe von Improvisation und kollektiver Bewegung erforscht er, wie aus scheinbarem Chaos neue Formen von Harmonie entstehen k\u00f6nnen. Sein Schaffen bewegt sich zwischen Performance und P\u00e4dagogik und erweitert kontinuierlich die M\u00f6glichkeiten k\u00f6rperlicher Ausdruckskraft und interdisziplin\u00e4ren Austauschs.\r\n\r\n2025 ist Mounir Saeed Stipendiat im Rahmen des transdisziplin\u00e4ren Stipendienprogramms \u00bbField Trip\u00ab \u2013 eine Kooperation zwischen der Akademie Schloss Solitude und dem Max-Planck-Institut f\u00fcr Verhaltensbiologie in Konstanz.\r\n\r\n<\/div>\r\n<\/div>","person_txt_short":"","person_img":42829,"person_website":"","person_links":null,"person_year":[105,106],"person_residencies":[{"person_stay_from":"20200401","person_stay_to":"20200930"},{"person_stay_from":"20220103","person_stay_to":"20220331"},{"person_stay_from":"20250501","person_stay_to":"20250630"}],"person_residency_sort_stay_from":null,"person_residency_sort_stay_to":null,"person_practice_field":[133],"person_program":[346],"person_locations":[{"person_city":"\u00c4gypten","person_country":"Kairo"}],"person_country":"","related_posts_event":[42593],"related_posts_news":[43439,43443],"related_posts_post":[33844],"related_posts_schlosspost":null,"person_fellow_juror_relation":[7104,7093,7109]},"_links":{"self":[{"href":"https:\/\/www.akademie-solitude.de\/de\/wp-json\/wp\/v2\/person\/13164","targetHints":{"allow":["GET"]}}],"collection":[{"href":"https:\/\/www.akademie-solitude.de\/de\/wp-json\/wp\/v2\/person"}],"about":[{"href":"https:\/\/www.akademie-solitude.de\/de\/wp-json\/wp\/v2\/types\/person"}],"author":[{"embeddable":true,"href":"https:\/\/www.akademie-solitude.de\/de\/wp-json\/wp\/v2\/users\/8"}],"acf:post":[{"embeddable":true,"href":"https:\/\/www.akademie-solitude.de\/de\/wp-json\/wp\/v2\/person\/7109"},{"embeddable":true,"href":"https:\/\/www.akademie-solitude.de\/de\/wp-json\/wp\/v2\/person\/7093"},{"embeddable":true,"href":"https:\/\/www.akademie-solitude.de\/de\/wp-json\/wp\/v2\/person\/7104"},{"embeddable":true,"href":"https:\/\/www.akademie-solitude.de\/de\/wp-json\/wp\/v2\/posts\/33844"},{"embeddable":true,"href":"https:\/\/www.akademie-solitude.de\/de\/wp-json\/wp\/v2\/news\/43439"},{"embeddable":true,"href":"https:\/\/www.akademie-solitude.de\/de\/wp-json\/wp\/v2\/event\/42593"}],"acf:term":[{"embeddable":true,"taxonomy":"program","href":"https:\/\/www.akademie-solitude.de\/de\/wp-json\/wp\/v2\/program\/346"},{"embeddable":true,"taxonomy":"practice_field","href":"https:\/\/www.akademie-solitude.de\/de\/wp-json\/wp\/v2\/practice_field\/133"},{"embeddable":true,"taxonomy":"year_generation","href":"https:\/\/www.akademie-solitude.de\/de\/wp-json\/wp\/v2\/year_generation\/106"},{"embeddable":true,"taxonomy":"year_generation","href":"https:\/\/www.akademie-solitude.de\/de\/wp-json\/wp\/v2\/year_generation\/105"},{"embeddable":true,"taxonomy":"person_type","href":"https:\/\/www.akademie-solitude.de\/de\/wp-json\/wp\/v2\/person_type\/57"}],"wp:attachment":[{"href":"https:\/\/www.akademie-solitude.de\/de\/wp-json\/wp\/v2\/media?parent=13164"}],"wp:term":[{"taxonomy":"person_type","embeddable":true,"href":"https:\/\/www.akademie-solitude.de\/de\/wp-json\/wp\/v2\/person_type?post=13164"},{"taxonomy":"program","embeddable":true,"href":"https:\/\/www.akademie-solitude.de\/de\/wp-json\/wp\/v2\/program?post=13164"},{"taxonomy":"practice_field","embeddable":true,"href":"https:\/\/www.akademie-solitude.de\/de\/wp-json\/wp\/v2\/practice_field?post=13164"},{"taxonomy":"year_generation","embeddable":true,"href":"https:\/\/www.akademie-solitude.de\/de\/wp-json\/wp\/v2\/year_generation?post=13164"}],"curies":[{"name":"wp","href":"https:\/\/api.w.org\/{rel}","templated":true}]}}