{"id":13945,"date":"2020-07-27T17:32:39","date_gmt":"2020-07-27T15:32:39","guid":{"rendered":"https:\/\/www.akademie-solitude.de\/?post_type=person&#038;p=13945"},"modified":"2021-08-12T14:55:54","modified_gmt":"2021-08-12T12:55:54","slug":"antonio-tarsis","status":"publish","type":"person","link":"https:\/\/www.akademie-solitude.de\/de\/person\/antonio-tarsis\/","title":{"rendered":"Antonio Tarsis"},"content":{"rendered":"","protected":false},"author":8,"featured_media":0,"template":"","meta":{"_acf_changed":false,"inline_featured_image":false},"person_type":[57],"program":[346],"practice_field":[141],"year_generation":[105,106],"class_list":["post-13945","person","type-person","status-publish","hentry","person_type-stipendiatinnen","program-solitude-stipendium","practice_field-visuell","year_generation-105","year_generation-106"],"acf":{"person_id__old":"","person_name":{"person_name":"Antonio","person_middlename":"","person_surname":"Tarsis"},"person_metadata":"","person_position":[57],"person_job":"","person_txt":"Geboren 1995 in Salvador\/Brasilien.\r\n\r\nAntionio Tarsis ist K\u00fcnstler. Er nutzt die Stadt als sein Labor und Quelle der Inspiration. In den Stra\u00dfen der Favelas sammelt er alle m\u00f6glichen Materialien, wie Medizinflaschen, Revolverkugeln, Streichholzschachteln, Industrieverpackungen oder Teile von elektronischen Ger\u00e4ten, die er rekontextualisiert, miteinander kombiniert und in neue Kompositionen, Objekte, Collagen, Gem\u00e4lde und Installationen verwandelt, um auf diese Weise ihre urspr\u00fcngliche Bedeutung zu untergraben.\r\n\r\nIm Zentrum seiner Arbeit stehen dabei Themen wie Kolonisierung\/Dekolonisierung, der schwarze K\u00f6rper und der V\u00f6lkermord an der schwarzen Bev\u00f6lkerung in Brasilien.\r\n\r\nIm Jahr 2016 erhielt er den Energias-na-Arte-Preis vom Instituto Tomie Ohtake in S\u00e3o Paulo\/Brasilien, der ihm einen Aufenthalt an der K\u00fcnstlerresidenz Lugar a Dudas in Cali\/Kolumbien (2017) erm\u00f6glichte. Im Jahr 2018 wurde er f\u00fcr das\r\n\r\nPrograma\u00a0de\u00a0Forma\u00e7\u00e3o e Deforma\u00e7\u00e3o der Escola de Artes Visuais do Parque Lage in Rio de Janeiro\/Brasilien ausgew\u00e4hlt.\r\n\r\nZu seinen j\u00fcngsten Einzelausstellungen z\u00e4hlen <em>Colored Export<\/em> (2019), SET Dalston, London\/Gro\u00dfbritannien, und <em>Symbolic Genocide<\/em> (2018), ArtRio Brasil, Rio de Janeiro. Er hat an einer Reihe von Gruppenausstellungen teilgenommen, darunter <em>Echoes of South Atlantic<\/em> im Goethe-Institut in Salvador\/Brasilien (2018), die auch in Rio de Janeiro und S\u00e3o Paulo ausgestellt wurde, <em>Any Direction Out of the Center<\/em>, Parque Lage, Rio de Janeiro (2018), und <em>Anti-Tropical Fascism<\/em>, kuratiert von Pablo de La Barra, White Cubicle Toilet Gallery, London.","person_txt_short":"","person_img":"","person_website":"","person_links":null,"person_year":[105,106],"person_residencies":[{"person_stay_from":"20201001","person_stay_to":"20201231"},{"person_stay_from":"20210401","person_stay_to":"20210831"}],"person_residency_sort_stay_from":"20210401","person_residency_sort_stay_to":"20210731","person_practice_field":[141],"person_program":[346],"person_locations":[{"person_city":"Salvador","person_country":"Brasilien"}],"person_country":"","related_posts_event":[31766],"related_posts_news":[31799,33761],"related_posts_post":"","related_posts_schlosspost":null,"person_fellow_juror_relation":[7107,7103,7108]},"_links":{"self":[{"href":"https:\/\/www.akademie-solitude.de\/de\/wp-json\/wp\/v2\/person\/13945","targetHints":{"allow":["GET"]}}],"collection":[{"href":"https:\/\/www.akademie-solitude.de\/de\/wp-json\/wp\/v2\/person"}],"about":[{"href":"https:\/\/www.akademie-solitude.de\/de\/wp-json\/wp\/v2\/types\/person"}],"author":[{"embeddable":true,"href":"https:\/\/www.akademie-solitude.de\/de\/wp-json\/wp\/v2\/users\/8"}],"acf:post":[{"embeddable":true,"href":"https:\/\/www.akademie-solitude.de\/de\/wp-json\/wp\/v2\/person\/7108"},{"embeddable":true,"href":"https:\/\/www.akademie-solitude.de\/de\/wp-json\/wp\/v2\/person\/7103"},{"embeddable":true,"href":"https:\/\/www.akademie-solitude.de\/de\/wp-json\/wp\/v2\/person\/7107"},{"embeddable":true,"href":"https:\/\/www.akademie-solitude.de\/de\/wp-json\/wp\/v2\/news\/33761"},{"embeddable":true,"href":"https:\/\/www.akademie-solitude.de\/de\/wp-json\/wp\/v2\/news\/31799"}],"acf:term":[{"embeddable":true,"taxonomy":"program","href":"https:\/\/www.akademie-solitude.de\/de\/wp-json\/wp\/v2\/program\/346"},{"embeddable":true,"taxonomy":"practice_field","href":"https:\/\/www.akademie-solitude.de\/de\/wp-json\/wp\/v2\/practice_field\/141"},{"embeddable":true,"taxonomy":"year_generation","href":"https:\/\/www.akademie-solitude.de\/de\/wp-json\/wp\/v2\/year_generation\/106"},{"embeddable":true,"taxonomy":"year_generation","href":"https:\/\/www.akademie-solitude.de\/de\/wp-json\/wp\/v2\/year_generation\/105"},{"embeddable":true,"taxonomy":"person_type","href":"https:\/\/www.akademie-solitude.de\/de\/wp-json\/wp\/v2\/person_type\/57"}],"wp:attachment":[{"href":"https:\/\/www.akademie-solitude.de\/de\/wp-json\/wp\/v2\/media?parent=13945"}],"wp:term":[{"taxonomy":"person_type","embeddable":true,"href":"https:\/\/www.akademie-solitude.de\/de\/wp-json\/wp\/v2\/person_type?post=13945"},{"taxonomy":"program","embeddable":true,"href":"https:\/\/www.akademie-solitude.de\/de\/wp-json\/wp\/v2\/program?post=13945"},{"taxonomy":"practice_field","embeddable":true,"href":"https:\/\/www.akademie-solitude.de\/de\/wp-json\/wp\/v2\/practice_field?post=13945"},{"taxonomy":"year_generation","embeddable":true,"href":"https:\/\/www.akademie-solitude.de\/de\/wp-json\/wp\/v2\/year_generation?post=13945"}],"curies":[{"name":"wp","href":"https:\/\/api.w.org\/{rel}","templated":true}]}}