{"id":13951,"date":"2020-09-07T12:15:49","date_gmt":"2020-09-07T10:15:49","guid":{"rendered":"https:\/\/www.akademie-solitude.de\/?post_type=person&#038;p=13951"},"modified":"2020-10-30T16:33:50","modified_gmt":"2020-10-30T15:33:50","slug":"ana-maria-gomez-lopez","status":"publish","type":"person","link":"https:\/\/www.akademie-solitude.de\/de\/person\/ana-maria-gomez-lopez\/","title":{"rendered":"Ana Mar\u00eda G\u00f3mez L\u00f3pez"},"content":{"rendered":"","protected":false},"author":8,"featured_media":0,"template":"","meta":{"_acf_changed":false,"inline_featured_image":false},"person_type":[57],"program":[346],"practice_field":[132],"year_generation":[105,106],"class_list":["post-13951","person","type-person","status-publish","hentry","person_type-stipendiatinnen","program-solitude-stipendium","practice_field-thematischer-fokus","year_generation-105","year_generation-106"],"acf":{"person_id__old":"","person_name":{"person_name":"Ana Mar\u00eda","person_middlename":"","person_surname":"G\u00f3mez L\u00f3pez"},"person_metadata":"","person_position":[57],"person_job":"","person_txt":"Geboren 1981.\r\n\r\nAna Mar\u00eda G\u00f3mez L\u00f3pez schafft dauerhafte und k\u00f6rperbezogene Arbeiten, die im Selbstversuch und in der wissenschaftsgeschichtlichen Archivrecherche verankert sind. Ihre Werke wurden unter anderem im Rijksmuseum Boerhaave, Leiden\/Niederlande (2018), im Fonds d\u2019Art Contemporain, Genf\/Schweiz (2017), im Universiteitsmuseum Utrecht\/Niederlande (2017), und im deCordova Sculpture Park and Museum, Lincoln\/USA (2014), gezeigt.\r\n\r\n2015 wurde sie mit dem Premio Nacional de Artes der Universidad de Antioquia, Medell\u00edn\/Kolumbien, ausgezeichnet. Sie war Artist-in-Residence an der Osler Library for History of Medicine der McGill University, Montreal\/Kanada (2020), der Eskenazi School of Art, Architecture and Design an der Indiana University Bloomington\/USA (2020), der Cit\u00e9 Internationale des Arts, Paris\/Frankreich (2019), der Rijksakademie van Beeldende Kunsten, Amsterdam\/Niederlande (2017\/18), und der Skowhegan School of Painting and Sculpture, Madison\/USA (2015). Sie war Stipendiatin des Netherlands Institute for Advanced Study in the Humanities and Social Sciences, Amsterdam (2019), des Max-Planck-Instituts f\u00fcr Wissenschaftsgeschichte, Berlin\/Deutschland (2016), und der Beinecke Rare Book and Manuscripts Library, New Haven\/USA (2013).\r\n\r\nAna Mar\u00eda G\u00f3mez L\u00f3pez studierte Anthropologie an der University of Pennsylvania, Philadelphia\/USA, und der Yale University School of Art, New Haven\/USA (MFA, 2014).\r\n2017 lehrte sie am Bard College Berlin und 2016 an der Humboldt-Universit\u00e4t zu Berlin.","person_txt_short":"","person_img":"","person_website":"","person_links":null,"person_year":[105,106],"person_residencies":[{"person_stay_from":"20201001","person_stay_to":"20210630"}],"person_residency_sort_stay_from":null,"person_residency_sort_stay_to":null,"person_practice_field":[132],"person_program":[346],"person_locations":[{"person_city":"Amsterdam","person_country":"Niederlande"},{"person_city":"Cali","person_country":"Kolumbien"}],"person_country":"","related_posts_event":[28106,28172,0,28706,28708,29591,31090,32906,33016,33025,33047,33160,33468,33469,33472,33475,33488,33509,33510,33513,33556,33559,33560,33561,33573,33574,33577,33594,33595,33596,33597,33599,33615,34810],"related_posts_news":[24955,27653,29614,31425],"related_posts_post":[28389,0,28551,29376,29486,29737,29833,30135,30369,30944],"related_posts_schlosspost":null,"person_fellow_juror_relation":[7104,7112,7100,7117,6973]},"_links":{"self":[{"href":"https:\/\/www.akademie-solitude.de\/de\/wp-json\/wp\/v2\/person\/13951","targetHints":{"allow":["GET"]}}],"collection":[{"href":"https:\/\/www.akademie-solitude.de\/de\/wp-json\/wp\/v2\/person"}],"about":[{"href":"https:\/\/www.akademie-solitude.de\/de\/wp-json\/wp\/v2\/types\/person"}],"author":[{"embeddable":true,"href":"https:\/\/www.akademie-solitude.de\/de\/wp-json\/wp\/v2\/users\/8"}],"acf:post":[{"embeddable":true,"href":"https:\/\/www.akademie-solitude.de\/de\/wp-json\/wp\/v2\/person\/6973"},{"embeddable":true,"href":"https:\/\/www.akademie-solitude.de\/de\/wp-json\/wp\/v2\/person\/7117"},{"embeddable":true,"href":"https:\/\/www.akademie-solitude.de\/de\/wp-json\/wp\/v2\/person\/7100"},{"embeddable":true,"href":"https:\/\/www.akademie-solitude.de\/de\/wp-json\/wp\/v2\/person\/7112"},{"embeddable":true,"href":"https:\/\/www.akademie-solitude.de\/de\/wp-json\/wp\/v2\/person\/7104"},{"embeddable":true,"href":"https:\/\/www.akademie-solitude.de\/de\/wp-json\/wp\/v2\/posts\/30369"},{"embeddable":true,"href":"https:\/\/www.akademie-solitude.de\/de\/wp-json\/wp\/v2\/posts\/29737"},{"embeddable":true,"href":"https:\/\/www.akademie-solitude.de\/de\/wp-json\/wp\/v2\/posts\/29376"},{"embeddable":true,"href":"https:\/\/www.akademie-solitude.de\/de\/wp-json\/wp\/v2\/posts\/28389"},{"embeddable":true,"href":"https:\/\/www.akademie-solitude.de\/de\/wp-json\/wp\/v2\/news\/31425"},{"embeddable":true,"href":"https:\/\/www.akademie-solitude.de\/de\/wp-json\/wp\/v2\/news\/29614"},{"embeddable":true,"href":"https:\/\/www.akademie-solitude.de\/de\/wp-json\/wp\/v2\/news\/27653"},{"embeddable":true,"href":"https:\/\/www.akademie-solitude.de\/de\/wp-json\/wp\/v2\/news\/24955"},{"embeddable":true,"href":"https:\/\/www.akademie-solitude.de\/de\/wp-json\/wp\/v2\/event\/34810"},{"embeddable":true,"href":"https:\/\/www.akademie-solitude.de\/de\/wp-json\/wp\/v2\/event\/32906"},{"embeddable":true,"href":"https:\/\/www.akademie-solitude.de\/de\/wp-json\/wp\/v2\/event\/31090"},{"embeddable":true,"href":"https:\/\/www.akademie-solitude.de\/de\/wp-json\/wp\/v2\/event\/29591"},{"embeddable":true,"href":"https:\/\/www.akademie-solitude.de\/de\/wp-json\/wp\/v2\/person\/0"},{"embeddable":true,"href":"https:\/\/www.akademie-solitude.de\/de\/wp-json\/wp\/v2\/event\/28106"}],"acf:term":[{"embeddable":true,"taxonomy":"program","href":"https:\/\/www.akademie-solitude.de\/de\/wp-json\/wp\/v2\/program\/346"},{"embeddable":true,"taxonomy":"practice_field","href":"https:\/\/www.akademie-solitude.de\/de\/wp-json\/wp\/v2\/practice_field\/132"},{"embeddable":true,"taxonomy":"year_generation","href":"https:\/\/www.akademie-solitude.de\/de\/wp-json\/wp\/v2\/year_generation\/106"},{"embeddable":true,"taxonomy":"year_generation","href":"https:\/\/www.akademie-solitude.de\/de\/wp-json\/wp\/v2\/year_generation\/105"},{"embeddable":true,"taxonomy":"person_type","href":"https:\/\/www.akademie-solitude.de\/de\/wp-json\/wp\/v2\/person_type\/57"}],"wp:attachment":[{"href":"https:\/\/www.akademie-solitude.de\/de\/wp-json\/wp\/v2\/media?parent=13951"}],"wp:term":[{"taxonomy":"person_type","embeddable":true,"href":"https:\/\/www.akademie-solitude.de\/de\/wp-json\/wp\/v2\/person_type?post=13951"},{"taxonomy":"program","embeddable":true,"href":"https:\/\/www.akademie-solitude.de\/de\/wp-json\/wp\/v2\/program?post=13951"},{"taxonomy":"practice_field","embeddable":true,"href":"https:\/\/www.akademie-solitude.de\/de\/wp-json\/wp\/v2\/practice_field?post=13951"},{"taxonomy":"year_generation","embeddable":true,"href":"https:\/\/www.akademie-solitude.de\/de\/wp-json\/wp\/v2\/year_generation?post=13951"}],"curies":[{"name":"wp","href":"https:\/\/api.w.org\/{rel}","templated":true}]}}