{"id":31807,"date":"2021-11-16T18:00:38","date_gmt":"2021-11-16T17:00:38","guid":{"rendered":"https:\/\/www.akademie-solitude.de\/?post_type=person&#038;p=31807"},"modified":"2023-01-10T16:42:03","modified_gmt":"2023-01-10T15:42:03","slug":"jazmina-figueroa","status":"publish","type":"person","link":"https:\/\/www.akademie-solitude.de\/de\/person\/jazmina-figueroa\/","title":{"rendered":"Jazmina Figueroa"},"content":{"rendered":"","protected":false},"author":8,"featured_media":0,"template":"","meta":{"_acf_changed":false,"inline_featured_image":false},"person_type":[57],"program":[],"practice_field":[134,114],"year_generation":[106],"class_list":["post-31807","person","type-person","status-publish","hentry","person_type-stipendiatinnen","practice_field-digital","practice_field-koordination","year_generation-106"],"acf":{"person_id__old":"","person_name":{"person_name":"Jazmina","person_middlename":"","person_surname":"Figueroa"},"person_metadata":"","person_position":[57],"person_job":"","person_txt":"Geboren 1989.\r\n\r\nJazmina Figueroa ist eine Autorin aus Berlin. In ihren Texten und Recherchen setzt sie sich kritisch mit der Extraktion von Daten und Erfahrungen mit Technologie auseinander, die immens pers\u00f6nlich, nicht skalierbar und von Natur aus soziopolitisch sind. Jazminas Kunsttexte wurden unter anderem in <em>Texte Zur Kunst<\/em>, <em>Flash Art<\/em>, <em>ArtForum<\/em> und <em>The Arts Of Working Class<\/em> ver\u00f6ffentlicht.\r\n\r\nIm Jahr 2020 kam Figueroa in die engere Auswahl f\u00fcr das Montez Press Writers Grant und wurde beauftragt ihren Essay\u00a0<em>Infinite Whole\u00a0<\/em>zu schreiben. Zu ihren weiteren ver\u00f6ffentlichten Essays geh\u00f6ren\u00a0<em>On Expanded Spectatorship\u00a0<\/em>(March Journal, 2021),\u00a0<em>The Double Helix and Indigeneity: The relationship between identity and genomics\u00a0<\/em>f\u00fcr die Ausstellungspublikation <em>0.1%<\/em> (Navel, 2019) und\u00a0<em>Methods of Representation\u00a0<\/em>f\u00fcr das Buch <em>Authenticity? <\/em><em>Observations and Artistic Strategies in the Post-Digital Age<\/em> (Valiz, 2017).\r\n\r\nFigueroa wurde 2021 als Artist in Residence f\u00fcr das Forschungsprojekt Beyond Matter am Zentrum f\u00fcr Kunst und Medien (ZKM) in Karlsruhe\/Deutschland eingeladen. Zu den j\u00fcngsten Arbeiten von Figueroa geh\u00f6rt <em>Call Signs<\/em> (2021), ein Performance-Vortrag, der sensorische Erfahrungen f\u00fcr virtuelle Welten bietet - ausgestellt und archiviert im virtuellen Raum <em>fantastic confabulations<\/em>. Im Jahr 2020 war Figueroa Mitbegr\u00fcnderin von <em>tbc.<\/em>, um ein offenes Aktionsnetzwerk zu initiieren und sinnvolle Arbeit zu pr\u00e4sentieren, die \u00fcber Echokammern hinweg mit K\u00fcnstler*innen, Aktivist*innen, Musiker*innen und Schriftsteller*innen stattfindet.","person_txt_short":"","person_img":"","person_website":"","person_links":null,"person_year":[106],"person_residencies":[{"person_stay_from":"20211101","person_stay_to":"20221231"}],"person_residency_sort_stay_from":null,"person_residency_sort_stay_to":null,"person_practice_field":[134,114],"person_program":false,"person_locations":[{"person_city":"Berlin","person_country":"Deutschland"}],"person_country":"","related_posts_event":[32906,34508,34846,40877],"related_posts_news":[34753,41039],"related_posts_post":[32786,34823,35106,36659,36658,36661,36668,36669,36670,36671,36676,36677,38041,39262,39263,39239,39265,39283,39284,39287,39290,40334,40359,40361,40365,40368,40371,40375,40665,40666,40796,40822,41019,41022,41024,41607],"related_posts_schlosspost":null,"person_fellow_juror_relation":""},"_links":{"self":[{"href":"https:\/\/www.akademie-solitude.de\/de\/wp-json\/wp\/v2\/person\/31807","targetHints":{"allow":["GET"]}}],"collection":[{"href":"https:\/\/www.akademie-solitude.de\/de\/wp-json\/wp\/v2\/person"}],"about":[{"href":"https:\/\/www.akademie-solitude.de\/de\/wp-json\/wp\/v2\/types\/person"}],"author":[{"embeddable":true,"href":"https:\/\/www.akademie-solitude.de\/de\/wp-json\/wp\/v2\/users\/8"}],"acf:post":[{"embeddable":true,"href":"https:\/\/www.akademie-solitude.de\/de\/wp-json\/wp\/v2\/posts\/40796"},{"embeddable":true,"href":"https:\/\/www.akademie-solitude.de\/de\/wp-json\/wp\/v2\/posts\/40334"},{"embeddable":true,"href":"https:\/\/www.akademie-solitude.de\/de\/wp-json\/wp\/v2\/revision\/39290"},{"embeddable":true,"href":"https:\/\/www.akademie-solitude.de\/de\/wp-json\/wp\/v2\/posts\/39265"},{"embeddable":true,"href":"https:\/\/www.akademie-solitude.de\/de\/wp-json\/wp\/v2\/posts\/39239"},{"embeddable":true,"href":"https:\/\/www.akademie-solitude.de\/de\/wp-json\/wp\/v2\/posts\/38041"},{"embeddable":true,"href":"https:\/\/www.akademie-solitude.de\/de\/wp-json\/wp\/v2\/posts\/36658"},{"embeddable":true,"href":"https:\/\/www.akademie-solitude.de\/de\/wp-json\/wp\/v2\/posts\/35106"},{"embeddable":true,"href":"https:\/\/www.akademie-solitude.de\/de\/wp-json\/wp\/v2\/posts\/34823"},{"embeddable":true,"href":"https:\/\/www.akademie-solitude.de\/de\/wp-json\/wp\/v2\/posts\/32786"},{"embeddable":true,"href":"https:\/\/www.akademie-solitude.de\/de\/wp-json\/wp\/v2\/news\/41039"},{"embeddable":true,"href":"https:\/\/www.akademie-solitude.de\/de\/wp-json\/wp\/v2\/news\/34753"},{"embeddable":true,"href":"https:\/\/www.akademie-solitude.de\/de\/wp-json\/wp\/v2\/event\/40877"},{"embeddable":true,"href":"https:\/\/www.akademie-solitude.de\/de\/wp-json\/wp\/v2\/event\/34846"},{"embeddable":true,"href":"https:\/\/www.akademie-solitude.de\/de\/wp-json\/wp\/v2\/event\/34508"},{"embeddable":true,"href":"https:\/\/www.akademie-solitude.de\/de\/wp-json\/wp\/v2\/event\/32906"}],"acf:term":[{"embeddable":true,"taxonomy":"practice_field","href":"https:\/\/www.akademie-solitude.de\/de\/wp-json\/wp\/v2\/practice_field\/114"},{"embeddable":true,"taxonomy":"practice_field","href":"https:\/\/www.akademie-solitude.de\/de\/wp-json\/wp\/v2\/practice_field\/134"},{"embeddable":true,"taxonomy":"year_generation","href":"https:\/\/www.akademie-solitude.de\/de\/wp-json\/wp\/v2\/year_generation\/106"},{"embeddable":true,"taxonomy":"person_type","href":"https:\/\/www.akademie-solitude.de\/de\/wp-json\/wp\/v2\/person_type\/57"}],"wp:attachment":[{"href":"https:\/\/www.akademie-solitude.de\/de\/wp-json\/wp\/v2\/media?parent=31807"}],"wp:term":[{"taxonomy":"person_type","embeddable":true,"href":"https:\/\/www.akademie-solitude.de\/de\/wp-json\/wp\/v2\/person_type?post=31807"},{"taxonomy":"program","embeddable":true,"href":"https:\/\/www.akademie-solitude.de\/de\/wp-json\/wp\/v2\/program?post=31807"},{"taxonomy":"practice_field","embeddable":true,"href":"https:\/\/www.akademie-solitude.de\/de\/wp-json\/wp\/v2\/practice_field?post=31807"},{"taxonomy":"year_generation","embeddable":true,"href":"https:\/\/www.akademie-solitude.de\/de\/wp-json\/wp\/v2\/year_generation?post=31807"}],"curies":[{"name":"wp","href":"https:\/\/api.w.org\/{rel}","templated":true}]}}