{"id":32210,"date":"2022-01-10T18:15:25","date_gmt":"2022-01-10T17:15:25","guid":{"rendered":"https:\/\/www.akademie-solitude.de\/?post_type=person&#038;p=32210"},"modified":"2022-12-07T12:43:52","modified_gmt":"2022-12-07T11:43:52","slug":"martin-valdes-stauber","status":"publish","type":"person","link":"https:\/\/www.akademie-solitude.de\/de\/person\/martin-valdes-stauber\/","title":{"rendered":"Mart\u00edn Vald\u00e9s-Stauber"},"content":{"rendered":"","protected":false},"author":4,"featured_media":0,"template":"","meta":{"_acf_changed":false,"inline_featured_image":false},"person_type":[57],"program":[350],"practice_field":[],"year_generation":[107],"class_list":["post-32210","person","type-person","status-publish","hentry","person_type-stipendiatinnen","program-marie-zimmermann-stipendium","year_generation-107"],"acf":{"person_id__old":"","person_name":{"person_name":"Mart\u00edn","person_middlename":"","person_surname":"Vald\u00e9s-Stauber"},"person_metadata":"","person_position":[57],"person_job":"","person_txt":"Mart\u00edn Vald\u00e9s-Stauber\u00a0studierte Soziologie und Wirtschaftswissenschaften in M\u00fcnchen\/Deutschland, Friedrichshafen\/Deutschland und Berkeley\/USA. Nach einem Forschungsmaster an der University of Cambridge zu Fragen von Flucht und Migration wurde er 2017 Dramaturg an den M\u00fcnchner Kammerspielen, die unter der Intendanz von Matthias Lilienthal 2019 und 2020 zum Theater des Jahres gew\u00e4hlt wurden. Seit 2020 ist Mart\u00edn Vald\u00e9s-Stauber zudem ehrenamtlich Beauftragter f\u00fcr Offene Gesellschaft in seiner Heimatstadt Kaufbeuren\/Deutschland. K\u00fcnstlerische Arbeitsbeziehungen verbinden ihn unter anderem mit Rabih Mrou\u00e9, Marlene Monteiro Freitas, Prodromos Tsinikoris, Philippe Quesne, Rimini Protokoll (Stefan Kaegi), Marco Layera und Milo Rau.\r\n\r\nAls Soziologe und Dramaturg befasst er sich mit der Verschr\u00e4nkung von k\u00fcnstlerischem, literarischem und soziologischem Wissen \u00fcber die Stadt. 2020 initiierte er die\u00a0Shadow Security Conference\u00a0an den M\u00fcnchner Kammerspielen, 2021 kuratierte er an der Akademie der K\u00fcnste, Berlin\/Deutschland, eine\u00a0\u00bbSchool of Resistance\u00ab. Im Rahmen seiner Arbeit an internationalen Konstellationen entsteht seit 2020 eine k\u00fcnstlerische\u00a0\u00bbSisterhood\u00ab zwischen der Ukraine und M\u00fcnchen.\r\n\r\nSeit 2018 erkundet er im Langzeitprojekt\u00a0<em>SCHICKSALE<\/em>\u00a0die Biografien der vom NS-Regime verfolgten Mitarbeiter*innen der M\u00fcnchner Kammerspiele. Seit 2021 leitet er dort den k\u00fcnstlerischen Forschungsbereich\u00a0Erinnerung als Arbeit an der Gegenwart.","person_txt_short":"","person_img":35540,"person_website":"","person_links":null,"person_year":[107],"person_residencies":[{"person_stay_from":"20220701","person_stay_to":"20220731"}],"person_residency_sort_stay_from":null,"person_residency_sort_stay_to":null,"person_practice_field":false,"person_program":[350],"person_locations":[{"person_city":"M\u00fcnchen","person_country":"Deutschland"}],"person_country":"","related_posts_event":[42032],"related_posts_news":[35539],"related_posts_post":"","related_posts_schlosspost":null,"person_fellow_juror_relation":""},"_links":{"self":[{"href":"https:\/\/www.akademie-solitude.de\/de\/wp-json\/wp\/v2\/person\/32210","targetHints":{"allow":["GET"]}}],"collection":[{"href":"https:\/\/www.akademie-solitude.de\/de\/wp-json\/wp\/v2\/person"}],"about":[{"href":"https:\/\/www.akademie-solitude.de\/de\/wp-json\/wp\/v2\/types\/person"}],"author":[{"embeddable":true,"href":"https:\/\/www.akademie-solitude.de\/de\/wp-json\/wp\/v2\/users\/4"}],"acf:post":[{"embeddable":true,"href":"https:\/\/www.akademie-solitude.de\/de\/wp-json\/wp\/v2\/news\/35539"},{"embeddable":true,"href":"https:\/\/www.akademie-solitude.de\/de\/wp-json\/wp\/v2\/event\/42032"}],"acf:term":[{"embeddable":true,"taxonomy":"program","href":"https:\/\/www.akademie-solitude.de\/de\/wp-json\/wp\/v2\/program\/350"},{"embeddable":true,"taxonomy":"year_generation","href":"https:\/\/www.akademie-solitude.de\/de\/wp-json\/wp\/v2\/year_generation\/107"},{"embeddable":true,"taxonomy":"person_type","href":"https:\/\/www.akademie-solitude.de\/de\/wp-json\/wp\/v2\/person_type\/57"}],"wp:attachment":[{"href":"https:\/\/www.akademie-solitude.de\/de\/wp-json\/wp\/v2\/media?parent=32210"}],"wp:term":[{"taxonomy":"person_type","embeddable":true,"href":"https:\/\/www.akademie-solitude.de\/de\/wp-json\/wp\/v2\/person_type?post=32210"},{"taxonomy":"program","embeddable":true,"href":"https:\/\/www.akademie-solitude.de\/de\/wp-json\/wp\/v2\/program?post=32210"},{"taxonomy":"practice_field","embeddable":true,"href":"https:\/\/www.akademie-solitude.de\/de\/wp-json\/wp\/v2\/practice_field?post=32210"},{"taxonomy":"year_generation","embeddable":true,"href":"https:\/\/www.akademie-solitude.de\/de\/wp-json\/wp\/v2\/year_generation?post=32210"}],"curies":[{"name":"wp","href":"https:\/\/api.w.org\/{rel}","templated":true}]}}