{"id":34596,"date":"2022-10-05T14:37:12","date_gmt":"2022-10-05T12:37:12","guid":{"rendered":"https:\/\/www.akademie-solitude.de\/?post_type=person&#038;p=34596"},"modified":"2023-02-21T17:27:41","modified_gmt":"2023-02-21T16:27:41","slug":"aderemi-adegbite","status":"publish","type":"person","link":"https:\/\/www.akademie-solitude.de\/de\/person\/aderemi-adegbite\/","title":{"rendered":"Aderemi Adegbite"},"content":{"rendered":"","protected":false},"author":8,"featured_media":0,"template":"","meta":{"_acf_changed":false,"inline_featured_image":false},"person_type":[57],"program":[346],"practice_field":[141],"year_generation":[107,826],"class_list":["post-34596","person","type-person","status-publish","hentry","person_type-stipendiatinnen","program-solitude-stipendium","practice_field-visuell","year_generation-107","year_generation-826"],"acf":{"person_id__old":"","person_name":{"person_name":"Aderemi","person_middlename":"","person_surname":"Adegbite"},"person_metadata":"","person_position":[57],"person_job":"","person_txt":"Geboren 1982 in Lagos\/Nigeria.\r\n\r\nAderemi Adegbite ist ein autodidaktischer interdisziplin\u00e4rer K\u00fcnstler sowie der Gr\u00fcnder und k\u00fcnstlerische Leiter der Vernacular Art-space Laboratory Foundation, einer Initiative von Kunstschaffenden f\u00fcr Projekte von K\u00fcnstler*innen. Vor Kurzem gr\u00fcndete er zudem das Tut\u00f9\u1ecdl\u00e1-Institut, das als alternative k\u00fcnstlerische\/kulturelle Plattform f\u00fcr kritische Reflexion und Praktiken in unserer postkolonialen Welt konzipiert ist.\r\n\r\nEr hat an zertifizierten Studienf\u00f6rderprogrammen in den Bereichen kleiner und mittlerer Unternehmen sowie Medien und Kommunikation des British Council teilgenommen sowie Programme an der Panafrikanischen Universit\u00e4t, Lagos\/Nigeria, und an der University of Glamorgan\/UK (2008\u20132010) absolviert.\r\n\r\nAdegbite war kuratorischer Assistent von Prof. Awam Amkpa im Rahmen der Wanderausstellung <em>Africa: See You, See Me<\/em> (2011\u20132013), Initiator\/Kurator der Iwaya Community Art Biennale (ICAB Lagos, 2021) sowie k\u00fcnstlerischer Leiter\/Kurator von Communal Re-Imagination, einem alternativen gemeinschaftlichen Kunstschulprojekt (2018\u20132022). Dar\u00fcber hinaus war er als Fachkurator am John Randle Centre for Yoruba Culture and History t\u00e4tig (2019\u20132022).\r\n\r\nZu seinen bisherigen Stipendienaufenthalten und Workshops z\u00e4hlen unter anderem das Residenzprogramm der Biennale Jogja mit Ruang Mes 56 (Indonesien, 2015), die Bayreuther Internationale Graduiertenschule f\u00fcr Afrikastudien (BIGSAS, Deutschland, 2015\/2016), das Residenzprogramm HELLERAU \u2013 Europ\u00e4isches Zentrum der K\u00fcnste (Dresden\/Deutschland, 2017) und das Residenzprogramm Grigri Pixel (Madrid\/Spanien, 2017).\r\n\r\nZu seinen Ausstellungen geh\u00f6ren <em>The Path of Those Whom You Bestowed Favour<\/em> (2022) am Centre for Contemporary Art (CCA Lagos), kuratiert von Dr. Lekan Balogun, Gazing at <em>COVID-19 in Arts and Beyond<\/em> (2020) am Iwalewahaus, Bayreuth\/Deutschland (virtuelle Ausstellung), er nahm teil am Ausstellungsprogramm der _inventory Platform: <em>Where I'm Coming From (WICF)<\/em> (2020) des Guest Projects Digital, Gro\u00dfbritannien, und an der Ausstellung <em>City Prince\/sses<\/em> (2019) des Palais de Tokyo in Paris\/Frankreich, kuratiert von Hugo Vitrani und Fabien Danesi, bei Hole of Fame, Dresden\/Deutschland zeigte er sein Bild-Text-Experiment <em>City and the Missing Link<\/em> (2017). Seine Gedichtsammlung <em>Romance and Reasons<\/em> wurde 2017 ver\u00f6ffentlicht.\r\n\r\nAdegbite erhielt f\u00fcr das Tut\u00f9\u1ecdl\u00e1-Institut eine F\u00f6rderung \u00fcber das Projekt White Money (2021), das von Flinn Works initiiert und vom Fonds Darstellende K\u00fcnste, Berlin\/Deutschland gef\u00f6rdert wurde, f\u00fcr Communal Re-Imagination erhielt er Mittel \u00fcber den Multiplier Lab Grant (2021) des British Council, Nigeria, und den Next Generation Grant des Prince Claus Fund (2018).","person_txt_short":"","person_img":"","person_website":"","person_links":null,"person_year":[107,826],"person_residencies":[{"person_stay_from":"20221001","person_stay_to":"20230731"}],"person_residency_sort_stay_from":null,"person_residency_sort_stay_to":null,"person_practice_field":[141],"person_program":[346],"person_locations":[{"person_city":"Lagos","person_country":"Nigeria"}],"person_country":"","related_posts_event":[35815],"related_posts_news":"","related_posts_post":[38664,38676,38677,38681,38682,38683,38731],"related_posts_schlosspost":null,"person_fellow_juror_relation":[32289,32288,31372]},"_links":{"self":[{"href":"https:\/\/www.akademie-solitude.de\/de\/wp-json\/wp\/v2\/person\/34596","targetHints":{"allow":["GET"]}}],"collection":[{"href":"https:\/\/www.akademie-solitude.de\/de\/wp-json\/wp\/v2\/person"}],"about":[{"href":"https:\/\/www.akademie-solitude.de\/de\/wp-json\/wp\/v2\/types\/person"}],"author":[{"embeddable":true,"href":"https:\/\/www.akademie-solitude.de\/de\/wp-json\/wp\/v2\/users\/8"}],"acf:post":[{"embeddable":true,"href":"https:\/\/www.akademie-solitude.de\/de\/wp-json\/wp\/v2\/person\/31372"},{"embeddable":true,"href":"https:\/\/www.akademie-solitude.de\/de\/wp-json\/wp\/v2\/person\/32288"},{"embeddable":true,"href":"https:\/\/www.akademie-solitude.de\/de\/wp-json\/wp\/v2\/person\/32289"},{"embeddable":true,"href":"https:\/\/www.akademie-solitude.de\/de\/wp-json\/wp\/v2\/posts\/38664"},{"embeddable":true,"href":"https:\/\/www.akademie-solitude.de\/de\/wp-json\/wp\/v2\/event\/35815"}],"acf:term":[{"embeddable":true,"taxonomy":"program","href":"https:\/\/www.akademie-solitude.de\/de\/wp-json\/wp\/v2\/program\/346"},{"embeddable":true,"taxonomy":"practice_field","href":"https:\/\/www.akademie-solitude.de\/de\/wp-json\/wp\/v2\/practice_field\/141"},{"embeddable":true,"taxonomy":"year_generation","href":"https:\/\/www.akademie-solitude.de\/de\/wp-json\/wp\/v2\/year_generation\/826"},{"embeddable":true,"taxonomy":"year_generation","href":"https:\/\/www.akademie-solitude.de\/de\/wp-json\/wp\/v2\/year_generation\/107"},{"embeddable":true,"taxonomy":"person_type","href":"https:\/\/www.akademie-solitude.de\/de\/wp-json\/wp\/v2\/person_type\/57"}],"wp:attachment":[{"href":"https:\/\/www.akademie-solitude.de\/de\/wp-json\/wp\/v2\/media?parent=34596"}],"wp:term":[{"taxonomy":"person_type","embeddable":true,"href":"https:\/\/www.akademie-solitude.de\/de\/wp-json\/wp\/v2\/person_type?post=34596"},{"taxonomy":"program","embeddable":true,"href":"https:\/\/www.akademie-solitude.de\/de\/wp-json\/wp\/v2\/program?post=34596"},{"taxonomy":"practice_field","embeddable":true,"href":"https:\/\/www.akademie-solitude.de\/de\/wp-json\/wp\/v2\/practice_field?post=34596"},{"taxonomy":"year_generation","embeddable":true,"href":"https:\/\/www.akademie-solitude.de\/de\/wp-json\/wp\/v2\/year_generation?post=34596"}],"curies":[{"name":"wp","href":"https:\/\/api.w.org\/{rel}","templated":true}]}}