{"id":35020,"date":"2022-11-22T16:19:03","date_gmt":"2022-11-22T15:19:03","guid":{"rendered":"https:\/\/www.akademie-solitude.de\/?post_type=person&#038;p=35020"},"modified":"2022-11-29T12:25:30","modified_gmt":"2022-11-29T11:25:30","slug":"luiz-zanotello","status":"publish","type":"person","link":"https:\/\/www.akademie-solitude.de\/de\/person\/luiz-zanotello\/","title":{"rendered":"Luiz Zanotello"},"content":{"rendered":"","protected":false},"author":5,"featured_media":0,"template":"","meta":{"_acf_changed":false,"inline_featured_image":false},"person_type":[57],"program":[401],"practice_field":[134],"year_generation":[107],"class_list":["post-35020","person","type-person","status-publish","hentry","person_type-stipendiatinnen","program-web-residencies","practice_field-digital","year_generation-107"],"acf":{"person_id__old":"","person_name":{"person_name":"Luiz","person_middlename":"","person_surname":"Zanotello "},"person_metadata":"","person_position":[57],"person_job":"","person_txt":"Geboren 1986 in Jundia\u00ed\/Brasilien.\r\n\r\nLuiz Zanotello ist Medienk\u00fcnstler, Forscher und Dozent. In seiner aktuellen k\u00fcnstlerischen Praxis nutzt er modernste Technologien, um \u00fcber ein neues Verst\u00e4ndnis von Zeit, Raum und Bewegung im postkolonialen Kontext zu forschen. Er hat einen BA an der UNESP, Universidade Estadual Paulista, S\u00e3o Paulo, Brasilien, und einen MA an der HfK, Hochschule f\u00fcr K\u00fcnste Bremen, Deutschland gemacht. Derzeit lehrt er im Bereich Neue Medien an der UdK, Universit\u00e4t der K\u00fcnste Berlin, und promoviert in k\u00fcnstlerischer Forschung an der Hochschule f\u00fcr K\u00fcnste Bremen in Kooperation mit der Universit\u00e4t Leiden und der Koninklijke Academie van Beeldende Kunsten in Den Haag, Niederlande.","person_txt_short":"","person_img":35021,"person_website":"","person_links":null,"person_year":[107],"person_residencies":[{"person_stay_from":"20221115","person_stay_to":"20221231"}],"person_residency_sort_stay_from":null,"person_residency_sort_stay_to":null,"person_practice_field":[134],"person_program":[401],"person_locations":[{"person_city":"Jundia\u00ed","person_country":"Brasilien"},{"person_city":"Berlin","person_country":"Deutschland"}],"person_country":"","related_posts_event":"","related_posts_news":"","related_posts_post":[34948,37745,37856],"related_posts_schlosspost":null,"person_fellow_juror_relation":""},"_links":{"self":[{"href":"https:\/\/www.akademie-solitude.de\/de\/wp-json\/wp\/v2\/person\/35020","targetHints":{"allow":["GET"]}}],"collection":[{"href":"https:\/\/www.akademie-solitude.de\/de\/wp-json\/wp\/v2\/person"}],"about":[{"href":"https:\/\/www.akademie-solitude.de\/de\/wp-json\/wp\/v2\/types\/person"}],"author":[{"embeddable":true,"href":"https:\/\/www.akademie-solitude.de\/de\/wp-json\/wp\/v2\/users\/5"}],"acf:post":[{"embeddable":true,"href":"https:\/\/www.akademie-solitude.de\/de\/wp-json\/wp\/v2\/posts\/37745"},{"embeddable":true,"href":"https:\/\/www.akademie-solitude.de\/de\/wp-json\/wp\/v2\/posts\/34948"}],"acf:term":[{"embeddable":true,"taxonomy":"program","href":"https:\/\/www.akademie-solitude.de\/de\/wp-json\/wp\/v2\/program\/401"},{"embeddable":true,"taxonomy":"practice_field","href":"https:\/\/www.akademie-solitude.de\/de\/wp-json\/wp\/v2\/practice_field\/134"},{"embeddable":true,"taxonomy":"year_generation","href":"https:\/\/www.akademie-solitude.de\/de\/wp-json\/wp\/v2\/year_generation\/107"},{"embeddable":true,"taxonomy":"person_type","href":"https:\/\/www.akademie-solitude.de\/de\/wp-json\/wp\/v2\/person_type\/57"}],"wp:attachment":[{"href":"https:\/\/www.akademie-solitude.de\/de\/wp-json\/wp\/v2\/media?parent=35020"}],"wp:term":[{"taxonomy":"person_type","embeddable":true,"href":"https:\/\/www.akademie-solitude.de\/de\/wp-json\/wp\/v2\/person_type?post=35020"},{"taxonomy":"program","embeddable":true,"href":"https:\/\/www.akademie-solitude.de\/de\/wp-json\/wp\/v2\/program?post=35020"},{"taxonomy":"practice_field","embeddable":true,"href":"https:\/\/www.akademie-solitude.de\/de\/wp-json\/wp\/v2\/practice_field?post=35020"},{"taxonomy":"year_generation","embeddable":true,"href":"https:\/\/www.akademie-solitude.de\/de\/wp-json\/wp\/v2\/year_generation?post=35020"}],"curies":[{"name":"wp","href":"https:\/\/api.w.org\/{rel}","templated":true}]}}