{"id":35023,"date":"2022-11-22T16:21:48","date_gmt":"2022-11-22T15:21:48","guid":{"rendered":"https:\/\/www.akademie-solitude.de\/?post_type=person&#038;p=35023"},"modified":"2024-03-04T15:38:20","modified_gmt":"2024-03-04T14:38:20","slug":"chidumaga-uzoma-orji","status":"publish","type":"person","link":"https:\/\/www.akademie-solitude.de\/de\/person\/chidumaga-uzoma-orji\/","title":{"rendered":"Chidumaga Uzoma Orji"},"content":{"rendered":"","protected":false},"author":5,"featured_media":0,"template":"","meta":{"_acf_changed":false,"inline_featured_image":false},"person_type":[57],"program":[401],"practice_field":[134],"year_generation":[107],"class_list":["post-35023","person","type-person","status-publish","hentry","person_type-stipendiatinnen","program-web-residencies","practice_field-digital","year_generation-107"],"acf":{"person_id__old":"","person_name":{"person_name":"Chidumaga ","person_middlename":"Uzoma ","person_surname":"Orji"},"person_metadata":"","person_position":[57],"person_job":"","person_txt":"Chidumaga Uzoma Orji\u00a0ist ein visueller\/digitaler\/Web-K\u00fcnstler und kreativer\/spiritueller Technologe. In seiner Arbeit m\u00f6chte er postkoloniale Identit\u00e4tskrisen offenlegen, die Vorstellungskraft im Dienste einer fortschrittlichen afrikanischen Zukunft befl\u00fcgeln und die Spiritualit\u00e4t der Vorfahren unter einem modernen Blickwinkel erforschen. Er lebt und arbeitet in den ruhigen H\u00fcgeln von Abuja\/Nigeria.","person_txt_short":"","person_img":35386,"person_website":"","person_links":null,"person_year":[107],"person_residencies":[{"person_stay_from":"20221115","person_stay_to":"20221231"}],"person_residency_sort_stay_from":null,"person_residency_sort_stay_to":null,"person_practice_field":[134],"person_program":[401],"person_locations":null,"person_country":"","related_posts_event":"","related_posts_news":"","related_posts_post":[34952,37588,39860],"related_posts_schlosspost":null,"person_fellow_juror_relation":""},"_links":{"self":[{"href":"https:\/\/www.akademie-solitude.de\/de\/wp-json\/wp\/v2\/person\/35023","targetHints":{"allow":["GET"]}}],"collection":[{"href":"https:\/\/www.akademie-solitude.de\/de\/wp-json\/wp\/v2\/person"}],"about":[{"href":"https:\/\/www.akademie-solitude.de\/de\/wp-json\/wp\/v2\/types\/person"}],"author":[{"embeddable":true,"href":"https:\/\/www.akademie-solitude.de\/de\/wp-json\/wp\/v2\/users\/5"}],"acf:post":[{"embeddable":true,"href":"https:\/\/www.akademie-solitude.de\/de\/wp-json\/wp\/v2\/posts\/39860"},{"embeddable":true,"href":"https:\/\/www.akademie-solitude.de\/de\/wp-json\/wp\/v2\/posts\/37588"},{"embeddable":true,"href":"https:\/\/www.akademie-solitude.de\/de\/wp-json\/wp\/v2\/posts\/34952"}],"acf:term":[{"embeddable":true,"taxonomy":"program","href":"https:\/\/www.akademie-solitude.de\/de\/wp-json\/wp\/v2\/program\/401"},{"embeddable":true,"taxonomy":"practice_field","href":"https:\/\/www.akademie-solitude.de\/de\/wp-json\/wp\/v2\/practice_field\/134"},{"embeddable":true,"taxonomy":"year_generation","href":"https:\/\/www.akademie-solitude.de\/de\/wp-json\/wp\/v2\/year_generation\/107"},{"embeddable":true,"taxonomy":"person_type","href":"https:\/\/www.akademie-solitude.de\/de\/wp-json\/wp\/v2\/person_type\/57"}],"wp:attachment":[{"href":"https:\/\/www.akademie-solitude.de\/de\/wp-json\/wp\/v2\/media?parent=35023"}],"wp:term":[{"taxonomy":"person_type","embeddable":true,"href":"https:\/\/www.akademie-solitude.de\/de\/wp-json\/wp\/v2\/person_type?post=35023"},{"taxonomy":"program","embeddable":true,"href":"https:\/\/www.akademie-solitude.de\/de\/wp-json\/wp\/v2\/program?post=35023"},{"taxonomy":"practice_field","embeddable":true,"href":"https:\/\/www.akademie-solitude.de\/de\/wp-json\/wp\/v2\/practice_field?post=35023"},{"taxonomy":"year_generation","embeddable":true,"href":"https:\/\/www.akademie-solitude.de\/de\/wp-json\/wp\/v2\/year_generation?post=35023"}],"curies":[{"name":"wp","href":"https:\/\/api.w.org\/{rel}","templated":true}]}}