{"id":5470,"date":"2020-03-26T14:47:11","date_gmt":"2020-03-26T13:47:11","guid":{"rendered":"https:\/\/www.akademie-solitude.de\/person\/christoph-schlingensief\/"},"modified":"2020-08-12T17:27:09","modified_gmt":"2020-08-12T15:27:09","slug":"christoph-schlingensief","status":"publish","type":"person","link":"https:\/\/www.akademie-solitude.de\/de\/person\/christoph-schlingensief\/","title":{"rendered":"Christoph  Schlingensief"},"content":{"rendered":"","protected":false},"author":1,"featured_media":0,"template":"","meta":{"_acf_changed":false,"inline_featured_image":false},"person_type":[56],"program":[],"practice_field":[120],"year_generation":[94,95,96],"class_list":["post-5470","person","type-person","status-publish","hentry","person_type-jurorinnen","practice_field-darstellende-kunst","year_generation-94","year_generation-95","year_generation-96"],"acf":{"person_id__old":"1363","person_name":{"person_name":"Christoph","person_middlename":"","person_surname":"Schlingensief"},"person_metadata":"","person_position":[56],"person_job":"","person_txt":"Geboren 1960 in Oberhausen.<br \/>\n<br \/>\nChristoph Schlingensief ist Film-, Theater- und Opernregisseur, H\u00f6rspielautor und Aktionsk\u00fcnstler. Er studierte Germanistik, Philosophie und Kunstgeschichte in M\u00fcnchen. Seine Filmkarriere begann Schlingensief Anfang der 1980er Jahre als Assistent von Werner Nekes. Zu dieser Zeit produzierte er seine ersten Kurzfilme sowie seinen ersten Spielfilm \u00bbTunguska \u2013 Die Kisten sind da\u00ab (1984). <br \/>\n<br \/>\nGr\u00f6\u00dfere Bekanntheit erlangte Schlingensief mit seiner \u00bbDeutschlandtrilogie\u00ab, bestehend aus den Filmen \u00bb100 Jahre Adolf Hitler \u2013 Die letzten Stunden im F\u00fchrerbunker\u00ab, \u00bbDas deutsche Kettens\u00e4genmassaker\u00ab und \u00bbTerror 2000 \u2013 Intensivstation Deutschland\u00ab (1989-1992). 1993 deb\u00fctierte Schlingensief an der Berliner Volksb\u00fchne als Theaterregisseur und realisierte unter anderem \u00bb100 Jahre CDU \u2013 Spiel ohne Grenzen\u00ab, \u00bbK\u00fchnen \u201994\u00ab, \u00bbRocky Dutschke \u201968\u00ab und \u00bbSchlacht um Europa\u00ab.<br \/>\n<br \/>\nWeitere Inszenierungen: \u00bbKunst & Gem\u00fcse, A. Hipler\u00ab (Berliner Volksb\u00fchne, 2004); \u00bbAttabambi \u2013 Pornoland\u00ab (Schauspielhaus Z\u00fcrich, 2004); \u00bbBambiland\u00ab (Burgtheater Wien, 2003); \u00bbAtta Atta\u00ab (Berliner Volksb\u00fchne, 2002) und \u00bbHamlet\u00ab, gemeinsam mit ausstiegswilligen Neonazis (Schauspielhaus Z\u00fcrich, 2001).<br \/>\n<br \/>\nSeit 1997 verwirklichte Schlingensief zahlreiche aktionistische Projekte, darunter die Teilnahme an der 50. Biennale in Venedig mit seinem Projekt \u00bbChurch of Fear (COF)\u00ab (2003); die Container-Aktion \u00bbBitte liebt \u00d6sterreich\u00ab (2000), die sich mit Asylpolitik auseinandersetzt; die Gr\u00fcndung der Partei \u00bbChance 2000\u00ab anl\u00e4sslich der Bundestagswahl 1998; \u00bbPassion Impossible \u2013 7 Tage Notruf f\u00fcr Deutschland\u00ab (1997) und \u00bbMein Filz, mein Fett, mein Hase\u00ab (documenta X, 1997). Zwischen 1997 und 2002 setzte sich Schlingensief auch mit dem Medium des Fernsehens auseinander und moderierte die medienkritischen Formate \u00bbTalk 2000\u00ab, \u00bbU 3000\u00ab und \u00bbFreakstars 3000\u00ab. <br \/>\n<br \/>\n2004 inszenierte er bei den Bayreuther Festspielen seine erste Oper, Wagners \u00bbParsifal\u00ab. 2007 realisiert Schlingensief anl\u00e4sslich der Wagner-Festspiele in Manaus\/Brasilien den \u00bbFliegenden Holl\u00e4nder\u00ab sowie Ende 2007 die Operngeisterbahn \u00bbTrem Fantasma\u00ab in Sao Paolo.<br \/>\n<br \/>\nJ\u00fcngste Projekte waren \u00bbDer K\u00f6nig wohnt in mir\u00ab (in Nepal entstandene Film- und Fotoarbeiten, Kunstraum Innsbruck), die Oper \u00bbSzenen aus dem Leben der Heiligen Johanna\u00ab (Deutsche Oper Berlin) sowie die Installation \u00bbAbendmahl\u00ab, im Rahmen der Ausstellung \u00bbTraces du Sacr\u00e9\u00ab im Centre Pompidou, Paris (alle 2008).","person_txt_short":"","person_img":"","person_website":"","person_links":null,"person_year":[94,95,96],"person_residencies":null,"person_residency_sort_stay_from":null,"person_residency_sort_stay_to":null,"person_practice_field":[120],"person_program":false,"person_locations":[{"person_city":"Berlin","person_country":"Deutschland"}],"person_country":"","related_posts_event":"","related_posts_news":"","related_posts_post":null,"related_posts_schlosspost":null,"person_juror_fellow_relation":[5931,5974,6020,6131,6140,6145]},"_links":{"self":[{"href":"https:\/\/www.akademie-solitude.de\/de\/wp-json\/wp\/v2\/person\/5470","targetHints":{"allow":["GET"]}}],"collection":[{"href":"https:\/\/www.akademie-solitude.de\/de\/wp-json\/wp\/v2\/person"}],"about":[{"href":"https:\/\/www.akademie-solitude.de\/de\/wp-json\/wp\/v2\/types\/person"}],"author":[{"embeddable":true,"href":"https:\/\/www.akademie-solitude.de\/de\/wp-json\/wp\/v2\/users\/1"}],"acf:post":[{"embeddable":true,"href":"https:\/\/www.akademie-solitude.de\/de\/wp-json\/wp\/v2\/person\/6145"},{"embeddable":true,"href":"https:\/\/www.akademie-solitude.de\/de\/wp-json\/wp\/v2\/person\/6140"},{"embeddable":true,"href":"https:\/\/www.akademie-solitude.de\/de\/wp-json\/wp\/v2\/person\/6131"},{"embeddable":true,"href":"https:\/\/www.akademie-solitude.de\/de\/wp-json\/wp\/v2\/person\/6020"},{"embeddable":true,"href":"https:\/\/www.akademie-solitude.de\/de\/wp-json\/wp\/v2\/person\/5974"},{"embeddable":true,"href":"https:\/\/www.akademie-solitude.de\/de\/wp-json\/wp\/v2\/person\/5931"}],"acf:term":[{"embeddable":true,"taxonomy":"practice_field","href":"https:\/\/www.akademie-solitude.de\/de\/wp-json\/wp\/v2\/practice_field\/120"},{"embeddable":true,"taxonomy":"year_generation","href":"https:\/\/www.akademie-solitude.de\/de\/wp-json\/wp\/v2\/year_generation\/96"},{"embeddable":true,"taxonomy":"year_generation","href":"https:\/\/www.akademie-solitude.de\/de\/wp-json\/wp\/v2\/year_generation\/95"},{"embeddable":true,"taxonomy":"year_generation","href":"https:\/\/www.akademie-solitude.de\/de\/wp-json\/wp\/v2\/year_generation\/94"},{"embeddable":true,"taxonomy":"person_type","href":"https:\/\/www.akademie-solitude.de\/de\/wp-json\/wp\/v2\/person_type\/56"}],"wp:attachment":[{"href":"https:\/\/www.akademie-solitude.de\/de\/wp-json\/wp\/v2\/media?parent=5470"}],"wp:term":[{"taxonomy":"person_type","embeddable":true,"href":"https:\/\/www.akademie-solitude.de\/de\/wp-json\/wp\/v2\/person_type?post=5470"},{"taxonomy":"program","embeddable":true,"href":"https:\/\/www.akademie-solitude.de\/de\/wp-json\/wp\/v2\/program?post=5470"},{"taxonomy":"practice_field","embeddable":true,"href":"https:\/\/www.akademie-solitude.de\/de\/wp-json\/wp\/v2\/practice_field?post=5470"},{"taxonomy":"year_generation","embeddable":true,"href":"https:\/\/www.akademie-solitude.de\/de\/wp-json\/wp\/v2\/year_generation?post=5470"}],"curies":[{"name":"wp","href":"https:\/\/api.w.org\/{rel}","templated":true}]}}