{"id":5481,"date":"2020-03-26T14:47:13","date_gmt":"2020-03-26T13:47:13","guid":{"rendered":"https:\/\/www.akademie-solitude.de\/person\/harun-farocki\/"},"modified":"2020-08-12T17:27:11","modified_gmt":"2020-08-12T15:27:11","slug":"harun-farocki","status":"publish","type":"person","link":"https:\/\/www.akademie-solitude.de\/de\/person\/harun-farocki\/","title":{"rendered":"Harun  Farocki"},"content":{"rendered":"","protected":false},"author":1,"featured_media":0,"template":"","meta":{"_acf_changed":false,"inline_featured_image":false},"person_type":[56],"program":[],"practice_field":[121],"year_generation":[90,91,92],"class_list":["post-5481","person","type-person","status-publish","hentry","person_type-jurorinnen","practice_field-video-film-neue-medien","year_generation-90","year_generation-91","year_generation-92"],"acf":{"person_id__old":"1374","person_name":{"person_name":"Harun","person_middlename":"","person_surname":"Farocki"},"person_metadata":"","person_position":[56],"person_job":"","person_txt":"Harun Farocki, geboren 1944, lebt und arbeitet in Berlin. Er z\u00e4hlt zu den bedeutendsten Vertretern des zeitgen\u00f6ssischen Dokumentarfilms. Seit Ende der 1980er Jahre realisierte er \u00fcber 80 Film- und Fernsehproduktionen. Sein umfangreiches Werk umfasst neben den fr\u00fchen Agitations- und \u00bbLehrfilme\u00ab, Spielfilme, Essayfilme und Dokumentationen sowie in den letzten Jahren auch Videoinstallationen zu politischen, filmgeschichtlichen und filmtheoretischen Themen.<br \/>\n<br \/>\nSeit 1966 freiberuflich im Bereich Film und Fernsehen t\u00e4tig. 1974 Redakteur und Autor der Zeitschrift \u203aFilmkritik\u2039. Seit 1993 Gastprofessur an der University of California at Berkley, USA. Seit 2000 Lehrt\u00e4tigkeit an der Universit\u00e4t der K\u00fcnste Berlin.<br \/>\n<br \/>\nZu seinen Filmen z\u00e4hlen \u203aGef\u00e4ngnisbilder\u2039 (2000) und \u203aIch glaubte Gefangene zu sehen\/Thought I was Seeing Convicts\u2039 (2000), sowie \u203aStilleben\u2039 (1997) und \u203aDer Auftritt\u00ab (1996). Er war an mehreren internationalen Ausstellungen beteiligt, u. a. \u203aHarun Farocki. Retrospective\u2039 (14. Singapore International Filmfestival, Singapur, 2001); \u203aHarun Farocki. Filme, Videos, Installationen 1969-2001\u2039 (Westf\u00e4lischer Kunstverein M\u00fcnster; Kunstverein Frankfurt\/M., 2001); \u203aHarun Farocki\u2039 (Film- und Videoprogram des Museum of Modern Art, New York, 2001); \u203aL'\u00c9tat des Choses [1] \u2039, Kunst-Werke, Berlin (2000\/2001); \u203adocumenta X\u2039, Kassel (1997); \u203aFace \u00e0 l'histoire\u2039, Centre Georges Pompidou, Paris (1996).<br \/>","person_txt_short":"","person_img":"","person_website":"","person_links":null,"person_year":[90,91,92],"person_residencies":null,"person_residency_sort_stay_from":null,"person_residency_sort_stay_to":null,"person_practice_field":[121],"person_program":false,"person_locations":[{"person_city":"Berlin","person_country":"Deutschland"}],"person_country":"","related_posts_event":"","related_posts_news":"","related_posts_post":null,"related_posts_schlosspost":null,"person_juror_fellow_relation":[5774,6444,6454,6490,6500,6512,6602,6610,6627]},"_links":{"self":[{"href":"https:\/\/www.akademie-solitude.de\/de\/wp-json\/wp\/v2\/person\/5481","targetHints":{"allow":["GET"]}}],"collection":[{"href":"https:\/\/www.akademie-solitude.de\/de\/wp-json\/wp\/v2\/person"}],"about":[{"href":"https:\/\/www.akademie-solitude.de\/de\/wp-json\/wp\/v2\/types\/person"}],"author":[{"embeddable":true,"href":"https:\/\/www.akademie-solitude.de\/de\/wp-json\/wp\/v2\/users\/1"}],"acf:post":[{"embeddable":true,"href":"https:\/\/www.akademie-solitude.de\/de\/wp-json\/wp\/v2\/person\/6627"},{"embeddable":true,"href":"https:\/\/www.akademie-solitude.de\/de\/wp-json\/wp\/v2\/person\/6610"},{"embeddable":true,"href":"https:\/\/www.akademie-solitude.de\/de\/wp-json\/wp\/v2\/person\/6602"},{"embeddable":true,"href":"https:\/\/www.akademie-solitude.de\/de\/wp-json\/wp\/v2\/person\/6512"},{"embeddable":true,"href":"https:\/\/www.akademie-solitude.de\/de\/wp-json\/wp\/v2\/person\/6500"},{"embeddable":true,"href":"https:\/\/www.akademie-solitude.de\/de\/wp-json\/wp\/v2\/person\/6490"},{"embeddable":true,"href":"https:\/\/www.akademie-solitude.de\/de\/wp-json\/wp\/v2\/person\/6454"},{"embeddable":true,"href":"https:\/\/www.akademie-solitude.de\/de\/wp-json\/wp\/v2\/person\/6444"},{"embeddable":true,"href":"https:\/\/www.akademie-solitude.de\/de\/wp-json\/wp\/v2\/person\/5774"}],"acf:term":[{"embeddable":true,"taxonomy":"practice_field","href":"https:\/\/www.akademie-solitude.de\/de\/wp-json\/wp\/v2\/practice_field\/121"},{"embeddable":true,"taxonomy":"year_generation","href":"https:\/\/www.akademie-solitude.de\/de\/wp-json\/wp\/v2\/year_generation\/92"},{"embeddable":true,"taxonomy":"year_generation","href":"https:\/\/www.akademie-solitude.de\/de\/wp-json\/wp\/v2\/year_generation\/91"},{"embeddable":true,"taxonomy":"year_generation","href":"https:\/\/www.akademie-solitude.de\/de\/wp-json\/wp\/v2\/year_generation\/90"},{"embeddable":true,"taxonomy":"person_type","href":"https:\/\/www.akademie-solitude.de\/de\/wp-json\/wp\/v2\/person_type\/56"}],"wp:attachment":[{"href":"https:\/\/www.akademie-solitude.de\/de\/wp-json\/wp\/v2\/media?parent=5481"}],"wp:term":[{"taxonomy":"person_type","embeddable":true,"href":"https:\/\/www.akademie-solitude.de\/de\/wp-json\/wp\/v2\/person_type?post=5481"},{"taxonomy":"program","embeddable":true,"href":"https:\/\/www.akademie-solitude.de\/de\/wp-json\/wp\/v2\/program?post=5481"},{"taxonomy":"practice_field","embeddable":true,"href":"https:\/\/www.akademie-solitude.de\/de\/wp-json\/wp\/v2\/practice_field?post=5481"},{"taxonomy":"year_generation","embeddable":true,"href":"https:\/\/www.akademie-solitude.de\/de\/wp-json\/wp\/v2\/year_generation?post=5481"}],"curies":[{"name":"wp","href":"https:\/\/api.w.org\/{rel}","templated":true}]}}