{"id":5676,"date":"2020-03-26T14:47:32","date_gmt":"2020-03-26T13:47:32","guid":{"rendered":"https:\/\/www.akademie-solitude.de\/person\/ghukas-khachikyan\/"},"modified":"2020-08-12T17:27:41","modified_gmt":"2020-08-12T15:27:41","slug":"ghukas-khachikyan","status":"publish","type":"person","link":"https:\/\/www.akademie-solitude.de\/de\/person\/ghukas-khachikyan\/","title":{"rendered":"Ghukas  Khachikyan"},"content":{"rendered":"","protected":false},"author":1,"featured_media":0,"template":"","meta":{"_acf_changed":false,"inline_featured_image":false},"person_type":[57],"program":[],"practice_field":[116],"year_generation":[94,95,96],"class_list":["post-5676","person","type-person","status-publish","hentry","person_type-stipendiatinnen","practice_field-wirtschaft-wirtschaftswissenschaften","year_generation-94","year_generation-95","year_generation-96"],"acf":{"person_id__old":"1570","person_name":{"person_name":"Ghukas","person_middlename":"","person_surname":"Khachikyan"},"person_metadata":"","person_position":[57],"person_job":"","person_txt":"Geboren 1980 in Koti\/Armenien.<br>\n<br>\nGhukas Khachikyan studierte Wirtschaftswissenschaften an der Staatlichen Universit\u00e4t f\u00fcr Bau und Architektur in Armenien. 2007 schloss er sein Studium mit dem Master of Economics ab. Derzeit promoviert er in Armenien am Institut f\u00fcr Volkswirtschaft und Management \u00fcber die Entwicklung und Perspektive der \u00f6ffentlichen Verwaltung in der Republik Armenien.<br>\n<br>\nVon 2005 bis 2007 arbeitete Khachikyan in Projekten der Organisationen World Vision und der Deutschen Gesellschaft f\u00fcr Technische Zusammenarbeit (GTZ) mit. Seit 2007 ist er f\u00fcr die Tavush Marz Koti-Dorfgemeinde als Berater in allen Finanzfragen t\u00e4tig. <br>\n<br>\nVer\u00f6ffentlichungen: \u00bbDie Besonderheiten der \u00f6ffentlichen Verwaltung in Armenien und Deutschland\u00ab, in: <i>Finanzen und Volkswirtschaft<\/i> No. 8-9, 2008; \u00bbDie Organisation der kommunalen Selbstverwaltung in Armenien und anderen L\u00e4ndern\u00ab, in: <i>Informationstechnologien und Management<\/i> No. 4, 2008.","person_txt_short":"","person_img":"","person_website":"","person_links":null,"person_year":[94,95,96],"person_residencies":[{"person_stay_from":"20100401","person_stay_to":"20100930"}],"person_residency_sort_stay_from":null,"person_residency_sort_stay_to":null,"person_practice_field":[116],"person_program":false,"person_locations":[{"person_city":"","person_country":"Armenien"}],"person_country":"","related_posts_event":"","related_posts_news":"","related_posts_post":null,"related_posts_schlosspost":null,"person_fellow_juror_relation":[5472]},"_links":{"self":[{"href":"https:\/\/www.akademie-solitude.de\/de\/wp-json\/wp\/v2\/person\/5676","targetHints":{"allow":["GET"]}}],"collection":[{"href":"https:\/\/www.akademie-solitude.de\/de\/wp-json\/wp\/v2\/person"}],"about":[{"href":"https:\/\/www.akademie-solitude.de\/de\/wp-json\/wp\/v2\/types\/person"}],"author":[{"embeddable":true,"href":"https:\/\/www.akademie-solitude.de\/de\/wp-json\/wp\/v2\/users\/1"}],"acf:post":[{"embeddable":true,"href":"https:\/\/www.akademie-solitude.de\/de\/wp-json\/wp\/v2\/person\/5472"}],"acf:term":[{"embeddable":true,"taxonomy":"practice_field","href":"https:\/\/www.akademie-solitude.de\/de\/wp-json\/wp\/v2\/practice_field\/116"},{"embeddable":true,"taxonomy":"year_generation","href":"https:\/\/www.akademie-solitude.de\/de\/wp-json\/wp\/v2\/year_generation\/96"},{"embeddable":true,"taxonomy":"year_generation","href":"https:\/\/www.akademie-solitude.de\/de\/wp-json\/wp\/v2\/year_generation\/95"},{"embeddable":true,"taxonomy":"year_generation","href":"https:\/\/www.akademie-solitude.de\/de\/wp-json\/wp\/v2\/year_generation\/94"},{"embeddable":true,"taxonomy":"person_type","href":"https:\/\/www.akademie-solitude.de\/de\/wp-json\/wp\/v2\/person_type\/57"}],"wp:attachment":[{"href":"https:\/\/www.akademie-solitude.de\/de\/wp-json\/wp\/v2\/media?parent=5676"}],"wp:term":[{"taxonomy":"person_type","embeddable":true,"href":"https:\/\/www.akademie-solitude.de\/de\/wp-json\/wp\/v2\/person_type?post=5676"},{"taxonomy":"program","embeddable":true,"href":"https:\/\/www.akademie-solitude.de\/de\/wp-json\/wp\/v2\/program?post=5676"},{"taxonomy":"practice_field","embeddable":true,"href":"https:\/\/www.akademie-solitude.de\/de\/wp-json\/wp\/v2\/practice_field?post=5676"},{"taxonomy":"year_generation","embeddable":true,"href":"https:\/\/www.akademie-solitude.de\/de\/wp-json\/wp\/v2\/year_generation?post=5676"}],"curies":[{"name":"wp","href":"https:\/\/api.w.org\/{rel}","templated":true}]}}