{"id":5709,"date":"2020-03-26T14:47:33","date_gmt":"2020-03-26T13:47:33","guid":{"rendered":"https:\/\/www.akademie-solitude.de\/person\/catherine-macadre\/"},"modified":"2020-08-12T17:27:46","modified_gmt":"2020-08-12T15:27:46","slug":"catherine-macadre","status":"publish","type":"person","link":"https:\/\/www.akademie-solitude.de\/de\/person\/catherine-macadre\/","title":{"rendered":"Catherine  Macadr\u00e9"},"content":{"rendered":"","protected":false},"author":1,"featured_media":0,"template":"","meta":{"_acf_changed":false,"inline_featured_image":false},"person_type":[57],"program":[],"practice_field":[],"year_generation":[90,91,92],"class_list":["post-5709","person","type-person","status-publish","hentry","person_type-stipendiatinnen","year_generation-90","year_generation-91","year_generation-92"],"acf":{"person_id__old":"1604","person_name":{"person_name":"Catherine","person_middlename":"","person_surname":"Macadr\u00e9"},"person_metadata":"","person_position":[57],"person_job":"","person_txt":"Catherine Macadr\u00e9 machte ihren Doktor in Wirtschaftswissenschaften an der Universit\u00e9 Nancy 2.<br>\nIhr Forschungsschwerpunkt liegt auf Informationssystemen, d.h. der Entwicklung von beschreibender Statistik zu Datenanalyse und wettbewerbsf\u00e4higer \u00f6konomischer Intelligenz. Derzeit konzentriert sich ihre Forschung auf die \u00f6konomische und soziale Situation in der Gro\u00dfregion (im Nord-Osten Frankreichs). <br>\n<br>\nSie ist als Dozentin im Bereich Informationssysteme an der International Business School in Nancy t\u00e4tig, unterrichtet Statistik, Datenanalyse und internationale Wirtschaft. Sie schloss Forschungsvertr\u00e4ge mit \u00f6ffentlichen und halb\u00f6ffentlichen Institutionen in Frankreich, Luxemburg, Belgien und im Saarland.<br>\n<br>\nIm Rahmen des Master-Studiengangs \u00bbIndustrial Re-conversion\u00ab an der \u00c9cole des Mines in Nancy unterrichtet sie F\u00fchrungskr\u00e4fte und Beamte in China.<br>\n<br>\nCatherine Macadr\u00e9 ist ein Gast des Austauschprogramms mit der ICN Business School in Nancy.","person_txt_short":"","person_img":"","person_website":"","person_links":null,"person_year":[90,91,92],"person_residencies":null,"person_residency_sort_stay_from":null,"person_residency_sort_stay_to":null,"person_practice_field":false,"person_program":false,"person_locations":[{"person_city":"Nancy","person_country":"Frankreich"}],"person_country":"","related_posts_event":"","related_posts_news":"","related_posts_post":null,"related_posts_schlosspost":null,"person_fellow_juror_relation":""},"_links":{"self":[{"href":"https:\/\/www.akademie-solitude.de\/de\/wp-json\/wp\/v2\/person\/5709","targetHints":{"allow":["GET"]}}],"collection":[{"href":"https:\/\/www.akademie-solitude.de\/de\/wp-json\/wp\/v2\/person"}],"about":[{"href":"https:\/\/www.akademie-solitude.de\/de\/wp-json\/wp\/v2\/types\/person"}],"author":[{"embeddable":true,"href":"https:\/\/www.akademie-solitude.de\/de\/wp-json\/wp\/v2\/users\/1"}],"acf:term":[{"embeddable":true,"taxonomy":"year_generation","href":"https:\/\/www.akademie-solitude.de\/de\/wp-json\/wp\/v2\/year_generation\/92"},{"embeddable":true,"taxonomy":"year_generation","href":"https:\/\/www.akademie-solitude.de\/de\/wp-json\/wp\/v2\/year_generation\/91"},{"embeddable":true,"taxonomy":"year_generation","href":"https:\/\/www.akademie-solitude.de\/de\/wp-json\/wp\/v2\/year_generation\/90"},{"embeddable":true,"taxonomy":"person_type","href":"https:\/\/www.akademie-solitude.de\/de\/wp-json\/wp\/v2\/person_type\/57"}],"wp:attachment":[{"href":"https:\/\/www.akademie-solitude.de\/de\/wp-json\/wp\/v2\/media?parent=5709"}],"wp:term":[{"taxonomy":"person_type","embeddable":true,"href":"https:\/\/www.akademie-solitude.de\/de\/wp-json\/wp\/v2\/person_type?post=5709"},{"taxonomy":"program","embeddable":true,"href":"https:\/\/www.akademie-solitude.de\/de\/wp-json\/wp\/v2\/program?post=5709"},{"taxonomy":"practice_field","embeddable":true,"href":"https:\/\/www.akademie-solitude.de\/de\/wp-json\/wp\/v2\/practice_field?post=5709"},{"taxonomy":"year_generation","embeddable":true,"href":"https:\/\/www.akademie-solitude.de\/de\/wp-json\/wp\/v2\/year_generation?post=5709"}],"curies":[{"name":"wp","href":"https:\/\/api.w.org\/{rel}","templated":true}]}}