{"id":5721,"date":"2020-03-26T14:47:36","date_gmt":"2020-03-26T13:47:36","guid":{"rendered":"https:\/\/www.akademie-solitude.de\/person\/kerstin-meyer\/"},"modified":"2020-08-12T17:27:48","modified_gmt":"2020-08-12T15:27:48","slug":"kerstin-meyer","status":"publish","type":"person","link":"https:\/\/www.akademie-solitude.de\/de\/person\/kerstin-meyer\/","title":{"rendered":"Kerstin  Meyer"},"content":{"rendered":"","protected":false},"author":1,"featured_media":0,"template":"","meta":{"_acf_changed":false,"inline_featured_image":false},"person_type":[57],"program":[],"practice_field":[116],"year_generation":[92,93,94],"class_list":["post-5721","person","type-person","status-publish","hentry","person_type-stipendiatinnen","practice_field-wirtschaft-wirtschaftswissenschaften","year_generation-92","year_generation-93","year_generation-94"],"acf":{"person_id__old":"1616","person_name":{"person_name":"Kerstin","person_middlename":"","person_surname":"Meyer"},"person_metadata":"","person_position":[57],"person_job":"","person_txt":"Geboren 1969 im Saarland. <br>\n<br>\nKerstin Meyer studierte 1988-1993 Volkswirtschaft und Entwicklungs\u00f6konomie an den Universit\u00e4ten Heidelberg, Oxford, London School of Economics und Paris Sorbonne I (gef\u00f6rdert durch ein Stipendium der Studienstiftung des Deutschen Volkes). <br>\n<br>\nAnschlie\u00dfend Ausbildung zur sozialpolitischen Regierungsberaterin in Cotonou\/Benin und Mbabane\/Swaziland. <br>\n<br>\n1996-1999 studierte sie bildende Kunst (Klasse f\u00fcr Film) an der Staatlichen Hochschule f\u00fcr Bildende K\u00fcnste (St\u00e4delschule), Frankfurt am Main. <br>\n<br>\nKerstin Meyer arbeitete 1996-2003 als freie entwicklungspolitische Sachverst\u00e4ndige und ist seitdem als Beraterin am Ministerium f\u00fcr Wirtschaft und Finanzen der Republik Senegal sowie als Projektleiterin im Auftrag der Deutschen Gesellschaft f\u00fcr Technische Zusammenarbeit t\u00e4tig. <br>\n<br>\nProjekte und Publikationen u. a.: \u00bbR\u00e9_flex_if: cinq positions artistiques vis\u00e0-vis de la politique du d\u00e9veloppement\u00ab, Kunstaktion mit Aziz Ciss\u00e9, Kann-si, Christian Hanussek und Arfang Sarr Crao, Dakar (2005); \u00bbHow Civil Society Participates in PRSPs. An Evaluation of Country Experience\u00ab, mit Annette Schmidt, Gerald Schmidt, Deutsche Gesellschaft f\u00fcr Technische Zusammenarbeit (GTZ), Eschborn (2001).","person_txt_short":"","person_img":"","person_website":"","person_links":null,"person_year":[92,93,94],"person_residencies":[{"person_stay_from":"20081101","person_stay_to":"20090430"}],"person_residency_sort_stay_from":null,"person_residency_sort_stay_to":null,"person_practice_field":[116],"person_program":false,"person_locations":[{"person_city":"Dakar","person_country":"Senegal"}],"person_country":"","related_posts_event":[7293,7303,7406,18508,18518,18621],"related_posts_news":"","related_posts_post":null,"related_posts_schlosspost":null,"person_fellow_juror_relation":[5520]},"_links":{"self":[{"href":"https:\/\/www.akademie-solitude.de\/de\/wp-json\/wp\/v2\/person\/5721","targetHints":{"allow":["GET"]}}],"collection":[{"href":"https:\/\/www.akademie-solitude.de\/de\/wp-json\/wp\/v2\/person"}],"about":[{"href":"https:\/\/www.akademie-solitude.de\/de\/wp-json\/wp\/v2\/types\/person"}],"author":[{"embeddable":true,"href":"https:\/\/www.akademie-solitude.de\/de\/wp-json\/wp\/v2\/users\/1"}],"acf:post":[{"embeddable":true,"href":"https:\/\/www.akademie-solitude.de\/de\/wp-json\/wp\/v2\/person\/5520"},{"embeddable":true,"href":"https:\/\/www.akademie-solitude.de\/de\/wp-json\/wp\/v2\/event\/18621"},{"embeddable":true,"href":"https:\/\/www.akademie-solitude.de\/de\/wp-json\/wp\/v2\/event\/18518"},{"embeddable":true,"href":"https:\/\/www.akademie-solitude.de\/de\/wp-json\/wp\/v2\/event\/18508"},{"embeddable":true,"href":"https:\/\/www.akademie-solitude.de\/de\/wp-json\/wp\/v2\/event\/7406"},{"embeddable":true,"href":"https:\/\/www.akademie-solitude.de\/de\/wp-json\/wp\/v2\/event\/7303"},{"embeddable":true,"href":"https:\/\/www.akademie-solitude.de\/de\/wp-json\/wp\/v2\/event\/7293"}],"acf:term":[{"embeddable":true,"taxonomy":"practice_field","href":"https:\/\/www.akademie-solitude.de\/de\/wp-json\/wp\/v2\/practice_field\/116"},{"embeddable":true,"taxonomy":"year_generation","href":"https:\/\/www.akademie-solitude.de\/de\/wp-json\/wp\/v2\/year_generation\/94"},{"embeddable":true,"taxonomy":"year_generation","href":"https:\/\/www.akademie-solitude.de\/de\/wp-json\/wp\/v2\/year_generation\/93"},{"embeddable":true,"taxonomy":"year_generation","href":"https:\/\/www.akademie-solitude.de\/de\/wp-json\/wp\/v2\/year_generation\/92"},{"embeddable":true,"taxonomy":"person_type","href":"https:\/\/www.akademie-solitude.de\/de\/wp-json\/wp\/v2\/person_type\/57"}],"wp:attachment":[{"href":"https:\/\/www.akademie-solitude.de\/de\/wp-json\/wp\/v2\/media?parent=5721"}],"wp:term":[{"taxonomy":"person_type","embeddable":true,"href":"https:\/\/www.akademie-solitude.de\/de\/wp-json\/wp\/v2\/person_type?post=5721"},{"taxonomy":"program","embeddable":true,"href":"https:\/\/www.akademie-solitude.de\/de\/wp-json\/wp\/v2\/program?post=5721"},{"taxonomy":"practice_field","embeddable":true,"href":"https:\/\/www.akademie-solitude.de\/de\/wp-json\/wp\/v2\/practice_field?post=5721"},{"taxonomy":"year_generation","embeddable":true,"href":"https:\/\/www.akademie-solitude.de\/de\/wp-json\/wp\/v2\/year_generation?post=5721"}],"curies":[{"name":"wp","href":"https:\/\/api.w.org\/{rel}","templated":true}]}}