{"id":5733,"date":"2020-03-26T14:47:36","date_gmt":"2020-03-26T13:47:36","guid":{"rendered":"https:\/\/www.akademie-solitude.de\/person\/philipp-von-hilgers\/"},"modified":"2020-08-12T17:27:49","modified_gmt":"2020-08-12T15:27:49","slug":"philipp-von-hilgers","status":"publish","type":"person","link":"https:\/\/www.akademie-solitude.de\/de\/person\/philipp-von-hilgers\/","title":{"rendered":"Philipp  von Hilgers"},"content":{"rendered":"","protected":false},"author":1,"featured_media":0,"template":"","meta":{"_acf_changed":false,"inline_featured_image":false},"person_type":[57],"program":[],"practice_field":[],"year_generation":[92,93,94],"class_list":["post-5733","person","type-person","status-publish","hentry","person_type-stipendiatinnen","year_generation-92","year_generation-93","year_generation-94"],"acf":{"person_id__old":"1628","person_name":{"person_name":"Philipp","person_middlename":"","person_surname":"von Hilgers"},"person_metadata":"","person_position":[57],"person_job":"","person_txt":"Philipp v. Hilgers absolvierte ein Magisterstudium in Kulturwissenschaften, deutscher Literatur und Kommunikationswissenschaften an der Humboldt-Universit\u00e4t und der Technischen Universit\u00e4t Berlin. <br>\n<br>\n2006 promovierte er an der Humboldt-Universit\u00e4t in Kulturwissenschaften mit seiner Arbeit \u00fcber die Geschichte von Kriegsspielen (\u00bbKriegsspiele. Eine Geschichte der Unberechenbarkeiten und Ausnahmezust\u00e4nde\u00ab). <br>\n<br>\n2006\/2007 war von Hilgers Gastwissenschaftler des Programms Science, Technology, and Society (STS) am Massachusetts Institute of Technology und 2004\/2005 studentischer Mitarbeiter im Programm Geschichte der Naturwissenschaften an der Universit\u00e4t Princeton. <br>\n<br>\nEr ist Mitglied des Hermann-von-Helmholtz-Zentrums f\u00fcr Kulturtechnik, wo er 2001-2004 als wissenschaftlicher Mitarbeiter t\u00e4tig war und am Forschungsprojekt \u00fcber kulturelle Techniken mitarbeitete (\u00bbBild\/Schrift\/Zahl\u00ab). <br>\n<br>\nDerzeit ist Philipp v. Hilgers Postdoktorant am Max Planck-Institut f\u00fcr Wissenschaftsgeschichte Berlin und unterrichtet am Seminar f\u00fcr \u00c4sthetik und am Seminar f\u00fcr Medienwissenschaft an der Humboldt-Universit\u00e4t. <br>\n<br>\nSeine Vortr\u00e4ge und Publikationen beinhalten vielf\u00e4ltige Themenbereiche der Medienwissenschaften und der Geschichte der Naturwissenschaften, darunter die Sirene als fr\u00fchen digitalen Klangprozessor, erste Systeme der Blickfelderkennung, Medienkunst und die Geschichte der Markov-Ketten.","person_txt_short":"","person_img":"","person_website":"","person_links":null,"person_year":[92,93,94],"person_residencies":[{"person_stay_from":"20080315","person_stay_to":"20080415"}],"person_residency_sort_stay_from":null,"person_residency_sort_stay_to":null,"person_practice_field":false,"person_program":false,"person_locations":[{"person_city":"Berlin","person_country":"Deutschland"}],"person_country":"","related_posts_event":"","related_posts_news":"","related_posts_post":null,"related_posts_schlosspost":null,"person_fellow_juror_relation":""},"_links":{"self":[{"href":"https:\/\/www.akademie-solitude.de\/de\/wp-json\/wp\/v2\/person\/5733","targetHints":{"allow":["GET"]}}],"collection":[{"href":"https:\/\/www.akademie-solitude.de\/de\/wp-json\/wp\/v2\/person"}],"about":[{"href":"https:\/\/www.akademie-solitude.de\/de\/wp-json\/wp\/v2\/types\/person"}],"author":[{"embeddable":true,"href":"https:\/\/www.akademie-solitude.de\/de\/wp-json\/wp\/v2\/users\/1"}],"acf:term":[{"embeddable":true,"taxonomy":"year_generation","href":"https:\/\/www.akademie-solitude.de\/de\/wp-json\/wp\/v2\/year_generation\/94"},{"embeddable":true,"taxonomy":"year_generation","href":"https:\/\/www.akademie-solitude.de\/de\/wp-json\/wp\/v2\/year_generation\/93"},{"embeddable":true,"taxonomy":"year_generation","href":"https:\/\/www.akademie-solitude.de\/de\/wp-json\/wp\/v2\/year_generation\/92"},{"embeddable":true,"taxonomy":"person_type","href":"https:\/\/www.akademie-solitude.de\/de\/wp-json\/wp\/v2\/person_type\/57"}],"wp:attachment":[{"href":"https:\/\/www.akademie-solitude.de\/de\/wp-json\/wp\/v2\/media?parent=5733"}],"wp:term":[{"taxonomy":"person_type","embeddable":true,"href":"https:\/\/www.akademie-solitude.de\/de\/wp-json\/wp\/v2\/person_type?post=5733"},{"taxonomy":"program","embeddable":true,"href":"https:\/\/www.akademie-solitude.de\/de\/wp-json\/wp\/v2\/program?post=5733"},{"taxonomy":"practice_field","embeddable":true,"href":"https:\/\/www.akademie-solitude.de\/de\/wp-json\/wp\/v2\/practice_field?post=5733"},{"taxonomy":"year_generation","embeddable":true,"href":"https:\/\/www.akademie-solitude.de\/de\/wp-json\/wp\/v2\/year_generation?post=5733"}],"curies":[{"name":"wp","href":"https:\/\/api.w.org\/{rel}","templated":true}]}}