{"id":5820,"date":"2020-03-26T14:47:46","date_gmt":"2020-03-26T13:47:46","guid":{"rendered":"https:\/\/www.akademie-solitude.de\/person\/kathrin-bessen\/"},"modified":"2020-08-12T17:28:03","modified_gmt":"2020-08-12T15:28:03","slug":"kathrin-bessen","status":"publish","type":"person","link":"https:\/\/www.akademie-solitude.de\/de\/person\/kathrin-bessen\/","title":{"rendered":"Kathrin  Be\u00dfen"},"content":{"rendered":"","protected":false},"author":1,"featured_media":0,"template":"","meta":{"_acf_changed":false,"inline_featured_image":false},"person_type":[57],"program":[],"practice_field":[110],"year_generation":[92,93,94],"class_list":["post-5820","person","type-person","status-publish","hentry","person_type-stipendiatinnen","practice_field-kunstkoordination","year_generation-92","year_generation-93","year_generation-94"],"acf":{"person_id__old":"1726","person_name":{"person_name":"Kathrin","person_middlename":"","person_surname":"Be\u00dfen"},"person_metadata":"","person_position":[57],"person_job":"","person_txt":"Geboren 1978 in Essen\/Deutschland.<br><p><br>Nach einer Ausbildung zur gestaltungstechnischen Assistentin mit Schwerpunkt Grafikdesign in M\u00fcnster\/Deutschland studierte Kathrin Be\u00dfen Medien- und Kulturwissenschaft (BA 2005) und Kunstgeschichte (MA) an der Heinrich-Heine-Universit\u00e4t in D\u00fcsseldorf\/Deutschland.<br><br>2006 war Be\u00dfen Projektassistentin f\u00fcr die Ausstellung \u00bbZERO. Internationale K\u00fcnstler-Avantgarde der 50er\/60er Jahre\u00ab und 2004 f\u00fcr \u00bbDubuffet und Art Brut\u00ab (2004) im museum kunst palast, D\u00fcsseldorf. Au\u00dferdem arbeitete sie f\u00fcr das Museum an den Ausstellungen \u00bbArtaud \u2013 Ein inszeniertes Leben\u00ab (2005) und \u00bbAfrika Remix\u00ab (2003).<br><br>Studienbegleitend arbeitete sie f\u00fcr verschiedene Galerien, den K\u00fcnstler Bogomir Ecker (2005) sowie f\u00fcr unterschiedliche Projekte im Ausstellungsmanagement wie \u00bbDe Leipzig a D\u00fcsseldorf. Figuration alemana actual\u00ab realisiert im MACUF, La Coruna (2006).<br><\/p>","person_txt_short":"","person_img":"","person_website":"","person_links":null,"person_year":[92,93,94],"person_residencies":[{"person_stay_from":"20081101","person_stay_to":"20090331"}],"person_residency_sort_stay_from":null,"person_residency_sort_stay_to":null,"person_practice_field":[110],"person_program":false,"person_locations":[{"person_city":"D\u00fcsseldorf","person_country":"Deutschland"}],"person_country":"","related_posts_event":"","related_posts_news":"","related_posts_post":null,"related_posts_schlosspost":null,"person_fellow_juror_relation":""},"_links":{"self":[{"href":"https:\/\/www.akademie-solitude.de\/de\/wp-json\/wp\/v2\/person\/5820","targetHints":{"allow":["GET"]}}],"collection":[{"href":"https:\/\/www.akademie-solitude.de\/de\/wp-json\/wp\/v2\/person"}],"about":[{"href":"https:\/\/www.akademie-solitude.de\/de\/wp-json\/wp\/v2\/types\/person"}],"author":[{"embeddable":true,"href":"https:\/\/www.akademie-solitude.de\/de\/wp-json\/wp\/v2\/users\/1"}],"acf:term":[{"embeddable":true,"taxonomy":"practice_field","href":"https:\/\/www.akademie-solitude.de\/de\/wp-json\/wp\/v2\/practice_field\/110"},{"embeddable":true,"taxonomy":"year_generation","href":"https:\/\/www.akademie-solitude.de\/de\/wp-json\/wp\/v2\/year_generation\/94"},{"embeddable":true,"taxonomy":"year_generation","href":"https:\/\/www.akademie-solitude.de\/de\/wp-json\/wp\/v2\/year_generation\/93"},{"embeddable":true,"taxonomy":"year_generation","href":"https:\/\/www.akademie-solitude.de\/de\/wp-json\/wp\/v2\/year_generation\/92"},{"embeddable":true,"taxonomy":"person_type","href":"https:\/\/www.akademie-solitude.de\/de\/wp-json\/wp\/v2\/person_type\/57"}],"wp:attachment":[{"href":"https:\/\/www.akademie-solitude.de\/de\/wp-json\/wp\/v2\/media?parent=5820"}],"wp:term":[{"taxonomy":"person_type","embeddable":true,"href":"https:\/\/www.akademie-solitude.de\/de\/wp-json\/wp\/v2\/person_type?post=5820"},{"taxonomy":"program","embeddable":true,"href":"https:\/\/www.akademie-solitude.de\/de\/wp-json\/wp\/v2\/program?post=5820"},{"taxonomy":"practice_field","embeddable":true,"href":"https:\/\/www.akademie-solitude.de\/de\/wp-json\/wp\/v2\/practice_field?post=5820"},{"taxonomy":"year_generation","embeddable":true,"href":"https:\/\/www.akademie-solitude.de\/de\/wp-json\/wp\/v2\/year_generation?post=5820"}],"curies":[{"name":"wp","href":"https:\/\/api.w.org\/{rel}","templated":true}]}}