{"id":5899,"date":"2020-03-26T14:47:53","date_gmt":"2020-03-26T13:47:53","guid":{"rendered":"https:\/\/www.akademie-solitude.de\/person\/rafael-spregelburd\/"},"modified":"2020-08-12T17:28:15","modified_gmt":"2020-08-12T15:28:15","slug":"rafael-spregelburd","status":"publish","type":"person","link":"https:\/\/www.akademie-solitude.de\/de\/person\/rafael-spregelburd\/","title":{"rendered":"Rafael  Spregelburd"},"content":{"rendered":"","protected":false},"author":1,"featured_media":0,"template":"","meta":{"_acf_changed":false,"inline_featured_image":false},"person_type":[57],"program":[],"practice_field":[120],"year_generation":[88,89,90],"class_list":["post-5899","person","type-person","status-publish","hentry","person_type-stipendiatinnen","practice_field-darstellende-kunst","year_generation-88","year_generation-89","year_generation-90"],"acf":{"person_id__old":"1808","person_name":{"person_name":"Rafael","person_middlename":"","person_surname":"Spregelburd"},"person_metadata":"","person_position":[57],"person_job":"","person_txt":"Geboren 1970 in Buenos Aires.<br \/>\n<br \/>\nSpregelburd lebt und arbeitet in Buenos Aires als Autor, Regisseur, Schauspieler und \u00dcbersetzer. Als wichtiger Vertreter des argentinischen Theaters lassen sich seine sehr unterschiedlichen und polemischen Arbeiten kaum kategorisieren.<br \/>\n<br \/>\nEr studierte Schauspiel und Dramaturgie, u. a. bei Mauricio Kartun, Ricardo Bartis und Jos\u00e9 Sanchis Sinisterra.<br \/>\n<br \/>\n1994 gr\u00fcndete er seine eigene Theaterkompanie \"El Patr\u00f3n V\u00e1zquez\" und trat damit auf zahlreichen internationalen Festivals auf.<br \/>\n<br \/>\nAb 1995 widmet er sich auch der Regie und bringt seither eine Vielzahl eigener Texte selbst auf die B\u00fchne. Daneben produziert er gelegentlich pers\u00f6nliche Adaptionen von Texten anderer Autoren.<br \/>\n<br \/>\n1998 Einladung vom British Council und dem Royal Court Theater in London f\u00fcr die Teilnahme am Summer International Residency - ein j\u00e4hrlich organisiertes Programm des Royal Court Theaters, f\u00fcr das er daraufhin als Hausautor beauftragt wird.<br \/>\n<br \/>\nEr war 2000\/01 Hausautor am Deutschen Schauspielhaus in Hamburg und seit 2004 Gastautor der Schaub\u00fchne Berlin sowie am Theaterhaus Stuttgart.<br \/>\n<br \/>\nSeine \u00fcber 30 Theaterst\u00fccke, darunter \u201cLa modestia\u201d, \u201cLa estupidez\u201d, \u201cEl p\u00e1nico\u201d, \u201cDos personas diferentes dicen hace buen tiempo\u201d, \u201cLa extravagancia\u201d, \u201cLa inapetencia\u201d, \u201cFractal\u201d, \u201cUn momento argentino\u201d, \u201cLa escala humana\u201d und \u201cBizarra\u201d wurden ins Englische, Deutsche, Franz\u00f6sische, Italienische, Portugiesische, Tschechische, Niederl\u00e4ndische und Schwedische \u00fcbersetzt.<br \/>\n<br \/>\nSpregelburd erhielt \u00fcber 30 argentinische und internationale Preise, u. a. der Spanische Dramaturgiepreis \"Tirso de Molina\", Dramaturgiepreis der Stadt Buenos Aires, die argentinischen Preise \"Argentores\", \"Mar\u00eda Guerrero\" und \"Trinidad Guevara\", den Preis der argentinischen Tageszeitung Clar\u00edn.","person_txt_short":"","person_img":"","person_website":"<a href=\"http:\/\/www.spregelburd.com.ar\">www.spregelburd.com.ar<\/a>","person_links":null,"person_year":[88,89,90],"person_residencies":[{"person_stay_from":"20050322","person_stay_to":"20050522"}],"person_residency_sort_stay_from":null,"person_residency_sort_stay_to":null,"person_practice_field":[120],"person_program":false,"person_locations":[{"person_city":"Buenos Aires","person_country":"Argentinien"}],"person_country":"","related_posts_event":"","related_posts_news":"","related_posts_post":null,"related_posts_schlosspost":null,"person_fellow_juror_relation":[5483]},"_links":{"self":[{"href":"https:\/\/www.akademie-solitude.de\/de\/wp-json\/wp\/v2\/person\/5899","targetHints":{"allow":["GET"]}}],"collection":[{"href":"https:\/\/www.akademie-solitude.de\/de\/wp-json\/wp\/v2\/person"}],"about":[{"href":"https:\/\/www.akademie-solitude.de\/de\/wp-json\/wp\/v2\/types\/person"}],"author":[{"embeddable":true,"href":"https:\/\/www.akademie-solitude.de\/de\/wp-json\/wp\/v2\/users\/1"}],"acf:post":[{"embeddable":true,"href":"https:\/\/www.akademie-solitude.de\/de\/wp-json\/wp\/v2\/person\/5483"}],"acf:term":[{"embeddable":true,"taxonomy":"practice_field","href":"https:\/\/www.akademie-solitude.de\/de\/wp-json\/wp\/v2\/practice_field\/120"},{"embeddable":true,"taxonomy":"year_generation","href":"https:\/\/www.akademie-solitude.de\/de\/wp-json\/wp\/v2\/year_generation\/90"},{"embeddable":true,"taxonomy":"year_generation","href":"https:\/\/www.akademie-solitude.de\/de\/wp-json\/wp\/v2\/year_generation\/89"},{"embeddable":true,"taxonomy":"year_generation","href":"https:\/\/www.akademie-solitude.de\/de\/wp-json\/wp\/v2\/year_generation\/88"},{"embeddable":true,"taxonomy":"person_type","href":"https:\/\/www.akademie-solitude.de\/de\/wp-json\/wp\/v2\/person_type\/57"}],"wp:attachment":[{"href":"https:\/\/www.akademie-solitude.de\/de\/wp-json\/wp\/v2\/media?parent=5899"}],"wp:term":[{"taxonomy":"person_type","embeddable":true,"href":"https:\/\/www.akademie-solitude.de\/de\/wp-json\/wp\/v2\/person_type?post=5899"},{"taxonomy":"program","embeddable":true,"href":"https:\/\/www.akademie-solitude.de\/de\/wp-json\/wp\/v2\/program?post=5899"},{"taxonomy":"practice_field","embeddable":true,"href":"https:\/\/www.akademie-solitude.de\/de\/wp-json\/wp\/v2\/practice_field?post=5899"},{"taxonomy":"year_generation","embeddable":true,"href":"https:\/\/www.akademie-solitude.de\/de\/wp-json\/wp\/v2\/year_generation?post=5899"}],"curies":[{"name":"wp","href":"https:\/\/api.w.org\/{rel}","templated":true}]}}