{"id":6079,"date":"2020-03-26T14:48:11","date_gmt":"2020-03-26T13:48:11","guid":{"rendered":"https:\/\/www.akademie-solitude.de\/person\/philipp-maintz\/"},"modified":"2020-08-12T17:28:45","modified_gmt":"2020-08-12T15:28:45","slug":"philipp-maintz","status":"publish","type":"person","link":"https:\/\/www.akademie-solitude.de\/de\/person\/philipp-maintz\/","title":{"rendered":"Philipp  Maintz"},"content":{"rendered":"","protected":false},"author":1,"featured_media":0,"template":"","meta":{"_acf_changed":false,"inline_featured_image":false},"person_type":[57],"program":[],"practice_field":[122],"year_generation":[94,95,96],"class_list":["post-6079","person","type-person","status-publish","hentry","person_type-stipendiatinnen","practice_field-musik-klang","year_generation-94","year_generation-95","year_generation-96"],"acf":{"person_id__old":"1990","person_name":{"person_name":"Philipp","person_middlename":"","person_surname":"Maintz"},"person_metadata":"","person_position":[57],"person_job":"","person_txt":"Geboren 1977 in Aachen. <br \/>\n<br \/>\nPhilipp Maintz erhielt seinen ersten Kompositionsunterricht bei Michael Reudenbach. Von 1997 bis 2003 absolvierte er mit Auszeichnung ein Kompositionsstudium bei Robert HP Platz in Maastricht, an das sich ein Aufbaustudium Komposition und elektronische Musik bei Karlheinz Essl am Bruckner-Konservatorium in Linz anschloss. <br \/>\n<br \/>\nEr erhielt Stipendien und Einladungen, u. a. des Elektronischen Studios der Universit\u00e9 de Li\u00e8ge, der Internationalen Ferienkurse f\u00fcr Neue Musik in Darmstadt, des IRCAM Paris, des nordrhein-westf\u00e4lischen Kultusministerium und das Nieders\u00e4chsische K\u00fcnstlerstipendium f\u00fcr den K\u00fcnstlerhof Schreyahn. <br \/>\n<br \/>\nWeitere Auszeichnungen: Stipendium der <br \/>\nBundesregierung f\u00fcr einen einj\u00e4hrigen Aufenthalt <br \/>\nin der Villa Massimo Rom (2010), die Cit\u00e9 <br \/>\nInternationale des Arts Paris (2007), Stipendium <br \/>\nder Wilfried-Steinbrenner-Stiftung (2006), <br \/>\nF\u00f6rderpreis f\u00fcr Komposition der Ernst von Siemens <br \/>\nMusikstiftung (2005).<br \/>\n<br \/>\nSeine Kompositionen wurden u. a. bei folgenden Festivals aufgef\u00fchrt: Musik der Zeit (K\u00f6ln), <br \/>\nAgora (Paris), Wittener Tage f\u00fcr Neue <br \/>\nKammermusik, Festival Musica (Stra\u00dfburg), Wien <br \/>\nModern, Ars Musica (Br\u00fcssel), Nuova Consonanza <br \/>\n(Rom), Hear&Now (London) und Salzburger <br \/>\nFestspiele. <br \/>\n<br \/>\nZuletzt er\u00f6ffnete die 12. M\u00fcnchener <br \/>\nBiennale f\u00fcr Neues Musiktheater mit der <br \/>\nUrauff\u00fchrung seiner Oper <i>Maldoror<\/i>, in einer <br \/>\nKoproduktion der Theater Aachen und Basel.<br \/>\n<br \/>\n<a href=https:\/\/www.baerenreiter.com\/im-fokus\/musik-des-2021-jahrhunderts\/zeitgenoessische-musik\/philipp-maintz\/aktuelles\/>https:\/\/www.baerenreiter.com\/im-fokus\/musik-des-2021-jahrhunderts\/zeitgenoessische-musik\/philipp-maintz\/aktuelles\/<\/a>","person_txt_short":"","person_img":"","person_website":"","person_links":null,"person_year":[94,95,96],"person_residencies":[{"person_stay_from":"20091001","person_stay_to":"20100131"},{"person_stay_from":null,"person_stay_to":"20110314"}],"person_residency_sort_stay_from":null,"person_residency_sort_stay_to":null,"person_practice_field":[122],"person_program":false,"person_locations":[{"person_city":"","person_country":"Deutschland"}],"person_country":"","related_posts_event":[7401,7408,18616,18623],"related_posts_news":[26757],"related_posts_post":null,"related_posts_schlosspost":null,"person_fellow_juror_relation":[5468]},"_links":{"self":[{"href":"https:\/\/www.akademie-solitude.de\/de\/wp-json\/wp\/v2\/person\/6079","targetHints":{"allow":["GET"]}}],"collection":[{"href":"https:\/\/www.akademie-solitude.de\/de\/wp-json\/wp\/v2\/person"}],"about":[{"href":"https:\/\/www.akademie-solitude.de\/de\/wp-json\/wp\/v2\/types\/person"}],"author":[{"embeddable":true,"href":"https:\/\/www.akademie-solitude.de\/de\/wp-json\/wp\/v2\/users\/1"}],"acf:post":[{"embeddable":true,"href":"https:\/\/www.akademie-solitude.de\/de\/wp-json\/wp\/v2\/person\/5468"},{"embeddable":true,"href":"https:\/\/www.akademie-solitude.de\/de\/wp-json\/wp\/v2\/news\/26757"},{"embeddable":true,"href":"https:\/\/www.akademie-solitude.de\/de\/wp-json\/wp\/v2\/event\/18623"},{"embeddable":true,"href":"https:\/\/www.akademie-solitude.de\/de\/wp-json\/wp\/v2\/event\/18616"},{"embeddable":true,"href":"https:\/\/www.akademie-solitude.de\/de\/wp-json\/wp\/v2\/event\/7408"},{"embeddable":true,"href":"https:\/\/www.akademie-solitude.de\/de\/wp-json\/wp\/v2\/event\/7401"}],"acf:term":[{"embeddable":true,"taxonomy":"practice_field","href":"https:\/\/www.akademie-solitude.de\/de\/wp-json\/wp\/v2\/practice_field\/122"},{"embeddable":true,"taxonomy":"year_generation","href":"https:\/\/www.akademie-solitude.de\/de\/wp-json\/wp\/v2\/year_generation\/96"},{"embeddable":true,"taxonomy":"year_generation","href":"https:\/\/www.akademie-solitude.de\/de\/wp-json\/wp\/v2\/year_generation\/95"},{"embeddable":true,"taxonomy":"year_generation","href":"https:\/\/www.akademie-solitude.de\/de\/wp-json\/wp\/v2\/year_generation\/94"},{"embeddable":true,"taxonomy":"person_type","href":"https:\/\/www.akademie-solitude.de\/de\/wp-json\/wp\/v2\/person_type\/57"}],"wp:attachment":[{"href":"https:\/\/www.akademie-solitude.de\/de\/wp-json\/wp\/v2\/media?parent=6079"}],"wp:term":[{"taxonomy":"person_type","embeddable":true,"href":"https:\/\/www.akademie-solitude.de\/de\/wp-json\/wp\/v2\/person_type?post=6079"},{"taxonomy":"program","embeddable":true,"href":"https:\/\/www.akademie-solitude.de\/de\/wp-json\/wp\/v2\/program?post=6079"},{"taxonomy":"practice_field","embeddable":true,"href":"https:\/\/www.akademie-solitude.de\/de\/wp-json\/wp\/v2\/practice_field?post=6079"},{"taxonomy":"year_generation","embeddable":true,"href":"https:\/\/www.akademie-solitude.de\/de\/wp-json\/wp\/v2\/year_generation?post=6079"}],"curies":[{"name":"wp","href":"https:\/\/api.w.org\/{rel}","templated":true}]}}