{"id":6259,"date":"2020-03-26T14:48:29","date_gmt":"2020-03-26T13:48:29","guid":{"rendered":"https:\/\/www.akademie-solitude.de\/person\/iassen-markov\/"},"modified":"2020-08-12T17:29:14","modified_gmt":"2020-08-12T15:29:14","slug":"iassen-markov","status":"publish","type":"person","link":"https:\/\/www.akademie-solitude.de\/de\/person\/iassen-markov\/","title":{"rendered":"Iassen  Markov"},"content":{"rendered":"","protected":false},"author":1,"featured_media":0,"template":"","meta":{"_acf_changed":false,"inline_featured_image":false},"person_type":[57],"program":[],"practice_field":[12],"year_generation":[92,93,94],"class_list":["post-6259","person","type-person","status-publish","hentry","person_type-stipendiatinnen","practice_field-architektur","year_generation-92","year_generation-93","year_generation-94"],"acf":{"person_id__old":"2173","person_name":{"person_name":"Iassen","person_middlename":"","person_surname":"Markov"},"person_metadata":"","person_position":[57],"person_job":"","person_txt":"Geboren 1980 in Sofia\/Bulgarien. <br \/>\n<br \/>\nEr studierte Architektur am Institut f\u00fcr Grundlagen moderner Architektur und Entwerfen (IGMA) der Universit\u00e4t Stuttgart. Seitdem assistiert Markov am IGMA und unterrichtete an der Architectural Association, Graduate School of Architecture, London. <br \/>\n<br \/>\nNeben der Projektentwicklung am New Financial Center in Sofia (2002) realisierte er 2006 dort ein B\u00fcro- und Wohngeb\u00e4ude. 2005 veranstaltete Markov Workshops und Vortr\u00e4ge in Frankfurt, Dresden, Konstanz, Stuttgart und Karlsruhe. Als Mitherausgeber publizierte er \u00bb5 Codes \u2013 Architecture, Conspiracy and Risk in Times of Terror\u00ab im Birkh\u00e4user Verlag (2006). Au\u00dferdem gestaltete er das B\u00fchnenbild f\u00fcr die beiden Theaterst\u00fccke \u00bbFaust und der Marquis\u00ab (auch Buchprojekt) sowie \u00bb7 Sad Landscapes\u00ab (geplante Auff\u00fchrung 2008).","person_txt_short":"","person_img":"","person_website":"","person_links":null,"person_year":[92,93,94],"person_residencies":[{"person_stay_from":"20071001","person_stay_to":"20080930"}],"person_residency_sort_stay_from":null,"person_residency_sort_stay_to":null,"person_practice_field":[12],"person_program":false,"person_locations":[{"person_city":"Stuttgart","person_country":"Deutschland"}],"person_country":"","related_posts_event":[7227,7229,7257,7258,7284,7367,7289,18442,18444,18472,18473,18499,18504,18582],"related_posts_news":[7289,42671],"related_posts_post":null,"related_posts_schlosspost":null,"person_fellow_juror_relation":[5500]},"_links":{"self":[{"href":"https:\/\/www.akademie-solitude.de\/de\/wp-json\/wp\/v2\/person\/6259","targetHints":{"allow":["GET"]}}],"collection":[{"href":"https:\/\/www.akademie-solitude.de\/de\/wp-json\/wp\/v2\/person"}],"about":[{"href":"https:\/\/www.akademie-solitude.de\/de\/wp-json\/wp\/v2\/types\/person"}],"author":[{"embeddable":true,"href":"https:\/\/www.akademie-solitude.de\/de\/wp-json\/wp\/v2\/users\/1"}],"acf:post":[{"embeddable":true,"href":"https:\/\/www.akademie-solitude.de\/de\/wp-json\/wp\/v2\/person\/5500"},{"embeddable":true,"href":"https:\/\/www.akademie-solitude.de\/de\/wp-json\/wp\/v2\/news\/42671"},{"embeddable":true,"href":"https:\/\/www.akademie-solitude.de\/de\/wp-json\/wp\/v2\/event\/18582"},{"embeddable":true,"href":"https:\/\/www.akademie-solitude.de\/de\/wp-json\/wp\/v2\/event\/18504"},{"embeddable":true,"href":"https:\/\/www.akademie-solitude.de\/de\/wp-json\/wp\/v2\/event\/18499"},{"embeddable":true,"href":"https:\/\/www.akademie-solitude.de\/de\/wp-json\/wp\/v2\/event\/18473"},{"embeddable":true,"href":"https:\/\/www.akademie-solitude.de\/de\/wp-json\/wp\/v2\/event\/18472"},{"embeddable":true,"href":"https:\/\/www.akademie-solitude.de\/de\/wp-json\/wp\/v2\/event\/18444"},{"embeddable":true,"href":"https:\/\/www.akademie-solitude.de\/de\/wp-json\/wp\/v2\/event\/18442"},{"embeddable":true,"href":"https:\/\/www.akademie-solitude.de\/de\/wp-json\/wp\/v2\/event\/7289"},{"embeddable":true,"href":"https:\/\/www.akademie-solitude.de\/de\/wp-json\/wp\/v2\/event\/7367"},{"embeddable":true,"href":"https:\/\/www.akademie-solitude.de\/de\/wp-json\/wp\/v2\/event\/7284"},{"embeddable":true,"href":"https:\/\/www.akademie-solitude.de\/de\/wp-json\/wp\/v2\/event\/7258"},{"embeddable":true,"href":"https:\/\/www.akademie-solitude.de\/de\/wp-json\/wp\/v2\/event\/7257"},{"embeddable":true,"href":"https:\/\/www.akademie-solitude.de\/de\/wp-json\/wp\/v2\/event\/7229"},{"embeddable":true,"href":"https:\/\/www.akademie-solitude.de\/de\/wp-json\/wp\/v2\/event\/7227"}],"acf:term":[{"embeddable":true,"taxonomy":"practice_field","href":"https:\/\/www.akademie-solitude.de\/de\/wp-json\/wp\/v2\/practice_field\/12"},{"embeddable":true,"taxonomy":"year_generation","href":"https:\/\/www.akademie-solitude.de\/de\/wp-json\/wp\/v2\/year_generation\/94"},{"embeddable":true,"taxonomy":"year_generation","href":"https:\/\/www.akademie-solitude.de\/de\/wp-json\/wp\/v2\/year_generation\/93"},{"embeddable":true,"taxonomy":"year_generation","href":"https:\/\/www.akademie-solitude.de\/de\/wp-json\/wp\/v2\/year_generation\/92"},{"embeddable":true,"taxonomy":"person_type","href":"https:\/\/www.akademie-solitude.de\/de\/wp-json\/wp\/v2\/person_type\/57"}],"wp:attachment":[{"href":"https:\/\/www.akademie-solitude.de\/de\/wp-json\/wp\/v2\/media?parent=6259"}],"wp:term":[{"taxonomy":"person_type","embeddable":true,"href":"https:\/\/www.akademie-solitude.de\/de\/wp-json\/wp\/v2\/person_type?post=6259"},{"taxonomy":"program","embeddable":true,"href":"https:\/\/www.akademie-solitude.de\/de\/wp-json\/wp\/v2\/program?post=6259"},{"taxonomy":"practice_field","embeddable":true,"href":"https:\/\/www.akademie-solitude.de\/de\/wp-json\/wp\/v2\/practice_field?post=6259"},{"taxonomy":"year_generation","embeddable":true,"href":"https:\/\/www.akademie-solitude.de\/de\/wp-json\/wp\/v2\/year_generation?post=6259"}],"curies":[{"name":"wp","href":"https:\/\/api.w.org\/{rel}","templated":true}]}}