{"id":6336,"date":"2020-03-26T14:48:37","date_gmt":"2020-03-26T13:48:37","guid":{"rendered":"https:\/\/www.akademie-solitude.de\/person\/nadir-vassena\/"},"modified":"2020-08-12T17:29:27","modified_gmt":"2020-08-12T15:29:27","slug":"nadir-vassena","status":"publish","type":"person","link":"https:\/\/www.akademie-solitude.de\/de\/person\/nadir-vassena\/","title":{"rendered":"Nadir  Vassena"},"content":{"rendered":"","protected":false},"author":1,"featured_media":0,"template":"","meta":{"_acf_changed":false,"inline_featured_image":false},"person_type":[57],"program":[],"practice_field":[122],"year_generation":[85,86],"class_list":["post-6336","person","type-person","status-publish","hentry","person_type-stipendiatinnen","practice_field-musik-klang","year_generation-85","year_generation-86"],"acf":{"person_id__old":"2250","person_name":{"person_name":"Nadir","person_middlename":"","person_surname":"Vassena"},"person_metadata":"","person_position":[57],"person_job":"","person_txt":"Geboren 1970 in Lugeno-Sorengo\/Schweiz. Kompositionsstudium in Mailand bei Bruno Zanolini und Alessandro Solbiati. Lehrt\u00e4tigkeit an der Conservatorio della Svizzera Italiana. 1994 Preis der HdK Berlin, Institut f\u00fcr Neue Musik; 1997 Pr\u00e4mie beim Kompositions-wettbewerb f\u00fcr Kammermusik Winterthur f\u00fcr \u201eFormulae\" (Fl\u00f6te und Cembalo). 1996 Beteiligung an der Internationalen Gaudeamus Musikwoche mit der Komposition \u201eMysterium Lunae\" (f\u00fcr Kammerchor), ebenso 1998 und 1999. Kommissionsarbeiten f\u00fcr Pro Helvetia , Musikverband Baselland (MVB), Musica `900, Quartetto Arte.","person_txt_short":"","person_img":"","person_website":"","person_links":null,"person_year":[85,86],"person_residencies":[{"person_stay_from":"20001101","person_stay_to":"20010430"}],"person_residency_sort_stay_from":null,"person_residency_sort_stay_to":null,"person_practice_field":[122],"person_program":false,"person_locations":[{"person_city":"Balerna","person_country":"Schweiz"}],"person_country":"","related_posts_event":"","related_posts_news":"","related_posts_post":null,"related_posts_schlosspost":null,"person_fellow_juror_relation":[5511]},"_links":{"self":[{"href":"https:\/\/www.akademie-solitude.de\/de\/wp-json\/wp\/v2\/person\/6336","targetHints":{"allow":["GET"]}}],"collection":[{"href":"https:\/\/www.akademie-solitude.de\/de\/wp-json\/wp\/v2\/person"}],"about":[{"href":"https:\/\/www.akademie-solitude.de\/de\/wp-json\/wp\/v2\/types\/person"}],"author":[{"embeddable":true,"href":"https:\/\/www.akademie-solitude.de\/de\/wp-json\/wp\/v2\/users\/1"}],"acf:post":[{"embeddable":true,"href":"https:\/\/www.akademie-solitude.de\/de\/wp-json\/wp\/v2\/person\/5511"}],"acf:term":[{"embeddable":true,"taxonomy":"practice_field","href":"https:\/\/www.akademie-solitude.de\/de\/wp-json\/wp\/v2\/practice_field\/122"},{"embeddable":true,"taxonomy":"year_generation","href":"https:\/\/www.akademie-solitude.de\/de\/wp-json\/wp\/v2\/year_generation\/86"},{"embeddable":true,"taxonomy":"year_generation","href":"https:\/\/www.akademie-solitude.de\/de\/wp-json\/wp\/v2\/year_generation\/85"},{"embeddable":true,"taxonomy":"person_type","href":"https:\/\/www.akademie-solitude.de\/de\/wp-json\/wp\/v2\/person_type\/57"}],"wp:attachment":[{"href":"https:\/\/www.akademie-solitude.de\/de\/wp-json\/wp\/v2\/media?parent=6336"}],"wp:term":[{"taxonomy":"person_type","embeddable":true,"href":"https:\/\/www.akademie-solitude.de\/de\/wp-json\/wp\/v2\/person_type?post=6336"},{"taxonomy":"program","embeddable":true,"href":"https:\/\/www.akademie-solitude.de\/de\/wp-json\/wp\/v2\/program?post=6336"},{"taxonomy":"practice_field","embeddable":true,"href":"https:\/\/www.akademie-solitude.de\/de\/wp-json\/wp\/v2\/practice_field?post=6336"},{"taxonomy":"year_generation","embeddable":true,"href":"https:\/\/www.akademie-solitude.de\/de\/wp-json\/wp\/v2\/year_generation?post=6336"}],"curies":[{"name":"wp","href":"https:\/\/api.w.org\/{rel}","templated":true}]}}