{"id":6458,"date":"2020-03-26T14:48:48","date_gmt":"2020-03-26T13:48:48","guid":{"rendered":"https:\/\/www.akademie-solitude.de\/person\/claudia-triozzi\/"},"modified":"2020-08-12T17:29:49","modified_gmt":"2020-08-12T15:29:49","slug":"claudia-triozzi","status":"publish","type":"person","link":"https:\/\/www.akademie-solitude.de\/de\/person\/claudia-triozzi\/","title":{"rendered":"Claudia  Triozzi"},"content":{"rendered":"","protected":false},"author":1,"featured_media":0,"template":"","meta":{"_acf_changed":false,"inline_featured_image":false},"person_type":[57],"program":[],"practice_field":[120],"year_generation":[96,97,98],"class_list":["post-6458","person","type-person","status-publish","hentry","person_type-stipendiatinnen","practice_field-darstellende-kunst","year_generation-96","year_generation-97","year_generation-98"],"acf":{"person_id__old":"2375","person_name":{"person_name":"Claudia","person_middlename":"","person_surname":"Triozzi"},"person_metadata":"","person_position":[57],"person_job":"","person_txt":"Geboren 1962 in Vimercate\/Italien.<br>\n<br>\nClaudia Triozzi studierte Ballett und zeitgen\u00f6ssischer Tanz in Italien. Seit 1985 lebt sie in Paris. Dort arbeitete sie als Performerin und entwickelte eigene Stu\u0308cke, die sie im Rahmen von zahlreichen Ausstellungen pr\u00e4sentierte, unter anderem im Museum Kunst Palast in Du\u0308sseldorf (2001), der Biennale d\u2019art contemporain de Lyon\/Frankreich (2001) und dem Studio National des arts contemporains, Le Fresnoy, Tourcoing\/Frankreich (2002).<br>\n <br>\n2006 erhielt sie das DNSEP (Dipl\u00f4me National Sup\u00e9rieur d\u2019expression Plastique) der \u00c9cole Nationale des Beaux Arts de Lyon. <br>\n<br>\nSeit 2006 arbeitet Claudia Triozzi als T\u00e4nzerin und Choreografin und lehrt zudem an der \u00c9cole sup\u00e9rieure d\u2019art in Rueil-Malmaison\/Frankreich.<br>\n<br>","person_txt_short":"","person_img":"","person_website":"","person_links":null,"person_year":[96,97,98],"person_residencies":[{"person_stay_from":"20120701","person_stay_to":"20120930"},{"person_stay_from":null,"person_stay_to":"20130403"}],"person_residency_sort_stay_from":null,"person_residency_sort_stay_to":null,"person_practice_field":[120],"person_program":false,"person_locations":[{"person_city":"","person_country":"Frankreich"}],"person_country":"","related_posts_event":[7457,7465,18672,18680],"related_posts_news":[7457,7465],"related_posts_post":null,"related_posts_schlosspost":null,"person_fellow_juror_relation":[5454]},"_links":{"self":[{"href":"https:\/\/www.akademie-solitude.de\/de\/wp-json\/wp\/v2\/person\/6458","targetHints":{"allow":["GET"]}}],"collection":[{"href":"https:\/\/www.akademie-solitude.de\/de\/wp-json\/wp\/v2\/person"}],"about":[{"href":"https:\/\/www.akademie-solitude.de\/de\/wp-json\/wp\/v2\/types\/person"}],"author":[{"embeddable":true,"href":"https:\/\/www.akademie-solitude.de\/de\/wp-json\/wp\/v2\/users\/1"}],"acf:post":[{"embeddable":true,"href":"https:\/\/www.akademie-solitude.de\/de\/wp-json\/wp\/v2\/person\/5454"},{"embeddable":true,"href":"https:\/\/www.akademie-solitude.de\/de\/wp-json\/wp\/v2\/event\/18680"},{"embeddable":true,"href":"https:\/\/www.akademie-solitude.de\/de\/wp-json\/wp\/v2\/event\/18672"},{"embeddable":true,"href":"https:\/\/www.akademie-solitude.de\/de\/wp-json\/wp\/v2\/event\/7465"},{"embeddable":true,"href":"https:\/\/www.akademie-solitude.de\/de\/wp-json\/wp\/v2\/event\/7457"}],"acf:term":[{"embeddable":true,"taxonomy":"practice_field","href":"https:\/\/www.akademie-solitude.de\/de\/wp-json\/wp\/v2\/practice_field\/120"},{"embeddable":true,"taxonomy":"year_generation","href":"https:\/\/www.akademie-solitude.de\/de\/wp-json\/wp\/v2\/year_generation\/98"},{"embeddable":true,"taxonomy":"year_generation","href":"https:\/\/www.akademie-solitude.de\/de\/wp-json\/wp\/v2\/year_generation\/97"},{"embeddable":true,"taxonomy":"year_generation","href":"https:\/\/www.akademie-solitude.de\/de\/wp-json\/wp\/v2\/year_generation\/96"},{"embeddable":true,"taxonomy":"person_type","href":"https:\/\/www.akademie-solitude.de\/de\/wp-json\/wp\/v2\/person_type\/57"}],"wp:attachment":[{"href":"https:\/\/www.akademie-solitude.de\/de\/wp-json\/wp\/v2\/media?parent=6458"}],"wp:term":[{"taxonomy":"person_type","embeddable":true,"href":"https:\/\/www.akademie-solitude.de\/de\/wp-json\/wp\/v2\/person_type?post=6458"},{"taxonomy":"program","embeddable":true,"href":"https:\/\/www.akademie-solitude.de\/de\/wp-json\/wp\/v2\/program?post=6458"},{"taxonomy":"practice_field","embeddable":true,"href":"https:\/\/www.akademie-solitude.de\/de\/wp-json\/wp\/v2\/practice_field?post=6458"},{"taxonomy":"year_generation","embeddable":true,"href":"https:\/\/www.akademie-solitude.de\/de\/wp-json\/wp\/v2\/year_generation?post=6458"}],"curies":[{"name":"wp","href":"https:\/\/api.w.org\/{rel}","templated":true}]}}