{"id":6641,"date":"2020-03-26T14:49:05","date_gmt":"2020-03-26T13:49:05","guid":{"rendered":"https:\/\/www.akademie-solitude.de\/person\/johannes-schoellhorn\/"},"modified":"2020-08-12T17:30:24","modified_gmt":"2020-08-12T15:30:24","slug":"johannes-schoellhorn","status":"publish","type":"person","link":"https:\/\/www.akademie-solitude.de\/de\/person\/johannes-schoellhorn\/","title":{"rendered":"Johannes  Sch\u00f6llhorn"},"content":{"rendered":"","protected":false},"author":1,"featured_media":0,"template":"","meta":{"_acf_changed":false,"inline_featured_image":false},"person_type":[54],"program":[],"practice_field":[],"year_generation":[],"class_list":["post-6641","person","type-person","status-publish","hentry","person_type-dozentinnen-sommerakademie"],"acf":{"person_id__old":"3473","person_name":{"person_name":"Johannes","person_middlename":"","person_surname":"Sch\u00f6llhorn"},"person_metadata":"","person_position":[54],"person_job":"","person_txt":"Johannes Sch\u00f6llhorn (*1962 in Murnau) studierte in Freiburg bei Klaus Huber, Emanuel Nunes und Mathias Spahlinger Komposition, Musiktheorie bei Peter F\u00f6rtig und besuchte Dirigierkurse bei Peter E\u00f6tv\u00f6s.<br \/>\nJohannes Sch\u00f6llhorn arbeitet mit zahlreichen internationalen Solisten, Ensembles und Orchestern, unter anderen dem Ensemble Modern, Ensemble intercontemporain, Ensemble l\u2019instant donn\u00e9, dem Klangforum Wien, Ensemble musikFabrik, ensemble recherche, den Neuen Vocalsolisten, ensemble ascolta, dem Neuen Ensemble, den Symphonieorchestern des WDR und SWR Stuttgart, dem Seoul Philharmonic Orchestra und dem Philharmonia Orchestra London zusammen und erhielt einige internationale Kompositionspreise und Auszeichnungen.<br \/>\n<br \/>\nIm Jahre 1997 war er Gewinner des Comit\u00e9 de Lecture des Ensemble intercontemporain und erhielt 2009 den Praetorius Musikpreis des Landes Niedersachsen. Seine Kammeroper \u00bbles petites filles mod\u00e8les\u00ab wurde oftmals in Paris und an verschiedenen Orten Frankreichs gespielt und hatte 1997 an der Op\u00e9ra de Bastille Premiere. 2008 war er im Rahmen des into-Projekts zu einem Studienaufenthalt in Hong Kong.<br \/>\nSeine Musik umfasst viele Genres von Kammer- und Vokalmusik \u00fcber Werke f\u00fcr Orchester bis hin zum Musiktheater. Er besch\u00e4ftigt sich ebenfalls auf vielf\u00e4ltige Weise mit musikalischer Bearbeitung, unter anderem hat er eine Version von \u00bb...explosante-fixe...\u00ab von Pierre Boulez erarbeitet.<br \/>\n<br \/>\nJohannes Sch\u00f6llhorn war bis 2004 Leiter des Ensembles f\u00fcr Neue Musik an der Hochschule f\u00fcr Musik Freiburg und unterrichtete von 1995 bis 2000 an der Hochschule f\u00fcr Musik und Theater Z\u00fcrich-Winterthur. Von 2001 bis 2009 war er Professor f\u00fcr Komposition an der Hochschule f\u00fcr Musik, Theater und Medien Hannover und Leiter des Instituts f\u00fcr neue Musik. Seit Oktober 2009 ist er Professor f\u00fcr Komposition und Leiter des Instituts f\u00fcr Neue Musik an der Hochschule f\u00fcr Musik und Tanz in K\u00f6ln. Johannes Sch\u00f6llhorn unterrichtete mehrmals am Kompositionsseminar der Fondation Royaumont sowie dem Bart\u00f3k-Festival und gab unter anderem Kompositionskurse beim Ictus-Seminar, am Conservatoire de Paris, am Conservatory of Music in Tianjin\/China, am Central Conservatory in Peking\/China, in Hongkong, beim Takefu International Music Festival in Japan, an der Tokyo Ondai University in Japan, beim Seoul Philharmonic Orchestra in S\u00fcdkorea und am Centro San Fedele Milano in Italien.","person_txt_short":"","person_img":"","person_website":"","person_links":null,"person_year":false,"person_residencies":null,"person_residency_sort_stay_from":null,"person_residency_sort_stay_to":null,"person_practice_field":false,"person_program":false,"person_locations":[{"person_city":"","person_country":"Deutschland"}],"person_country":"","related_posts_event":[7728],"related_posts_news":[7728,19290],"related_posts_post":null,"related_posts_schlosspost":null},"_links":{"self":[{"href":"https:\/\/www.akademie-solitude.de\/de\/wp-json\/wp\/v2\/person\/6641","targetHints":{"allow":["GET"]}}],"collection":[{"href":"https:\/\/www.akademie-solitude.de\/de\/wp-json\/wp\/v2\/person"}],"about":[{"href":"https:\/\/www.akademie-solitude.de\/de\/wp-json\/wp\/v2\/types\/person"}],"author":[{"embeddable":true,"href":"https:\/\/www.akademie-solitude.de\/de\/wp-json\/wp\/v2\/users\/1"}],"acf:post":[{"embeddable":true,"href":"https:\/\/www.akademie-solitude.de\/de\/wp-json\/wp\/v2\/news\/19290"},{"embeddable":true,"href":"https:\/\/www.akademie-solitude.de\/de\/wp-json\/wp\/v2\/news\/7728"}],"acf:term":[{"embeddable":true,"taxonomy":"person_type","href":"https:\/\/www.akademie-solitude.de\/de\/wp-json\/wp\/v2\/person_type\/54"}],"wp:attachment":[{"href":"https:\/\/www.akademie-solitude.de\/de\/wp-json\/wp\/v2\/media?parent=6641"}],"wp:term":[{"taxonomy":"person_type","embeddable":true,"href":"https:\/\/www.akademie-solitude.de\/de\/wp-json\/wp\/v2\/person_type?post=6641"},{"taxonomy":"program","embeddable":true,"href":"https:\/\/www.akademie-solitude.de\/de\/wp-json\/wp\/v2\/program?post=6641"},{"taxonomy":"practice_field","embeddable":true,"href":"https:\/\/www.akademie-solitude.de\/de\/wp-json\/wp\/v2\/practice_field?post=6641"},{"taxonomy":"year_generation","embeddable":true,"href":"https:\/\/www.akademie-solitude.de\/de\/wp-json\/wp\/v2\/year_generation?post=6641"}],"curies":[{"name":"wp","href":"https:\/\/api.w.org\/{rel}","templated":true}]}}