{"id":6775,"date":"2020-03-26T14:49:17","date_gmt":"2020-03-26T13:49:17","guid":{"rendered":"https:\/\/www.akademie-solitude.de\/person\/vesna-vukovic\/"},"modified":"2020-08-12T17:30:50","modified_gmt":"2020-08-12T15:30:50","slug":"vesna-vukovic","status":"publish","type":"person","link":"https:\/\/www.akademie-solitude.de\/de\/person\/vesna-vukovic\/","title":{"rendered":"Vesna  Vukovic"},"content":{"rendered":"","protected":false},"author":1,"featured_media":0,"template":"","meta":{"_acf_changed":false,"inline_featured_image":false},"person_type":[57],"program":[347],"practice_field":[],"year_generation":[98,99,100],"class_list":["post-6775","person","type-person","status-publish","hentry","person_type-stipendiatinnen","program-solitude-exchange-network","year_generation-98","year_generation-99","year_generation-100"],"acf":{"person_id__old":"3614","person_name":{"person_name":"Vesna","person_middlename":"","person_surname":"Vukovic"},"person_metadata":"","person_position":[57],"person_job":"","person_txt":"<p>Geboren 1976 in Dubrovnik\/Kroatien.<\/p><p>Vesna Vukovic arbeitet als \u00dcbersetzerin, Kuratorin und Wissenschaftlerin. Sie ist sowohl Mitglied des Kollektivs [BLOK] in Zagreb\/Kroatien als auch Partnerin Akademija Likovnih Umjetnosti u Zagrebu (Akademie der Bildenden K\u00fcnste in Zagreb) und der Umjetnicka Akademija u Splitu (Kunstakademie der University of Split\/Kroatien), wo sie auch Vorlesungen h\u00e4lt und regelm\u00e4\u00dfig publiziert.<br>Vukovics Arbeit widmet sich Erforschung des Verh\u00e4ltnisses von Kunst im \u00f6ffentlichen Raum zur Politik und der \u00d6ffentlichkeit im Allgemeinen. Ihre kuratorische Arbeit untersucht die Zwischenr\u00e4ume von Generationen, Produktionen und Repr\u00e4sentationen von zeitgen\u00f6ssischer Kunst, im Sinne einer erweiterten Ausstellung sowie die Organisation von Raum in der \u00d6ffentlichkeit. Auch als Wissenschaftlerin ist sie verankert in der kuratorischen Praxis, insbesondere bez\u00fcglich der Verwaltung von Kunst im \u00f6ffentlichen Raum.<br>Seit 2013 ist sie im Radiosender Croation Radio 3 am Programm <em>Stvarnost prostora<\/em> (<em>Die Realti\u00e4t des Raumes<\/em>) beteiligt, das sich mit den sozialen Prozessen besch\u00e4ftigt, die st\u00e4dtischen Raum losgel\u00f6st von seiner physischen Erbauung schaffen.<br><\/p><p>Projekte und Ausstellungen als Kuratorin:<\/p><p><em>UrbanFestival<\/em>, eine j\u00e4hrliche Reihe von Interventionen im \u00f6ffentlichen Raum, 2001\u20132009; <em>Milk<\/em>, ein Kommunikationsprojekt mit Kristina Leko, 2003; <em>Invisible Zagreb<\/em>, Gallery Nova, Zagreb, 2005; <em>Re-Collecting the City \u2013 Re-Collecting the Time<\/em>, Gallery Nova, Zagreb, 2006; <em>If you meet them on the streets, join\u2026<\/em>, eine Serie von Interventionen im \u00f6ffentlichen Raum, Zagreb, 2008; <em>Money etc.<\/em>, Gallery Miroslav Kraljevi\u0107, Zagreb, 2010; <em>Yesterday Tomorrow<\/em>, Petrova Gora, Gallery Nova, 2012; <em>Between Worlds II<\/em>, Gallery Miroslav Kraljevi\u0107, Zagreb, 2013.<\/p><p>Ver\u00f6ffentlichungen als Herausgeberin:<\/p><p><em>Save as...city.doc<\/em>, Frakcija magazine 30\/31, 2004; <em>Politics of Space<\/em>, UrbanFestival Katalog, 2006; <em>Operation: City \u2013 manual for living in neo-liberal reality<\/em>, 2008, <em>How we regret\u2026<\/em>, UrbanFestival catalogue, 2008; <em>Removed from the Crowd. Unexpected Encounters I,<\/em> 2011; <em>Micropolitics: Notebook<\/em>, 2011; <em>Ju\u010der sutra <\/em>(<em>Gestern Morgen<\/em>), Anhang in der Zeitschrift f\u00fcr Kultur-und Sozialfragen Zarez, 2012; <em>On Art and Money<\/em> (Arbeitstitel), performing art magazine Frakcija 62\/63 (noch nicht ver\u00f6ffentlicht).<\/p><p>Vesna Vukovic ist Teilnehmerin des Austauschprogrammes der Akademie Schloss Solitude mit kroatischen K\u00fcnstlern des Zentrums f\u00fcr unabh\u00e4ngige Kultur und Jugend (POGON), Zagreb.<br><\/p>","person_txt_short":"","person_img":"","person_website":"","person_links":null,"person_year":[98,99,100],"person_residencies":[{"person_stay_from":"20131001","person_stay_to":"20131231"}],"person_residency_sort_stay_from":null,"person_residency_sort_stay_to":null,"person_practice_field":false,"person_program":[347],"person_locations":[{"person_city":"","person_country":"Kroatien"}],"person_country":"","related_posts_event":"","related_posts_news":"","related_posts_post":null,"related_posts_schlosspost":null,"person_fellow_juror_relation":""},"_links":{"self":[{"href":"https:\/\/www.akademie-solitude.de\/de\/wp-json\/wp\/v2\/person\/6775","targetHints":{"allow":["GET"]}}],"collection":[{"href":"https:\/\/www.akademie-solitude.de\/de\/wp-json\/wp\/v2\/person"}],"about":[{"href":"https:\/\/www.akademie-solitude.de\/de\/wp-json\/wp\/v2\/types\/person"}],"author":[{"embeddable":true,"href":"https:\/\/www.akademie-solitude.de\/de\/wp-json\/wp\/v2\/users\/1"}],"acf:term":[{"embeddable":true,"taxonomy":"program","href":"https:\/\/www.akademie-solitude.de\/de\/wp-json\/wp\/v2\/program\/347"},{"embeddable":true,"taxonomy":"year_generation","href":"https:\/\/www.akademie-solitude.de\/de\/wp-json\/wp\/v2\/year_generation\/100"},{"embeddable":true,"taxonomy":"year_generation","href":"https:\/\/www.akademie-solitude.de\/de\/wp-json\/wp\/v2\/year_generation\/99"},{"embeddable":true,"taxonomy":"year_generation","href":"https:\/\/www.akademie-solitude.de\/de\/wp-json\/wp\/v2\/year_generation\/98"},{"embeddable":true,"taxonomy":"person_type","href":"https:\/\/www.akademie-solitude.de\/de\/wp-json\/wp\/v2\/person_type\/57"}],"wp:attachment":[{"href":"https:\/\/www.akademie-solitude.de\/de\/wp-json\/wp\/v2\/media?parent=6775"}],"wp:term":[{"taxonomy":"person_type","embeddable":true,"href":"https:\/\/www.akademie-solitude.de\/de\/wp-json\/wp\/v2\/person_type?post=6775"},{"taxonomy":"program","embeddable":true,"href":"https:\/\/www.akademie-solitude.de\/de\/wp-json\/wp\/v2\/program?post=6775"},{"taxonomy":"practice_field","embeddable":true,"href":"https:\/\/www.akademie-solitude.de\/de\/wp-json\/wp\/v2\/practice_field?post=6775"},{"taxonomy":"year_generation","embeddable":true,"href":"https:\/\/www.akademie-solitude.de\/de\/wp-json\/wp\/v2\/year_generation?post=6775"}],"curies":[{"name":"wp","href":"https:\/\/api.w.org\/{rel}","templated":true}]}}