{"id":6903,"date":"2020-03-26T14:49:31","date_gmt":"2020-03-26T13:49:31","guid":{"rendered":"https:\/\/www.akademie-solitude.de\/person\/jol-thomson\/"},"modified":"2020-08-12T17:31:13","modified_gmt":"2020-08-12T15:31:13","slug":"jol-thomson","status":"publish","type":"person","link":"https:\/\/www.akademie-solitude.de\/de\/person\/jol-thomson\/","title":{"rendered":"Jol  Thomson"},"content":{"rendered":"","protected":false},"author":1,"featured_media":0,"template":"","meta":{"_acf_changed":false,"inline_featured_image":false},"person_type":[57],"program":[346],"practice_field":[111],"year_generation":[100,101,102],"class_list":["post-6903","person","type-person","status-publish","hentry","person_type-stipendiatinnen","program-solitude-stipendium","practice_field-bildende-kunst","year_generation-100","year_generation-101","year_generation-102"],"acf":{"person_id__old":"3751","person_name":{"person_name":"Jol","person_middlename":"","person_surname":"Thomson"},"person_metadata":"Visual Arts, Solitude fellow 2015\u20132017","person_position":[57],"person_job":"","person_txt":"<p>Geboren 1981 in Ontario\/Kanada<\/p><p>Jol Thomson arbeitet als freischaffender K\u00fcnstler, Schriftsteller und Sound Designer in Berlin\/Deutschland. Er erhielt seinen Bachelorabschluss in Philosophie, Kunstgeschichte und Visual Studies von der University of Toronto, Kanada, sowie den Meistersch\u00fcler von Prof. Simon Starling an der Staatlichen Hochschule f\u00fcr Bildende K\u00fcnste \u2013 St\u00e4delschule in Frankfurt am Main\/Deutschland.<\/p><p>Von 2014 bis 2016 entwickelte und unterrichtete er ein experimentelles Kunstprogramm f\u00fcr Architekturstudenten im ersten Semester am Institut f\u00fcr Architekturbezogene Kunst, TU Braunschweig, Deutschland, in Zusammenarbeit mit der Geografin Dr. Sasha Engelmann, dem Dichter Dr. Alan Prohm, der Doktorandin und Architektin Natalija Miodragovic, sowie dem vorl\u00e4ufigen Direktor und Kunstarchitekten Tom\u00e1s Saraceno.<\/p><p>2016 wurde er mit dem\u00a0MERU Art*Science Video Award GAMeC (Galleria d\u2019Arte Moderna e Contemporanea di Bergamo, la Fondazione MERU and l\u2019Associazione BergamoScienza) Italien f\u00fcr seine Arbeit <em>G24|0v\u00df\u00df<\/em>, ausgezeichnet. Seine neuesten Projekte umfassen die Ver\u00f6ffentlichung <em>Intra-acting with the IceCube Neutrino Observatory<\/em> in der Fachzeitschrift <em>Anthropocene Review<\/em>, \u00abSpecial Issue on the Technosphere\u00bb (2017), <em>New Frankfurt Internationals: Solid Signs<\/em>, Nassauischer Kunstverein Wiesbaden, Deutschland (2015), <em>TITAN (a dark kairological framework)<\/em>, Museo d\u2019Arte Contemporanea di Villa Croce, Genua, Italien (2014), <em>Ternary Schumann Resonance for the Dancefloor<\/em>, Museum f\u00fcr Moderne Kunst, Frankfurt, Satellite Berlin, Goethe-Institut Hanoi\/Vietnam, Galerie Quynh, Ho-Chi-Minh-City\/Vietnam (2013).<\/p><p><a data-cke-saved-href=\"http:\/\/www.jol-t.com\/\" href=\"http:\/\/www.jol-t.com\/\">www.jol-t.com<\/a><br><\/p>","person_txt_short":"<p class=\"p1\"><span class=\"s1\">Jol is an artist, writer, musician, &amp; filmmaker living and working in Germany.\n<\/span><span class=\"s1\">He enjoys the subtle little noises and interference's that are often overlooked or misplaced.\n<\/span><span class=\"s1\">To see more of his writings please visit <a href=\"http:\/\/www.jol-t.com\/\"><span class=\"s2\">www.jol-t.com<\/span><\/a> <\/span><\/p>","person_img":9267,"person_website":"<p><a data-cke-saved-href=\"https:\/\/vimeo.com\/user1829134\" href=\"https:\/\/vimeo.com\/user1829134\">https:\/\/vimeo.com\/user1829134<\/a><\/p>","person_links":null,"person_year":[100,101,102],"person_residencies":[{"person_stay_from":"20161001","person_stay_to":"20170331"}],"person_residency_sort_stay_from":null,"person_residency_sort_stay_to":null,"person_practice_field":[111],"person_program":[346],"person_locations":[{"person_city":"Berlin","person_country":"Deutschland"}],"person_country":"","related_posts_event":[7606,7615,7659,7660,18820,18829,18873,18874],"related_posts_news":[7606,7615,7659,7660,33761],"related_posts_post":null,"related_posts_schlosspost":null,"person_fellow_juror_relation":[6827]},"_links":{"self":[{"href":"https:\/\/www.akademie-solitude.de\/de\/wp-json\/wp\/v2\/person\/6903","targetHints":{"allow":["GET"]}}],"collection":[{"href":"https:\/\/www.akademie-solitude.de\/de\/wp-json\/wp\/v2\/person"}],"about":[{"href":"https:\/\/www.akademie-solitude.de\/de\/wp-json\/wp\/v2\/types\/person"}],"author":[{"embeddable":true,"href":"https:\/\/www.akademie-solitude.de\/de\/wp-json\/wp\/v2\/users\/1"}],"acf:post":[{"embeddable":true,"href":"https:\/\/www.akademie-solitude.de\/de\/wp-json\/wp\/v2\/person\/6827"},{"embeddable":true,"href":"https:\/\/www.akademie-solitude.de\/de\/wp-json\/wp\/v2\/news\/33761"},{"embeddable":true,"href":"https:\/\/www.akademie-solitude.de\/de\/wp-json\/wp\/v2\/event\/18874"},{"embeddable":true,"href":"https:\/\/www.akademie-solitude.de\/de\/wp-json\/wp\/v2\/event\/18873"},{"embeddable":true,"href":"https:\/\/www.akademie-solitude.de\/de\/wp-json\/wp\/v2\/event\/18829"},{"embeddable":true,"href":"https:\/\/www.akademie-solitude.de\/de\/wp-json\/wp\/v2\/event\/18820"},{"embeddable":true,"href":"https:\/\/www.akademie-solitude.de\/de\/wp-json\/wp\/v2\/event\/7660"},{"embeddable":true,"href":"https:\/\/www.akademie-solitude.de\/de\/wp-json\/wp\/v2\/event\/7659"},{"embeddable":true,"href":"https:\/\/www.akademie-solitude.de\/de\/wp-json\/wp\/v2\/event\/7615"},{"embeddable":true,"href":"https:\/\/www.akademie-solitude.de\/de\/wp-json\/wp\/v2\/event\/7606"}],"acf:term":[{"embeddable":true,"taxonomy":"program","href":"https:\/\/www.akademie-solitude.de\/de\/wp-json\/wp\/v2\/program\/346"},{"embeddable":true,"taxonomy":"practice_field","href":"https:\/\/www.akademie-solitude.de\/de\/wp-json\/wp\/v2\/practice_field\/111"},{"embeddable":true,"taxonomy":"year_generation","href":"https:\/\/www.akademie-solitude.de\/de\/wp-json\/wp\/v2\/year_generation\/102"},{"embeddable":true,"taxonomy":"year_generation","href":"https:\/\/www.akademie-solitude.de\/de\/wp-json\/wp\/v2\/year_generation\/101"},{"embeddable":true,"taxonomy":"year_generation","href":"https:\/\/www.akademie-solitude.de\/de\/wp-json\/wp\/v2\/year_generation\/100"},{"embeddable":true,"taxonomy":"person_type","href":"https:\/\/www.akademie-solitude.de\/de\/wp-json\/wp\/v2\/person_type\/57"}],"wp:attachment":[{"href":"https:\/\/www.akademie-solitude.de\/de\/wp-json\/wp\/v2\/media?parent=6903"}],"wp:term":[{"taxonomy":"person_type","embeddable":true,"href":"https:\/\/www.akademie-solitude.de\/de\/wp-json\/wp\/v2\/person_type?post=6903"},{"taxonomy":"program","embeddable":true,"href":"https:\/\/www.akademie-solitude.de\/de\/wp-json\/wp\/v2\/program?post=6903"},{"taxonomy":"practice_field","embeddable":true,"href":"https:\/\/www.akademie-solitude.de\/de\/wp-json\/wp\/v2\/practice_field?post=6903"},{"taxonomy":"year_generation","embeddable":true,"href":"https:\/\/www.akademie-solitude.de\/de\/wp-json\/wp\/v2\/year_generation?post=6903"}],"curies":[{"name":"wp","href":"https:\/\/api.w.org\/{rel}","templated":true}]}}