{"id":7005,"date":"2020-03-26T14:49:45","date_gmt":"2020-03-26T13:49:45","guid":{"rendered":"https:\/\/www.akademie-solitude.de\/person\/andriy-may\/"},"modified":"2022-04-04T14:17:42","modified_gmt":"2022-04-04T12:17:42","slug":"andriy-may","status":"publish","type":"person","link":"https:\/\/www.akademie-solitude.de\/de\/person\/andriy-may\/","title":{"rendered":"Andriy  May"},"content":{"rendered":"","protected":false},"author":1,"featured_media":0,"template":"","meta":{"_acf_changed":false,"inline_featured_image":false},"person_type":[57],"program":[631],"practice_field":[],"year_generation":[103],"class_list":["post-7005","person","type-person","status-publish","hentry","person_type-stipendiatinnen","program-kooperationsstipendium","year_generation-103"],"acf":{"person_id__old":"3861","person_name":{"person_name":"Andriy","person_middlename":"","person_surname":"May"},"person_metadata":"","person_position":[57],"person_job":"","person_txt":"Geboren 1976 in Cherson\/UdSSR.\r\n\r\nVon 2003 bis 2008 studierte Andriy May Theaterregie an der \u00a0I. Karpenko-Kariy\u00a0Universit\u00e4t f\u00fcr Theater, Film und Fernsehen in Kiew. Darauf folgte bis 2011 ein weiterf\u00fchrendes Master-Studium.\r\n\r\nIm August 2008 gr\u00fcndete er das Meyerhold Zentrum in Cherson und das Theater-Festival Lutyj\/Fevral. Zwischen 2010 und 2012 war er Lehrer f\u00fcr Schauspiel und Regie an der I. Karpenko-Kariy\u00a0Universit\u00e4t f\u00fcr Theater, Film und Fernsehen in Kiew. 2011 gr\u00fcndete er das Zentrum f\u00fcr neue ukrainische Dramaturgie\/TEKST und das Dramaturgie-Festival \u00bbDie Woche aktueller St\u00fccke\u00ab. Er ist seit 2012 Kurator des internationalen Theaterfestivals Document und zwischen 2013 und 2016 war er Regisseur im Ivan Franko Theater, Kiew.\r\n\r\nSeit 2002 beteiligte sich Andriy May an mehr als 35 Vorstellungen in verschiedenen Theatern in der Ukraine und Russland sowie an mehr als 20 Festivals.\r\n\r\nAndriy May ist Stipendiat im Rahmen einer Kooperation mit dem <a href=\"https:\/\/www.staatstheater-stuttgart.de\/\" data-cke-saved-href=\"https:\/\/www.staatstheater-stuttgart.de\/\">Staatstheater Stuttgart<\/a>.","person_txt_short":"","person_img":"","person_website":"","person_links":null,"person_year":[103],"person_residencies":[{"person_stay_from":"20180401","person_stay_to":"20180630"}],"person_residency_sort_stay_from":null,"person_residency_sort_stay_to":null,"person_practice_field":false,"person_program":[631],"person_locations":[{"person_city":"Cherson","person_country":"Ukraine"}],"person_country":"","related_posts_event":"","related_posts_news":"","related_posts_post":"","related_posts_schlosspost":null,"person_fellow_juror_relation":""},"_links":{"self":[{"href":"https:\/\/www.akademie-solitude.de\/de\/wp-json\/wp\/v2\/person\/7005","targetHints":{"allow":["GET"]}}],"collection":[{"href":"https:\/\/www.akademie-solitude.de\/de\/wp-json\/wp\/v2\/person"}],"about":[{"href":"https:\/\/www.akademie-solitude.de\/de\/wp-json\/wp\/v2\/types\/person"}],"author":[{"embeddable":true,"href":"https:\/\/www.akademie-solitude.de\/de\/wp-json\/wp\/v2\/users\/1"}],"acf:term":[{"embeddable":true,"taxonomy":"program","href":"https:\/\/www.akademie-solitude.de\/de\/wp-json\/wp\/v2\/program\/631"},{"embeddable":true,"taxonomy":"year_generation","href":"https:\/\/www.akademie-solitude.de\/de\/wp-json\/wp\/v2\/year_generation\/103"},{"embeddable":true,"taxonomy":"person_type","href":"https:\/\/www.akademie-solitude.de\/de\/wp-json\/wp\/v2\/person_type\/57"}],"wp:attachment":[{"href":"https:\/\/www.akademie-solitude.de\/de\/wp-json\/wp\/v2\/media?parent=7005"}],"wp:term":[{"taxonomy":"person_type","embeddable":true,"href":"https:\/\/www.akademie-solitude.de\/de\/wp-json\/wp\/v2\/person_type?post=7005"},{"taxonomy":"program","embeddable":true,"href":"https:\/\/www.akademie-solitude.de\/de\/wp-json\/wp\/v2\/program?post=7005"},{"taxonomy":"practice_field","embeddable":true,"href":"https:\/\/www.akademie-solitude.de\/de\/wp-json\/wp\/v2\/practice_field?post=7005"},{"taxonomy":"year_generation","embeddable":true,"href":"https:\/\/www.akademie-solitude.de\/de\/wp-json\/wp\/v2\/year_generation?post=7005"}],"curies":[{"name":"wp","href":"https:\/\/api.w.org\/{rel}","templated":true}]}}